{"id":29941,"date":"2026-04-01T17:05:04","date_gmt":"2026-04-01T20:05:04","guid":{"rendered":"https:\/\/www.swedcham.com.br\/?post_type=product&#038;p=29941"},"modified":"2026-04-09T13:24:57","modified_gmt":"2026-04-09T16:24:57","slug":"a-maquina-final-o-futuro-ja-comecou","status":"publish","type":"product","link":"https:\/\/www.swedcham.com.br\/en\/product\/our-events\/a-maquina-final-o-futuro-ja-comecou\/","title":{"rendered":"A m\u00e1quina Final &#8211; O Futuro j\u00e1 come\u00e7ou"},"content":{"rendered":"\n<figure class=\"wp-block-image size-full is-resized\"><a href=\"https:\/\/www.swedcham.com.br\/wp-content\/uploads\/2026\/03\/eee.jpeg\"><img loading=\"lazy\" decoding=\"async\" width=\"400\" height=\"124\" src=\"https:\/\/www.swedcham.com.br\/wp-content\/uploads\/2026\/03\/eee.jpeg\" alt=\"\" class=\"wp-image-29937\" style=\"aspect-ratio:3.225922592259226;width:752px;height:auto\" srcset=\"https:\/\/www.swedcham.com.br\/wp-content\/uploads\/2026\/03\/eee.jpeg 400w, https:\/\/www.swedcham.com.br\/wp-content\/uploads\/2026\/03\/eee-300x93.jpeg 300w\" sizes=\"auto, (max-width: 400px) 100vw, 400px\" \/><\/a><\/figure>\n\n\n\n<p><\/p>\n\n\n\n<div class=\"wp-block-group\"><div class=\"wp-block-group__inner-container is-layout-constrained wp-block-group-is-layout-constrained\">\n<div class=\"wp-block-group has-medium-font-size\"><div class=\"wp-block-group__inner-container is-layout-constrained wp-block-group-is-layout-constrained\">\n<p>A C\u00e2mara Sueca convida para um encontro especial com o autor <strong>Ricardo Murer<\/strong> para discutir seu livro A M\u00e1quina Final. Na obra, o autor explora a origem, o desenvolvimento e o futuro da Intelig\u00eancia Artificial Geral, abordando os avan\u00e7os tecnol\u00f3gicos e os dilemas \u00e9ticos que surgem com a cria\u00e7\u00e3o de m\u00e1quinas capazes de aprender, decidir e agir com autonomia. Uma reflex\u00e3o atual sobre os impactos da intelig\u00eancia artificial e os limites entre tecnologia e humanidade.<\/p>\n<\/div><\/div>\n<\/div><\/div>\n\n\n\n<div class=\"wp-block-media-text is-stacked-on-mobile\" style=\"grid-template-columns:26% auto\"><figure class=\"wp-block-media-text__media\"><img loading=\"lazy\" decoding=\"async\" width=\"146\" height=\"400\" src=\"https:\/\/www.swedcham.com.br\/wp-content\/uploads\/2026\/03\/fff.jpeg\" alt=\"\" class=\"wp-image-29939 size-full\" srcset=\"https:\/\/www.swedcham.com.br\/wp-content\/uploads\/2026\/03\/fff.jpeg 146w, https:\/\/www.swedcham.com.br\/wp-content\/uploads\/2026\/03\/fff-110x300.jpeg 110w\" sizes=\"auto, (max-width: 146px) 100vw, 146px\" \/><\/figure><div class=\"wp-block-media-text__content\">\n<p><strong>Ricardo Murer<\/strong>&nbsp;\u00e9 especialista em transformar o potencial da intelig\u00eancia artificial em resultados concretos para empresas e pessoas. Graduado em Ci\u00eancia da Computa\u00e7\u00e3o e Mestre em Comunica\u00e7\u00e3o pela USP, Murer possui certifica\u00e7\u00f5es do MIT em Inova\u00e7\u00e3o e IA Generativa, e em \u00c9tica pela Universidade de Oxford.<\/p>\n\n\n\n<p>Com mais de 30 anos em tecnologia e inova\u00e7\u00e3o digital, atualmente \u00e9<\/p>\n\n\n\n<p><strong>Head de IA na SKF<\/strong>, liderando uma equipe global em solu\u00e7\u00f5es de IA Generativa, Machine Learning e IA Ag\u00eantica. Atuou em organiza\u00e7\u00f5es globais como AWS, Microsoft, Sky, Agnitio e Natura. Conecta o mundo corporativo ao acad\u00eamico como Professor Visitante de IA no IBMEC. Autor de dois livros sobre Intelig\u00eancia Artificial e membro da Association for the Advancement of Artificial Intelligence (AAAI).<\/p>\n<\/div><\/div>\n\n\n\n<p>]<\/p>\n\n\n\n<p id=\"isPasted\"><strong>Quando:<\/strong><\/p>\n\n\n\n<p>Quarta-feira, 08 de Abril, 18h30.<\/p>\n\n\n\n<p><strong>Local:<\/strong><\/p>\n\n\n\n<p>Swedcham Brasil &#8211; Rua Oscar Freire, 379 &#8211; cj 121<\/p>\n\n\n\n<p>900 metros da Esta\u00e7\u00e3o Oscar Freire<\/p>\n\n\n\n<p><strong>Agenda:<\/strong><\/p>\n\n\n\n<p>18:30 Welcome Coffee<\/p>\n\n\n\n<p>19:00 Boas Vindas &#8211; &nbsp;Jonas Lindstrom &#8211; Swedcham<\/p>\n\n\n\n<p>19:05 Ricardo Murer<\/p>\n\n\n\n<p>19:55 Sess\u00e3o de aut\u00f3grafos, e Happy Hour<\/p>\n\n\n\n<p><strong>Estacionamento:<\/strong><\/p>\n\n\n\n<p>Indicamos o estacionamento do Hotel Regent Park &#8211; Rua Oscar Freire, 533<\/p>\n\n\n\n<p><strong>RSVP:<\/strong><\/p>\n\n\n\n<p>07\/04 &#8211; eventos@swedcham.com.br<\/p>\n","protected":false},"excerpt":{"rendered":"<p>A C\u00e2mara Sueca convida para um encontro especial com o autor Ricardo Murer para discutir seu livro A M\u00e1quina Final.<\/p>\n","protected":false},"featured_media":29936,"template":"","meta":[],"product_brand":[],"product_cat":[228],"product_tag":[],"class_list":{"0":"post-29941","1":"product","2":"type-product","3":"status-publish","4":"has-post-thumbnail","6":"product_cat-our-events","8":"first","9":"instock","10":"shipping-taxable","11":"product-type-simple"},"_links":{"self":[{"href":"https:\/\/www.swedcham.com.br\/en\/wp-json\/wp\/v2\/product\/29941","targetHints":{"allow":["GET"]}}],"collection":[{"href":"https:\/\/www.swedcham.com.br\/en\/wp-json\/wp\/v2\/product"}],"about":[{"href":"https:\/\/www.swedcham.com.br\/en\/wp-json\/wp\/v2\/types\/product"}],"wp:featuredmedia":[{"embeddable":true,"href":"https:\/\/www.swedcham.com.br\/en\/wp-json\/wp\/v2\/media\/29936"}],"wp:attachment":[{"href":"https:\/\/www.swedcham.com.br\/en\/wp-json\/wp\/v2\/media?parent=29941"}],"wp:term":[{"taxonomy":"product_brand","embeddable":true,"href":"https:\/\/www.swedcham.com.br\/en\/wp-json\/wp\/v2\/product_brand?post=29941"},{"taxonomy":"product_cat","embeddable":true,"href":"https:\/\/www.swedcham.com.br\/en\/wp-json\/wp\/v2\/product_cat?post=29941"},{"taxonomy":"product_tag","embeddable":true,"href":"https:\/\/www.swedcham.com.br\/en\/wp-json\/wp\/v2\/product_tag?post=29941"}],"curies":[{"name":"wp","href":"https:\/\/api.w.org\/{rel}","templated":true}]}}