{"id":28793,"date":"2025-09-26T14:34:41","date_gmt":"2025-09-26T17:34:41","guid":{"rendered":"https:\/\/www.swedcham.com.br\/?post_type=product&#038;p=28793"},"modified":"2025-09-26T14:34:42","modified_gmt":"2025-09-26T17:34:42","slug":"pre-cop-30-as-perspectivas-das-empresas-europeias-no-brasil","status":"publish","type":"product","link":"https:\/\/www.swedcham.com.br\/en\/product\/our-events\/pre-cop-30-as-perspectivas-das-empresas-europeias-no-brasil\/","title":{"rendered":"Pr\u00e9 COP 30: As Perspectivas das Empresas Europeias no Brasil"},"content":{"rendered":"\n<p><strong>A Euroc\u00e2maras convida para um evento que define o futuro:<\/strong> <strong>&nbsp;A Europa e o investimento sustent\u00e1vel no Brasil, de olho na COP 30<\/strong><\/p>\n\n\n\n<h4 class=\"wp-block-heading has-small-font-size\"><\/h4>\n\n\n\n<p>As C\u00e2maras Europeias de Com\u00e9rcio no Brasil t\u00eam a honra de convidar voc\u00ea para uma discuss\u00e3o de alto n\u00edvel sobre como o investimento e a tecnologia da Europa est\u00e3o moldando um futuro mais sustent\u00e1vel para o Brasil. Participe do nosso evento&nbsp;&#8220;Pr\u00e9-COP 30: A Perspectiva das Empresas Europeias no Brasil&#8221;&nbsp;no audit\u00f3rio da&nbsp;VIVO, uma das empresas europeias que mais investem no Brasil e das mais sustent\u00e1veis do mundo, e descubra como a nossa lideran\u00e7a em inova\u00e7\u00e3o est\u00e1 diretamente alinhada com os objetivos da agenda clim\u00e1tica global.<\/p>\n\n\n\n<p>Este \u00e9 o momento de entender como as empresas europeias, atuando como verdadeiras parceiras do Brasil, est\u00e3o na vanguarda da prepara\u00e7\u00e3o para a COP 30. Analisaremos como os setores de&nbsp;Telecomunica\u00e7\u00f5es, Transportes e Transi\u00e7\u00e3o Energ\u00e9tica&nbsp;est\u00e3o sendo transformados por tecnologias e pr\u00e1ticas europeias, criando solu\u00e7\u00f5es que n\u00e3o apenas impulsionam a economia, mas tamb\u00e9m constroem um futuro mais verde e resiliente para todos.<\/p>\n\n\n\n<p>\u00a0<strong>Empresas e convidados confirmados at\u00e9 agora:<\/strong><\/p>\n\n\n\n<h4 class=\"wp-block-heading\" id=\"m_3560184223947153048isPasted\"><strong>Conectividade para o Desenvolvimento Sustent\u00e1vel:<\/strong><\/h4>\n\n\n\n<p id=\"m_3560184223947153048isPasted\">Henrique Orpheu &#8211; Sustainability Specialist &#8211; SAP<\/p>\n\n\n\n<p id=\"m_3560184223947153048isPasted\">Joanes Riba &#8211; Diretora de Sustentabilidade -Telef\u00f4nica | VIVO<\/p>\n\n\n\n<p>Paulo Bernardocki &#8211; Diretor de Redes e Tecnologia &#8211; Ericsson<\/p>\n\n\n\n<p>S\u00e9rgio Quiroga da Cunha &#8211; Swedcham e Euroc\u00e2maras<\/p>\n\n\n\n<h4 class=\"wp-block-heading\" id=\"m_3560184223947153048isPasted\"><strong>Desafios da Descarboniza\u00e7\u00e3o da Mobilidade:<\/strong><\/h4>\n\n\n\n<p id=\"m_3560184223947153048isPasted\">Alexandre Massaki &#8211; Diretor Comercial &#8211; Alstom<\/p>\n\n\n\n<p id=\"m_3560184223947153048isPasted\">Cristiane Nogueira Guimar\u00e3es &#8211; Manager Corporate &amp; Governmental Affairs &#8211; Mercedes-Benz<\/p>\n\n\n\n<p id=\"m_3560184223947153048isPasted\">Patricia Acioli &#8211; Head Corporate Relations &amp; Sustainability &#8211; Scania Group<\/p>\n\n\n\n<p id=\"m_3560184223947153048isPasted\">Renato Meirelles &#8211; CEO &#8211; CAF<\/p>\n\n\n\n<h4 class=\"wp-block-heading\" id=\"m_3560184223947153048isPasted\"><strong>Transi\u00e7\u00e3o Energ\u00e9tica: Rumo as Metas Globais de Sustentabilidade:<\/strong><\/h4>\n\n\n\n<p id=\"m_3560184223947153048isPasted\">Alessandro Gon\u00e7alves de Oliveira &#8211;&nbsp;Americas Principal Environmental Specialist&nbsp;&#8211; &nbsp;RINA<\/p>\n\n\n\n<p>Lys&nbsp;Tardin&nbsp;&#8211; Superintendente de Sustentabilidade Corporativa &#8211;&nbsp;Neoenergia<\/p>\n\n\n\n<p>Roberto Rossi &#8211; Country President &#8211; Schneider Electric<\/p>\n\n\n\n<p>Junte-se a n\u00f3s para descobrir como a experi\u00eancia europeia se une \u00e0 for\u00e7a brasileira para criar um impacto duradouro.&nbsp;<\/p>\n\n\n\n<p>Vagas Limitadas!<\/p>\n\n\n\n<figure class=\"wp-block-table\"><table class=\"has-fixed-layout\"><tbody><tr><td><strong>Quando:<\/strong><br><strong>Segunda-feira, 29 de setembro<\/strong> &#8211; das 14h00 \u00e0s 17h30<br><br><strong>Onde: Audit\u00f3rio da Vivo<\/strong><br><strong>Edif\u00edcio Eco Berrini<\/strong><br>Av. Engenheiro Lu\u00eds Carlos Berrini, 1376 &#8211; Cidade Mon\u00e7\u00f5es, S\u00e3o Paulo<br><br><strong>Estacionamento:<\/strong> O pr\u00e9dio possui estacionamento. Pagamento no local.<br><br><strong>RSVP:\u00a0<\/strong>at\u00e9 26\/09 &#8211; Devido as restri\u00e7\u00f5es do local todos os interessados devem se registrar no link abaixo. As inscri\u00e7\u00f5es ser\u00e3o encerradas assim que atingir a capacidade m\u00e1xima do audit\u00f3rio.<br><\/td><\/tr><tr><td>\u00ad<\/td><\/tr><\/tbody><\/table><\/figure>\n\n\n\n<p><\/p>\n\n\n\n<div class=\"wp-block-buttons is-content-justification-center is-layout-flex wp-container-core-buttons-is-layout-16018d1d wp-block-buttons-is-layout-flex\">\n<div class=\"wp-block-button has-custom-width wp-block-button__width-75 is-style-fill\"><a class=\"wp-block-button__link has-white-color has-text-color has-background has-link-color has-medium-font-size has-custom-font-size wp-element-button\" href=\"https:\/\/eventos.camaraespanhola.org.br\/precop30-eurocamaras#\/buyTickets\/selectTickets\" style=\"background-color:#0f344c\"><strong>Inscreva-se!<\/strong><\/a><\/div>\n<\/div>\n\n\n\n<p><\/p>\n\n\n<div class=\"wp-block-image\">\n<figure class=\"aligncenter size-large is-resized\"><a href=\"https:\/\/www.swedcham.com.br\/wp-content\/uploads\/2025\/09\/2222.png\"><img loading=\"lazy\" decoding=\"async\" width=\"1024\" height=\"576\" src=\"https:\/\/www.swedcham.com.br\/wp-content\/uploads\/2025\/09\/2222-1024x576.png\" alt=\"\" class=\"wp-image-28791\" style=\"width:685px;height:auto\" srcset=\"https:\/\/www.swedcham.com.br\/wp-content\/uploads\/2025\/09\/2222-1024x576.png 1024w, https:\/\/www.swedcham.com.br\/wp-content\/uploads\/2025\/09\/2222-300x169.png 300w, https:\/\/www.swedcham.com.br\/wp-content\/uploads\/2025\/09\/2222-768x432.png 768w, https:\/\/www.swedcham.com.br\/wp-content\/uploads\/2025\/09\/2222-1536x864.png 1536w, https:\/\/www.swedcham.com.br\/wp-content\/uploads\/2025\/09\/2222-600x338.png 600w, https:\/\/www.swedcham.com.br\/wp-content\/uploads\/2025\/09\/2222.png 1920w\" sizes=\"auto, (max-width: 1024px) 100vw, 1024px\" \/><\/a><\/figure>\n<\/div>","protected":false},"excerpt":{"rendered":"<p>A Euroc\u00e2maras convida para um evento que define o futuro: &nbsp;A Europa e o investimento sustent\u00e1vel no Brasil, de olho<\/p>\n","protected":false},"featured_media":28799,"template":"","meta":[],"product_brand":[],"product_cat":[228],"product_tag":[],"class_list":{"0":"post-28793","1":"product","2":"type-product","3":"status-publish","4":"has-post-thumbnail","6":"product_cat-our-events","8":"first","9":"instock","10":"shipping-taxable","11":"product-type-simple"},"_links":{"self":[{"href":"https:\/\/www.swedcham.com.br\/en\/wp-json\/wp\/v2\/product\/28793","targetHints":{"allow":["GET"]}}],"collection":[{"href":"https:\/\/www.swedcham.com.br\/en\/wp-json\/wp\/v2\/product"}],"about":[{"href":"https:\/\/www.swedcham.com.br\/en\/wp-json\/wp\/v2\/types\/product"}],"wp:featuredmedia":[{"embeddable":true,"href":"https:\/\/www.swedcham.com.br\/en\/wp-json\/wp\/v2\/media\/28799"}],"wp:attachment":[{"href":"https:\/\/www.swedcham.com.br\/en\/wp-json\/wp\/v2\/media?parent=28793"}],"wp:term":[{"taxonomy":"product_brand","embeddable":true,"href":"https:\/\/www.swedcham.com.br\/en\/wp-json\/wp\/v2\/product_brand?post=28793"},{"taxonomy":"product_cat","embeddable":true,"href":"https:\/\/www.swedcham.com.br\/en\/wp-json\/wp\/v2\/product_cat?post=28793"},{"taxonomy":"product_tag","embeddable":true,"href":"https:\/\/www.swedcham.com.br\/en\/wp-json\/wp\/v2\/product_tag?post=28793"}],"curies":[{"name":"wp","href":"https:\/\/api.w.org\/{rel}","templated":true}]}}