{"id":28713,"date":"2025-09-12T11:44:20","date_gmt":"2025-09-12T14:44:20","guid":{"rendered":"https:\/\/www.swedcham.com.br\/product\/uncategorized\/internacionalizacao-de-produtos-estrategias-regulatorias-para-acesso-ao-mercado-global\/"},"modified":"2025-09-12T11:44:21","modified_gmt":"2025-09-12T14:44:21","slug":"internacionalizacao-de-produtos-estrategias-regulatorias-para-acesso-ao-mercado-global","status":"publish","type":"product","link":"https:\/\/www.swedcham.com.br\/en\/product\/our-events\/internacionalizacao-de-produtos-estrategias-regulatorias-para-acesso-ao-mercado-global\/","title":{"rendered":"Internacionaliza\u00e7\u00e3o de Produtos: Estrat\u00e9gias Regulat\u00f3rias para Acesso ao Mercado Global"},"content":{"rendered":"<div class=\"wp-block-image\">\n<figure class=\"aligncenter size-large is-resized\"><a href=\"https:\/\/forms.office.com\/pages\/responsepage.aspx?id=qGZqxnZXHUydL9yqQ4j2kbfZ790knYtFkEFjG6I91UJURExLUE1FRE1QOUpaMlo5UzAzTklQWldEUi4u&amp;route=shorturl\"><img loading=\"lazy\" decoding=\"async\" width=\"819\" height=\"1024\" src=\"https:\/\/www.swedcham.com.br\/wp-content\/uploads\/2025\/09\/WhatsApp-Image-2025-08-27-at-16.04.06-1-819x1024.jpeg\" alt=\"\" class=\"wp-image-28709\" style=\"width:593px;height:auto\" srcset=\"https:\/\/www.swedcham.com.br\/wp-content\/uploads\/2025\/09\/WhatsApp-Image-2025-08-27-at-16.04.06-1-819x1024.jpeg 819w, https:\/\/www.swedcham.com.br\/wp-content\/uploads\/2025\/09\/WhatsApp-Image-2025-08-27-at-16.04.06-1-240x300.jpeg 240w, https:\/\/www.swedcham.com.br\/wp-content\/uploads\/2025\/09\/WhatsApp-Image-2025-08-27-at-16.04.06-1-768x960.jpeg 768w, https:\/\/www.swedcham.com.br\/wp-content\/uploads\/2025\/09\/WhatsApp-Image-2025-08-27-at-16.04.06-1-600x750.jpeg 600w, https:\/\/www.swedcham.com.br\/wp-content\/uploads\/2025\/09\/WhatsApp-Image-2025-08-27-at-16.04.06-1.jpeg 1080w\" sizes=\"auto, (max-width: 819px) 100vw, 819px\" \/><\/a><\/figure>\n<\/div>\n\n\n<p><\/p>\n\n\n\n<p>O evento abordar\u00e1 os principais desafios e estrat\u00e9gias regulat\u00f3rias para levar produtos farmac\u00eauticos, cosm\u00e9ticos, suplementos e dispositivos m\u00e9dicos a mercados globais, reunindo especialistas e l\u00edderes da ind\u00fastria para discutir caminhos pr\u00e1ticos e relevantes para a expans\u00e3o internacional.<\/p>\n\n\n\n<p><\/p>\n\n\n\n<p><strong>Quando: <\/strong>Segunda-feira, 22 de setembro de 2025<\/p>\n\n\n\n<p><strong>Hor\u00e1rio:<\/strong> 9h \u00e0s 12h<\/p>\n\n\n\n<p><strong>Local:<\/strong> Swedcham Brasil \u2013 Rua Oscar Freire, 379 &#8211; cj 121 SP<\/p>\n\n\n\n<p><strong>\u00a0Importante:<\/strong><\/p>\n\n\n\n<p>\u00b7 Cada empresa poder\u00e1 inscrever at\u00e9 3 representantes;<br>\u00b7 A participa\u00e7\u00e3o \u00e9 gratuita, mas as vagas s\u00e3o limitadas.<\/p>\n\n\n\n<p>Uma oportunidade exclusiva para conhecer as principais estrat\u00e9gias de acesso a mercados internacionais, com insights de especialistas e representantes de grandes empresas do setor.<\/p>\n\n\n\n<p>RSVP: <a href=\"https:\/\/forms.office.com\/pages\/responsepage.aspx?id=qGZqxnZXHUydL9yqQ4j2kbfZ790knYtFkEFjG6I91UJURExLUE1FRE1QOUpaMlo5UzAzTklQWldEUi4u&amp;route=shorturl\">Clique aqui!<\/a><\/p>\n\n\n\n<p>Organiza\u00e7\u00e3o:\u00a0<a href=\"https:\/\/www.linkedin.com\/company\/legisconsultoria\/\" target=\"_blank\" rel=\"noreferrer noopener\">Legis Consultoria<\/a>\u00a0e\u00a0<a href=\"https:\/\/www.linkedin.com\/company\/ashland-inc\/\" target=\"_blank\" rel=\"noreferrer noopener\">Ashland<\/a><br>Em parceria com:\u00a0<a href=\"https:\/\/www.linkedin.com\/company\/swedchambr\/\" target=\"_blank\" rel=\"noreferrer noopener\">SWEDCHAM | C\u00e2mara de Com\u00e9rcio Sueca no Brasil<\/a><\/p>\n\n\n\n<p><\/p>\n","protected":false},"excerpt":{"rendered":"<p>O evento abordar\u00e1 os principais desafios e estrat\u00e9gias regulat\u00f3rias para levar produtos farmac\u00eauticos, cosm\u00e9ticos, suplementos e dispositivos m\u00e9dicos a mercados<\/p>\n","protected":false},"featured_media":28715,"template":"","meta":[],"product_brand":[],"product_cat":[228],"product_tag":[],"class_list":{"0":"post-28713","1":"product","2":"type-product","3":"status-publish","4":"has-post-thumbnail","6":"product_cat-our-events","8":"first","9":"instock","10":"shipping-taxable","11":"product-type-simple"},"_links":{"self":[{"href":"https:\/\/www.swedcham.com.br\/en\/wp-json\/wp\/v2\/product\/28713","targetHints":{"allow":["GET"]}}],"collection":[{"href":"https:\/\/www.swedcham.com.br\/en\/wp-json\/wp\/v2\/product"}],"about":[{"href":"https:\/\/www.swedcham.com.br\/en\/wp-json\/wp\/v2\/types\/product"}],"wp:featuredmedia":[{"embeddable":true,"href":"https:\/\/www.swedcham.com.br\/en\/wp-json\/wp\/v2\/media\/28715"}],"wp:attachment":[{"href":"https:\/\/www.swedcham.com.br\/en\/wp-json\/wp\/v2\/media?parent=28713"}],"wp:term":[{"taxonomy":"product_brand","embeddable":true,"href":"https:\/\/www.swedcham.com.br\/en\/wp-json\/wp\/v2\/product_brand?post=28713"},{"taxonomy":"product_cat","embeddable":true,"href":"https:\/\/www.swedcham.com.br\/en\/wp-json\/wp\/v2\/product_cat?post=28713"},{"taxonomy":"product_tag","embeddable":true,"href":"https:\/\/www.swedcham.com.br\/en\/wp-json\/wp\/v2\/product_tag?post=28713"}],"curies":[{"name":"wp","href":"https:\/\/api.w.org\/{rel}","templated":true}]}}