{"id":28333,"date":"2025-04-15T15:34:11","date_gmt":"2025-04-15T18:34:11","guid":{"rendered":"https:\/\/www.swedcham.com.br\/product\/uncategorized\/saude-mental-em-foco-desafios-juridicos-e-corporativos\/"},"modified":"2025-04-24T11:25:34","modified_gmt":"2025-04-24T14:25:34","slug":"saude-mental-em-foco-desafios-juridicos-e-corporativos","status":"publish","type":"product","link":"https:\/\/www.swedcham.com.br\/en\/product\/our-events\/saude-mental-em-foco-desafios-juridicos-e-corporativos\/","title":{"rendered":"Sa\u00fade Mental em Foco: Desafios Jur\u00eddicos e Corporativos"},"content":{"rendered":"\n<p><strong>Sa\u00fade Mental em Foco: Desafios Jur\u00eddicos e Corporativos<br>da Nova Lei 14.831\/2024<\/strong><\/p>\n\n\n\n<figure class=\"wp-block-embed is-type-video is-provider-youtube wp-block-embed-youtube wp-embed-aspect-16-9 wp-has-aspect-ratio\"><div class=\"wp-block-embed__wrapper\">\n<iframe loading=\"lazy\" title=\"Sa\u00fade Mental em Foco: Desafios Jur\u00eddicos e Corporativos\" width=\"640\" height=\"360\" src=\"https:\/\/www.youtube.com\/embed\/-vSFLYpVZzk?feature=oembed\" frameborder=\"0\" allow=\"accelerometer; autoplay; clipboard-write; encrypted-media; gyroscope; picture-in-picture; web-share\" referrerpolicy=\"strict-origin-when-cross-origin\" allowfullscreen><\/iframe>\n<\/div><\/figure>\n\n\n\n<p>O Brasil enfrenta uma verdadeira epidemia silenciosa: o n\u00famero de afastamentos por ansiedade e depress\u00e3o atingiu o maior patamar da \u00faltima d\u00e9cada. A nova Lei 14.831\/2024 surge como um marco na responsabiliza\u00e7\u00e3o das empresas quanto \u00e0 sa\u00fade mental no ambiente de trabalho \u2014 e exige uma atua\u00e7\u00e3o estrat\u00e9gica de departamentos jur\u00eddicos e de recursos humanos.<\/p>\n\n\n\n<p>Para apoiar nossos associados a compreender e se antecipar \u00e0s novas exig\u00eancias legais, e &nbsp;impactos que possam ter para as \u00e1reas de RH e a Gest\u00e3o Corporativa \u2013 os <strong>comit\u00eas Jur\u00eddico e de Capital Humano<\/strong> <strong>da SWEDCHAM<\/strong> convidam para um painel imperd\u00edvel com tr\u00eas especialistas de refer\u00eancia:<\/p>\n\n\n\n<p><strong>Dr. Daniel Martins de Barros <\/strong>\u2013 Psiquiatra e colunista da Folha de S.Paulo<\/p>\n\n\n\n<p><strong>Dra. Priscila M\u00e1rcia S. Santos<\/strong>\u2013 Advogada especializada em Direito do Trabalho<\/p>\n\n\n\n<p><strong>William S Bermudez &#8211;&nbsp;&nbsp;<\/strong>HR Business Partner na Electrolux<\/p>\n\n\n\n<p>Vamos discutir os impactos da nova legisla\u00e7\u00e3o, as boas pr\u00e1ticas de gest\u00e3o e o papel das empresas na constru\u00e7\u00e3o de um ambiente de trabalho mentalmente saud\u00e1vel e juridicamente seguro.<\/p>\n\n\n\n<p><strong>Participe e esteja \u00e0 frente dessa transforma\u00e7\u00e3o!<\/strong><\/p>\n\n\n\n<p><\/p>\n\n\n\n<div class=\"wp-block-media-text is-stacked-on-mobile\" style=\"grid-template-columns:23% auto\"><figure class=\"wp-block-media-text__media\"><img loading=\"lazy\" decoding=\"async\" width=\"225\" height=\"225\" src=\"https:\/\/www.swedcham.com.br\/wp-content\/uploads\/2025\/04\/daniel.jpeg\" alt=\"\" class=\"wp-image-28326 size-full\" srcset=\"https:\/\/www.swedcham.com.br\/wp-content\/uploads\/2025\/04\/daniel.jpeg 225w, https:\/\/www.swedcham.com.br\/wp-content\/uploads\/2025\/04\/daniel-150x150.jpeg 150w, https:\/\/www.swedcham.com.br\/wp-content\/uploads\/2025\/04\/daniel-100x100.jpeg 100w\" sizes=\"auto, (max-width: 225px) 100vw, 225px\" \/><\/figure><div class=\"wp-block-media-text__content\">\n<p style=\"font-size:15px\">Dr. Daniel Martins de Barros \u2013&nbsp;\u00c9 Professor colaborador do Departamento de Psiquiatria da Faculdade de Medicina da Universidade de S\u00e3o Paulo (USP). Doutor em Ci\u00eancias e bacharel em Filosofia pela USP, \u00e9 colunista da R\u00e1dio Band News FM, da revista Galileu e da CNN Brasil.&nbsp;Al\u00e9m dos livros t\u00e9cnicos, lan\u00e7ou entre outras as obras \u201cViagem por dentro do c\u00e9rebro\u201d, indicado ao pr\u00eamio Jabuti de 2014, e\u201d O caso da menina sonhadora\u201d (ambos pela Panda Books); \u201cP\u00edlulas de Bem-Estar\u201d e \u201cO lado bom do lado ruim\u201d&nbsp; (ambos pela Sextante);&nbsp; \u201c&nbsp;Exerc\u00edcios de argumenta\u00e7\u00e3o\u201d (Matrix). Al\u00e9m de palestrante, tamb\u00e9m e mediador de debates.<\/p>\n<\/div><\/div>\n\n\n\n<p><\/p>\n\n\n\n<div class=\"wp-block-media-text has-media-on-the-right is-stacked-on-mobile\" style=\"grid-template-columns:auto 23%\"><div class=\"wp-block-media-text__content\">\n<p style=\"font-size:15px\"><strong>Dra. Priscila M\u00e1rcia S. Santos<\/strong>&nbsp;\u00e9 especializada em consultivo e contencioso nas \u00e1reas trabalhista e c\u00edvel, gest\u00e3o de recursos humanos, preven\u00e7\u00e3o de riscos trabalhistas, c\u00e1lculos e normas de medicina e seguran\u00e7a do trabalho com atua\u00e7\u00e3o voltada para clientes nacionais e internacionais ao longo dos \u00faltimos 17 anos. \u00c9 graduada pela UNIFMU \u2013 Faculdades Metropolitanas Unidas, S\u00e3o Paulo, especializada em Direito P\u00fablico pela EPD\/SP.<\/p>\n<\/div><figure class=\"wp-block-media-text__media\"><img loading=\"lazy\" decoding=\"async\" width=\"420\" height=\"420\" src=\"https:\/\/www.swedcham.com.br\/wp-content\/uploads\/2025\/04\/Pricila.jpg\" alt=\"\" class=\"wp-image-28328 size-full\" srcset=\"https:\/\/www.swedcham.com.br\/wp-content\/uploads\/2025\/04\/Pricila.jpg 420w, https:\/\/www.swedcham.com.br\/wp-content\/uploads\/2025\/04\/Pricila-300x300.jpg 300w, https:\/\/www.swedcham.com.br\/wp-content\/uploads\/2025\/04\/Pricila-150x150.jpg 150w, https:\/\/www.swedcham.com.br\/wp-content\/uploads\/2025\/04\/Pricila-100x100.jpg 100w\" sizes=\"auto, (max-width: 420px) 100vw, 420px\" \/><\/figure><\/div>\n\n\n\n<p><\/p>\n\n\n\n<div class=\"wp-block-media-text is-stacked-on-mobile\" style=\"grid-template-columns:23% auto\"><figure class=\"wp-block-media-text__media\"><img loading=\"lazy\" decoding=\"async\" width=\"400\" height=\"400\" src=\"https:\/\/www.swedcham.com.br\/wp-content\/uploads\/2025\/04\/William.jpeg\" alt=\"\" class=\"wp-image-28330 size-full\" srcset=\"https:\/\/www.swedcham.com.br\/wp-content\/uploads\/2025\/04\/William.jpeg 400w, https:\/\/www.swedcham.com.br\/wp-content\/uploads\/2025\/04\/William-300x300.jpeg 300w, https:\/\/www.swedcham.com.br\/wp-content\/uploads\/2025\/04\/William-150x150.jpeg 150w, https:\/\/www.swedcham.com.br\/wp-content\/uploads\/2025\/04\/William-100x100.jpeg 100w\" sizes=\"auto, (max-width: 400px) 100vw, 400px\" \/><\/figure><div class=\"wp-block-media-text__content\">\n<p style=\"font-size:15px\"><strong>William S Bermudez<\/strong>,&nbsp;HR Business Partner na Electrolux, Administrador de Empresas, p\u00f3s-graduado em Gest\u00e3o de Recursos Humanos, 15 anos de experi\u00eancia em diversas \u00e1reas de RH, trabalhando com equipes diversas na Col\u00f4mbia, no Brasil e LATAM, em empresas multinacionais como Kimberly Clark, Messer e Electrolux.<\/p>\n<\/div><\/div>\n\n\n\n<hr class=\"wp-block-separator has-text-color has-black-color has-alpha-channel-opacity has-black-background-color has-background is-style-wide\"\/>\n\n\n\n<p><\/p>\n\n\n\n<p><img loading=\"lazy\" decoding=\"async\" height=\"20\" width=\"20\" src=\"https:\/\/ci3.googleusercontent.com\/meips\/ADKq_NZ_MoTUfNyxdgelUjBIjU3hUzBmuzWUKAuaTnPjNAiCxkfaiXDlGU1a15DvxcCynPk7XnxJ1y7xKIoNHxQo78tcarPgkI7z1NkPk1TOAs8=s0-d-e1-ft#https:\/\/fonts.gstatic.com\/s\/e\/notoemoji\/16.0\/1f5d3\/72.png\" alt=\"\ud83d\uddd3\">\u00a0<strong>Quando:<\/strong><br>Quinta-feira, 24\u00a0de abril <\/p>\n\n\n\n<p><\/p>\n\n\n\n<p><\/p>\n","protected":false},"excerpt":{"rendered":"<p>Sa\u00fade Mental em Foco: Desafios Jur\u00eddicos e Corporativosda Nova Lei 14.831\/2024 O Brasil enfrenta uma verdadeira epidemia silenciosa: o n\u00famero<\/p>\n","protected":false},"featured_media":28325,"template":"","meta":[],"product_brand":[],"product_cat":[228],"product_tag":[],"class_list":{"0":"post-28333","1":"product","2":"type-product","3":"status-publish","4":"has-post-thumbnail","6":"product_cat-our-events","8":"first","9":"instock","10":"shipping-taxable","11":"purchasable","12":"product-type-variable"},"_links":{"self":[{"href":"https:\/\/www.swedcham.com.br\/en\/wp-json\/wp\/v2\/product\/28333","targetHints":{"allow":["GET"]}}],"collection":[{"href":"https:\/\/www.swedcham.com.br\/en\/wp-json\/wp\/v2\/product"}],"about":[{"href":"https:\/\/www.swedcham.com.br\/en\/wp-json\/wp\/v2\/types\/product"}],"wp:featuredmedia":[{"embeddable":true,"href":"https:\/\/www.swedcham.com.br\/en\/wp-json\/wp\/v2\/media\/28325"}],"wp:attachment":[{"href":"https:\/\/www.swedcham.com.br\/en\/wp-json\/wp\/v2\/media?parent=28333"}],"wp:term":[{"taxonomy":"product_brand","embeddable":true,"href":"https:\/\/www.swedcham.com.br\/en\/wp-json\/wp\/v2\/product_brand?post=28333"},{"taxonomy":"product_cat","embeddable":true,"href":"https:\/\/www.swedcham.com.br\/en\/wp-json\/wp\/v2\/product_cat?post=28333"},{"taxonomy":"product_tag","embeddable":true,"href":"https:\/\/www.swedcham.com.br\/en\/wp-json\/wp\/v2\/product_tag?post=28333"}],"curies":[{"name":"wp","href":"https:\/\/api.w.org\/{rel}","templated":true}]}}