{"id":27921,"date":"2024-10-28T13:51:00","date_gmt":"2024-10-28T16:51:00","guid":{"rendered":"https:\/\/www.swedcham.com.br\/?post_type=product&#038;p=27921"},"modified":"2024-10-30T10:06:00","modified_gmt":"2024-10-30T13:06:00","slug":"horizontes-oportunidades-de-negocio-na-economia-circular-e-esg","status":"publish","type":"product","link":"https:\/\/www.swedcham.com.br\/en\/product\/our-events\/horizontes-oportunidades-de-negocio-na-economia-circular-e-esg\/","title":{"rendered":"Oportunidades de Neg\u00f3cio na Economia Circular e ESG"},"content":{"rendered":"\n<p><\/p>\n\n\n\n<figure class=\"wp-block-embed is-type-video is-provider-youtube wp-block-embed-youtube wp-embed-aspect-16-9 wp-has-aspect-ratio\"><div class=\"wp-block-embed__wrapper\">\n<iframe loading=\"lazy\" title=\"Novos Horizontes: Oportunidades de Neg\u00f3cio na Economia Circular e ESG\" width=\"640\" height=\"360\" src=\"https:\/\/www.youtube.com\/embed\/-71Kd5LO9zw?feature=oembed\" frameborder=\"0\" allow=\"accelerometer; autoplay; clipboard-write; encrypted-media; gyroscope; picture-in-picture; web-share\" referrerpolicy=\"strict-origin-when-cross-origin\" allowfullscreen><\/iframe>\n<\/div><\/figure>\n\n\n\n<p><br><\/p>\n\n\n\n<ul class=\"wp-block-list\">\n<li><strong>Desvende os princ\u00edpios da economia circular:<\/strong>&nbsp;Aprenda com o especialista Fl\u00e1vio de Miranda Ribeiro os conceitos-chave e os modelos de neg\u00f3cios que est\u00e3o revolucionando o mercado.<\/li>\n\n\n\n<li><strong>Inspire-se com cases reais:<\/strong>&nbsp;Conhe\u00e7a exemplos pr\u00e1ticos de empresas que est\u00e3o prosperando ao adotar a circularidade em suas opera\u00e7\u00f5es.<\/li>\n\n\n\n<li><strong>Mergulhe na experi\u00eancia da SKF:<\/strong>&nbsp;Gilberto Sanchez, da SKF, compartilhar\u00e1 a jornada da empresa rumo \u00e0 economia circular, revelando os desafios superados e os benef\u00edcios alcan\u00e7ados.<\/li>\n\n\n\n<li><strong>Expanda seus horizontes:<\/strong>&nbsp;Descubra novas oportunidades de neg\u00f3cio e inova\u00e7\u00e3o.<\/li>\n\n\n\n<li><strong>Construa um futuro sustent\u00e1vel:<\/strong>&nbsp;Contribua para um mundo melhor ao adotar pr\u00e1ticas ESG e de economia circular.<\/li>\n\n\n\n<li><strong>Conecte-se com l\u00edderes:<\/strong>&nbsp;Amplie sua rede de contatos com profissionais que est\u00e3o moldando o futuro dos neg\u00f3cios.<\/li>\n<\/ul>\n\n\n\n<p><strong>N\u00e3o perca essa chance de se preparar para a nova era da economia!<\/strong><\/p>\n\n\n\n<p><\/p>\n\n\n\n<div class=\"wp-block-media-text is-stacked-on-mobile\" style=\"grid-template-columns:22% auto\"><figure class=\"wp-block-media-text__media\"><img loading=\"lazy\" decoding=\"async\" width=\"164\" height=\"164\" src=\"https:\/\/www.swedcham.com.br\/wp-content\/uploads\/2024\/10\/Flavio.jpeg\" alt=\"\" class=\"wp-image-27917 size-full\" srcset=\"https:\/\/www.swedcham.com.br\/wp-content\/uploads\/2024\/10\/Flavio.jpeg 164w, https:\/\/www.swedcham.com.br\/wp-content\/uploads\/2024\/10\/Flavio-150x150.jpeg 150w, https:\/\/www.swedcham.com.br\/wp-content\/uploads\/2024\/10\/Flavio-100x100.jpeg 100w\" sizes=\"auto, (max-width: 164px) 100vw, 164px\" \/><\/figure><div class=\"wp-block-media-text__content\">\n<p>Doutor em Ci\u00eancias Ambientais, <strong>Fl\u00e1vio Miranda <\/strong>\u00e9 conselheiro para Economia Circular do Pacto Global da ONU, professor universit\u00e1rio e presta mentorias e consultorias para empresas, governos e entidades nas \u00e1reas de Economia Circular, Log\u00edstica Reversa, Regula\u00e7\u00e3o Ambiental empresarial e Avalia\u00e7\u00e3o do Ciclo de Vida.<\/p>\n<\/div><\/div>\n\n\n\n<p><\/p>\n\n\n\n<p><\/p>\n\n\n\n<div class=\"wp-block-media-text is-stacked-on-mobile\" style=\"grid-template-columns:22% auto\"><figure class=\"wp-block-media-text__media\"><img loading=\"lazy\" decoding=\"async\" width=\"163\" height=\"174\" src=\"https:\/\/www.swedcham.com.br\/wp-content\/uploads\/2024\/10\/2.png\" alt=\"\" class=\"wp-image-27919 size-full\"\/><\/figure><div class=\"wp-block-media-text__content\">\n<p><strong>Gilberto Sanchez &#8211;&nbsp;<\/strong>Business Development Manager &#8211; SKF Latin America, respons\u00e1vel por m\u00faltiplas unidades de servi\u00e7os da SKF Solution Factory distribuidas nos pa\u00edses do continente Americano.&nbsp;<\/p>\n<\/div><\/div>\n\n\n\n<p><\/p>\n\n\n\n<p><strong>Coordenadora do Comit\u00ea:<\/strong><\/p>\n\n\n\n<div class=\"wp-block-media-text is-stacked-on-mobile\" style=\"grid-template-columns:22% auto\"><figure class=\"wp-block-media-text__media\"><img loading=\"lazy\" decoding=\"async\" width=\"200\" height=\"200\" src=\"https:\/\/www.swedcham.com.br\/wp-content\/uploads\/2024\/10\/Marcela.jpeg\" alt=\"\" class=\"wp-image-27935 size-full\" srcset=\"https:\/\/www.swedcham.com.br\/wp-content\/uploads\/2024\/10\/Marcela.jpeg 200w, https:\/\/www.swedcham.com.br\/wp-content\/uploads\/2024\/10\/Marcela-150x150.jpeg 150w, https:\/\/www.swedcham.com.br\/wp-content\/uploads\/2024\/10\/Marcela-100x100.jpeg 100w\" sizes=\"auto, (max-width: 200px) 100vw, 200px\" \/><\/figure><div class=\"wp-block-media-text__content\">\n<p><strong>Marcela Miranda<\/strong> \u00e9 Mestra em Ci\u00eancia para o Desenvolvimento Sustent\u00e1vel pela Universidade de Link\u00f6ping (Su\u00e9cia), fundadora da Uttala &#8211; Educa\u00e7\u00e3o Clim\u00e1tica, membro da Global Future Leaders do Instituto Sueco e, Bacharel em Gest\u00e3o Ambiental pela Universidade de S\u00e3o Paulo (USP).&nbsp;<\/p>\n<\/div><\/div>\n","protected":false},"excerpt":{"rendered":"<p>N\u00e3o perca essa chance de se preparar para a nova era da economia! Doutor em Ci\u00eancias Ambientais, Fl\u00e1vio Miranda \u00e9<\/p>\n","protected":false},"featured_media":27939,"template":"","meta":[],"product_brand":[],"product_cat":[228],"product_tag":[],"class_list":{"0":"post-27921","1":"product","2":"type-product","3":"status-publish","4":"has-post-thumbnail","6":"product_cat-our-events","8":"first","9":"instock","10":"shipping-taxable","11":"product-type-simple"},"_links":{"self":[{"href":"https:\/\/www.swedcham.com.br\/en\/wp-json\/wp\/v2\/product\/27921","targetHints":{"allow":["GET"]}}],"collection":[{"href":"https:\/\/www.swedcham.com.br\/en\/wp-json\/wp\/v2\/product"}],"about":[{"href":"https:\/\/www.swedcham.com.br\/en\/wp-json\/wp\/v2\/types\/product"}],"wp:featuredmedia":[{"embeddable":true,"href":"https:\/\/www.swedcham.com.br\/en\/wp-json\/wp\/v2\/media\/27939"}],"wp:attachment":[{"href":"https:\/\/www.swedcham.com.br\/en\/wp-json\/wp\/v2\/media?parent=27921"}],"wp:term":[{"taxonomy":"product_brand","embeddable":true,"href":"https:\/\/www.swedcham.com.br\/en\/wp-json\/wp\/v2\/product_brand?post=27921"},{"taxonomy":"product_cat","embeddable":true,"href":"https:\/\/www.swedcham.com.br\/en\/wp-json\/wp\/v2\/product_cat?post=27921"},{"taxonomy":"product_tag","embeddable":true,"href":"https:\/\/www.swedcham.com.br\/en\/wp-json\/wp\/v2\/product_tag?post=27921"}],"curies":[{"name":"wp","href":"https:\/\/api.w.org\/{rel}","templated":true}]}}