{"id":27571,"date":"2024-05-21T09:29:14","date_gmt":"2024-05-21T12:29:14","guid":{"rendered":"https:\/\/www.swedcham.com.br\/?post_type=product&#038;p=27571"},"modified":"2024-05-27T09:21:59","modified_gmt":"2024-05-27T12:21:59","slug":"friday-fika-com-jonas-e-roberta-perez-live-from-abba-museum","status":"publish","type":"product","link":"https:\/\/www.swedcham.com.br\/en\/product\/our-events\/friday-fika\/friday-fika-com-jonas-e-roberta-perez-live-from-abba-museum\/","title":{"rendered":"Friday Fika com Jonas e Roberta Perez &#8211; Live from ABBA MUSEUM!"},"content":{"rendered":"\n<figure class=\"wp-block-embed is-type-video is-provider-youtube wp-block-embed-youtube wp-embed-aspect-16-9 wp-has-aspect-ratio\"><div class=\"wp-block-embed__wrapper\">\n<iframe loading=\"lazy\" title=\"Friday Fika com Jonas e Roberta Perez \u2013 Live from ABBA MUSEUM!\" width=\"640\" height=\"360\" src=\"https:\/\/www.youtube.com\/embed\/vmtfg6hHWBk?start=147&#038;feature=oembed\" frameborder=\"0\" allow=\"accelerometer; autoplay; clipboard-write; encrypted-media; gyroscope; picture-in-picture; web-share\" referrerpolicy=\"strict-origin-when-cross-origin\" allowfullscreen><\/iframe>\n<\/div><\/figure>\n\n\n\n<p>Sexta-feira 24 de maio\u00a0\u00e0s 10h,\u00a0tivemos\u00a0um bate-papo descontra\u00eddo entre\u00a0<em>Jonas Lindstr\u00f6m e Roberta Perez &#8211;<\/em> Diretora e Fundadora &#8211; Nordic Ways. Roberta entrou live direto do<a href=\"https:\/\/abbathemuseum.com\/en\/\" target=\"_blank\" rel=\"noreferrer noopener\"><strong> ABBA\u00a0MUSEU\u00a0<\/strong><\/a>em Estocolmo!\u00a0Esse ano marca os 50 anos que ABBA\u00a0venceu\u00a0o Festival da Eurovis\u00e3o Song Contest em 1974, com a can\u00e7\u00e3o &#8220;<em>Waterloo&#8221;, <\/em>que abriria as portas para o mundo para a maior banda sueca de todos os tempos.<br>Se voc\u00ea \u00e9\u00a0um f\u00e1 do ABBA &#8211; ou sonha em visitar Estoccolmo algum dia &#8211; simplesmente n\u00e3o pode ficar fora dessa!<br><\/p>\n\n\n\n<p class=\"has-text-align-center\"><br><img loading=\"lazy\" decoding=\"async\" height=\"468\" width=\"550\" src=\"https:\/\/mcusercontent.com\/9a53a6aa1cef2bc498bbe264b\/images\/9d5ba987-dbf7-8f56-e989-83c6ef5e9ebb.png\"><br><strong>&nbsp; &nbsp; &nbsp; &nbsp; &nbsp; &nbsp; &nbsp; &nbsp; &nbsp; &nbsp; &nbsp; &nbsp; &nbsp; &nbsp; &nbsp; &nbsp; &nbsp; &nbsp; &nbsp; &nbsp; &nbsp; &nbsp; &nbsp; &nbsp; This image is from the Beeld en Geluid<\/strong><\/p>\n","protected":false},"excerpt":{"rendered":"<p>Sexta-feira 24 de maio\u00a0\u00e0s 10h,\u00a0tivemos\u00a0um bate-papo descontra\u00eddo entre\u00a0Jonas Lindstr\u00f6m e Roberta Perez &#8211; Diretora e Fundadora &#8211; Nordic Ways. Roberta<\/p>\n","protected":false},"featured_media":27575,"template":"","meta":[],"product_brand":[],"product_cat":[199],"product_tag":[],"class_list":{"0":"post-27571","1":"product","2":"type-product","3":"status-publish","4":"has-post-thumbnail","6":"product_cat-friday-fika","8":"first","9":"instock","10":"shipping-taxable","11":"product-type-simple"},"_links":{"self":[{"href":"https:\/\/www.swedcham.com.br\/en\/wp-json\/wp\/v2\/product\/27571","targetHints":{"allow":["GET"]}}],"collection":[{"href":"https:\/\/www.swedcham.com.br\/en\/wp-json\/wp\/v2\/product"}],"about":[{"href":"https:\/\/www.swedcham.com.br\/en\/wp-json\/wp\/v2\/types\/product"}],"wp:featuredmedia":[{"embeddable":true,"href":"https:\/\/www.swedcham.com.br\/en\/wp-json\/wp\/v2\/media\/27575"}],"wp:attachment":[{"href":"https:\/\/www.swedcham.com.br\/en\/wp-json\/wp\/v2\/media?parent=27571"}],"wp:term":[{"taxonomy":"product_brand","embeddable":true,"href":"https:\/\/www.swedcham.com.br\/en\/wp-json\/wp\/v2\/product_brand?post=27571"},{"taxonomy":"product_cat","embeddable":true,"href":"https:\/\/www.swedcham.com.br\/en\/wp-json\/wp\/v2\/product_cat?post=27571"},{"taxonomy":"product_tag","embeddable":true,"href":"https:\/\/www.swedcham.com.br\/en\/wp-json\/wp\/v2\/product_tag?post=27571"}],"curies":[{"name":"wp","href":"https:\/\/api.w.org\/{rel}","templated":true}]}}