{"id":26930,"date":"2023-10-06T11:32:18","date_gmt":"2023-10-06T14:32:18","guid":{"rendered":"https:\/\/www.swedcham.com.br\/?post_type=product&#038;p=26930"},"modified":"2023-10-31T15:42:02","modified_gmt":"2023-10-31T18:42:02","slug":"felicidade-pessoal-e-corporativa-a-formula-do-sucesso","status":"publish","type":"product","link":"https:\/\/www.swedcham.com.br\/en\/product\/our-events\/felicidade-pessoal-e-corporativa-a-formula-do-sucesso\/","title":{"rendered":"Felicidade pessoal e corporativa &#8211; a f\u00f3rmula do SUCESSO !"},"content":{"rendered":"\n<p><strong>Felicidade pessoal e corporativa &#8211; a f\u00f3rmula do SUCESSO !<\/strong><\/p>\n\n\n\n<figure class=\"wp-block-embed is-type-video is-provider-youtube wp-block-embed-youtube wp-embed-aspect-16-9 wp-has-aspect-ratio\"><div class=\"wp-block-embed__wrapper\">\n<iframe loading=\"lazy\" title=\"Felicidade pessoal e corporativa \u2013 a f\u00f3rmula do SUCESSO !\" width=\"640\" height=\"360\" src=\"https:\/\/www.youtube.com\/embed\/eqmKImqZtx8?start=11&#038;feature=oembed\" frameborder=\"0\" allow=\"accelerometer; autoplay; clipboard-write; encrypted-media; gyroscope; picture-in-picture; web-share\" referrerpolicy=\"strict-origin-when-cross-origin\" allowfullscreen><\/iframe>\n<\/div><\/figure>\n\n\n\n<p>A<strong> felicidade pessoal<\/strong> e a<strong> felicidade corporativa<\/strong> est\u00e3o inextricavelmente ligadas. A sensa\u00e7\u00e3o de realiza\u00e7\u00e3o, contentamento e bem-estar impactam diretamente e positivamente no comprometimento, engajamento e lealdade de profissionais para com uma organiza\u00e7\u00e3o &#8211; e tamb\u00e9m o sucesso desta! Quanto mais feliz um indiv\u00edduo estiver, maior ser\u00e1 seu potencial para se desenvolver profissionalmente e pessoalmente!<br><br>Celebrando o <strong>70\u00ba anivers\u00e1rio da SWEDCHAM,<\/strong> nosso <strong>Comit\u00ea de Capital Humano<\/strong> teve a honra de receber <strong>Heidi Virta<\/strong>, Diretora S\u00eanior e Head da Business Finland para a Am\u00e9rica Latina; <strong>Kau\u00ea Souza<\/strong>, Coordenador de Gest\u00e3o de Talento da The Heineken Company; e <strong>Vinicius Kitahara<\/strong>, fundador da Vinning \/ Consultoria de Felicidade Corporativa &#8211; para um painel diferenciado sobre este assunto fascinante mediado por <strong>Carol B\u00f6ttcher<\/strong> (Coordenadora do HCC e Diretora da BrainKapital Executive Search), em uma nova colabora\u00e7\u00e3o com nossos estimados parceiros,<strong> DUTCHAM e FINNCHAM.<\/strong><br><br>Prepare-se para um<strong> talk transformador<\/strong> que acender\u00e1 novas chamas da <strong>realiza\u00e7\u00e3o pessoal<\/strong>&#8211; \u00e9 hora de desbloquear o <strong>poder da felicidade <\/strong>e conquistar <strong>novos horizontes<\/strong>!<\/p>\n\n\n\n<div class=\"wp-block-media-text alignwide is-stacked-on-mobile\" style=\"grid-template-columns:21% auto\"><figure class=\"wp-block-media-text__media\"><img loading=\"lazy\" decoding=\"async\" width=\"225\" height=\"225\" src=\"https:\/\/www.swedcham.com.br\/wp-content\/uploads\/2023\/10\/heidi.png\" alt=\"\" class=\"wp-image-26924 size-full\" srcset=\"https:\/\/www.swedcham.com.br\/wp-content\/uploads\/2023\/10\/heidi.png 225w, https:\/\/www.swedcham.com.br\/wp-content\/uploads\/2023\/10\/heidi-150x150.png 150w, https:\/\/www.swedcham.com.br\/wp-content\/uploads\/2023\/10\/heidi-100x100.png 100w\" sizes=\"auto, (max-width: 225px) 100vw, 225px\" \/><\/figure><div class=\"wp-block-media-text__content\">\n<p class=\"has-small-font-size\"><strong>Heidi Virta <\/strong>\u00e9 diretora s\u00eanior para a Am\u00e9rica Latina da<strong> Business Finland<\/strong>, liderando as opera\u00e7\u00f5es do Brasil, Chile, Peru e M\u00e9xico; criando um ambiente seguro e sustent\u00e1vel ao fomentar colabora\u00e7\u00f5es de neg\u00f3cios rec\u00edprocas, inovadoras e de sucesso com a Finl\u00e2ndia; em estreita colabora\u00e7\u00e3o com as embaixadas finlandesas na regi\u00e3o. Fluente em finland\u00eas, sueco, ingl\u00eas, espanhol, portugu\u00eas e franc\u00eas, Heidi \u00e9 mestre em Economia pela Universidade \u00c5bo Akademi, estuda finan\u00e7as estrat\u00e9gicas pela Harvard Business Executive Education e tamb\u00e9m tem se dedicado aos estudos da Felicidade e da Lideran\u00e7a, autora do livro \u201cHappiness Clues\u201d.<\/p>\n<\/div><\/div>\n\n\n\n<div class=\"wp-block-media-text is-stacked-on-mobile\" style=\"grid-template-columns:21% auto\"><figure class=\"wp-block-media-text__media\"><img loading=\"lazy\" decoding=\"async\" width=\"150\" height=\"150\" src=\"https:\/\/www.swedcham.com.br\/wp-content\/uploads\/2023\/10\/kaue-150x150.jpg\" alt=\"\" class=\"wp-image-26926 size-thumbnail\" srcset=\"https:\/\/www.swedcham.com.br\/wp-content\/uploads\/2023\/10\/kaue-150x150.jpg 150w, https:\/\/www.swedcham.com.br\/wp-content\/uploads\/2023\/10\/kaue-100x100.jpg 100w, https:\/\/www.swedcham.com.br\/wp-content\/uploads\/2023\/10\/kaue.jpg 199w\" sizes=\"auto, (max-width: 150px) 100vw, 150px\" \/><\/figure><div class=\"wp-block-media-text__content\">\n<p><\/p>\n\n\n\n<p><\/p>\n\n\n\n<p class=\"has-small-font-size\"><strong>Kau\u00ea Souza<\/strong>, natural de Ponta Grossa-PR \u00e9 formado em Administra\u00e7\u00e3o de Empresas com \u00eanfase em Com\u00e9rcio Exterior pela Universidade Estadual de Ponta Grossa e fluente em ingl\u00eas. Com quase uma d\u00e9cada de s\u00f3lida e ascendente carreira, Kau\u00ea moldou expertise diferenciada em diversas esferas na \u00e1rea de Recursos Humanos. Atualmente, \u00e9 Coordenador de Gest\u00e3o de Talentos na <strong>HEINEKEN <\/strong>Brasil, liderando diversas iniciativas incluindo avalia\u00e7\u00e3o de performance, elabora\u00e7\u00e3o de planos de sucess\u00e3o e programas de desenvolvimento de talentos e l\u00edderes.<\/p>\n\n\n\n<p><\/p>\n\n\n\n<p><\/p>\n\n\n\n<p><\/p>\n<\/div><\/div>\n\n\n\n<div class=\"wp-block-media-text is-stacked-on-mobile\" style=\"grid-template-columns:21% auto\"><figure class=\"wp-block-media-text__media\"><img loading=\"lazy\" decoding=\"async\" width=\"225\" height=\"224\" src=\"https:\/\/www.swedcham.com.br\/wp-content\/uploads\/2023\/10\/Vinicius-1.jpg\" alt=\"\" class=\"wp-image-26931 size-full\" srcset=\"https:\/\/www.swedcham.com.br\/wp-content\/uploads\/2023\/10\/Vinicius-1.jpg 225w, https:\/\/www.swedcham.com.br\/wp-content\/uploads\/2023\/10\/Vinicius-1-150x150.jpg 150w, https:\/\/www.swedcham.com.br\/wp-content\/uploads\/2023\/10\/Vinicius-1-100x100.jpg 100w\" sizes=\"auto, (max-width: 225px) 100vw, 225px\" \/><\/figure><div class=\"wp-block-media-text__content\">\n<p class=\"has-small-font-size\"><strong>Vini Kitahara <\/strong>\u00e9 especialista em Felicidade Corporativa, atendendo empresas de destaque como Google, Heineken, Deloitte, Suzano, Chilli Beans, o Boticario, entre outras. Sua expertise tamb\u00e9m o levou a ser destaque em importantes ve\u00edculos de m\u00eddia, como o document\u00e1rio &#8220;A Ci\u00eancia da Felicidade&#8221;&nbsp;da CNN, o Discovery Home &amp;&nbsp;Health e o programa Caldeir\u00e3o do Huck. Formado pelo INSPER em Administra\u00e7\u00e3o de Empresas e com extens\u00e3o na Introdu\u00e7\u00e3o da Psicologia pela Harvard Extension School, Vini tamb\u00e9m compartilha seu conhecimento como Professor de Felicidade Corporativa na prestigiada Funda\u00e7\u00e3o Dom Cabral.<\/p>\n<\/div><\/div>\n\n\n\n<figure class=\"wp-block-image size-full\"><a href=\"https:\/\/www.swedcham.com.br\/wp-content\/uploads\/2023\/10\/BANNER-0.jpg\"><img loading=\"lazy\" decoding=\"async\" width=\"477\" height=\"117\" src=\"https:\/\/www.swedcham.com.br\/wp-content\/uploads\/2023\/10\/BANNER-0.jpg\" alt=\"\" class=\"wp-image-26933\" srcset=\"https:\/\/www.swedcham.com.br\/wp-content\/uploads\/2023\/10\/BANNER-0.jpg 477w, https:\/\/www.swedcham.com.br\/wp-content\/uploads\/2023\/10\/BANNER-0-300x74.jpg 300w\" sizes=\"auto, (max-width: 477px) 100vw, 477px\" \/><\/a><\/figure>\n","protected":false},"excerpt":{"rendered":"<p>Felicidade pessoal e corporativa &#8211; a f\u00f3rmula do SUCESSO ! A felicidade pessoal e a felicidade corporativa est\u00e3o inextricavelmente ligadas.<\/p>\n","protected":false},"featured_media":26936,"template":"","meta":[],"product_brand":[],"product_cat":[228],"product_tag":[],"class_list":{"0":"post-26930","1":"product","2":"type-product","3":"status-publish","4":"has-post-thumbnail","6":"product_cat-our-events","8":"first","9":"instock","10":"shipping-taxable","11":"product-type-simple"},"_links":{"self":[{"href":"https:\/\/www.swedcham.com.br\/en\/wp-json\/wp\/v2\/product\/26930","targetHints":{"allow":["GET"]}}],"collection":[{"href":"https:\/\/www.swedcham.com.br\/en\/wp-json\/wp\/v2\/product"}],"about":[{"href":"https:\/\/www.swedcham.com.br\/en\/wp-json\/wp\/v2\/types\/product"}],"wp:featuredmedia":[{"embeddable":true,"href":"https:\/\/www.swedcham.com.br\/en\/wp-json\/wp\/v2\/media\/26936"}],"wp:attachment":[{"href":"https:\/\/www.swedcham.com.br\/en\/wp-json\/wp\/v2\/media?parent=26930"}],"wp:term":[{"taxonomy":"product_brand","embeddable":true,"href":"https:\/\/www.swedcham.com.br\/en\/wp-json\/wp\/v2\/product_brand?post=26930"},{"taxonomy":"product_cat","embeddable":true,"href":"https:\/\/www.swedcham.com.br\/en\/wp-json\/wp\/v2\/product_cat?post=26930"},{"taxonomy":"product_tag","embeddable":true,"href":"https:\/\/www.swedcham.com.br\/en\/wp-json\/wp\/v2\/product_tag?post=26930"}],"curies":[{"name":"wp","href":"https:\/\/api.w.org\/{rel}","templated":true}]}}