{"id":26660,"date":"2023-08-18T15:44:07","date_gmt":"2023-08-18T18:44:07","guid":{"rendered":"https:\/\/www.swedcham.com.br\/?post_type=product&#038;p=26660"},"modified":"2023-08-22T14:24:23","modified_gmt":"2023-08-22T17:24:23","slug":"quebrando-barreiras-empoderando-a-diversidade-de-genero-e-geracional-no-contexto-corporativo","status":"publish","type":"product","link":"https:\/\/www.swedcham.com.br\/en\/product\/our-events\/quebrando-barreiras-empoderando-a-diversidade-de-genero-e-geracional-no-contexto-corporativo\/","title":{"rendered":"Quebrando barreiras:\u00a0Empoderando a Diversidade de G\u00eanero e Geracional no contexto corporativo"},"content":{"rendered":"\n<figure class=\"wp-block-image\"><a href=\"https:\/\/www.swedcham.com.br\/wp-admin\/edit.php?post_type=product\"><img decoding=\"async\" src=\"https:\/\/www.swedcham.com.br\/wp-content\/uploads\/2021\/09\/favicon.png\" alt=\"\u00cdcone do site\"\/><\/a><\/figure>\n\n\n\n<p><\/p>\n\n\n\n<figure class=\"wp-block-embed is-type-video is-provider-youtube wp-block-embed-youtube wp-embed-aspect-16-9 wp-has-aspect-ratio\"><div class=\"wp-block-embed__wrapper\">\n<iframe loading=\"lazy\" title=\"Quebrando barreiras: Empoderando a Diversidade de G\u00eanero e Geracional no contexto corporativo\" width=\"640\" height=\"360\" src=\"https:\/\/www.youtube.com\/embed\/evxMuEKEppM?feature=oembed\" frameborder=\"0\" allow=\"accelerometer; autoplay; clipboard-write; encrypted-media; gyroscope; picture-in-picture; web-share\" referrerpolicy=\"strict-origin-when-cross-origin\" allowfullscreen><\/iframe>\n<\/div><\/figure>\n\n\n\n<p><strong>Quebrando barreiras: Empoderando a Diversidade de G\u00eanero e Geracional no contexto corporativo<\/strong><\/p>\n\n\n\n<p>Neste encontro, discutimos sobre\u00a0o mercado de trabalho, abordando as diferen\u00e7as culturais e necessidades de algumas empresas frente ao tema. Enfatizar a import\u00e2ncia da inclus\u00e3o nos neg\u00f3cios (exemplificar com alguns cases) e trazer reflex\u00f5es sobre equidade x inclus\u00e3o x pertencimento.<br><br>Participa\u00e7\u00e3o especial:<br><strong>Alessandra Sellmer <\/strong>&#8211; <em>Gte Comunica\u00e7\u00f5es da Atlas Copco e\u00a0<\/em>Coordenadora do Comit\u00ea\u00a0 de Comunica\u00e7\u00e3o<br><strong>Andreza Rodrigues<\/strong> &#8211; Gte\u00a0de Comunica\u00e7\u00f5es\u00a0da Tetra Pak e Coordenadora do Comit\u00ea \u00a0de Comunica\u00e7\u00e3o<br><strong>Carol B\u00f6ttcher<\/strong> &#8211; Coordenadora do Comit\u00ea de Capital Humano\u00a0<br><strong>Cristiana Pontual<\/strong>\u00a0&#8211;\u00a0Diretora de Comunica\u00e7\u00e3o\u00a0Saab Brasil<\/p>\n\n\n\n<p><\/p>\n\n\n\n<div class=\"wp-block-media-text alignwide is-stacked-on-mobile\" style=\"grid-template-columns:27% auto\"><figure class=\"wp-block-media-text__media\"><img loading=\"lazy\" decoding=\"async\" width=\"292\" height=\"300\" src=\"https:\/\/www.swedcham.com.br\/wp-content\/uploads\/2023\/08\/111-292x300.jpg\" alt=\"\" class=\"wp-image-26658 size-medium\"\/><\/figure><div class=\"wp-block-media-text__content\">\n<p><strong>Andr\u00e9a Marques &#8211;&nbsp;<\/strong>Diretora de Aquisi\u00e7\u00e3o de Talentos na RM Consulting. Graduada em Administra\u00e7\u00e3o de Empresas e especializa\u00e7\u00e3o em Marketing pela ESPM. Com carreira desenvolvida ao longo de 25 anos e totalmente dedicada a \u00e1rea de Recrutamento e Sele\u00e7\u00e3o, como HeadHunter. Acumula experi\u00eancia em v\u00e1rias consultorias nacionais e internacionais, segmentos, como: Varejo, Ind\u00fastria, Infraestrutura, dentre outros. Desde 2022 vem se dedicando \u00e0 pauta DE&amp;I.<\/p>\n<\/div><\/div>\n","protected":false},"excerpt":{"rendered":"<p>Quebrando barreiras: Empoderando a Diversidade de G\u00eanero e Geracional no contexto corporativo Neste encontro, discutimos sobre\u00a0o mercado de trabalho, abordando<\/p>\n","protected":false},"featured_media":26667,"template":"","meta":[],"product_brand":[],"product_cat":[228],"product_tag":[],"class_list":{"0":"post-26660","1":"product","2":"type-product","3":"status-publish","4":"has-post-thumbnail","6":"product_cat-our-events","8":"first","9":"instock","10":"shipping-taxable","11":"product-type-simple"},"_links":{"self":[{"href":"https:\/\/www.swedcham.com.br\/en\/wp-json\/wp\/v2\/product\/26660","targetHints":{"allow":["GET"]}}],"collection":[{"href":"https:\/\/www.swedcham.com.br\/en\/wp-json\/wp\/v2\/product"}],"about":[{"href":"https:\/\/www.swedcham.com.br\/en\/wp-json\/wp\/v2\/types\/product"}],"wp:featuredmedia":[{"embeddable":true,"href":"https:\/\/www.swedcham.com.br\/en\/wp-json\/wp\/v2\/media\/26667"}],"wp:attachment":[{"href":"https:\/\/www.swedcham.com.br\/en\/wp-json\/wp\/v2\/media?parent=26660"}],"wp:term":[{"taxonomy":"product_brand","embeddable":true,"href":"https:\/\/www.swedcham.com.br\/en\/wp-json\/wp\/v2\/product_brand?post=26660"},{"taxonomy":"product_cat","embeddable":true,"href":"https:\/\/www.swedcham.com.br\/en\/wp-json\/wp\/v2\/product_cat?post=26660"},{"taxonomy":"product_tag","embeddable":true,"href":"https:\/\/www.swedcham.com.br\/en\/wp-json\/wp\/v2\/product_tag?post=26660"}],"curies":[{"name":"wp","href":"https:\/\/api.w.org\/{rel}","templated":true}]}}