{"id":26627,"date":"2023-08-22T11:01:07","date_gmt":"2023-08-22T14:01:07","guid":{"rendered":"https:\/\/www.swedcham.com.br\/uncategorized\/ciclo-avanca-e-juros-devem-ser-mais-baixos-o-que-esperar-no-brasil-e-no-exterior\/"},"modified":"2023-08-22T11:01:09","modified_gmt":"2023-08-22T14:01:09","slug":"ciclo-avanca-e-juros-devem-ser-mais-baixos-o-que-esperar-no-brasil-e-no-exterior","status":"publish","type":"product","link":"https:\/\/www.swedcham.com.br\/en\/product\/our-events\/ciclo-avanca-e-juros-devem-ser-mais-baixos-o-que-esperar-no-brasil-e-no-exterior\/","title":{"rendered":"Programa de acelera\u00e7\u00e3o de neg\u00f3cios"},"content":{"rendered":"\n<figure class=\"wp-block-image size-large is-resized\"><a href=\"https:\/\/www.swedcham.com.br\/wp-content\/uploads\/2023\/06\/Post_Swedcham-e1690569305592.jpg\"><img loading=\"lazy\" decoding=\"async\" src=\"https:\/\/www.swedcham.com.br\/wp-content\/uploads\/2023\/06\/Post_Swedcham-1024x1024.jpg\" alt=\"\" class=\"wp-image-26633\" style=\"width:768px;height:768px\" width=\"768\" height=\"768\"\/><\/a><\/figure>\n\n\n\n<p class=\"has-text-align-left\">A evcom, nossa associada e ag\u00eancia de comunica\u00e7\u00e3o, organizar\u00e1 aqui na Swedcham nos dias&nbsp;25\/08, 22\/09, 20\/10, 10\/11 e 08\/12, entre 14h e 17h, o EmPower:&nbsp;ciclo de mentoria coletiva para empreendedores que desejam desbloquear seus potenciais de resultados. \u00c9 mais que um curso. \u00c9 uma imers\u00e3o transformadora para todos que desejam atingir um novo patamar em seus neg\u00f3cios. Ser\u00e3o cinco encontros presenciais e mais 4 aulas online e ao vivo para um pequeno grupo de 15 empreendedores. E associados da Swedcham tem&nbsp;<strong>10% de desconto<\/strong>&nbsp;como benef\u00edcio exclusivo.&nbsp;<\/p>\n\n\n\n<p class=\"has-text-align-left\">Acessando este&nbsp;<a href=\"https:\/\/swedcham.us11.list-manage.com\/track\/click?u=9a53a6aa1cef2bc498bbe264b&amp;id=57c371cb24&amp;e=cedbcd618d\" target=\"_blank\" rel=\"noreferrer noopener\">link<\/a>&nbsp;e digitando&nbsp;<strong>swedcham10<\/strong>&nbsp;\u00e9 poss\u00edvel adquirir o treinamento com desconto.<br>Caso queiram mais informa\u00e7\u00f5es, podem procurar a Alexandra, da evcom, pelo whatsapp (11) 98299-0945<\/p>\n","protected":false},"excerpt":{"rendered":"<p>A evcom, nossa associada e ag\u00eancia de comunica\u00e7\u00e3o, organizar\u00e1 aqui na Swedcham nos dias&nbsp;25\/08, 22\/09, 20\/10, 10\/11 e 08\/12, entre<\/p>\n","protected":false},"featured_media":26634,"template":"","meta":[],"product_brand":[],"product_cat":[228],"product_tag":[],"class_list":{"0":"post-26627","1":"product","2":"type-product","3":"status-publish","4":"has-post-thumbnail","6":"product_cat-our-events","8":"first","9":"instock","10":"shipping-taxable","11":"product-type-simple"},"_links":{"self":[{"href":"https:\/\/www.swedcham.com.br\/en\/wp-json\/wp\/v2\/product\/26627","targetHints":{"allow":["GET"]}}],"collection":[{"href":"https:\/\/www.swedcham.com.br\/en\/wp-json\/wp\/v2\/product"}],"about":[{"href":"https:\/\/www.swedcham.com.br\/en\/wp-json\/wp\/v2\/types\/product"}],"wp:featuredmedia":[{"embeddable":true,"href":"https:\/\/www.swedcham.com.br\/en\/wp-json\/wp\/v2\/media\/26634"}],"wp:attachment":[{"href":"https:\/\/www.swedcham.com.br\/en\/wp-json\/wp\/v2\/media?parent=26627"}],"wp:term":[{"taxonomy":"product_brand","embeddable":true,"href":"https:\/\/www.swedcham.com.br\/en\/wp-json\/wp\/v2\/product_brand?post=26627"},{"taxonomy":"product_cat","embeddable":true,"href":"https:\/\/www.swedcham.com.br\/en\/wp-json\/wp\/v2\/product_cat?post=26627"},{"taxonomy":"product_tag","embeddable":true,"href":"https:\/\/www.swedcham.com.br\/en\/wp-json\/wp\/v2\/product_tag?post=26627"}],"curies":[{"name":"wp","href":"https:\/\/api.w.org\/{rel}","templated":true}]}}