{"id":26355,"date":"2023-03-28T15:58:03","date_gmt":"2023-03-28T18:58:03","guid":{"rendered":"https:\/\/www.swedcham.com.br\/?post_type=product&#038;p=26355"},"modified":"2023-05-26T16:22:03","modified_gmt":"2023-05-26T19:22:03","slug":"futuro-do-trabalho-novos-olhares-e-novos-modelos","status":"publish","type":"product","link":"https:\/\/www.swedcham.com.br\/en\/product\/our-events\/futuro-do-trabalho-novos-olhares-e-novos-modelos\/","title":{"rendered":"Futuro do Trabalho &#8211; novos olhares e novos modelos"},"content":{"rendered":"\n<h4 class=\"wp-block-heading\"><\/h4>\n\n\n\n<figure class=\"wp-block-embed is-type-video is-provider-youtube wp-block-embed-youtube wp-embed-aspect-16-9 wp-has-aspect-ratio\"><div class=\"wp-block-embed__wrapper\">\n<iframe loading=\"lazy\" title=\"Trabalhando em modo projeto -  a nova tend\u00eancia no mercado de trabalho\" width=\"640\" height=\"360\" src=\"https:\/\/www.youtube.com\/embed\/FaYzTU6vkZY?start=11&#038;feature=oembed\" frameborder=\"0\" allow=\"accelerometer; autoplay; clipboard-write; encrypted-media; gyroscope; picture-in-picture; web-share\" referrerpolicy=\"strict-origin-when-cross-origin\" allowfullscreen><\/iframe>\n<\/div><\/figure>\n\n\n\n<p><strong>Trabalhando em modo projeto &#8211;&nbsp;&nbsp;a nova tend\u00eancia no mercado de trabalho<\/strong><\/p>\n\n\n\n<p>O Futuro do Trabalho exige novos olhares e novos modelos. Como temas complexos como ESG, economia regenerativa, diversidade geracional, \u2018gig economy\u2019 e \u2018open talent economy\u2019 est\u00e3o conectados com este modelo de trabalho j\u00e1 muito consolidado na Europa e EUA e em plena expans\u00e3o no Brasil.<\/p>\n\n\n\n<p>Em 11 de Abril o tema foi apresentado por\u00a0<strong>Gisele Gaspar<\/strong>\u00a0e\u00a0<strong>Nicolas Touchet<\/strong>\u00a0em um evento hibrido do nosso Comit\u00ea de Capital Humano, moderado por\u00a0<strong>Carol B\u00f6ttcher &#8211;\u00a0<\/strong>Diretora da\u00a0<em>BrainKapital Executive Search<\/em>\u00a0e Coordenadora do Comit\u00ea de Capital Humano da SWEDCHAM.<br><\/p>\n\n\n\n<p><strong>Convidados:<\/strong><\/p>\n\n\n\n<div class=\"wp-block-columns is-layout-flex wp-container-core-columns-is-layout-9d6595d7 wp-block-columns-is-layout-flex\">\n<div class=\"wp-block-column is-layout-flow wp-block-column-is-layout-flow\" style=\"flex-basis:20%\">\n<figure class=\"wp-block-image size-full\"><a href=\"https:\/\/www.swedcham.com.br\/wp-content\/uploads\/2023\/03\/Gisele.jpg\"><img loading=\"lazy\" decoding=\"async\" width=\"225\" height=\"224\" src=\"https:\/\/www.swedcham.com.br\/wp-content\/uploads\/2023\/03\/Gisele.jpg\" alt=\"\" class=\"wp-image-26356\" srcset=\"https:\/\/www.swedcham.com.br\/wp-content\/uploads\/2023\/03\/Gisele.jpg 225w, https:\/\/www.swedcham.com.br\/wp-content\/uploads\/2023\/03\/Gisele-150x150.jpg 150w, https:\/\/www.swedcham.com.br\/wp-content\/uploads\/2023\/03\/Gisele-100x100.jpg 100w\" sizes=\"auto, (max-width: 225px) 100vw, 225px\" \/><\/a><\/figure>\n<\/div>\n\n\n\n<div class=\"wp-block-column is-layout-flow wp-block-column-is-layout-flow\" style=\"flex-basis:80%\">\n<p><strong>Gisele Gaspar &#8211;&nbsp;S\u00f3cia-Diretora da Telos Transition.<\/strong><br>Atuando h\u00e1 25 anos em empresas multinacionais e nacional B2B e B2C dos segmentos qu\u00edmico, aliment\u00edcio e de papel&amp;embalagem, como Head das \u00e1reas de Marketing, Comunica\u00e7\u00e3o Corporativa e Recursos Humanos. Master em Administra\u00e7\u00e3o, certificado em transforma\u00e7\u00e3o cultural (Barett)<\/p>\n<\/div>\n<\/div>\n\n\n\n<div class=\"wp-block-columns is-layout-flex wp-container-core-columns-is-layout-9d6595d7 wp-block-columns-is-layout-flex\">\n<div class=\"wp-block-column is-layout-flow wp-block-column-is-layout-flow\" style=\"flex-basis:20%\">\n<figure class=\"wp-block-image size-full\"><a href=\"https:\/\/www.swedcham.com.br\/wp-content\/uploads\/2023\/03\/nicolas.jpg\"><img loading=\"lazy\" decoding=\"async\" width=\"225\" height=\"225\" src=\"https:\/\/www.swedcham.com.br\/wp-content\/uploads\/2023\/03\/nicolas.jpg\" alt=\"\" class=\"wp-image-26358\" srcset=\"https:\/\/www.swedcham.com.br\/wp-content\/uploads\/2023\/03\/nicolas.jpg 225w, https:\/\/www.swedcham.com.br\/wp-content\/uploads\/2023\/03\/nicolas-150x150.jpg 150w, https:\/\/www.swedcham.com.br\/wp-content\/uploads\/2023\/03\/nicolas-100x100.jpg 100w\" sizes=\"auto, (max-width: 225px) 100vw, 225px\" \/><\/a><\/figure>\n<\/div>\n\n\n\n<div class=\"wp-block-column is-layout-flow wp-block-column-is-layout-flow\" style=\"flex-basis:80%\">\n<p class=\"has-text-align-left\"><strong>Nicolas Touchet &#8211;&nbsp;Managing Partner Latin America &#8211;&nbsp;Telos Transition<\/strong>  <\/p>\n\n\n\n<p class=\"has-text-align-left\">Atua h\u00e1 mais de 10 anos em Interim Management. Atuou como executivo na Ag\u00eancia Espacial Francesa, e na Heidelberg Druckmaschinen, (Fran\u00e7a, Alemanha, Brasil). Master em Administra\u00e7\u00e3o, graduado em Ci\u00eancias F\u00edsicas.<\/p>\n<\/div>\n<\/div>\n\n\n\n<p><\/p>\n","protected":false},"excerpt":{"rendered":"<p>Trabalhando em modo projeto &#8211;&nbsp;&nbsp;a nova tend\u00eancia no mercado de trabalho O Futuro do Trabalho exige novos olhares e novos<\/p>\n","protected":false},"featured_media":26363,"template":"","meta":[],"product_brand":[],"product_cat":[228],"product_tag":[],"class_list":{"0":"post-26355","1":"product","2":"type-product","3":"status-publish","4":"has-post-thumbnail","6":"product_cat-our-events","8":"first","9":"instock","10":"shipping-taxable","11":"product-type-simple"},"_links":{"self":[{"href":"https:\/\/www.swedcham.com.br\/en\/wp-json\/wp\/v2\/product\/26355","targetHints":{"allow":["GET"]}}],"collection":[{"href":"https:\/\/www.swedcham.com.br\/en\/wp-json\/wp\/v2\/product"}],"about":[{"href":"https:\/\/www.swedcham.com.br\/en\/wp-json\/wp\/v2\/types\/product"}],"wp:featuredmedia":[{"embeddable":true,"href":"https:\/\/www.swedcham.com.br\/en\/wp-json\/wp\/v2\/media\/26363"}],"wp:attachment":[{"href":"https:\/\/www.swedcham.com.br\/en\/wp-json\/wp\/v2\/media?parent=26355"}],"wp:term":[{"taxonomy":"product_brand","embeddable":true,"href":"https:\/\/www.swedcham.com.br\/en\/wp-json\/wp\/v2\/product_brand?post=26355"},{"taxonomy":"product_cat","embeddable":true,"href":"https:\/\/www.swedcham.com.br\/en\/wp-json\/wp\/v2\/product_cat?post=26355"},{"taxonomy":"product_tag","embeddable":true,"href":"https:\/\/www.swedcham.com.br\/en\/wp-json\/wp\/v2\/product_tag?post=26355"}],"curies":[{"name":"wp","href":"https:\/\/api.w.org\/{rel}","templated":true}]}}