{"id":26295,"date":"2023-03-06T10:15:00","date_gmt":"2023-03-06T13:15:00","guid":{"rendered":"https:\/\/www.swedcham.com.br\/?post_type=product&#038;p=26295"},"modified":"2023-05-26T16:26:15","modified_gmt":"2023-05-26T19:26:15","slug":"renovaveis-em-destaque","status":"publish","type":"product","link":"https:\/\/www.swedcham.com.br\/en\/product\/our-events\/renovaveis-em-destaque\/","title":{"rendered":"RENOV\u00c1VEIS EM DESTAQUE"},"content":{"rendered":"\n<h4 class=\"wp-block-heading\"><\/h4>\n\n\n\n<p>No dia 23\/03 acontece em S\u00e3o Paulo, em parceria com a NBCC,\u00a0a reuni\u00e3o de especialistas em diferentes atividades relacionadas a<strong> energias renov\u00e1veis<\/strong> com o objetivo de apresentar um panorama sobre o setor e debater um pouco sobre as expectativas, experi\u00eancias e oportunidades\u00a0no desenvolvimento e transforma\u00e7\u00e3o do setor energ\u00e9tico.<\/p>\n\n\n\n<figure class=\"wp-block-embed is-type-video is-provider-youtube wp-block-embed-youtube wp-embed-aspect-16-9 wp-has-aspect-ratio\"><div class=\"wp-block-embed__wrapper\">\n<iframe loading=\"lazy\" title=\"RENOV\u00c1VEIS EM DESTAQUE\" width=\"640\" height=\"360\" src=\"https:\/\/www.youtube.com\/embed\/0eHfMmNtJEA?feature=oembed\" frameborder=\"0\" allow=\"accelerometer; autoplay; clipboard-write; encrypted-media; gyroscope; picture-in-picture; web-share\" referrerpolicy=\"strict-origin-when-cross-origin\" allowfullscreen><\/iframe>\n<\/div><\/figure>\n\n\n\n<p><strong>Convidados:<\/strong><\/p>\n\n\n\n<div class=\"wp-block-columns is-layout-flex wp-container-core-columns-is-layout-9d6595d7 wp-block-columns-is-layout-flex\">\n<div class=\"wp-block-column is-layout-flow wp-block-column-is-layout-flow\" style=\"flex-basis:20%\">\n<figure class=\"wp-block-image size-full\"><a href=\"https:\/\/www.swedcham.com.br\/wp-content\/uploads\/2023\/03\/elbia.jpg\"><img loading=\"lazy\" decoding=\"async\" width=\"500\" height=\"500\" src=\"https:\/\/www.swedcham.com.br\/wp-content\/uploads\/2023\/03\/elbia.jpg\" alt=\"\" class=\"wp-image-26296\" srcset=\"https:\/\/www.swedcham.com.br\/wp-content\/uploads\/2023\/03\/elbia.jpg 500w, https:\/\/www.swedcham.com.br\/wp-content\/uploads\/2023\/03\/elbia-300x300.jpg 300w, https:\/\/www.swedcham.com.br\/wp-content\/uploads\/2023\/03\/elbia-150x150.jpg 150w, https:\/\/www.swedcham.com.br\/wp-content\/uploads\/2023\/03\/elbia-100x100.jpg 100w\" sizes=\"auto, (max-width: 500px) 100vw, 500px\" \/><\/a><\/figure>\n<\/div>\n\n\n\n<div class=\"wp-block-column is-layout-flow wp-block-column-is-layout-flow\" style=\"flex-basis:80%\">\n<p><strong>Elbia Gannoum &#8211; ABEEOLICA<\/strong><br>CEO da ABEE\u00f3lica \u2013 Associa\u00e7\u00e3o Brasileira de Energia E\u00f3lica. Vice-presidente do GWEC (Global Wind Energy Council). \u00c0 frente da ABEE\u00f3lica por mais de uma d\u00e9cada, ela \u00e9 uma voz ativa no debate global sobre diversidade e inclus\u00e3o econ\u00f4mica no setor de energia, defende a ideia de transforma\u00e7\u00e3o energ\u00e9tica.<\/p>\n<\/div>\n<\/div>\n\n\n\n<div class=\"wp-block-columns is-layout-flex wp-container-core-columns-is-layout-9d6595d7 wp-block-columns-is-layout-flex\">\n<div class=\"wp-block-column is-layout-flow wp-block-column-is-layout-flow\" style=\"flex-basis:20%\">\n<figure class=\"wp-block-image size-full\"><a href=\"https:\/\/www.swedcham.com.br\/wp-content\/uploads\/2023\/03\/francisco.jpg\"><img loading=\"lazy\" decoding=\"async\" width=\"643\" height=\"658\" src=\"https:\/\/www.swedcham.com.br\/wp-content\/uploads\/2023\/03\/francisco.jpg\" alt=\"\" class=\"wp-image-26298\" srcset=\"https:\/\/www.swedcham.com.br\/wp-content\/uploads\/2023\/03\/francisco.jpg 643w, https:\/\/www.swedcham.com.br\/wp-content\/uploads\/2023\/03\/francisco-293x300.jpg 293w, https:\/\/www.swedcham.com.br\/wp-content\/uploads\/2023\/03\/francisco-600x614.jpg 600w\" sizes=\"auto, (max-width: 643px) 100vw, 643px\" \/><\/a><\/figure>\n<\/div>\n\n\n\n<div class=\"wp-block-column is-layout-flow wp-block-column-is-layout-flow\" style=\"flex-basis:80%\">\n<p><strong>Francisco Rodrigues &#8211; The Crosby Group<\/strong><br>Diretor Administrativo Financeiro &#8211; The Crosby Group.&nbsp;Com experi\u00eancia nos conselhos fiscal da SWEDCHAM e do CISB (Centro de Pesquisa e Inova\u00e7\u00e3o Sueco Brasileiro), ele atua a mais de uma d\u00e9cada na cadeia de suprimentos do mercado de energia, no fornecimento de servi\u00e7os e equipamentos para constru\u00e7\u00e3o e manuten\u00e7\u00e3o de grandes estruturas Offshore e Parques E\u00f3licos.<\/p>\n<\/div>\n<\/div>\n\n\n\n<div class=\"wp-block-columns is-layout-flex wp-container-core-columns-is-layout-9d6595d7 wp-block-columns-is-layout-flex\">\n<div class=\"wp-block-column is-layout-flow wp-block-column-is-layout-flow\" style=\"flex-basis:20%\">\n<figure class=\"wp-block-image size-full\"><a href=\"https:\/\/www.swedcham.com.br\/wp-content\/uploads\/2023\/03\/lara.jpg\"><img loading=\"lazy\" decoding=\"async\" width=\"500\" height=\"500\" src=\"https:\/\/www.swedcham.com.br\/wp-content\/uploads\/2023\/03\/lara.jpg\" alt=\"\" class=\"wp-image-26300\" srcset=\"https:\/\/www.swedcham.com.br\/wp-content\/uploads\/2023\/03\/lara.jpg 500w, https:\/\/www.swedcham.com.br\/wp-content\/uploads\/2023\/03\/lara-300x300.jpg 300w, https:\/\/www.swedcham.com.br\/wp-content\/uploads\/2023\/03\/lara-150x150.jpg 150w, https:\/\/www.swedcham.com.br\/wp-content\/uploads\/2023\/03\/lara-100x100.jpg 100w\" sizes=\"auto, (max-width: 500px) 100vw, 500px\" \/><\/a><\/figure>\n<\/div>\n\n\n\n<div class=\"wp-block-column is-layout-flow wp-block-column-is-layout-flow\" style=\"flex-basis:80%\">\n<p><strong>Lara Terra &#8211; Yara Brasil<\/strong><br>Gerente de Sourcing de Energia na Yara Fertilizantes respons\u00e1vel pela gest\u00e3o da matriz energ\u00e9tica da empresa no Brasil e pelos projetos de transi\u00e7\u00e3o energ\u00e9tica. Mais de 8 anos de experi\u00eancia no setor de energia \u00e9 graduada em Economia e Rela\u00e7\u00f5es internacionais pela PUC-MG e p\u00f3s-graduada em Administra\u00e7\u00e3o do Setor El\u00e9trico pela FGV.<\/p>\n<\/div>\n<\/div>\n\n\n\n<div class=\"wp-block-columns is-layout-flex wp-container-core-columns-is-layout-9d6595d7 wp-block-columns-is-layout-flex\">\n<div class=\"wp-block-column is-layout-flow wp-block-column-is-layout-flow\" style=\"flex-basis:20%\">\n<figure class=\"wp-block-image size-full\"><a href=\"https:\/\/www.swedcham.com.br\/wp-content\/uploads\/2023\/03\/gustavo.jpg\"><img loading=\"lazy\" decoding=\"async\" width=\"450\" height=\"450\" src=\"https:\/\/www.swedcham.com.br\/wp-content\/uploads\/2023\/03\/gustavo.jpg\" alt=\"\" class=\"wp-image-26302\" srcset=\"https:\/\/www.swedcham.com.br\/wp-content\/uploads\/2023\/03\/gustavo.jpg 450w, https:\/\/www.swedcham.com.br\/wp-content\/uploads\/2023\/03\/gustavo-300x300.jpg 300w, https:\/\/www.swedcham.com.br\/wp-content\/uploads\/2023\/03\/gustavo-150x150.jpg 150w, https:\/\/www.swedcham.com.br\/wp-content\/uploads\/2023\/03\/gustavo-100x100.jpg 100w\" sizes=\"auto, (max-width: 450px) 100vw, 450px\" \/><\/a><\/figure>\n<\/div>\n\n\n\n<div class=\"wp-block-column is-layout-flow wp-block-column-is-layout-flow\" style=\"flex-basis:80%\">\n<p><strong>Gustavo Bonini &#8211; Scania<\/strong><br>Diretor Institucional da Scania e Vice-Presidente da Anfavea. Possui MBA em rela\u00e7\u00f5es governamentais, cursando Mestrado em Pol\u00edticas P\u00fablicas e mais de 25 anos de experi\u00eancia no setor automotivo.<\/p>\n<\/div>\n<\/div>\n\n\n\n<div class=\"wp-block-columns is-layout-flex wp-container-core-columns-is-layout-9d6595d7 wp-block-columns-is-layout-flex\">\n<div class=\"wp-block-column is-layout-flow wp-block-column-is-layout-flow\" style=\"flex-basis:20%\">\n<figure class=\"wp-block-image size-full\"><a href=\"https:\/\/www.swedcham.com.br\/wp-content\/uploads\/2023\/03\/paula-suanno-linkedIn.jpg\"><img loading=\"lazy\" decoding=\"async\" width=\"471\" height=\"471\" src=\"https:\/\/www.swedcham.com.br\/wp-content\/uploads\/2023\/03\/paula-suanno-linkedIn.jpg\" alt=\"\" class=\"wp-image-26304\" srcset=\"https:\/\/www.swedcham.com.br\/wp-content\/uploads\/2023\/03\/paula-suanno-linkedIn.jpg 471w, https:\/\/www.swedcham.com.br\/wp-content\/uploads\/2023\/03\/paula-suanno-linkedIn-300x300.jpg 300w, https:\/\/www.swedcham.com.br\/wp-content\/uploads\/2023\/03\/paula-suanno-linkedIn-150x150.jpg 150w, https:\/\/www.swedcham.com.br\/wp-content\/uploads\/2023\/03\/paula-suanno-linkedIn-100x100.jpg 100w\" sizes=\"auto, (max-width: 471px) 100vw, 471px\" \/><\/a><\/figure>\n<\/div>\n\n\n\n<div class=\"wp-block-column is-layout-flow wp-block-column-is-layout-flow\" style=\"flex-basis:80%\">\n<p><strong>Paula Suanno &#8211; Statkraft<\/strong><br>Vice Presidente de Desenvolvimento e Regula\u00e7\u00e3o na Statkraft Brasil. Possui mais de 20 anos de experi\u00eancia no setor de energia, atua no segmento de renov\u00e1veis desde 2007 e participou da implementa\u00e7\u00e3o de mais de 4 GW de capacidade instalada de energia renov\u00e1vel. Graduada em Engenharia El\u00e9trica e P\u00f3s-Graduada em Economia pela Universidade do Estado do Rio de Janeiro, MBA Energia, \u00d3leo &amp; G\u00e1s pela universidade Ohio e Funda\u00e7\u00e3o Get\u00falio Vargas e forma\u00e7\u00e3o executiva em neg\u00f3cios nas universidades Bocconi e IMD Business School.<\/p>\n<\/div>\n<\/div>\n\n\n\n<div class=\"wp-block-columns is-layout-flex wp-container-core-columns-is-layout-9d6595d7 wp-block-columns-is-layout-flex\">\n<div class=\"wp-block-column is-layout-flow wp-block-column-is-layout-flow\" style=\"flex-basis:20%\">\n<figure class=\"wp-block-image size-full\"><a href=\"https:\/\/www.swedcham.com.br\/wp-content\/uploads\/2023\/03\/bruno.jpg\"><img loading=\"lazy\" decoding=\"async\" width=\"213\" height=\"213\" src=\"https:\/\/www.swedcham.com.br\/wp-content\/uploads\/2023\/03\/bruno.jpg\" alt=\"\" class=\"wp-image-26306\" srcset=\"https:\/\/www.swedcham.com.br\/wp-content\/uploads\/2023\/03\/bruno.jpg 213w, https:\/\/www.swedcham.com.br\/wp-content\/uploads\/2023\/03\/bruno-150x150.jpg 150w, https:\/\/www.swedcham.com.br\/wp-content\/uploads\/2023\/03\/bruno-100x100.jpg 100w\" sizes=\"auto, (max-width: 213px) 100vw, 213px\" \/><\/a><\/figure>\n<\/div>\n\n\n\n<div class=\"wp-block-column is-layout-flow wp-block-column-is-layout-flow\" style=\"flex-basis:80%\">\n<p><strong>Bruno Leinio &#8211;&nbsp;Innovasjon Norge<\/strong><br>Atua como Assessor na Innovation Norway Brasil &#8211; cobrindo demandas da ind\u00fastria norueguesa nos setores de energia renov\u00e1vel e sociedades inteligentes. \u00c9 p\u00f3s-graduado em Economia e Neg\u00f3cios Ambientais, e tem MBA tamb\u00e9m focado sobre Neg\u00f3cios Verdes. Com experi\u00eancia profissional em desenvolvimento de com\u00e9rcio internacional e coopera\u00e7\u00e3o em institui\u00e7\u00f5es p\u00fablicas nacionais, atuando principalmente em projetos de energia, sociedades inteligentes e tecnologia.<\/p>\n<\/div>\n<\/div>\n\n\n\n<div class=\"wp-block-columns is-layout-flex wp-container-core-columns-is-layout-9d6595d7 wp-block-columns-is-layout-flex\">\n<div class=\"wp-block-column is-layout-flow wp-block-column-is-layout-flow\" style=\"flex-basis:20%\">\n<figure class=\"wp-block-image size-large\"><a href=\"https:\/\/www.swedcham.com.br\/wp-content\/uploads\/2023\/03\/mai.jpg\"><img loading=\"lazy\" decoding=\"async\" width=\"1024\" height=\"1016\" src=\"https:\/\/www.swedcham.com.br\/wp-content\/uploads\/2023\/03\/mai-1024x1016.jpg\" alt=\"\" class=\"wp-image-26308\" srcset=\"https:\/\/www.swedcham.com.br\/wp-content\/uploads\/2023\/03\/mai-1024x1016.jpg 1024w, https:\/\/www.swedcham.com.br\/wp-content\/uploads\/2023\/03\/mai-300x298.jpg 300w, https:\/\/www.swedcham.com.br\/wp-content\/uploads\/2023\/03\/mai-150x150.jpg 150w, https:\/\/www.swedcham.com.br\/wp-content\/uploads\/2023\/03\/mai-768x762.jpg 768w, https:\/\/www.swedcham.com.br\/wp-content\/uploads\/2023\/03\/mai-600x595.jpg 600w, https:\/\/www.swedcham.com.br\/wp-content\/uploads\/2023\/03\/mai-100x100.jpg 100w, https:\/\/www.swedcham.com.br\/wp-content\/uploads\/2023\/03\/mai.jpg 1134w\" sizes=\"auto, (max-width: 1024px) 100vw, 1024px\" \/><\/a><\/figure>\n<\/div>\n\n\n\n<div class=\"wp-block-column is-layout-flow wp-block-column-is-layout-flow\" style=\"flex-basis:80%\">\n<p><strong>Mai Tonheim &nbsp;&#8211; Consulado Noruegu\u00eas RJ<\/strong><br>C\u00f4nsul\/Subchefe de miss\u00e3o do Real Consulado Geral da Noruega no Rio de Janeiro. Mais de 15 anos de experi\u00eancia nas \u00e1reas de diplomacia, coopera\u00e7\u00e3o internacional e desenvolvimento. Experi\u00eancia do Oriente M\u00e9dio, Balc\u00e3s, Europa e Am\u00e9rica do Sul.<\/p>\n<\/div>\n<\/div>\n\n\n\n<div class=\"wp-block-columns is-layout-flex wp-container-core-columns-is-layout-9d6595d7 wp-block-columns-is-layout-flex\">\n<div class=\"wp-block-column is-layout-flow wp-block-column-is-layout-flow\" style=\"flex-basis:20%\">\n<figure class=\"wp-block-image size-full\"><a href=\"https:\/\/www.swedcham.com.br\/wp-content\/uploads\/2023\/03\/juliana.jpg\"><img loading=\"lazy\" decoding=\"async\" width=\"500\" height=\"500\" src=\"https:\/\/www.swedcham.com.br\/wp-content\/uploads\/2023\/03\/juliana.jpg\" alt=\"\" class=\"wp-image-26310\" srcset=\"https:\/\/www.swedcham.com.br\/wp-content\/uploads\/2023\/03\/juliana.jpg 500w, https:\/\/www.swedcham.com.br\/wp-content\/uploads\/2023\/03\/juliana-300x300.jpg 300w, https:\/\/www.swedcham.com.br\/wp-content\/uploads\/2023\/03\/juliana-150x150.jpg 150w, https:\/\/www.swedcham.com.br\/wp-content\/uploads\/2023\/03\/juliana-100x100.jpg 100w\" sizes=\"auto, (max-width: 500px) 100vw, 500px\" \/><\/a><\/figure>\n<\/div>\n\n\n\n<div class=\"wp-block-column is-layout-flow wp-block-column-is-layout-flow\" style=\"flex-basis:80%\">\n<p><strong>Juliana G. Meyer Gottardi &#8211; Consulado Noruegu\u00eas SP<\/strong><br>C\u00f4nsul Geral Honor\u00e1ria da Noruega em S\u00e3o Paulo, Brasil. \u00c9 s\u00f3cia fundadora de Pacheco Neto, Sanden, Teisseire Advogados, escrit\u00f3rio de advocacia com sede em S\u00e3o Paulo, focado em ind\u00fastrias e servi\u00e7os europeus no Brasil, bem como em neg\u00f3cios locais.<strong><br><\/strong><\/p>\n<\/div>\n<\/div>\n\n\n\n<p><strong>Quando:&nbsp;<\/strong><br>23 de mar\u00e7o \u00e0s 08:30<\/p>\n\n\n\n<p><\/p>\n\n\n\n<figure class=\"wp-block-image size-full is-resized\"><a href=\"https:\/\/www.swedcham.com.br\/wp-content\/uploads\/2023\/03\/nbcc.jpg\"><img loading=\"lazy\" decoding=\"async\" src=\"https:\/\/www.swedcham.com.br\/wp-content\/uploads\/2023\/03\/nbcc.jpg\" alt=\"\" class=\"wp-image-26312\" width=\"223\" height=\"162\" srcset=\"https:\/\/www.swedcham.com.br\/wp-content\/uploads\/2023\/03\/nbcc.jpg 890w, https:\/\/www.swedcham.com.br\/wp-content\/uploads\/2023\/03\/nbcc-300x218.jpg 300w, https:\/\/www.swedcham.com.br\/wp-content\/uploads\/2023\/03\/nbcc-768x558.jpg 768w, https:\/\/www.swedcham.com.br\/wp-content\/uploads\/2023\/03\/nbcc-600x436.jpg 600w\" sizes=\"auto, (max-width: 223px) 100vw, 223px\" \/><\/a><\/figure>\n","protected":false},"excerpt":{"rendered":"<p>No dia 23\/03 acontece em S\u00e3o Paulo, em parceria com a NBCC,\u00a0a reuni\u00e3o de especialistas em diferentes atividades relacionadas a<\/p>\n","protected":false},"featured_media":26315,"template":"","meta":[],"product_brand":[],"product_cat":[228],"product_tag":[],"class_list":{"0":"post-26295","1":"product","2":"type-product","3":"status-publish","4":"has-post-thumbnail","6":"product_cat-our-events","8":"first","9":"instock","10":"shipping-taxable","11":"product-type-simple"},"_links":{"self":[{"href":"https:\/\/www.swedcham.com.br\/en\/wp-json\/wp\/v2\/product\/26295","targetHints":{"allow":["GET"]}}],"collection":[{"href":"https:\/\/www.swedcham.com.br\/en\/wp-json\/wp\/v2\/product"}],"about":[{"href":"https:\/\/www.swedcham.com.br\/en\/wp-json\/wp\/v2\/types\/product"}],"wp:featuredmedia":[{"embeddable":true,"href":"https:\/\/www.swedcham.com.br\/en\/wp-json\/wp\/v2\/media\/26315"}],"wp:attachment":[{"href":"https:\/\/www.swedcham.com.br\/en\/wp-json\/wp\/v2\/media?parent=26295"}],"wp:term":[{"taxonomy":"product_brand","embeddable":true,"href":"https:\/\/www.swedcham.com.br\/en\/wp-json\/wp\/v2\/product_brand?post=26295"},{"taxonomy":"product_cat","embeddable":true,"href":"https:\/\/www.swedcham.com.br\/en\/wp-json\/wp\/v2\/product_cat?post=26295"},{"taxonomy":"product_tag","embeddable":true,"href":"https:\/\/www.swedcham.com.br\/en\/wp-json\/wp\/v2\/product_tag?post=26295"}],"curies":[{"name":"wp","href":"https:\/\/api.w.org\/{rel}","templated":true}]}}