{"id":26266,"date":"2023-02-09T10:51:32","date_gmt":"2023-02-09T13:51:32","guid":{"rendered":"https:\/\/www.swedcham.com.br\/?post_type=product&#038;p=26266"},"modified":"2023-03-14T08:56:04","modified_gmt":"2023-03-14T11:56:04","slug":"inovathon-scania","status":"publish","type":"product","link":"https:\/\/www.swedcham.com.br\/en\/product\/our-events\/inovathon-scania\/","title":{"rendered":"Inovathon &#8211; Scania"},"content":{"rendered":"\n<figure class=\"wp-block-image size-full\"><a href=\"https:\/\/www.swedcham.com.br\/wp-content\/uploads\/2023\/03\/scania-convite.png\"><img loading=\"lazy\" decoding=\"async\" width=\"874\" height=\"230\" src=\"https:\/\/www.swedcham.com.br\/wp-content\/uploads\/2023\/03\/scania-convite.png\" alt=\"\" class=\"wp-image-26267\" srcset=\"https:\/\/www.swedcham.com.br\/wp-content\/uploads\/2023\/03\/scania-convite.png 874w, https:\/\/www.swedcham.com.br\/wp-content\/uploads\/2023\/03\/scania-convite-300x79.png 300w, https:\/\/www.swedcham.com.br\/wp-content\/uploads\/2023\/03\/scania-convite-768x202.png 768w, https:\/\/www.swedcham.com.br\/wp-content\/uploads\/2023\/03\/scania-convite-600x158.png 600w\" sizes=\"auto, (max-width: 874px) 100vw, 874px\" \/><\/a><\/figure>\n\n\n\n<p><strong><em>O Inovathon<\/em> <\/strong>\u00e9 a maratona de log\u00edstica, inova\u00e7\u00e3o e sustentabilidade da <em><strong>Scania<\/strong><\/em>.<\/p>\n\n\n\n<p>O projeto acontece no Brasil desde 2016 e j\u00e1 impactou e aproximou milhares de estudantes universit\u00e1rios de todas as regi\u00f5es do Brasil e de diferentes cursos. Ao longo dos anos, v\u00e1rios projetos foram criados de forma disruptiva e muitas solu\u00e7\u00f5es apresentadas. Em 2022, essa enorme maratona ganha contornos globais. Estudantes suecos e holandeses tamb\u00e9m concorreram \u00e0s vagas para o Inovathon nos seus pa\u00edses e depois participaram do desafio presencial.<\/p>\n\n\n\n<p>Convidamos voc\u00ea para assistir aos cases vencedores dos tr\u00eas pa\u00edses, que ser\u00e3o apresentados \u00e0 Swedcham. Venha&nbsp;conhecer essas solu\u00e7\u00f5es e contribuir no processo de aprendizado dos alunos e na troca internacional de conhecimento.&nbsp;<\/p>\n\n\n\n<p>O case brasileiro discute a log\u00edstica da distribui\u00e7\u00e3o de alimentos, o holand\u00eas o reaproveitamento de pneus e o case sueco se dedica ao biowaste e \u00e0 sugest\u00e3o para uma nova log\u00edstica global.<\/p>\n\n\n\n<p>Ser\u00e1 muito rico dividir esses projetos, bem-vindos!<br>____________________________________________________________________________________________________<\/p>\n\n\n\n<p><strong>Quando:&nbsp;<\/strong><br>Segunda-feira, &nbsp;13&nbsp;de mar\u00e7o&nbsp;\u00e0s 16h30<\/p>\n\n\n\n<p><strong>Onde:<\/strong><br>C\u00e2mara Sueca<br>Rua Oscar Freire, 379 &#8211; 12o.andar<\/p>\n\n\n\n<p><strong>Agenda:<\/strong><br>16h30 \u2013 16h50 \u2013 welcome coffee<br>17h \u2013 Boas- vindas &#8211; Jonas Lindstr\u00f6m &#8211; Swedcham<br>17h30 \u2013 Apresenta\u00e7\u00e3o dos cases<br>18h15 \u2013 Q&amp;As bate-papo inspiracional<br>18h50 \u2013 Encerramento.<\/p>\n\n\n\n<p><strong>Idioma<\/strong><strong>:<\/strong><br>Portugu\u00eas e Ingl\u00eas<\/p>\n\n\n\n<p>RSVP&nbsp;at\u00e9 10&nbsp;de mar\u00e7o<\/p>\n\n\n\n<p><a href=\"mailto:eventos@swedcham.com.br\">eventos@swedcham.com.br<\/a><\/p>\n\n\n\n<p><\/p>\n\n\n\n<p><\/p>\n\n\n\n<div class=\"wp-block-columns is-layout-flex wp-container-core-columns-is-layout-9d6595d7 wp-block-columns-is-layout-flex\"><\/div>\n\n\n\n<p><\/p>\n","protected":false},"excerpt":{"rendered":"<p>O Inovathon \u00e9 a maratona de log\u00edstica, inova\u00e7\u00e3o e sustentabilidade da Scania. O projeto acontece no Brasil desde 2016 e<\/p>\n","protected":false},"featured_media":26272,"template":"","meta":[],"product_brand":[],"product_cat":[228],"product_tag":[],"class_list":{"0":"post-26266","1":"product","2":"type-product","3":"status-publish","4":"has-post-thumbnail","6":"product_cat-our-events","8":"first","9":"instock","10":"shipping-taxable","11":"product-type-simple"},"_links":{"self":[{"href":"https:\/\/www.swedcham.com.br\/en\/wp-json\/wp\/v2\/product\/26266","targetHints":{"allow":["GET"]}}],"collection":[{"href":"https:\/\/www.swedcham.com.br\/en\/wp-json\/wp\/v2\/product"}],"about":[{"href":"https:\/\/www.swedcham.com.br\/en\/wp-json\/wp\/v2\/types\/product"}],"wp:featuredmedia":[{"embeddable":true,"href":"https:\/\/www.swedcham.com.br\/en\/wp-json\/wp\/v2\/media\/26272"}],"wp:attachment":[{"href":"https:\/\/www.swedcham.com.br\/en\/wp-json\/wp\/v2\/media?parent=26266"}],"wp:term":[{"taxonomy":"product_brand","embeddable":true,"href":"https:\/\/www.swedcham.com.br\/en\/wp-json\/wp\/v2\/product_brand?post=26266"},{"taxonomy":"product_cat","embeddable":true,"href":"https:\/\/www.swedcham.com.br\/en\/wp-json\/wp\/v2\/product_cat?post=26266"},{"taxonomy":"product_tag","embeddable":true,"href":"https:\/\/www.swedcham.com.br\/en\/wp-json\/wp\/v2\/product_tag?post=26266"}],"curies":[{"name":"wp","href":"https:\/\/api.w.org\/{rel}","templated":true}]}}