{"id":25558,"date":"2022-06-07T16:37:45","date_gmt":"2022-06-07T19:37:45","guid":{"rendered":"https:\/\/www.swedcham.com.br\/?post_type=product&#038;p=25558"},"modified":"2022-06-10T06:15:25","modified_gmt":"2022-06-10T09:15:25","slug":"como-usar-o-metaverso-no-seu-negocio","status":"publish","type":"product","link":"https:\/\/www.swedcham.com.br\/en\/product\/our-events\/como-usar-o-metaverso-no-seu-negocio\/","title":{"rendered":"Como usar o Metaverso no seu neg\u00f3cio"},"content":{"rendered":"\n<p><strong>Como usar o Metaverso no seu neg\u00f3cio<\/strong><\/p>\n\n\n\n<figure class=\"wp-block-embed is-type-video is-provider-youtube wp-block-embed-youtube wp-embed-aspect-16-9 wp-has-aspect-ratio\"><div class=\"wp-block-embed__wrapper\">\n<iframe loading=\"lazy\" title=\"Como usar o Metaverso no seu neg\u00f3cio\" width=\"640\" height=\"360\" src=\"https:\/\/www.youtube.com\/embed\/vET9gAsR4OI?feature=oembed\" frameborder=\"0\" allow=\"accelerometer; autoplay; clipboard-write; encrypted-media; gyroscope; picture-in-picture; web-share\" referrerpolicy=\"strict-origin-when-cross-origin\" allowfullscreen><\/iframe>\n<\/div><\/figure>\n\n\n\n<p>O mundo dos neg\u00f3cios est\u00e1 sempre sendo modificado por inova\u00e7\u00f5es tecnol\u00f3gicas que, quase sempre, passam por uma fase de modismo. Em geral, depois de uma fase de modismo, a tecnologia amadurece e se estabiliza, diminuindo os riscos da sua utiliza\u00e7\u00e3o. Foi assim com a Intelig\u00eancia Artificial.\u00a0<br>Agora, estamos vivendo uma nova onda:\u00a0<strong>a chegada do metaverso<\/strong>. Ainda pouco conhecido mas ao mesmo tempo j\u00e1 sendo utilizado de v\u00e1rias maneiras, representa hoje uma oportunidade para v\u00e1rias ind\u00fastrias. \u00c9 esta oportunidade que ser\u00e1 analisada por especialistas no assunto e por executivos que j\u00e1 viveram experi\u00eancias aproveitando esta inova\u00e7\u00e3o tecnol\u00f3gica.<\/p>\n\n\n\n<p>Para tornar o evento mais din\u00e2mico e promover o networking entre os participantes, \u00e1udio e v\u00eddeo estar\u00e3o habilitados.<\/p>\n\n\n\n<p><\/p>\n\n\n\n<p><\/p>\n\n\n\n<div class=\"wp-block-columns is-layout-flex wp-container-core-columns-is-layout-9d6595d7 wp-block-columns-is-layout-flex\">\n<div class=\"wp-block-column is-layout-flow wp-block-column-is-layout-flow\" style=\"flex-basis:25%\">\n<figure class=\"wp-block-image size-full\"><a href=\"https:\/\/www.swedcham.com.br\/wp-content\/uploads\/2022\/05\/fg.png\"><img loading=\"lazy\" decoding=\"async\" width=\"466\" height=\"475\" src=\"https:\/\/www.swedcham.com.br\/wp-content\/uploads\/2022\/05\/fg.png\" alt=\"\" class=\"wp-image-25559\" srcset=\"https:\/\/www.swedcham.com.br\/wp-content\/uploads\/2022\/05\/fg.png 466w, https:\/\/www.swedcham.com.br\/wp-content\/uploads\/2022\/05\/fg-294x300.png 294w\" sizes=\"auto, (max-width: 466px) 100vw, 466px\" \/><\/a><\/figure>\n<\/div>\n\n\n\n<div class=\"wp-block-column is-layout-flow wp-block-column-is-layout-flow\" style=\"flex-basis:75%\">\n<p><strong>F\u00e1bio Gandour<\/strong> foi cientista-chefe na IBM durante 10 anos. Nesta ocasi\u00e3o, desenvolveu o conceito de Ci\u00eancia como Neg\u00f3cio, com grande impacto positivo em v\u00e1rias ind\u00fastrias. Desligou-se da empresa em 2018 e atualmente, dedica-se a projetos de vanguarda tecnol\u00f3gica, incluindo o metaverso, com o qual j\u00e1 havia trabalhado entre 2003 e 2006. \u00c9 com esta experi\u00eancia que o Dr. F\u00e1bio Gandour orienta seus clientes em como usar o metaverso. Saber os conceitos e defini\u00e7\u00f5es b\u00e1sicas desta inova\u00e7\u00e3o vai certamente, orientar seu processo decis\u00f3rio e evitar escolhas equivocadas.<strong>&nbsp;<\/strong><\/p>\n<\/div>\n<\/div>\n\n\n\n<div class=\"wp-block-columns is-layout-flex wp-container-core-columns-is-layout-9d6595d7 wp-block-columns-is-layout-flex\">\n<div class=\"wp-block-column is-layout-flow wp-block-column-is-layout-flow\" style=\"flex-basis:25%\">\n<figure class=\"wp-block-image size-full\"><a href=\"https:\/\/www.swedcham.com.br\/wp-content\/uploads\/2022\/05\/kkk.png\"><img loading=\"lazy\" decoding=\"async\" width=\"988\" height=\"977\" src=\"https:\/\/www.swedcham.com.br\/wp-content\/uploads\/2022\/05\/kkk.png\" alt=\"\" class=\"wp-image-25561\" srcset=\"https:\/\/www.swedcham.com.br\/wp-content\/uploads\/2022\/05\/kkk.png 988w, https:\/\/www.swedcham.com.br\/wp-content\/uploads\/2022\/05\/kkk-300x297.png 300w, https:\/\/www.swedcham.com.br\/wp-content\/uploads\/2022\/05\/kkk-768x759.png 768w, https:\/\/www.swedcham.com.br\/wp-content\/uploads\/2022\/05\/kkk-600x593.png 600w, https:\/\/www.swedcham.com.br\/wp-content\/uploads\/2022\/05\/kkk-100x100.png 100w\" sizes=\"auto, (max-width: 988px) 100vw, 988px\" \/><\/a><\/figure>\n<\/div>\n\n\n\n<div class=\"wp-block-column is-layout-flow wp-block-column-is-layout-flow\" style=\"flex-basis:75%\">\n<p><strong>Karam Takieddine <\/strong>\u00e9 respons\u00e1vel pelo laborat\u00f3rio de inova\u00e7\u00e3o do centro de P&amp;D da Ericsson em Indaiatuba-SP. A cerca de 4 anos vem liderando inova\u00e7\u00f5es e provas de conceito com objetivo de demonstrar o potencial dos sistemas 5G de capacitar novos casos de uso de tecnologias imersivas em especial para os segmentos de ind\u00fastria4.0, aprendizado, rob\u00f3tica etc.<\/p>\n<\/div>\n<\/div>\n\n\n\n<div class=\"wp-block-columns is-layout-flex wp-container-core-columns-is-layout-9d6595d7 wp-block-columns-is-layout-flex\">\n<div class=\"wp-block-column is-layout-flow wp-block-column-is-layout-flow\" style=\"flex-basis:25%\">\n<figure class=\"wp-block-image size-full\"><a href=\"https:\/\/www.swedcham.com.br\/wp-content\/uploads\/2022\/05\/teste.png\"><img loading=\"lazy\" decoding=\"async\" width=\"278\" height=\"264\" src=\"https:\/\/www.swedcham.com.br\/wp-content\/uploads\/2022\/05\/teste.png\" alt=\"\" class=\"wp-image-25567\"\/><\/a><\/figure>\n<\/div>\n\n\n\n<div class=\"wp-block-column is-layout-flow wp-block-column-is-layout-flow\" style=\"flex-basis:75%\">\n<p><strong>Sandra Leite&nbsp;<\/strong>atuou na \u00e1rea de Tecnologia por mais de 20 anos no Brasil e Su\u00e9cia, hoje \u00e9 coach e atua na \u00e1rea de Recursos Humanos da Scania.<\/p>\n\n\n\n<p>Graduada em Matem\u00e1tica com especializa\u00e7\u00e3o em Gest\u00e3o de Pessoas, Gest\u00e3o de Projetos, Administra\u00e7\u00e3o de neg\u00f3cios e Coaching.<\/p>\n\n\n\n<p>Se considera uma eterna aprendiz e apaixonada pelo desenvolvimento humano.&nbsp;<\/p>\n<\/div>\n<\/div>\n\n\n\n<div class=\"wp-block-columns is-layout-flex wp-container-core-columns-is-layout-9d6595d7 wp-block-columns-is-layout-flex\">\n<div class=\"wp-block-column is-layout-flow wp-block-column-is-layout-flow\" style=\"flex-basis:25%\"><\/div>\n\n\n\n<div class=\"wp-block-column is-layout-flow wp-block-column-is-layout-flow\" style=\"flex-basis:75%\"><\/div>\n<\/div>\n\n\n\n<p><\/p>\n\n\n\n<p><\/p>\n\n\n\n<p><\/p>\n","protected":false},"excerpt":{"rendered":"<p>Como usar o Metaverso no seu neg\u00f3cio O mundo dos neg\u00f3cios est\u00e1 sempre sendo modificado por inova\u00e7\u00f5es tecnol\u00f3gicas que, quase<\/p>\n","protected":false},"featured_media":25572,"template":"","meta":[],"product_brand":[],"product_cat":[228],"product_tag":[],"class_list":{"0":"post-25558","1":"product","2":"type-product","3":"status-publish","4":"has-post-thumbnail","6":"product_cat-our-events","8":"first","9":"instock","10":"shipping-taxable","11":"product-type-simple"},"_links":{"self":[{"href":"https:\/\/www.swedcham.com.br\/en\/wp-json\/wp\/v2\/product\/25558","targetHints":{"allow":["GET"]}}],"collection":[{"href":"https:\/\/www.swedcham.com.br\/en\/wp-json\/wp\/v2\/product"}],"about":[{"href":"https:\/\/www.swedcham.com.br\/en\/wp-json\/wp\/v2\/types\/product"}],"wp:featuredmedia":[{"embeddable":true,"href":"https:\/\/www.swedcham.com.br\/en\/wp-json\/wp\/v2\/media\/25572"}],"wp:attachment":[{"href":"https:\/\/www.swedcham.com.br\/en\/wp-json\/wp\/v2\/media?parent=25558"}],"wp:term":[{"taxonomy":"product_brand","embeddable":true,"href":"https:\/\/www.swedcham.com.br\/en\/wp-json\/wp\/v2\/product_brand?post=25558"},{"taxonomy":"product_cat","embeddable":true,"href":"https:\/\/www.swedcham.com.br\/en\/wp-json\/wp\/v2\/product_cat?post=25558"},{"taxonomy":"product_tag","embeddable":true,"href":"https:\/\/www.swedcham.com.br\/en\/wp-json\/wp\/v2\/product_tag?post=25558"}],"curies":[{"name":"wp","href":"https:\/\/api.w.org\/{rel}","templated":true}]}}