{"id":25093,"date":"2021-10-06T12:25:00","date_gmt":"2021-10-06T15:25:00","guid":{"rendered":"https:\/\/dev.swedcham.com.br\/uncategorized\/friday-fika-com-renan-borba\/"},"modified":"2022-04-08T21:44:37","modified_gmt":"2022-04-09T00:44:37","slug":"friday-fika-com-renan-borba","status":"publish","type":"product","link":"https:\/\/www.swedcham.com.br\/en\/product\/our-events\/friday-fika\/friday-fika-com-renan-borba\/","title":{"rendered":"Friday Fika com Renan Borba"},"content":{"rendered":"<div><a href=\"https:\/\/www.youtube.com\/channel\/UCtw6E5pO5X4LR2fxaLpWT_Q\"><img loading=\"lazy\" decoding=\"async\" class=\"wp-image-23867 size-large alignnone\" src=\"https:\/\/www.swedcham.com.br\/wp-content\/uploads\/2021\/10\/ff-renan-1024x1024.png\" alt=\"\" width=\"604\" height=\"604\"><\/a><\/div>\n<p><span style=\"color: #000000;\"><strong>OS DESAFIOS DE EMPREENDER NA SU\u00c9CIA<\/strong><\/span><\/p>\n<p><span style=\"color: #000000;\"><strong>J\u00e1 pensou em morar e abrir uma empresa na Su\u00e9cia? <\/strong><\/span><\/p>\n<p><span style=\"color: #000000;\">Nessa sexta feira (8) \u00e0s 10.00h, Jonas Lindstr\u00f6m entrevistar\u00e1 Renan Borba, brasileiro e co-fundador da Sebratec, que vai contar para a gente quais foram os maiores desafios que ele enfrentou durante a jornada como empreendedor na Su\u00e9cia. A empresa \u00e9 especializada em solu\u00e7\u00f5es de software personalizadas que hoje atende grandes clientes e promove oportunidades para profissionais brasileiros em pa\u00edses como Su\u00e9cia, Brasil e Holanda.<\/span><\/p>\n<p><span style=\"color: #000000;\">Voc\u00ea que \u00e9 de S\u00e3o Paulo, <a style=\"color: #000000;\" href=\"https:\/\/swedcham.us11.list-manage.com\/track\/click?u=9a53a6aa1cef2bc498bbe264b&amp;id=f07505ad7e&amp;e=7fe8640fb8\" target=\"_blank\" rel=\"noopener noreferrer\" data-saferedirecturl=\"https:\/\/www.google.com\/url?q=https:\/\/swedcham.us11.list-manage.com\/track\/click?u%3D9a53a6aa1cef2bc498bbe264b%26id%3Df07505ad7e%26e%3D7fe8640fb8&amp;source=gmail&amp;ust=1633625435384000&amp;usg=AFQjCNHOz-4BPH9RhfvbIzADhtg_1zoKeg\">clique aqui<\/a> e encomende um delicioso e tradicional Swedish fika para acompanhar o papo.<\/span><\/p>\n<p><span style=\"color: #000000;\">Sexta-feira no nosso canal do <a style=\"color: #000000;\" href=\"https:\/\/swedcham.us11.list-manage.com\/track\/click?u=9a53a6aa1cef2bc498bbe264b&amp;id=3eeffbaf12&amp;e=7fe8640fb8\" target=\"_blank\" rel=\"noopener noreferrer\" data-saferedirecturl=\"https:\/\/www.google.com\/url?q=https:\/\/swedcham.us11.list-manage.com\/track\/click?u%3D9a53a6aa1cef2bc498bbe264b%26id%3D3eeffbaf12%26e%3D7fe8640fb8&amp;source=gmail&amp;ust=1633625435384000&amp;usg=AFQjCNGBNzPFsSR3IxSSCCvEleYpogYEzQ\">Youtube!<\/a> <\/span><\/p>\n<p><iframe loading=\"lazy\" title=\"Friday Fika com Renan Borba\" width=\"640\" height=\"360\" src=\"https:\/\/www.youtube.com\/embed\/4l2W8RoMyRM?feature=oembed\" frameborder=\"0\" allow=\"accelerometer; autoplay; clipboard-write; encrypted-media; gyroscope; picture-in-picture; web-share\" referrerpolicy=\"strict-origin-when-cross-origin\" allowfullscreen><\/iframe><\/p>\n","protected":false},"excerpt":{"rendered":"<p>OS DESAFIOS DE EMPREENDER NA SU\u00c9CIA J\u00e1 pensou em morar e abrir uma empresa na Su\u00e9cia? Nessa sexta feira (8)<\/p>\n","protected":false},"featured_media":25212,"template":"","meta":[],"product_brand":[],"product_cat":[199],"product_tag":[],"class_list":{"0":"post-25093","1":"product","2":"type-product","3":"status-publish","4":"has-post-thumbnail","6":"product_cat-friday-fika","8":"first","9":"instock","10":"shipping-taxable","11":"product-type-simple"},"_links":{"self":[{"href":"https:\/\/www.swedcham.com.br\/en\/wp-json\/wp\/v2\/product\/25093","targetHints":{"allow":["GET"]}}],"collection":[{"href":"https:\/\/www.swedcham.com.br\/en\/wp-json\/wp\/v2\/product"}],"about":[{"href":"https:\/\/www.swedcham.com.br\/en\/wp-json\/wp\/v2\/types\/product"}],"wp:featuredmedia":[{"embeddable":true,"href":"https:\/\/www.swedcham.com.br\/en\/wp-json\/wp\/v2\/media\/25212"}],"wp:attachment":[{"href":"https:\/\/www.swedcham.com.br\/en\/wp-json\/wp\/v2\/media?parent=25093"}],"wp:term":[{"taxonomy":"product_brand","embeddable":true,"href":"https:\/\/www.swedcham.com.br\/en\/wp-json\/wp\/v2\/product_brand?post=25093"},{"taxonomy":"product_cat","embeddable":true,"href":"https:\/\/www.swedcham.com.br\/en\/wp-json\/wp\/v2\/product_cat?post=25093"},{"taxonomy":"product_tag","embeddable":true,"href":"https:\/\/www.swedcham.com.br\/en\/wp-json\/wp\/v2\/product_tag?post=25093"}],"curies":[{"name":"wp","href":"https:\/\/api.w.org\/{rel}","templated":true}]}}