{"id":25041,"date":"2022-03-25T15:05:08","date_gmt":"2022-03-25T18:05:08","guid":{"rendered":"https:\/\/dev.swedcham.com.br\/uncategorized\/friday-fika-com-andre-palme\/"},"modified":"2022-04-08T15:30:17","modified_gmt":"2022-04-08T18:30:17","slug":"friday-fika-com-andre-palme","status":"publish","type":"product","link":"https:\/\/www.swedcham.com.br\/en\/product\/our-events\/friday-fika\/friday-fika-com-andre-palme\/","title":{"rendered":"Friday Fika com Andr\u00e9 Palme"},"content":{"rendered":"<div><\/div>\n<p><img loading=\"lazy\" decoding=\"async\" class=\"size-full wp-image-24183 alignnone\" src=\"https:\/\/www.swedcham.com.br\/wp-content\/uploads\/2021\/11\/fff.png\" alt=\"\" width=\"522\" height=\"182\"><\/p>\n<p><span style=\"color: #000000;\">Sexta-feira, 01 de abril,<strong>&nbsp;\u00e0s 10:00h<\/strong>, voc\u00ea \u00e9 nosso convidado para&nbsp;um bate-papo descontra\u00eddo entre&nbsp;<strong><em>Jonas Lindstr\u00f6m<\/em><\/strong>&nbsp;e <strong><em>Andr\u00e9&nbsp;Palme&nbsp;<\/em><\/strong><em>&#8211; <\/em>country manager <em>da <strong>Storytel <\/strong><\/em>no Brasil.<\/span><\/p>\n<p><span style=\"color: #000000;\">Andr\u00e9 \u00e9&nbsp;empreendedor, professor e podcaster, al\u00e9m de colunista e palestrante. Participou da cria\u00e7\u00e3o do primeiro hub de influenciadores especializados em literatura no Brasil. Foi tamb\u00e9m o primeiro embaixador latino do Business Club da Feira de Frankfurt, maior e mais tradicional feira de publishing do mundo.&nbsp;<\/span><\/p>\n<p><span style=\"color: #000000;\">Foi o respons\u00e1vel por trazer para o Brasil a gigante de \u00e1udio sueca <em><strong>Storytel<\/strong><\/em>, onde desde 2018 como diretor geral, coordena projetos de escala local e global, como a produ\u00e7\u00e3o no Brasil de toda saga de Harry Potter em audiobook, al\u00e9m de muitos outros grandes sucessos.<\/span><\/p>\n<p><span style=\"color: #000000;\">Em 2021 criou e lan\u00e7ou em parceria com a e.b.a.c. um curso online voltado ao desenvolvimento de profissionais para o mercado do \u00e1udio entretenimento. No mesmo ano lan\u00e7ou o Burn.in, um podcast que se prop\u00f5e a conversar sobre burn out e sa\u00fade mental ao lado de 2 s\u00f3cios e amigos.<\/span><\/p>\n<p><span style=\"color: #000000;\"><strong>Participe neste FIKA e se inspire!<\/strong><\/span><\/p>\n<p><span style=\"color: #000000;\">Voc\u00ea que \u00e9 de S\u00e3o Paulo, <a style=\"color: #000000;\" href=\"https:\/\/api.whatsapp.com\/message\/MLSI2KTNMCIMF1?autoload=1&amp;app_absent=0\" target=\"_blank\" rel=\"noopener noreferrer\" data-cke-saved-href=\"https:\/\/api.whatsapp.com\/message\/MLSI2KTNMCIMF1?autoload=1&amp;app_absent=0\">clique aq<\/a><a style=\"color: #000000;\" href=\"https:\/\/api.whatsapp.com\/message\/MLSI2KTNMCIMF1?autoload=1&amp;app_absent=0\" target=\"_blank\" rel=\"noopener noreferrer\" data-cke-saved-href=\"https:\/\/api.whatsapp.com\/message\/MLSI2KTNMCIMF1?autoload=1&amp;app_absent=0\"><u>u<\/u><\/a><a style=\"color: #000000;\" href=\"https:\/\/api.whatsapp.com\/message\/MLSI2KTNMCIMF1?autoload=1&amp;app_absent=0\" data-cke-saved-href=\"https:\/\/api.whatsapp.com\/message\/MLSI2KTNMCIMF1?autoload=1&amp;app_absent=0\"><u>i<\/u>&nbsp;<\/a>e encomende um&nbsp;delicioso Fika para acompanhar o bate papo!<\/span><\/p>\n<p><img loading=\"lazy\" decoding=\"async\" class=\"wp-image-22975 alignnone\" src=\"https:\/\/www.swedcham.com.br\/wp-content\/uploads\/2021\/05\/11.png\" alt=\"\" width=\"522\" height=\"237\" srcset=\"https:\/\/www.swedcham.com.br\/wp-content\/uploads\/2021\/05\/11.png 606w, https:\/\/www.swedcham.com.br\/wp-content\/uploads\/2021\/05\/11-600x272.png 600w, https:\/\/www.swedcham.com.br\/wp-content\/uploads\/2021\/05\/11-300x136.png 300w\" sizes=\"auto, (max-width: 522px) 100vw, 522px\" \/><\/p>\n<p><img loading=\"lazy\" decoding=\"async\" class=\"wp-image-22977 alignnone\" src=\"https:\/\/www.swedcham.com.br\/wp-content\/uploads\/2021\/05\/banner-final.jpg\" alt=\"\" width=\"522\" height=\"261\" srcset=\"https:\/\/www.swedcham.com.br\/wp-content\/uploads\/2021\/05\/banner-final.jpg 1280w, https:\/\/www.swedcham.com.br\/wp-content\/uploads\/2021\/05\/banner-final-600x300.jpg 600w, https:\/\/www.swedcham.com.br\/wp-content\/uploads\/2021\/05\/banner-final-300x150.jpg 300w, https:\/\/www.swedcham.com.br\/wp-content\/uploads\/2021\/05\/banner-final-1024x512.jpg 1024w, https:\/\/www.swedcham.com.br\/wp-content\/uploads\/2021\/05\/banner-final-768x384.jpg 768w, https:\/\/www.swedcham.com.br\/wp-content\/uploads\/2021\/05\/banner-final-100x50.jpg 100w\" sizes=\"auto, (max-width: 522px) 100vw, 522px\" \/><\/p>\n<p><iframe loading=\"lazy\" title=\"Friday Fika com Andr\u00e9 Palme - Storytel\" width=\"640\" height=\"360\" src=\"https:\/\/www.youtube.com\/embed\/IqT3hrI_5yE?feature=oembed\" frameborder=\"0\" allow=\"accelerometer; autoplay; clipboard-write; encrypted-media; gyroscope; picture-in-picture; web-share\" referrerpolicy=\"strict-origin-when-cross-origin\" allowfullscreen><\/iframe><\/p>\n<p>&nbsp;<\/p>\n","protected":false},"excerpt":{"rendered":"<p>Sexta-feira, 01 de abril,&nbsp;\u00e0s 10:00h, voc\u00ea \u00e9 nosso convidado para&nbsp;um bate-papo descontra\u00eddo entre&nbsp;Jonas Lindstr\u00f6m&nbsp;e Andr\u00e9&nbsp;Palme&nbsp;&#8211; country manager da Storytel no<\/p>\n","protected":false},"featured_media":25162,"template":"","meta":[],"product_brand":[],"product_cat":[199],"product_tag":[],"class_list":{"0":"post-25041","1":"product","2":"type-product","3":"status-publish","4":"has-post-thumbnail","6":"product_cat-friday-fika","8":"first","9":"instock","10":"shipping-taxable","11":"product-type-simple"},"_links":{"self":[{"href":"https:\/\/www.swedcham.com.br\/en\/wp-json\/wp\/v2\/product\/25041","targetHints":{"allow":["GET"]}}],"collection":[{"href":"https:\/\/www.swedcham.com.br\/en\/wp-json\/wp\/v2\/product"}],"about":[{"href":"https:\/\/www.swedcham.com.br\/en\/wp-json\/wp\/v2\/types\/product"}],"wp:featuredmedia":[{"embeddable":true,"href":"https:\/\/www.swedcham.com.br\/en\/wp-json\/wp\/v2\/media\/25162"}],"wp:attachment":[{"href":"https:\/\/www.swedcham.com.br\/en\/wp-json\/wp\/v2\/media?parent=25041"}],"wp:term":[{"taxonomy":"product_brand","embeddable":true,"href":"https:\/\/www.swedcham.com.br\/en\/wp-json\/wp\/v2\/product_brand?post=25041"},{"taxonomy":"product_cat","embeddable":true,"href":"https:\/\/www.swedcham.com.br\/en\/wp-json\/wp\/v2\/product_cat?post=25041"},{"taxonomy":"product_tag","embeddable":true,"href":"https:\/\/www.swedcham.com.br\/en\/wp-json\/wp\/v2\/product_tag?post=25041"}],"curies":[{"name":"wp","href":"https:\/\/api.w.org\/{rel}","templated":true}]}}