{"id":25039,"date":"2022-03-22T15:16:53","date_gmt":"2022-03-22T18:16:53","guid":{"rendered":"https:\/\/dev.swedcham.com.br\/uncategorized\/domitila-barros-da-linha-do-tiro-a-sua-coroacao-em-berlim\/"},"modified":"2022-04-10T00:15:55","modified_gmt":"2022-04-10T03:15:55","slug":"domitila-barros-da-linha-do-tiro-a-sua-coroacao-em-berlim","status":"publish","type":"product","link":"https:\/\/www.swedcham.com.br\/en\/product\/our-events\/domitila-barros-da-linha-do-tiro-a-sua-coroacao-em-berlim\/","title":{"rendered":"Domitila Barros \u2013 da \u201cLinha do Tiro\u201d \u00e0 sua coroa\u00e7\u00e3o na Alemanha"},"content":{"rendered":"<p><iframe loading=\"lazy\" title=\"Domitila Barros \u2013 da \u201cLinha do Tiro\u201d \u00e0 sua coroa\u00e7\u00e3o na Alemanha\" width=\"640\" height=\"360\" src=\"https:\/\/www.youtube.com\/embed\/g8_NKZd4mp0?feature=oembed\" frameborder=\"0\" allow=\"accelerometer; autoplay; clipboard-write; encrypted-media; gyroscope; picture-in-picture; web-share\" referrerpolicy=\"strict-origin-when-cross-origin\" allowfullscreen><\/iframe><\/p>\n<p><span style=\"color: #000000;\">A <strong>SWEDCHAM<\/strong> em coopera\u00e7\u00e3o in\u00e9dita com as c\u00e2maras de <strong>Com\u00e9rcio BELGALUX<\/strong>,<strong> BRITCHAM<\/strong>,<strong> DUTCHAM<\/strong>,<strong> FINNCHAM<\/strong>,<strong> NBCC<\/strong> e a <strong>C\u00e2mara Oficial Espa\u00f1ola de Com\u00e9rcio <\/strong>convidam para nosso evento online:<\/span><br \/>\n<span style=\"color: #000000;\">\u00a0<\/span><br \/>\n<span style=\"color: #000000;\"><strong>Domitila Barros \u2013 da \u201cLinha do Tiro\u201d \u00e0 sua coroa\u00e7\u00e3o na Alemanha.<\/strong><\/span><br \/>\n<span style=\"color: #000000;\">\u00a0<\/span><br \/>\n<span style=\"color: #000000;\">Fechando o <strong>M\u00eas das Mulheres<\/strong>, teremos a honra de ter conosco <strong>Domitila Barros <\/strong>&#8211; um exemplo de supera\u00e7\u00e3o sem limites e sucesso &#8211; da mulher brasileira internacionalmente.\u00a0<\/span><br \/>\n<span style=\"color: #000000;\">\u00a0<\/span><br \/>\n<span style=\"color: #000000;\">Nesta exclusiva entrevista online Domitila abordar\u00e1 temas de relev\u00e2ncia na atualidade como sua grande paix\u00e3o pela <strong>Sustentabilidade<\/strong>, o <strong>Empoderamento Feminino<\/strong> e o <strong>Desenvolvimento de Carreira Internacional<\/strong>.<\/span><br \/>\n<span style=\"color: #000000;\">\u00a0<\/span><br \/>\n<span style=\"color: #000000;\">Demostrando que:<\/span><br \/>\n<span style=\"color: #000000;\">\u00a0\u00a0\u00a0\u00a0\u00a0\u00a0\u00a0 n\u00e3o importa da onde voc\u00ea vem, sen\u00e3o aonde voc\u00ea quer chegar!!!<\/span><\/p>\n<p class=\"m_3630756642185695850normal\" style=\"text-align: left;\"><span style=\"color: #000000;\"><img loading=\"lazy\" decoding=\"async\" class=\"alignleft wp-image-24672 size-full\" src=\"https:\/\/www.swedcham.com.br\/wp-content\/uploads\/2022\/03\/teste2.png\" alt=\"\" width=\"278\" height=\"451\" \/><\/span><\/p>\n<p><span style=\"color: #000000;\"><strong>Domitila Barros <\/strong>\u00e9 graduada em Servi\u00e7o Social pela Universidade Cat\u00f3lica de Pernambuco e concluiu seu mestrado em Pol\u00edticas Sociais pela Freie Universit\u00e4t Berlin, na Alemanha. Ela iniciou seu engajamento social ainda menina no <strong>CAMM<\/strong> \u2013 Centro de Atendimento A Meninos e Meninas, ONG fundada pelos seus pais. Em 2000 a modelo e\u00a0<em>Greenfluencer<\/em>\u00a0foi reconhecida pela <strong>UNESCO<\/strong> como <em>Millenium Dreamer<\/em> e em 2020 Domitila foi eleita pela revista americana <strong><em>Formidable Woman<\/em><\/strong> como uma das mulheres mais influentes do mundo na categoria <em>ARTivist<\/em>.<\/span><\/p>\n<div><span style=\"color: #000000;\">Em 19 de fevereiro de 2022 foi eleita <strong>Miss Alemanha 2022<\/strong>, concurso que n\u00e3o avaliou sua beleza, mas seu prop\u00f3sito social em sua luta por um planeta mais justo e sustent\u00e1vel, sem esquecer suas ra\u00edzes!<\/span><\/div>\n<div><\/div>\n<div><\/div>\n<div><\/div>\n<div><\/div>\n<div><\/div>\n<div><\/div>\n<div><\/div>\n<div><\/div>\n<div><\/div>\n<div><\/div>\n<div><strong>Copyright Carlotta Schoenwald<\/strong><\/div>\n<div><\/div>\n<div><\/div>\n<div><span style=\"color: #000000;\"><\/span><\/div>\n<div><\/div>\n<div><\/div>\n<div><\/div>\n<div><img loading=\"lazy\" decoding=\"async\" class=\"alignleft size-large wp-image-24647\" src=\"https:\/\/www.swedcham.com.br\/wp-content\/uploads\/2022\/03\/banner-1024x221.png\" alt=\"\" width=\"604\" height=\"130\" \/><\/div>\n<div><\/div>\n<div><\/div>\n<div><\/div>\n<div><\/div>\n<div><\/div>\n<div><\/div>\n<div><\/div>\n<div><\/div>\n<p><span style=\"color: #000000;\"><\/span><\/p>\n<div>\n<p class=\"m_8215363500706865736m_-1492442068443120964m_-8622026719244850452m_-7456309968160772443m_-5953347527171562918m_-919258446742338626detail_h3\"><span style=\"color: #000000;\"><strong>Quando<\/strong><\/span><br \/>\n<span style=\"color: #000000;\">Quarta-feira, 30\u00a0de mar\u00e7o,\u00a0\u00e0s 15 horas.<\/span><\/p>\n<p><span style=\"color: #000000;\"><strong>Idioma<\/strong><\/span><br \/>\n<span style=\"color: #000000;\">Portugu\u00eas<\/span><\/p>\n<p><span style=\"color: #000000;\"><strong>Agenda<\/strong><\/span><br \/>\n<span style=\"color: #000000;\">15:00 \u2013 15:45\u00a0 Entrevista com <strong>Domitila Barros \u00a0<\/strong><\/span><br \/>\n<span style=\"color: #000000;\">15:45\u00a0\u201316:00 Q&amp;A e discuss\u00e3o com participantes<\/span><\/p>\n<p><span style=\"color: #000000;\"><strong>Moderadora<\/strong><\/span><br \/>\n<span style=\"color: #000000;\"><strong>Carol B\u00f6ttcher<\/strong>&#8211; Coordenadora do Comit\u00ea de Capital Humano da Swedcham<\/span><\/p>\n<p><span style=\"color: #000000;\"><strong>RSVP at\u00e9 30 de mar\u00e7o <a style=\"color: #000000;\" href=\"https:\/\/docs.google.com\/forms\/d\/e\/1FAIpQLSekF8X-f5yvM7FUv5Jz6a0Jj4J7--iTDjv4yBpToGhNcrjiYA\/viewform?vc=0&amp;c=0&amp;w=1&amp;flr=0\">Clique aqui!<\/a><\/strong><\/span><\/p>\n<\/div>\n<div>\n<p><span style=\"color: #000000;\"><strong>O link de acesso para o webinar\u00a0ser\u00e1 enviado\u00a0antes do<\/strong><\/span><br \/>\n<span style=\"color: #000000;\"><strong>evento para todos que confirmarem sua participa\u00e7\u00e3o.<\/strong><\/span><\/p>\n<\/div>\n","protected":false},"excerpt":{"rendered":"<p>A SWEDCHAM em coopera\u00e7\u00e3o in\u00e9dita com as c\u00e2maras de Com\u00e9rcio BELGALUX, BRITCHAM, DUTCHAM, FINNCHAM, NBCC e a C\u00e2mara Oficial Espa\u00f1ola<\/p>\n","protected":false},"featured_media":0,"template":"","meta":[],"product_brand":[],"product_cat":[228],"product_tag":[],"class_list":{"0":"post-25039","1":"product","2":"type-product","3":"status-publish","5":"product_cat-our-events","7":"first","8":"instock","9":"shipping-taxable","10":"product-type-simple"},"_links":{"self":[{"href":"https:\/\/www.swedcham.com.br\/en\/wp-json\/wp\/v2\/product\/25039","targetHints":{"allow":["GET"]}}],"collection":[{"href":"https:\/\/www.swedcham.com.br\/en\/wp-json\/wp\/v2\/product"}],"about":[{"href":"https:\/\/www.swedcham.com.br\/en\/wp-json\/wp\/v2\/types\/product"}],"wp:attachment":[{"href":"https:\/\/www.swedcham.com.br\/en\/wp-json\/wp\/v2\/media?parent=25039"}],"wp:term":[{"taxonomy":"product_brand","embeddable":true,"href":"https:\/\/www.swedcham.com.br\/en\/wp-json\/wp\/v2\/product_brand?post=25039"},{"taxonomy":"product_cat","embeddable":true,"href":"https:\/\/www.swedcham.com.br\/en\/wp-json\/wp\/v2\/product_cat?post=25039"},{"taxonomy":"product_tag","embeddable":true,"href":"https:\/\/www.swedcham.com.br\/en\/wp-json\/wp\/v2\/product_tag?post=25039"}],"curies":[{"name":"wp","href":"https:\/\/api.w.org\/{rel}","templated":true}]}}