{"id":25009,"date":"2021-11-03T11:07:41","date_gmt":"2021-11-03T14:07:41","guid":{"rendered":"https:\/\/dev.swedcham.com.br\/uncategorized\/cerimonia-de-entrega-do-premio-esg-swedcham-sustentabilidade-e-igualdade-de-genero\/"},"modified":"2022-04-10T00:15:02","modified_gmt":"2022-04-10T03:15:02","slug":"cerimonia-de-entrega-do-premio-esg-swedcham-sustentabilidade-e-igualdade-de-genero","status":"publish","type":"product","link":"https:\/\/www.swedcham.com.br\/en\/product\/our-events\/cerimonia-de-entrega-do-premio-esg-swedcham-sustentabilidade-e-igualdade-de-genero\/","title":{"rendered":"Cerim\u00f4nia de entrega do Pr\u00eamio ESG Swedcham- Sustentabilidade e Igualdade de G\u00eanero"},"content":{"rendered":"<p><img loading=\"lazy\" decoding=\"async\" class=\"size-large wp-image-24020 alignnone\" src=\"https:\/\/www.swedcham.com.br\/wp-content\/uploads\/2021\/11\/hands-5618240-1024x683.jpg\" alt=\"\" width=\"604\" height=\"403\" \/><\/p>\n<p><iframe loading=\"lazy\" title=\"Cerim\u00f4nia de entrega do Pr\u00eamio ESG Swedcham  Sustentabilidade e Igualdade de G\u00eanero\" width=\"640\" height=\"360\" src=\"https:\/\/www.youtube.com\/embed\/g330jufUd9M?feature=oembed\" frameborder=\"0\" allow=\"accelerometer; autoplay; clipboard-write; encrypted-media; gyroscope; picture-in-picture; web-share\" referrerpolicy=\"strict-origin-when-cross-origin\" allowfullscreen><\/iframe><\/p>\n<p><span style=\"color: #000000;\"><strong>Pr\u00eamio ESG Swedcham- Sustentabilidade e Igualdade de G\u00eanero<\/strong><\/span><\/p>\n<p><span style=\"color: #000000;\">A Swedcham e a Embaixada da Su\u00e9cia no Brasil lan\u00e7am a primeira edi\u00e7\u00e3o do pr\u00eamio ESG Swedcham\u00a0em duas modalidades: Conhecimento e Performance em Sustentabilidade e Igualdade de G\u00eanero.<\/span><br \/>\n<span style=\"color: #000000;\">O objetivo \u00e9 reconhecer as empresas suecas atuantes no Brasil que est\u00e3o contribuindo de forma significativa para a transi\u00e7\u00e3o rumo a uma economia de baixo carbono e para cria\u00e7\u00e3o de mais espa\u00e7o de atua\u00e7\u00e3o para mulheres no ambiente profissional.<\/span><\/p>\n<p><span style=\"color: #000000;\">O evento contar\u00e1 com a presen\u00e7a e discurso da embaixadora da Su\u00e9cia, Johanna Brismar Skoog \u00a0e com membros da Plan International, anunciando tamb\u00e9m\u00a0as vencedoras das duas modalidades.<\/span><\/p>\n<p><span style=\"color: #ffffff;\">clear]<\/span><\/p>\n<div>\n<p><span style=\"color: #000000;\"><strong>Quarta-feira, 10 de novembro, \u00e0s 14:00hs<\/strong><\/span><\/p>\n<p><span style=\"color: #000000;\">Agenda:<\/span><\/p>\n<p><span style=\"color: #000000;\">14:00 &#8211; Abertura &#8211; Jonas Lindstr\u00f6m &#8211; Diretor Executivo\/Swedcham<\/span><\/p>\n<p><span style=\"color: #000000;\">14:05<strong> &#8211; <\/strong>Boas vidas<strong> &#8211;\u00a0<\/strong>Johanna Brismar Skoog &#8211; Embaixadora da Su\u00e9cia<\/span><\/p>\n<p><span style=\"color: #000000;\">14:10 &#8211;\u00a0Premai\u00e7\u00e3o modalidade &#8211;\u00a0\u00a0Conhecimento e Performance em Sustentabilidade\u00a0<\/span><\/p>\n<p><span style=\"color: #000000;\">14:40 &#8211; Premia\u00e7\u00e3o da modalidade &#8211;\u00a0Igualdade de G\u00eanero<\/span><\/p>\n<p><span style=\"color: #000000;\">15:00 &#8211; Encerramento<\/span><\/p>\n<p><span style=\"color: #000000;\"><strong>RSVP\u00a0at\u00e9 10 de novembro.<\/strong><\/span><\/p>\n<\/div>\n<div><span style=\"color: #000000;\"><strong><br \/>\n<a style=\"color: #000000;\" href=\"https:\/\/docs.google.com\/forms\/d\/e\/1FAIpQLSfuO-H_VeR0bIC7S0uT6zL0IV1SqpxKslj3no-_vcer3P4qcw\/viewform?vc=0&amp;c=0&amp;w=1&amp;flr=0\" target=\"_blank\" rel=\"noopener noreferrer\" data-cke-saved-href=\"https:\/\/docs.google.com\/forms\/d\/e\/1FAIpQLSfuO-H_VeR0bIC7S0uT6zL0IV1SqpxKslj3no-_vcer3P4qcw\/viewform?vc=0&amp;c=0&amp;w=1&amp;flr=0\">Clique aqui para fazer sua reserva<\/a><\/strong><\/span><\/div>\n","protected":false},"excerpt":{"rendered":"<p>Pr\u00eamio ESG Swedcham- Sustentabilidade e Igualdade de G\u00eanero A Swedcham e a Embaixada da Su\u00e9cia no Brasil lan\u00e7am a primeira<\/p>\n","protected":false},"featured_media":0,"template":"","meta":[],"product_brand":[],"product_cat":[228],"product_tag":[],"class_list":{"0":"post-25009","1":"product","2":"type-product","3":"status-publish","5":"product_cat-our-events","7":"first","8":"instock","9":"shipping-taxable","10":"product-type-simple"},"_links":{"self":[{"href":"https:\/\/www.swedcham.com.br\/en\/wp-json\/wp\/v2\/product\/25009","targetHints":{"allow":["GET"]}}],"collection":[{"href":"https:\/\/www.swedcham.com.br\/en\/wp-json\/wp\/v2\/product"}],"about":[{"href":"https:\/\/www.swedcham.com.br\/en\/wp-json\/wp\/v2\/types\/product"}],"wp:attachment":[{"href":"https:\/\/www.swedcham.com.br\/en\/wp-json\/wp\/v2\/media?parent=25009"}],"wp:term":[{"taxonomy":"product_brand","embeddable":true,"href":"https:\/\/www.swedcham.com.br\/en\/wp-json\/wp\/v2\/product_brand?post=25009"},{"taxonomy":"product_cat","embeddable":true,"href":"https:\/\/www.swedcham.com.br\/en\/wp-json\/wp\/v2\/product_cat?post=25009"},{"taxonomy":"product_tag","embeddable":true,"href":"https:\/\/www.swedcham.com.br\/en\/wp-json\/wp\/v2\/product_tag?post=25009"}],"curies":[{"name":"wp","href":"https:\/\/api.w.org\/{rel}","templated":true}]}}