{"id":25004,"date":"2021-10-29T16:35:45","date_gmt":"2021-10-29T19:35:45","guid":{"rendered":"https:\/\/dev.swedcham.com.br\/uncategorized\/oportunidades-desafios-e-obstaculos-para-investir-em-pd-no-brasil\/"},"modified":"2022-04-10T00:13:38","modified_gmt":"2022-04-10T03:13:38","slug":"oportunidades-desafios-e-obstaculos-para-investir-em-pd-no-brasil","status":"publish","type":"product","link":"https:\/\/www.swedcham.com.br\/en\/product\/our-events\/oportunidades-desafios-e-obstaculos-para-investir-em-pd-no-brasil\/","title":{"rendered":"Oportunidades e Obst\u00e1culos para Investir em P&#038;D no Brasil"},"content":{"rendered":"<p><iframe loading=\"lazy\" title=\"Oportunidades e Obst\u00e1culos para Investir em P&amp;D no Brasil\" width=\"640\" height=\"360\" src=\"https:\/\/www.youtube.com\/embed\/3RAL9VPM84k?feature=oembed\" frameborder=\"0\" allow=\"accelerometer; autoplay; clipboard-write; encrypted-media; gyroscope; picture-in-picture; web-share\" referrerpolicy=\"strict-origin-when-cross-origin\" allowfullscreen><\/iframe><\/p>\n<p><span style=\"color: #000000;\">Nas <strong>semanas de inova\u00e7\u00e3o Su\u00e9cia-Brasil,<\/strong> a Swedcham em parceria com a Embaixada da Su\u00e9cia,\u00a0e as empresas\u00a0Ericsson, Ferring, e Scania, convidam para o\u00a0webinar:<\/span><\/p>\n<p><span style=\"color: #000000;\"><strong>Oportunidades e Obst\u00e1culos para Investir em P&amp;D no Brasil<\/strong><\/span><\/p>\n<p><span style=\"color: #000000;\">A ind\u00fastria brasileira tem sofrido n\u00e3o apenas com a pandemia e as crises econ\u00f4micas recentes, mas tamb\u00e9m com o r\u00e1pido avan\u00e7o tecnol\u00f3gico dos l\u00edderes globais.<\/span><br \/>\n<span style=\"color: #000000;\">A inova\u00e7\u00e3o \u00e9 elemento fundamental para melhorar o posicionamento competitivo das empresas. Contribui para o aumento da efici\u00eancia na produ\u00e7\u00e3o, gera\u00e7\u00e3o de novos produtos e cria\u00e7\u00e3o de empregos qualificados, tornando assim as empresas mais competitivas e gerando valor econ\u00f4mico e social para a economia.<\/span><br \/>\n<span style=\"color: #000000;\">Dito isso, quais s\u00e3o os desafios, oportunidades, e obst\u00e1culos que essas empresas enfrentam?<\/span><\/p>\n<p><span style=\"color: #000000;\"><strong>N\u00e3o perca esse bate papo atual de extrema relev\u00e2ncia!<\/strong><\/span><\/p>\n<p class=\"m_3630756642185695850normal\" style=\"text-align: left;\"><span style=\"color: #000000;\"><img loading=\"lazy\" decoding=\"async\" class=\"alignleft wp-image-24005 size-full\" src=\"https:\/\/www.swedcham.com.br\/wp-content\/uploads\/2021\/10\/333.png\" alt=\"\" width=\"164\" height=\"223\" \/><\/span><\/p>\n<p><span style=\"color: #000000;\"><strong>Edvaldo\u00a0Santos\u00a0<\/strong>\u00e9 diretor de Pesquisa, Desenvolvimento e Inova\u00e7\u00e3o da Ericsson para o Cone Sul. E, como tal, lidera atividades voltadas \u00e0s redes 5G, rob\u00f3tica em nuvem para manufatura avan\u00e7ada, ve\u00edculos aut\u00f4nomos, Redes program\u00e1veis e sistemas voltados \u00e0 digitaliza\u00e7\u00e3o dos neg\u00f3cios dos operadores de Telecomunica\u00e7\u00f5es. \u00c9\u00a0coordenador do Comit\u00ea de Inova\u00e7\u00e3o e Sustentabilidade da Swedcham.<\/span><\/p>\n<p><span style=\"color: #000000;\"><\/span><\/p>\n<p class=\"m_3630756642185695850normal\" style=\"text-align: left;\"><span style=\"color: #000000;\"><img loading=\"lazy\" decoding=\"async\" class=\"alignleft wp-image-24007\" src=\"https:\/\/www.swedcham.com.br\/wp-content\/uploads\/2021\/10\/222-238x300.png\" alt=\"\" width=\"164\" height=\"207\" \/><\/span><\/p>\n<p><span style=\"color: #000000;\"><strong>Rubens Garcia<\/strong> &#8211; gerente executivo de Pesquisa e Desenvolvimento- SCANIA LATIN AMERICA<\/span><br \/>\n<span style=\"color: #000000;\">Rubens \u00e9 Engenheiro Mec\u00e2nico com mais de 40 anos de experi\u00eancia em Pesquisa e Desenvolvimento no setor automotivo, onde acumula r\u00e1pidas passagens, ainda como estagi\u00e1rio, pela Volkswagen e pela Puma, empresa brasileira de carros esportivos, at\u00e9 ingressar na Scania em 1986. P\u00f3s-graduado em Elementos Finitos, Engenharia Automotiva e Administra\u00e7\u00e3o de Empresas, Rubens \u00e9 o gerente executivo respons\u00e1vel pela \u00e1rea de Desenvolvimento de Caminh\u00f5es da Scania para a Am\u00e9rica Latina.<\/span><\/p>\n<div>\n<p><span style=\"color: #000000;\"><\/span><\/p>\n<p class=\"m_3630756642185695850normal\" style=\"text-align: left;\"><span style=\"color: #000000;\"><img loading=\"lazy\" decoding=\"async\" class=\"alignleft wp-image-24009\" src=\"https:\/\/www.swedcham.com.br\/wp-content\/uploads\/2021\/10\/renato2.png\" alt=\"\" width=\"164\" height=\"197\" \/><\/span><\/p>\n<p><span style=\"color: #000000;\"><strong>Renato Faro<\/strong>\u00a0\u00e9 \u00a0Diretor de Pesquisa, Desenvolvimento e Inova\u00e7\u00e3o, e Diretor da \u00c1rea de Assuntos Regulat\u00f3rios dos Laborat\u00f3rios Ferring no Brasil desde 2018. Renato possui algumas d\u00e9cadas de experi\u00eancia na \u00e1rea de Inova\u00e7\u00e3o tanto no Brasil como no Exterior, seja trabalhando como pesquisador at\u00e9 2006 e como executivo da \u00e1rea desde ent\u00e3o.<\/span><\/p>\n<\/div>\n<p><span style=\"color: #000000;\"><\/span><\/p>\n<div>\n<h4 class=\"m_8215363500706865736m_-1492442068443120964m_-8622026719244850452m_-7456309968160772443m_-5953347527171562918m_-919258446742338626detail_h3\"><span style=\"color: #000000;\">Quando<\/span><\/h4>\n<p><span style=\"color: #000000;\"><strong>Ter\u00e7a-feira, 9\u00a0de novembro, \u00e0s 15:00hs<\/strong><\/span><\/p>\n<h4><span style=\"color: #000000;\"><strong>Agenda:<\/strong><\/span><\/h4>\n<div>\n<div><span style=\"color: #000000;\">15.00\u00a0&#8211; Abertura &#8211; Jonas Lindstr\u00f6m &#8211; Diretor Executivo\/Swedcham<\/span><\/div>\n<div><span style=\"color: #000000;\">15:05 &#8211; Edvaldo Santos &#8211; Ericsson<\/span><\/div>\n<div><span style=\"color: #000000;\">\u00a0<\/span><span style=\"color: #000000;\">15:20 &#8211; Rubens Garcia &#8211; Scania<\/span><br \/>\n<span style=\"color: #000000;\">15:35\u00a0&#8211; Renato Faro &#8211; Ferring<\/span><br \/>\n<span style=\"color: #000000;\">15:50 &#8211; Q and\u00a0 A\u00a0<\/span><\/div>\n<div><span style=\"color: #000000;\">16:00 &#8211; Encerramento<\/span><\/div>\n<\/div>\n<div><\/div>\n<div>\n<p><span style=\"color: #000000;\"><\/span><\/p>\n<p><span style=\"color: #000000;\"><strong>RSVP\u00a0at\u00e9 9 de novembro.<\/strong><\/span><\/p>\n<p><a href=\"https:\/\/us02web.zoom.us\/j\/83134474812?pwd=U1czSkRYbkplbEZqWXJZTWFDM3pDdz09\">Clique aqui para assistir o evento<\/a><\/p>\n<\/div>\n<\/div>\n<div>\n<p><span style=\"color: #000000;\">O link de acesso para o webinar\u00a0ser\u00e1 enviado\u00a0antes do<\/span><br \/>\n<span style=\"color: #000000;\">evento para todos que confirmarem sua participa\u00e7\u00e3o.<\/span><\/p>\n<\/div>\n","protected":false},"excerpt":{"rendered":"<p>Nas semanas de inova\u00e7\u00e3o Su\u00e9cia-Brasil, a Swedcham em parceria com a Embaixada da Su\u00e9cia,\u00a0e as empresas\u00a0Ericsson, Ferring, e Scania, convidam<\/p>\n","protected":false},"featured_media":0,"template":"","meta":[],"product_brand":[],"product_cat":[228],"product_tag":[],"class_list":{"0":"post-25004","1":"product","2":"type-product","3":"status-publish","5":"product_cat-our-events","7":"first","8":"instock","9":"shipping-taxable","10":"product-type-simple"},"_links":{"self":[{"href":"https:\/\/www.swedcham.com.br\/en\/wp-json\/wp\/v2\/product\/25004","targetHints":{"allow":["GET"]}}],"collection":[{"href":"https:\/\/www.swedcham.com.br\/en\/wp-json\/wp\/v2\/product"}],"about":[{"href":"https:\/\/www.swedcham.com.br\/en\/wp-json\/wp\/v2\/types\/product"}],"wp:attachment":[{"href":"https:\/\/www.swedcham.com.br\/en\/wp-json\/wp\/v2\/media?parent=25004"}],"wp:term":[{"taxonomy":"product_brand","embeddable":true,"href":"https:\/\/www.swedcham.com.br\/en\/wp-json\/wp\/v2\/product_brand?post=25004"},{"taxonomy":"product_cat","embeddable":true,"href":"https:\/\/www.swedcham.com.br\/en\/wp-json\/wp\/v2\/product_cat?post=25004"},{"taxonomy":"product_tag","embeddable":true,"href":"https:\/\/www.swedcham.com.br\/en\/wp-json\/wp\/v2\/product_tag?post=25004"}],"curies":[{"name":"wp","href":"https:\/\/api.w.org\/{rel}","templated":true}]}}