{"id":25001,"date":"2021-10-21T09:46:49","date_gmt":"2021-10-21T12:46:49","guid":{"rendered":"https:\/\/dev.swedcham.com.br\/uncategorized\/https-inovacaosueciabrasil-com-br-programa-2021\/"},"modified":"2021-10-21T09:46:49","modified_gmt":"2021-10-21T12:46:49","slug":"https-inovacaosueciabrasil-com-br-programa-2021","status":"publish","type":"product","link":"https:\/\/www.swedcham.com.br\/en\/product\/our-events\/https-inovacaosueciabrasil-com-br-programa-2021\/","title":{"rendered":"Semanas de Inova\u00e7\u00e3o Su\u00e9cia-Brasil"},"content":{"rendered":"<div><\/div>\n<p><img loading=\"lazy\" decoding=\"async\" class=\"wp-image-23957 size-full alignnone\" src=\"https:\/\/www.swedcham.com.br\/wp-content\/uploads\/2021\/10\/1.png\" alt=\"\" width=\"600\" height=\"200\" \/><\/p>\n<p><span style=\"color: #000000;\">A Embaixada da Su\u00e9cia em Bras\u00edlia tem a honra de convidar Vossa Senhoria para assistir \u00e0\u00a0abertura da 10\u00aa. Edi\u00e7\u00e3o das Semanas de Inova\u00e7\u00e3o Su\u00e9cia-Brasil, a ser realizada no dia 25 de outubro, a partir das 9 horas, virtualmente, no canal de YouTube da SwedeninBrazil.<\/span><\/p>\n<p><span style=\"color: #000000;\">Este ano, o tema do evento \u00e9 \u201cCo-criando o futuro\u201d. As Semanas de Inova\u00e7\u00e3o Su\u00e9cia-Brasil s\u00e3o um importante instrumento de promo\u00e7\u00e3o de coopera\u00e7\u00e3o bilateral e multilateral, com o objetivo de construir e fortalecer parcerias estrat\u00e9gicas entre os dois pa\u00edses, incentivando a inova\u00e7\u00e3o em \u00e1reas como minera\u00e7\u00e3o sustent\u00e1vel,\u00a0bioeconomia, mobilidade,\u00a0intelig\u00eancia artificial, espa\u00e7o a\u00e9reo, ci\u00eancias da sa\u00fade, dentre outras.<\/span><\/p>\n<p><span style=\"color: #000000;\">O evento de abertura contar\u00e1 com a participa\u00e7\u00e3o da Sra. Embaixadora da Su\u00e9cia no Brasil, Johanna Brismar Skoog, a Sra. Vice-ministra de Inova\u00e7\u00e3o do Governo da Su\u00e9cia, Stina Billinger, e o Sr. Vice ministro de Tecnologia e Inova\u00e7\u00e3o do Governo do Brasil, Sergio Freitas de Almeida, al\u00e9m de representantes dos parceiros e co-realizadores do evento como Business Sweden, SwedCham, CISB\u00a0e Consulados Gerais da Su\u00e9cia no Rio de Janeiro e em S\u00e3o Paulo.<\/span><\/p>\n<p><span style=\"color: #000000;\">Em um segundo momento das solenidades de abertura da 10\u00aa. Edi\u00e7\u00e3o das Semanas de Inova\u00e7\u00e3o Su\u00e9cia-Brasil haver\u00e1 a transmiss\u00e3o de uma conversa entre o Sr. Ministro de Ci\u00eancia, Tecnologia e Inova\u00e7\u00e3o do Brasil, astronauta Marcos Pontes, e o professor e astronauta sueco Christer Fuglesang, onde refletem sobre suas experi\u00eancias profissionais e o futuro da inova\u00e7\u00e3o na Su\u00e9cia, no Brasil e no mundo. Esta atividade tamb\u00e9m \u00e9 virtual, atrav\u00e9s do Canal de YouTube da SwedeninBrazil.<\/span><\/p>\n<p><span style=\"color: #000000;\">A Embaixada da Su\u00e9cia em Bras\u00edlia agradece antecipadamente sua audi\u00eancia neste momento essencial para as rela\u00e7\u00f5es em inova\u00e7\u00e3o entre Su\u00e9cia e Brasil.<\/span><\/p>\n<p><span style=\"color: #000000;\">Confira toda a programa\u00e7\u00e3o do evento no\u00a0<a style=\"color: #000000;\" href=\"https:\/\/inovacaosueciabrasil.com.br\/programa-2021\/\">site.<\/a><\/span><\/p>\n<p><span style=\"color: #000000;\"><strong>Quando:<\/strong> Out\u00a025, 2021<\/span><\/p>\n<p><span style=\"color: #000000;\"><strong>Hora:<\/strong> 09:00am Bras\u00edlia Time<\/span><\/p>\n<p><span style=\"color: #000000;\"><strong>Plataforma:<\/strong> YouTube\u00a0<\/span><\/p>\n<h4><span style=\"color: #000000;\"><a style=\"color: #000000;\" href=\"https:\/\/www.youtube.com\/watch?v=UvKu9aWkg7Y\">Assista \u00e0 Abertura<\/a><\/span><\/h4>\n<h4><span style=\"color: #000000;\"><a style=\"color: #000000;\" href=\"https:\/\/www.youtube.com\/watch?v=Uo22-Zjv8_g\">Conversa Entre Astronautas<\/a><\/span><\/h4>\n<p>&nbsp;<\/p>\n<p><img loading=\"lazy\" decoding=\"async\" class=\"alignleft size-full wp-image-23959\" src=\"https:\/\/www.swedcham.com.br\/wp-content\/uploads\/2021\/10\/2.png\" alt=\"\" width=\"600\" height=\"200\" \/><\/p>\n","protected":false},"excerpt":{"rendered":"<p>A Embaixada da Su\u00e9cia em Bras\u00edlia tem a honra de convidar Vossa Senhoria para assistir \u00e0\u00a0abertura da 10\u00aa. Edi\u00e7\u00e3o das<\/p>\n","protected":false},"featured_media":0,"template":"","meta":[],"product_brand":[],"product_cat":[228],"product_tag":[],"class_list":{"0":"post-25001","1":"product","2":"type-product","3":"status-publish","5":"product_cat-our-events","7":"first","8":"instock","9":"shipping-taxable","10":"product-type-simple"},"_links":{"self":[{"href":"https:\/\/www.swedcham.com.br\/en\/wp-json\/wp\/v2\/product\/25001","targetHints":{"allow":["GET"]}}],"collection":[{"href":"https:\/\/www.swedcham.com.br\/en\/wp-json\/wp\/v2\/product"}],"about":[{"href":"https:\/\/www.swedcham.com.br\/en\/wp-json\/wp\/v2\/types\/product"}],"wp:attachment":[{"href":"https:\/\/www.swedcham.com.br\/en\/wp-json\/wp\/v2\/media?parent=25001"}],"wp:term":[{"taxonomy":"product_brand","embeddable":true,"href":"https:\/\/www.swedcham.com.br\/en\/wp-json\/wp\/v2\/product_brand?post=25001"},{"taxonomy":"product_cat","embeddable":true,"href":"https:\/\/www.swedcham.com.br\/en\/wp-json\/wp\/v2\/product_cat?post=25001"},{"taxonomy":"product_tag","embeddable":true,"href":"https:\/\/www.swedcham.com.br\/en\/wp-json\/wp\/v2\/product_tag?post=25001"}],"curies":[{"name":"wp","href":"https:\/\/api.w.org\/{rel}","templated":true}]}}