{"id":24983,"date":"2021-09-27T13:52:41","date_gmt":"2021-09-27T16:52:41","guid":{"rendered":"https:\/\/dev.swedcham.com.br\/uncategorized\/11-tendencias-de-sustentabilidade-empresarial-no-outro-normal\/"},"modified":"2022-04-10T00:07:04","modified_gmt":"2022-04-10T03:07:04","slug":"11-tendencias-de-sustentabilidade-empresarial-no-outro-normal","status":"publish","type":"product","link":"https:\/\/www.swedcham.com.br\/en\/product\/our-events\/11-tendencias-de-sustentabilidade-empresarial-no-outro-normal\/","title":{"rendered":"11 Tend\u00eancias de Sustentabilidade empresarial no outro normal"},"content":{"rendered":"<p><iframe loading=\"lazy\" title=\"11 Tend\u00eancias de Sustentabilidade empresarial no outro normal\" width=\"640\" height=\"360\" src=\"https:\/\/www.youtube.com\/embed\/ba3_Gm1u480?feature=oembed\" frameborder=\"0\" allow=\"accelerometer; autoplay; clipboard-write; encrypted-media; gyroscope; picture-in-picture; web-share\" referrerpolicy=\"strict-origin-when-cross-origin\" allowfullscreen><\/iframe><\/p>\n<p><span style=\"color: #000000;\"><strong>11 Tend\u00eancias de Sustentabilidade empresarial no outro normal<\/strong><\/span><\/p>\n<p><span style=\"color: #000000;\">A Swedcham convida voc\u00ea\u00a0a conhecer\u00a0um novo modelo de lideran\u00e7a focado\u00a0em valores institucionais!<\/span><\/p>\n<p><span style=\"color: #000000;\">A <strong>Ideia Sustent\u00e1ve<\/strong>l, a <strong>Rede Brasil do Pacto Global<\/strong> e a <strong>Plataforma de Lideran\u00e7a com Valores <\/strong>(PLV) lan\u00e7aram\u00a0um estudo que revela as\u00a0tend\u00eancias que ir\u00e3o nortear o mundo empresarial na era p\u00f3s-covid.\u00a0<\/span><\/p>\n<p><span style=\"color: #000000;\">Saiba quais s\u00e3o as pr\u00e1ticas ESG &#8211; para que sua empresa se torne um neg\u00f3cio sustent\u00e1vel.<\/span><\/p>\n<p class=\"m_3630756642185695850normal\" style=\"text-align: left;\"><span style=\"color: #000000;\"><img loading=\"lazy\" decoding=\"async\" class=\"alignleft wp-image-23827 size-full\" src=\"https:\/\/www.swedcham.com.br\/wp-content\/uploads\/2021\/09\/21.jpg\" alt=\"\" width=\"137\" height=\"147\" \/><\/span><\/p>\n<p><span style=\"color: #000000;\"><strong>Ricardo Voltolini <\/strong>\u00e9 CEO e fundador da consultoria Ideia Sustent\u00e1vel, com mais de 25 anos de atua\u00e7\u00e3o no mercado, e idealizador da Plataforma Lideran\u00e7a com Valores, o maior movimento de lideran\u00e7a para a sustentabilidade do Brasil.<\/span><\/p>\n<div>\n<p><span style=\"color: #000000;\"><\/span><\/p>\n<h4 class=\"m_8215363500706865736m_-1492442068443120964m_-8622026719244850452m_-7456309968160772443m_-5953347527171562918m_-919258446742338626detail_h3\"><span style=\"color: #000000;\">Quando<\/span><\/h4>\n<div><\/div>\n<p><span style=\"color: #000000;\">Quarta-feira, 6\u00a0de outubro, \u00e0s 15:00hs<\/span><\/p>\n<h4><span style=\"color: #000000;\"><strong>RSVP\u00a0at\u00e9 <\/strong>6 de outubro.<\/span><\/h4>\n<p><span style=\"color: #000000;\"><a style=\"color: #000000;\" href=\"https:\/\/docs.google.com\/forms\/d\/e\/1FAIpQLScHHLLQXvTqOCsXg5SNXs8e5XzU9Ok-AFOJ7AxURD8-dU4z_Q\/viewform?vc=0&amp;c=0&amp;w=1&amp;flr=0\" target=\"_blank\" rel=\"noopener noreferrer\" data-cke-saved-href=\"https:\/\/docs.google.com\/forms\/d\/e\/1FAIpQLScHHLLQXvTqOCsXg5SNXs8e5XzU9Ok-AFOJ7AxURD8-dU4z_Q\/viewform?vc=0&amp;c=0&amp;w=1&amp;flr=0\">Clique aqui para fazer sua reserva<\/a><\/span><\/p>\n<\/div>\n<div>\n<p><span style=\"color: #000000;\">O link de acesso para o webinar\u00a0ser\u00e1 enviado\u00a0antes do<\/span><br \/>\n<span style=\"color: #000000;\">evento para todos que confirmarem sua participa\u00e7\u00e3o.<\/span><\/p>\n<h3><\/h3>\n<\/div>\n","protected":false},"excerpt":{"rendered":"<p>11 Tend\u00eancias de Sustentabilidade empresarial no outro normal A Swedcham convida voc\u00ea\u00a0a conhecer\u00a0um novo modelo de lideran\u00e7a focado\u00a0em valores institucionais!<\/p>\n","protected":false},"featured_media":0,"template":"","meta":[],"product_brand":[],"product_cat":[228],"product_tag":[],"class_list":{"0":"post-24983","1":"product","2":"type-product","3":"status-publish","5":"product_cat-our-events","7":"first","8":"instock","9":"shipping-taxable","10":"product-type-simple"},"_links":{"self":[{"href":"https:\/\/www.swedcham.com.br\/en\/wp-json\/wp\/v2\/product\/24983","targetHints":{"allow":["GET"]}}],"collection":[{"href":"https:\/\/www.swedcham.com.br\/en\/wp-json\/wp\/v2\/product"}],"about":[{"href":"https:\/\/www.swedcham.com.br\/en\/wp-json\/wp\/v2\/types\/product"}],"wp:attachment":[{"href":"https:\/\/www.swedcham.com.br\/en\/wp-json\/wp\/v2\/media?parent=24983"}],"wp:term":[{"taxonomy":"product_brand","embeddable":true,"href":"https:\/\/www.swedcham.com.br\/en\/wp-json\/wp\/v2\/product_brand?post=24983"},{"taxonomy":"product_cat","embeddable":true,"href":"https:\/\/www.swedcham.com.br\/en\/wp-json\/wp\/v2\/product_cat?post=24983"},{"taxonomy":"product_tag","embeddable":true,"href":"https:\/\/www.swedcham.com.br\/en\/wp-json\/wp\/v2\/product_tag?post=24983"}],"curies":[{"name":"wp","href":"https:\/\/api.w.org\/{rel}","templated":true}]}}