{"id":23133,"date":"2021-06-07T16:28:58","date_gmt":"2021-06-07T19:28:58","guid":{"rendered":"https:\/\/www.swedcham.com.br\/events\/coming-events\/llyc-estudo-de-talentos-2021\/"},"modified":"2022-04-10T00:03:19","modified_gmt":"2022-04-10T03:03:19","slug":"llyc-estudo-de-talentos-2021","status":"publish","type":"product","link":"https:\/\/www.swedcham.com.br\/en\/product\/our-events\/llyc-estudo-de-talentos-2021\/","title":{"rendered":"Novas tend\u00eancias na \u00e1rea de talento e gest\u00e3o de pessoas"},"content":{"rendered":"<p><iframe loading=\"lazy\" title=\"Novas tend\u00eancias na \u00e1rea de talento e gest\u00e3o de pessoas - LLYC - Estudo de Talentos 2021\" width=\"640\" height=\"360\" src=\"https:\/\/www.youtube.com\/embed\/KqAxMUwQEXk?feature=oembed\" frameborder=\"0\" allow=\"accelerometer; autoplay; clipboard-write; encrypted-media; gyroscope; picture-in-picture; web-share\" referrerpolicy=\"strict-origin-when-cross-origin\" allowfullscreen><\/iframe><\/p>\n<p><span style=\"color: #000000;\"><strong>O comit\u00ea de Capital Humano convida para o col\u00f3quio:<\/strong><\/span><\/p>\n<p><span style=\"color: #000000;\"><strong>LLYC &#8211; Estudo de Talentos 2021<\/strong><\/span><\/p>\n<p><span style=\"color: #000000;\">Nossa associada Llorente y Cuenca \u2013 empresa global de consultoria em comunica\u00e7\u00e3o e rela\u00e7\u00f5es p\u00fablicas &#8211; acaba de lan\u00e7ar um estudo sobre as novas tend\u00eancias na \u00e1rea de talento e gest\u00e3o de pessoas. No contexto atual t\u00e3o disruptivo e incerto, o estudo revela a necessidade das empresas se anteciparem \u00e0s futuras tend\u00eancias e desafios na reten\u00e7\u00e3o e desenvolvimento de seu maior asset: seu talento humano.<\/span><\/p>\n<p><span style=\"color: #000000;\">Ad\u00e9lia Chagas, Diretora S\u00eanior da LLYC Brasil, e uma das autoras do estudo, apresentar\u00e1 as 10 tend\u00eancias que foram avaliadas nos pa\u00edses de atua\u00e7\u00e3o da LLYC em um agrad\u00e1vel col\u00f3quio moderado por Carol B\u00f6ttcher (Diretora da BrainKapital Executive Search e Coordenadora do Comit\u00ea de Capital Humano da SWEDCHAM) seguido de intera\u00e7\u00e3o e Q&amp;As com todos os participantes.<\/span><\/p>\n<p class=\"m_3630756642185695850normal\" style=\"text-align: left;\"><span style=\"color: #000000;\"><img loading=\"lazy\" decoding=\"async\" class=\"alignleft wp-image-23131 size-medium\" src=\"https:\/\/www.swedcham.com.br\/wp-content\/uploads\/2021\/06\/111-200x300.jpg\" alt=\"\" width=\"200\" height=\"300\" srcset=\"https:\/\/www.swedcham.com.br\/wp-content\/uploads\/2021\/06\/111-200x300.jpg 200w, https:\/\/www.swedcham.com.br\/wp-content\/uploads\/2021\/06\/111.jpg 309w\" sizes=\"auto, (max-width: 200px) 100vw, 200px\" \/><\/span><\/p>\n<p><span style=\"color: #000000;\"><strong>AD\u00c9LIA CHAGAS\u00a0<\/strong>&#8211; Diretora\u00a0s\u00eanior &#8211;\u00a0Atua em comunica\u00e7\u00e3o corporativa h\u00e1 16 anos nos principais segmentos da economia nos setores p\u00fablico e privado.\u00a0Formada em jornalismo pela PUC-SP, com especializa\u00e7\u00e3o em Comunica\u00e7\u00e3o Corporativa pela FGV- SP e com MBA em Gente e Gest\u00e3o pela Escola de Neg\u00f3cios da PUC-Rio.<\/span><\/p>\n<div>\n<p><span style=\"color: #000000;\"><\/span><\/p>\n<h4 class=\"m_8215363500706865736m_-1492442068443120964m_-8622026719244850452m_-7456309968160772443m_-5953347527171562918m_-919258446742338626detail_h3\"><span style=\"color: #000000;\">Quando<\/span><\/h4>\n<div><\/div>\n<p><span style=\"color: #000000;\">Ter\u00e7a-feira, 22 de junho, \u00e0s 16:00hs<\/span><\/p>\n<h4><span style=\"color: #000000;\"><strong>RSVP\u00a0at\u00e9\u00a0<\/strong>22 de junho<\/span><\/h4>\n<p><span style=\"color: #000000;\"><a style=\"color: #000000;\" href=\"https:\/\/docs.google.com\/forms\/d\/e\/1FAIpQLSd8Z_IxG1ejJD_XPNAi_oG5IuZrKzYZkqgrLCiNhT02rr2B6w\/viewform?vc=0&amp;c=0&amp;w=1&amp;flr=0\" target=\"_blank\" rel=\"noopener noreferrer\" data-saferedirecturl=\"https:\/\/www.google.com\/url?q=https:\/\/docs.google.com\/forms\/d\/e\/1FAIpQLSd8Z_IxG1ejJD_XPNAi_oG5IuZrKzYZkqgrLCiNhT02rr2B6w\/viewform?vc%3D0%26c%3D0%26w%3D1%26flr%3D0&amp;source=gmail&amp;ust=1623177176478000&amp;usg=AFQjCNHmzpqeMwW7xCs2p_VWh1eC5rOdJQ\">Clique aqui para fazer sua reserva<\/a><\/span><\/p>\n<\/div>\n<div>\n<p><span style=\"color: #000000;\">O link de acesso para o webinar\u00a0ser\u00e1 enviado\u00a0antes do<\/span><br \/>\n<span style=\"color: #000000;\">evento para todos que confirmarem sua participa\u00e7\u00e3o.<\/span><\/p>\n<h3><\/h3>\n<\/div>\n","protected":false},"excerpt":{"rendered":"<p>O comit\u00ea de Capital Humano convida para o col\u00f3quio: LLYC &#8211; Estudo de Talentos 2021 Nossa associada Llorente y Cuenca<\/p>\n","protected":false},"featured_media":0,"template":"","meta":[],"product_brand":[],"product_cat":[228],"product_tag":[],"class_list":{"0":"post-23133","1":"product","2":"type-product","3":"status-publish","5":"product_cat-our-events","7":"first","8":"instock","9":"shipping-taxable","10":"product-type-simple"},"_links":{"self":[{"href":"https:\/\/www.swedcham.com.br\/en\/wp-json\/wp\/v2\/product\/23133","targetHints":{"allow":["GET"]}}],"collection":[{"href":"https:\/\/www.swedcham.com.br\/en\/wp-json\/wp\/v2\/product"}],"about":[{"href":"https:\/\/www.swedcham.com.br\/en\/wp-json\/wp\/v2\/types\/product"}],"wp:attachment":[{"href":"https:\/\/www.swedcham.com.br\/en\/wp-json\/wp\/v2\/media?parent=23133"}],"wp:term":[{"taxonomy":"product_brand","embeddable":true,"href":"https:\/\/www.swedcham.com.br\/en\/wp-json\/wp\/v2\/product_brand?post=23133"},{"taxonomy":"product_cat","embeddable":true,"href":"https:\/\/www.swedcham.com.br\/en\/wp-json\/wp\/v2\/product_cat?post=23133"},{"taxonomy":"product_tag","embeddable":true,"href":"https:\/\/www.swedcham.com.br\/en\/wp-json\/wp\/v2\/product_tag?post=23133"}],"curies":[{"name":"wp","href":"https:\/\/api.w.org\/{rel}","templated":true}]}}