{"id":23079,"date":"2021-05-31T16:07:42","date_gmt":"2021-05-31T19:07:42","guid":{"rendered":"https:\/\/www.swedcham.com.br\/events\/coming-events\/a-inovacao-no-acesso-ao-direito-no-pos-pandemia-como-a-tecnologia-e-comunicacao-efetiva-podem-apoiar-os-brasileiros\/"},"modified":"2022-04-09T23:59:12","modified_gmt":"2022-04-10T02:59:12","slug":"a-inovacao-no-acesso-ao-direito-no-pos-pandemia-como-a-tecnologia-e-comunicacao-efetiva-podem-apoiar-os-brasileiros","status":"publish","type":"product","link":"https:\/\/www.swedcham.com.br\/en\/product\/our-events\/a-inovacao-no-acesso-ao-direito-no-pos-pandemia-como-a-tecnologia-e-comunicacao-efetiva-podem-apoiar-os-brasileiros\/","title":{"rendered":"A Inova\u00e7\u00e3o no acesso ao direito no p\u00f3s pandemia: como a tecnologia e comunica\u00e7\u00e3o efetiva podem apoiar os brasileiros."},"content":{"rendered":"<div>\n<p><img loading=\"lazy\" decoding=\"async\" class=\"size-large wp-image-22701 alignleft\" src=\"https:\/\/www.swedcham.com.br\/wp-content\/uploads\/2021\/04\/head-1024x275.png\" alt=\"\" width=\"604\" height=\"162\" srcset=\"https:\/\/www.swedcham.com.br\/wp-content\/uploads\/2021\/04\/head-1024x275.png 1024w, https:\/\/www.swedcham.com.br\/wp-content\/uploads\/2021\/04\/head-600x161.png 600w, https:\/\/www.swedcham.com.br\/wp-content\/uploads\/2021\/04\/head-300x81.png 300w, https:\/\/www.swedcham.com.br\/wp-content\/uploads\/2021\/04\/head-768x206.png 768w, https:\/\/www.swedcham.com.br\/wp-content\/uploads\/2021\/04\/head-1536x413.png 1536w, https:\/\/www.swedcham.com.br\/wp-content\/uploads\/2021\/04\/head.png 1920w\" sizes=\"auto, (max-width: 604px) 100vw, 604px\" \/><\/p>\n<p><iframe loading=\"lazy\" title=\"A Inova\u00e7\u00e3o no acesso ao direito no p\u00f3s pandemia\" width=\"640\" height=\"360\" src=\"https:\/\/www.youtube.com\/embed\/1nGWYoC5SQU?feature=oembed\" frameborder=\"0\" allow=\"accelerometer; autoplay; clipboard-write; encrypted-media; gyroscope; picture-in-picture; web-share\" referrerpolicy=\"strict-origin-when-cross-origin\" allowfullscreen><\/iframe><\/p>\n<h4><span style=\"color: #000000;\"><strong><em>A Inova\u00e7\u00e3o no acesso ao direito no p\u00f3s pandemia: como a tecnologia e comunica\u00e7\u00e3o efetiva podem apoiar os brasileiros.<\/em><\/strong><\/span><\/h4>\n<div><\/div>\n<div><span style=\"color: #000000;\">O acesso \u00e0 justi\u00e7a \u00e9 um direito universal de todos n\u00f3s. Com a pandemia, o meio jur\u00eddico teve que rapidamente se adaptar a uma nova realidade e novas tecnologias est\u00e3o surgindo para aproximar todos n\u00f3s ao direito.<\/span><br \/>\n<span style=\"color: #000000;\">\u00a0<\/span><br \/>\n<span style=\"color: #000000;\">Nesse evento compartilharemos as novidades do setor que foi altamente impactado pela pandemia e como todos n\u00f3s podemos garantir nossos direitos com o auxilio da tecnologia e de uma comunica\u00e7\u00e3o mais efetiva entre clientes e advogados.<\/span><br \/>\n<span style=\"color: #000000;\">\u00a0<\/span><br \/>\n<span style=\"color: #000000;\">P\u00fablico-alvo: pessoas f\u00edsicas e jur\u00eddicas interessadas em conhecer mais sobre novos modelos de acesso ao direito.<\/span><\/div>\n<p class=\"m_3630756642185695850normal\" style=\"text-align: left;\"><span style=\"color: #000000;\"><img loading=\"lazy\" decoding=\"async\" class=\"alignleft wp-image-23071 size-thumbnail\" src=\"https:\/\/www.swedcham.com.br\/wp-content\/uploads\/2021\/05\/LPP-150x150.jpg\" alt=\"\" width=\"150\" height=\"150\" srcset=\"https:\/\/www.swedcham.com.br\/wp-content\/uploads\/2021\/05\/LPP-150x150.jpg 150w, https:\/\/www.swedcham.com.br\/wp-content\/uploads\/2021\/05\/LPP-100x100.jpg 100w, https:\/\/www.swedcham.com.br\/wp-content\/uploads\/2021\/05\/LPP.jpg 225w\" sizes=\"auto, (max-width: 150px) 100vw, 150px\" \/><\/span><\/p>\n<p><span style=\"color: #000000;\"><strong>Luiz Paulo Pinho &#8211;<\/strong> Co-fundador do Jusbrasil, site com mais de 1,6 milh\u00f5es de acessos por dia que conecta pessoas \u00e0 justi\u00e7a atrav\u00e9s de advogados e informa\u00e7\u00e3o jur\u00eddica.<\/span><\/p>\n<\/div>\n<div>\n<p class=\"m_3630756642185695850normal\" style=\"text-align: left;\"><span style=\"color: #000000;\"><img loading=\"lazy\" decoding=\"async\" class=\"alignleft wp-image-23073 size-thumbnail\" src=\"https:\/\/www.swedcham.com.br\/wp-content\/uploads\/2021\/05\/Juliana-150x150.jpg\" alt=\"\" width=\"150\" height=\"150\" srcset=\"https:\/\/www.swedcham.com.br\/wp-content\/uploads\/2021\/05\/Juliana-150x150.jpg 150w, https:\/\/www.swedcham.com.br\/wp-content\/uploads\/2021\/05\/Juliana-100x100.jpg 100w, https:\/\/www.swedcham.com.br\/wp-content\/uploads\/2021\/05\/Juliana.jpg 225w\" sizes=\"auto, (max-width: 150px) 100vw, 150px\" \/><\/span><\/p>\n<p><span style=\"color: #000000;\"><strong>Juliana Barbiero <\/strong>&#8211;\u00a0CEO da Lexly Brasil, bra\u00e7o da Legaltech Su\u00e9ca Lexly no pa\u00eds que desenvolve solu\u00e7\u00f5es para aproximar e facilitar a democratiza\u00e7\u00e3o do acesso ao direito.\u00a0\u00c9 formada em Administra\u00e7\u00e3o pela Funda\u00e7\u00e3o Armando Alvares Penteado (FAAP) e tem mestrado pela University of Westminster (Reino Unido).<\/span><\/p>\n<\/div>\n<div>\n<p class=\"m_3630756642185695850normal\" style=\"text-align: left;\"><span style=\"color: #000000;\"><img loading=\"lazy\" decoding=\"async\" class=\"alignleft wp-image-23075 size-thumbnail\" src=\"https:\/\/www.swedcham.com.br\/wp-content\/uploads\/2021\/05\/mv-150x150.png\" alt=\"\" width=\"150\" height=\"150\" srcset=\"https:\/\/www.swedcham.com.br\/wp-content\/uploads\/2021\/05\/mv-150x150.png 150w, https:\/\/www.swedcham.com.br\/wp-content\/uploads\/2021\/05\/mv-100x100.png 100w\" sizes=\"auto, (max-width: 150px) 100vw, 150px\" \/><\/span><\/p>\n<p><span style=\"color: #000000;\"><strong>Monica Vac Lourenci &#8211; <\/strong>VP Opera\u00e7\u00f5es e Planejamento na MSL Brasil.\u00a0\u00a0\u00c9\u00a0formada em Comunica\u00e7\u00e3o Social, pela FAAP; cursou Ci\u00eancias Sociais, na USP, Jornalismo, na FIAM e faz p\u00f3s-gradua\u00e7\u00e3o em Psican\u00e1lise. Trabalha em Comunica\u00e7\u00e3o h\u00e1 30 anos.<\/span><\/p>\n<\/div>\n<div>\n<p><span style=\"color: #000000;\"><\/span><\/p>\n<h4 class=\"m_8215363500706865736m_-1492442068443120964m_-8622026719244850452m_-7456309968160772443m_-5953347527171562918m_-919258446742338626detail_h3\"><span style=\"color: #000000;\">Quando<\/span><\/h4>\n<div><\/div>\n<p><span style=\"color: #000000;\">Quarta-feira,09.06\u00a0\u00e0s\u00a016 horas\u00a0<\/span><\/p>\n<h4><span style=\"color: #000000;\"><strong>RSVP\u00a0at\u00e9 09 de junho<\/strong><\/span><\/h4>\n<p><span style=\"color: #000000;\"><a style=\"color: #000000;\" href=\"https:\/\/docs.google.com\/forms\/d\/e\/1FAIpQLSdWhpfRoG1P9UkDLf6I4opaVr2QEp0LOQjK9uDGArYYlNaZfg\/viewform?vc=0&amp;c=0&amp;w=1&amp;flr=0\" target=\"_blank\" rel=\"noopener noreferrer\" data-cke-saved-href=\"https:\/\/docs.google.com\/forms\/d\/e\/1FAIpQLSdWhpfRoG1P9UkDLf6I4opaVr2QEp0LOQjK9uDGArYYlNaZfg\/viewform?vc=0&amp;c=0&amp;w=1&amp;flr=0\">Clique aqui para fazer sua reserva<\/a><\/span><\/p>\n<\/div>\n<div>\n<p><span style=\"color: #000000;\">O link de acesso para o webinar\u00a0ser\u00e1 enviado\u00a0antes do<\/span><br \/>\n<span style=\"color: #000000;\">evento para todos que confirmarem sua participa\u00e7\u00e3o.<\/span><\/p>\n<\/div>\n<div>\n<h3><\/h3>\n<\/div>\n","protected":false},"excerpt":{"rendered":"<p>A Inova\u00e7\u00e3o no acesso ao direito no p\u00f3s pandemia: como a tecnologia e comunica\u00e7\u00e3o efetiva podem apoiar os brasileiros. O<\/p>\n","protected":false},"featured_media":0,"template":"","meta":[],"product_brand":[],"product_cat":[228],"product_tag":[],"class_list":{"0":"post-23079","1":"product","2":"type-product","3":"status-publish","5":"product_cat-our-events","7":"first","8":"instock","9":"shipping-taxable","10":"product-type-simple"},"_links":{"self":[{"href":"https:\/\/www.swedcham.com.br\/en\/wp-json\/wp\/v2\/product\/23079","targetHints":{"allow":["GET"]}}],"collection":[{"href":"https:\/\/www.swedcham.com.br\/en\/wp-json\/wp\/v2\/product"}],"about":[{"href":"https:\/\/www.swedcham.com.br\/en\/wp-json\/wp\/v2\/types\/product"}],"wp:attachment":[{"href":"https:\/\/www.swedcham.com.br\/en\/wp-json\/wp\/v2\/media?parent=23079"}],"wp:term":[{"taxonomy":"product_brand","embeddable":true,"href":"https:\/\/www.swedcham.com.br\/en\/wp-json\/wp\/v2\/product_brand?post=23079"},{"taxonomy":"product_cat","embeddable":true,"href":"https:\/\/www.swedcham.com.br\/en\/wp-json\/wp\/v2\/product_cat?post=23079"},{"taxonomy":"product_tag","embeddable":true,"href":"https:\/\/www.swedcham.com.br\/en\/wp-json\/wp\/v2\/product_tag?post=23079"}],"curies":[{"name":"wp","href":"https:\/\/api.w.org\/{rel}","templated":true}]}}