{"id":22939,"date":"2021-05-14T09:04:43","date_gmt":"2021-05-14T12:04:43","guid":{"rendered":"https:\/\/www.swedcham.com.br\/events\/coming-events\/um-panorama-sobre-as-estrategias-de-seo-360-no-contexto-das-multinacionais\/"},"modified":"2022-04-09T23:56:52","modified_gmt":"2022-04-10T02:56:52","slug":"um-panorama-sobre-as-estrategias-de-seo-360-no-contexto-das-multinacionais","status":"publish","type":"product","link":"https:\/\/www.swedcham.com.br\/en\/product\/our-events\/um-panorama-sobre-as-estrategias-de-seo-360-no-contexto-das-multinacionais\/","title":{"rendered":"Um panorama sobre as estrat\u00e9gias de SEO 360 no contexto das multinacionais"},"content":{"rendered":"<p><iframe loading=\"lazy\" title=\"SEO na pr\u00e1tica  Um panorama sobre as estrat\u00e9gias de SEO 360 no contexto das multinacionais\" width=\"640\" height=\"480\" src=\"https:\/\/www.youtube.com\/embed\/gs1TfMvbTL4?feature=oembed\" frameborder=\"0\" allow=\"accelerometer; autoplay; clipboard-write; encrypted-media; gyroscope; picture-in-picture; web-share\" referrerpolicy=\"strict-origin-when-cross-origin\" allowfullscreen><\/iframe><\/p>\n<div>\n<div>\n<div>\n<h4><span style=\"color: #000000;\"><strong>SEO na pr\u00e1tica<\/strong><\/span><\/h4>\n<p><span style=\"color: #000000;\"><em>Um panorama sobre as estrat\u00e9gias de SEO 360 no contexto das multinacionais<\/em><\/span><\/p>\n<\/div>\n<div>\n<div>\n<p><span style=\"color: #000000;\"><strong>Participe desse bate-papo sobre como implementar uma estrat\u00e9gia de SEO na sua empresa!<\/strong><\/span><\/p>\n<\/div>\n<\/div>\n<ul>\n<li><span style=\"color: #000000;\">Da an\u00e1lise geral \u00e0 defini\u00e7\u00e3o de keywords, passando pela produ\u00e7\u00e3o de conte\u00fado e as otimiza\u00e7\u00f5es t\u00e9cnicas necess\u00e1rias.<\/span><\/li>\n<li><span style=\"color: #000000;\">Dicas, do&#8217;s and dont&#8217;s: o que fazer e como lidar com os pontos de aten\u00e7\u00e3o espec\u00edficos do contexto das multinacionais.<\/span><\/li>\n<\/ul>\n<\/div>\n<\/div>\n<p class=\"m_3630756642185695850normal\" style=\"text-align: left;\"><span style=\"color: #000000;\"><img loading=\"lazy\" decoding=\"async\" class=\"alignleft wp-image-22935\" src=\"https:\/\/www.swedcham.com.br\/wp-content\/uploads\/2021\/05\/c2-289x300.jpg\" alt=\"\" width=\"200\" height=\"207\" srcset=\"https:\/\/www.swedcham.com.br\/wp-content\/uploads\/2021\/05\/c2-289x300.jpg 289w, https:\/\/www.swedcham.com.br\/wp-content\/uploads\/2021\/05\/c2.jpg 404w\" sizes=\"auto, (max-width: 200px) 100vw, 200px\" \/><\/span><\/p>\n<p><span style=\"color: #000000;\"><strong>Chris Marin &#8211;<\/strong> Executiva de Comunica\u00e7\u00e3o, com ampla experi\u00eancia no planejamento e desenvolvimento de estrat\u00e9gias de comunica\u00e7\u00e3o e marketing em diferentes plataformas e linguagens. Em 2002, fundou e \u00e9 atual CEO da Elos Comunica\u00e7\u00e3o, que nesses 20 anos se consolidou como ag\u00eancia reconhecida por sua atua\u00e7\u00e3o em comunica\u00e7\u00e3o digital e corporativa. Entre as marcas atendidas pela empresa, destaque para Atlas Copco, Hitachi ABB Power Grids, Johnson &amp; Johnson, Uni\u00e3o Qu\u00edmica, Medtronic, Porto Seguro, Novartis, entre outras.<\/span><\/p>\n<div>\n<p class=\"m_3630756642185695850normal\" style=\"text-align: left;\"><span style=\"color: #000000;\"><img loading=\"lazy\" decoding=\"async\" class=\"alignleft wp-image-22937\" src=\"https:\/\/www.swedcham.com.br\/wp-content\/uploads\/2021\/05\/l4.jpg\" alt=\"\" width=\"200\" height=\"213\" srcset=\"https:\/\/www.swedcham.com.br\/wp-content\/uploads\/2021\/05\/l4.jpg 330w, https:\/\/www.swedcham.com.br\/wp-content\/uploads\/2021\/05\/l4-282x300.jpg 282w\" sizes=\"auto, (max-width: 200px) 100vw, 200px\" \/><\/span><\/p>\n<p><span style=\"color: #000000;\"><strong>Luiz Bill Nascimento <\/strong>&#8211; Publicit\u00e1rio, formado pela Universidade Belas Artes de S\u00e3o Paulo, especialista em Gest\u00e3o de Comunica\u00e7\u00e3o em M\u00eddias Digitais pelo Senac e CEO da Newid, ag\u00eancia que atua desde o planejamento at\u00e9 a execu\u00e7\u00e3o de projetos de Marketing e Inova\u00e7\u00e3o Digital. Com mais de 20 anos de experi\u00eancia, j\u00e1 atuou em projetos de Marketing e Inova\u00e7\u00e3o para grandes marcas como Natura, Cerveja Petra, Black Princess, Mc Donalds e Petrobr\u00e1s.<\/span><\/p>\n<\/div>\n<div>\n<p><span style=\"color: #000000;\"><\/span><\/p>\n<h4 class=\"m_8215363500706865736m_-1492442068443120964m_-8622026719244850452m_-7456309968160772443m_-5953347527171562918m_-919258446742338626detail_h3\"><span style=\"color: #000000;\">Quando<\/span><\/h4>\n<p><span style=\"color: #000000;\">Quinta-feira,27.05&nbsp;\u00e0s&nbsp;16 horas<\/span><\/p>\n<h4><span style=\"color: #000000;\"><strong>RSVP&nbsp;at\u00e9 27 de maio<\/strong><\/span><\/h4>\n<p><span style=\"color: #000000;\"><a style=\"color: #000000;\" href=\"https:\/\/docs.google.com\/forms\/d\/e\/1FAIpQLSdTKXe5qcpuPB_ht-msVO5LDlWgwMXM5BjULbN7OnQb025T7g\/viewform?vc=0&amp;c=0&amp;w=1&amp;flr=0&amp;gxids=7628\" target=\"_blank\" rel=\"noopener noreferrer\" data-cke-saved-href=\"https:\/\/docs.google.com\/forms\/d\/e\/1FAIpQLSdTKXe5qcpuPB_ht-msVO5LDlWgwMXM5BjULbN7OnQb025T7g\/viewform?vc=0&amp;c=0&amp;w=1&amp;flr=0&amp;gxids=7628\">Clique aqui para fazer sua reserva<\/a><\/span><\/p>\n<\/div>\n<div>\n<p><span style=\"color: #000000;\">O link de acesso para o webinar&nbsp;ser\u00e1 enviado&nbsp;antes do<\/span><br \/>\n<span style=\"color: #000000;\">evento para todos que confirmarem sua participa\u00e7\u00e3o.<\/span><\/p>\n<h3><\/h3>\n<\/div>\n","protected":false},"excerpt":{"rendered":"<p>SEO na pr\u00e1tica Um panorama sobre as estrat\u00e9gias de SEO 360 no contexto das multinacionais Participe desse bate-papo sobre como<\/p>\n","protected":false},"featured_media":0,"template":"","meta":[],"product_brand":[],"product_cat":[228],"product_tag":[],"class_list":{"0":"post-22939","1":"product","2":"type-product","3":"status-publish","5":"product_cat-our-events","7":"first","8":"instock","9":"shipping-taxable","10":"product-type-simple"},"_links":{"self":[{"href":"https:\/\/www.swedcham.com.br\/en\/wp-json\/wp\/v2\/product\/22939","targetHints":{"allow":["GET"]}}],"collection":[{"href":"https:\/\/www.swedcham.com.br\/en\/wp-json\/wp\/v2\/product"}],"about":[{"href":"https:\/\/www.swedcham.com.br\/en\/wp-json\/wp\/v2\/types\/product"}],"wp:attachment":[{"href":"https:\/\/www.swedcham.com.br\/en\/wp-json\/wp\/v2\/media?parent=22939"}],"wp:term":[{"taxonomy":"product_brand","embeddable":true,"href":"https:\/\/www.swedcham.com.br\/en\/wp-json\/wp\/v2\/product_brand?post=22939"},{"taxonomy":"product_cat","embeddable":true,"href":"https:\/\/www.swedcham.com.br\/en\/wp-json\/wp\/v2\/product_cat?post=22939"},{"taxonomy":"product_tag","embeddable":true,"href":"https:\/\/www.swedcham.com.br\/en\/wp-json\/wp\/v2\/product_tag?post=22939"}],"curies":[{"name":"wp","href":"https:\/\/api.w.org\/{rel}","templated":true}]}}