{"id":22801,"date":"2021-04-28T18:29:43","date_gmt":"2021-04-28T21:29:43","guid":{"rendered":"https:\/\/www.swedcham.com.br\/events\/coming-events\/neutralizacao-de-carbono-a-floresta-amazonica-e-o-papel-das-empresas\/"},"modified":"2022-04-09T23:51:41","modified_gmt":"2022-04-10T02:51:41","slug":"neutralizacao-de-carbono-a-floresta-amazonica-e-o-papel-das-empresas","status":"publish","type":"product","link":"https:\/\/www.swedcham.com.br\/en\/product\/our-events\/neutralizacao-de-carbono-a-floresta-amazonica-e-o-papel-das-empresas\/","title":{"rendered":"Neutraliza\u00e7\u00e3o de carbono: a Floresta Amaz\u00f4nica e o papel das empresas"},"content":{"rendered":"<div>\n<div>\n<p><iframe loading=\"lazy\" title=\"Neutraliza\u00e7\u00e3o de carbono: a Floresta Amaz\u00f4nica e o papel das empresas\" width=\"640\" height=\"480\" src=\"https:\/\/www.youtube.com\/embed\/nRXfeTF8uQI?feature=oembed\" frameborder=\"0\" allow=\"accelerometer; autoplay; clipboard-write; encrypted-media; gyroscope; picture-in-picture; web-share\" referrerpolicy=\"strict-origin-when-cross-origin\" allowfullscreen><\/iframe><\/p>\n<p>A Swedcham, e as empresas Carbonext e Getinge convidam para o webinar:<\/p>\n<p>Neutraliza\u00e7\u00e3o de carbono: a Floresta Amaz\u00f4nica e o papel das empresas<\/p>\n<p>O setor privado est\u00e1 se posicionando cada vez mais fortemente frente ao combate \u00e0s mudan\u00e7as clim\u00e1ticas. A a\u00e7\u00e3o clim\u00e1tica agora \u00e9 vista como algo crucial para a sobreviv\u00eancia da organiza\u00e7\u00e3o devido ao aumento de press\u00e3o por parte de investidores e consumidores e \u00e0 necessidade de endere\u00e7ar os novos riscos f\u00edsicos e de transi\u00e7\u00e3o que enfrentam devido \u00e0 mudan\u00e7a no clima.<\/p>\n<p>Este webinar tem como objetivo promover a discuss\u00e3o sobre a neutraliza\u00e7\u00e3o de emiss\u00f5es de gases efeito estufa das empresas, o crescimento do mercado de carbono volunt\u00e1rio global e apresentar o papel da floresta Amaz\u00f4nica nesta pauta.<\/p>\n<p><strong>O evento come\u00e7a \u00e0s 14h.\u00a0<a href=\"https:\/\/swedcham.us11.list-manage.com\/track\/click?u=9a53a6aa1cef2bc498bbe264b&amp;id=ac7c51a4ff&amp;e=7fe8640fb8\" target=\"_blank\" rel=\"noopener noreferrer\" data-saferedirecturl=\"https:\/\/www.google.com\/url?q=https:\/\/swedcham.us11.list-manage.com\/track\/click?u%3D9a53a6aa1cef2bc498bbe264b%26id%3Dac7c51a4ff%26e%3D7fe8640fb8&amp;source=gmail&amp;ust=1619727020783000&amp;usg=AFQjCNFMFDESMARuZhX4vgoqzTcGuSPlpg\">Fa\u00e7a j\u00e1 sua inscri\u00e7\u00e3o!<\/a><\/strong><\/p>\n<\/div>\n<p class=\"m_3630756642185695850normal\" style=\"text-align: left;\"><img loading=\"lazy\" decoding=\"async\" class=\"alignleft wp-image-22797\" src=\"https:\/\/www.swedcham.com.br\/wp-content\/uploads\/2021\/04\/janaina2-269x300.png\" alt=\"\" width=\"174\" height=\"194\" srcset=\"https:\/\/www.swedcham.com.br\/wp-content\/uploads\/2021\/04\/janaina2-269x300.png 269w, https:\/\/www.swedcham.com.br\/wp-content\/uploads\/2021\/04\/janaina2.png 339w\" sizes=\"auto, (max-width: 174px) 100vw, 174px\" \/><\/p>\n<p><strong>Janaina Dallan <\/strong>&#8211; CEO Carbonext, Graduada em Engenharia Florestal na Universidade de S\u00e3o Paulo (ESALQ\/USP). Especialista em mercado de carbono, fundadora da CARBONEXT. Consultora externa para a Organiza\u00e7\u00f5es das Na\u00e7\u00f5es Unidas (RIT). L\u00edder do Grupo Brasileiro REDD+ de Cr\u00e9dito de Carbono para o Minist\u00e9rio do Meio Ambiente (MMA). Cargos de lideran\u00e7a na Golder Associates, Orbeo\/Societ\u00e9 Generale, OneCarbon e Ecofys.<\/p>\n<\/div>\n<div>\n<p class=\"m_3630756642185695850normal\" style=\"text-align: left;\"><img loading=\"lazy\" decoding=\"async\" class=\"alignleft wp-image-22799\" src=\"https:\/\/www.swedcham.com.br\/wp-content\/uploads\/2021\/04\/555.jpg\" alt=\"\" width=\"174\" height=\"200\" \/><\/p>\n<p><strong>Marcio Mazon\u00a0<\/strong>&#8211;\u00a0Presidente da Am\u00e9rica Latina na Getinge, empresa sueca\u00a0l\u00edder mundial no fornecimento de produtos e solu\u00e7\u00f5es para hospitais e farmac\u00eauticas para melhoria de resultados cl\u00ednicos e otimiza\u00e7\u00e3o nos fluxos de trabalho. Engenheiro qu\u00edmico e MBA com mais de 20 anos de experi\u00eancia internacional, Marcio j\u00e1 manteve cargos de lideran\u00e7a em outras multinacionais do segmento da sa\u00fade.<\/p>\n<\/div>\n<div>\n\n<h3 class=\"m_8215363500706865736m_-1492442068443120964m_-8622026719244850452m_-7456309968160772443m_-5953347527171562918m_-919258446742338626detail_h3\">Quando<\/h3>\n<div><\/div>\n<p>Quarta-feira, 05 de maio, \u00e0s 14h00<\/p>\n<p><strong>RSVP\u00a0at\u00e9 5 de maio<\/strong><\/p>\n<p><a href=\"https:\/\/swedcham.us11.list-manage.com\/track\/click?u=9a53a6aa1cef2bc498bbe264b&amp;id=01f0fff276&amp;e=7fe8640fb8\" target=\"_blank\" rel=\"noopener noreferrer\" data-saferedirecturl=\"https:\/\/www.google.com\/url?q=https:\/\/swedcham.us11.list-manage.com\/track\/click?u%3D9a53a6aa1cef2bc498bbe264b%26id%3D01f0fff276%26e%3D7fe8640fb8&amp;source=gmail&amp;ust=1619727020783000&amp;usg=AFQjCNEC_Y0joHLfjmcxIlwjyD7yrhuHkA\">Clique aqui para fazer sua reserva<\/a><\/p>\n<\/div>\n<div>\n<p>O link de acesso para o webinar\u00a0ser\u00e1 enviado\u00a0antes do<br \/>\nevento para todos que confirmarem sua participa\u00e7\u00e3o.<\/p>\n<h3><\/h3>\n<\/div>\n","protected":false},"excerpt":{"rendered":"<p>A Swedcham, e as empresas Carbonext e Getinge convidam para o webinar: Neutraliza\u00e7\u00e3o de carbono: a Floresta Amaz\u00f4nica e o<\/p>\n","protected":false},"featured_media":0,"template":"","meta":[],"product_brand":[],"product_cat":[228],"product_tag":[],"class_list":{"0":"post-22801","1":"product","2":"type-product","3":"status-publish","5":"product_cat-our-events","7":"first","8":"instock","9":"shipping-taxable","10":"product-type-simple"},"_links":{"self":[{"href":"https:\/\/www.swedcham.com.br\/en\/wp-json\/wp\/v2\/product\/22801","targetHints":{"allow":["GET"]}}],"collection":[{"href":"https:\/\/www.swedcham.com.br\/en\/wp-json\/wp\/v2\/product"}],"about":[{"href":"https:\/\/www.swedcham.com.br\/en\/wp-json\/wp\/v2\/types\/product"}],"wp:attachment":[{"href":"https:\/\/www.swedcham.com.br\/en\/wp-json\/wp\/v2\/media?parent=22801"}],"wp:term":[{"taxonomy":"product_brand","embeddable":true,"href":"https:\/\/www.swedcham.com.br\/en\/wp-json\/wp\/v2\/product_brand?post=22801"},{"taxonomy":"product_cat","embeddable":true,"href":"https:\/\/www.swedcham.com.br\/en\/wp-json\/wp\/v2\/product_cat?post=22801"},{"taxonomy":"product_tag","embeddable":true,"href":"https:\/\/www.swedcham.com.br\/en\/wp-json\/wp\/v2\/product_tag?post=22801"}],"curies":[{"name":"wp","href":"https:\/\/api.w.org\/{rel}","templated":true}]}}