{"id":22691,"date":"2021-04-14T11:14:56","date_gmt":"2021-04-14T14:14:56","guid":{"rendered":"https:\/\/www.swedcham.com.br\/events\/coming-events\/mulheres-na-lideranca-executiva\/"},"modified":"2022-04-09T23:48:06","modified_gmt":"2022-04-10T02:48:06","slug":"mulheres-na-lideranca-executiva","status":"publish","type":"product","link":"https:\/\/www.swedcham.com.br\/en\/product\/our-events\/mulheres-na-lideranca-executiva\/","title":{"rendered":"Mulheres\u00a0na Lideran\u00e7a Executiva\u00a0"},"content":{"rendered":"<div>\n<div>\n<p><iframe loading=\"lazy\" title=\"Mulheres na Lideran\u00e7a Executiva\" width=\"640\" height=\"360\" src=\"https:\/\/www.youtube.com\/embed\/xfV9poK6AZQ?feature=oembed\" frameborder=\"0\" allow=\"accelerometer; autoplay; clipboard-write; encrypted-media; gyroscope; picture-in-picture; web-share\" referrerpolicy=\"strict-origin-when-cross-origin\" allowfullscreen><\/iframe><\/p>\n<p><strong>A\u00a0SWEDCHAM\u00a0e\u00a0a\u00a0BELGALUX\u00a0<wbr \/>convidam para o Webinar:<\/strong><\/p>\n<p><strong>Mulheres\u00a0na Lideran\u00e7a Executiva\u00a0<\/strong>Mulheres\u00a0em cargos de lideran\u00e7a s\u00e3o uma realidade corporativa j\u00e1 em diversos pa\u00edses. No Brasil entanto estamos no in\u00edcio desta jornada, ainda com baix\u00edssima representatividade, muitos desafios e estere\u00f3tipos a serem desconstru\u00eddos.<\/p>\n<p>Em\u00a022.04, \u00e0s 16 horas,\u00a0Deborah Telesio\u00a0&#8211; Vice-Presidente da\u00a0Elekta South America\u00a0e\u00a0Silvana Kalckmann\u00a0&#8211; CEO da\u00a0Le Pain Quotidien\u00a0no Brasil\u00a0nos trar\u00e3o uma vis\u00e3o diferenciada e inspiradora sobre o tema no cen\u00e1rio atual, compartilhando perspectivas e experi\u00eancias sobre estilos de lideran\u00e7a, desenvolvimento de neg\u00f3cios e carreira.<\/p>\n<p>Painel moderado\u00a0por\u00a0Carol B\u00f6ttcher\u00a0&#8211;\u00a0Diretora da BrainKapital Executive Search e Coordenadora do Comit\u00ea de Capital Humano da Swedcham\u00a0e\u00a0Daniel Rubim\u00a0&#8211; Diretor de Inova\u00e7\u00e3o e Sustentabilidade da Belgalux.<\/p>\n<p><strong>O evento come\u00e7a \u00e0s 16h. <a href=\"https:\/\/docs.google.com\/forms\/d\/e\/1FAIpQLSeacsJr5esr1NFFi3-2ePAd4pfsjgXq2RT-YE_guoHUfiYqgA\/viewform?vc=0&amp;c=0&amp;w=1&amp;flr=0&amp;gxids=7628\">Fa\u00e7am j\u00e1 sua inscri\u00e7\u00e3o!<\/a><\/strong><\/p>\n<\/div>\n<p class=\"m_3630756642185695850normal\" style=\"text-align: left;\"><img loading=\"lazy\" decoding=\"async\" class=\"alignleft wp-image-22689\" src=\"https:\/\/www.swedcham.com.br\/wp-content\/uploads\/2021\/04\/deb-253x300.jpg\" alt=\"\" width=\"200\" height=\"237\" srcset=\"https:\/\/www.swedcham.com.br\/wp-content\/uploads\/2021\/04\/deb-253x300.jpg 253w, https:\/\/www.swedcham.com.br\/wp-content\/uploads\/2021\/04\/deb.jpg 435w\" sizes=\"auto, (max-width: 200px) 100vw, 200px\" \/><\/p>\n<p><strong>Deborah Telesio<\/strong>\u00a0\u00e9 Vice-Presidente da Elekta South America, empresa sueca l\u00edder na \u00e1rea de Medicina de Radia\u00e7\u00e3o de Precis\u00e3o para o tratamento de c\u00e2ncer. Com ex\u00edmia experi\u00eancia de mais de 18 anos no setor da sa\u00fade, previamente desenvolveu um ciclo not\u00e1vel na GE Healthcare, liderando inicialmente o Marketing para a Am\u00e9rica Latina e consequentemente gerenciando neg\u00f3cios para a regi\u00e3o como Diretora Executiva.<\/p>\n<\/div>\n<div>\n<p class=\"m_3630756642185695850normal\" style=\"text-align: left;\"><img loading=\"lazy\" decoding=\"async\" class=\"alignleft wp-image-22687 size-medium\" src=\"https:\/\/www.swedcham.com.br\/wp-content\/uploads\/2021\/04\/SilvanaKalckmann-perfil-200x300.jpeg\" alt=\"\" width=\"200\" height=\"300\" srcset=\"https:\/\/www.swedcham.com.br\/wp-content\/uploads\/2021\/04\/SilvanaKalckmann-perfil-200x300.jpeg 200w, https:\/\/www.swedcham.com.br\/wp-content\/uploads\/2021\/04\/SilvanaKalckmann-perfil-600x900.jpeg 600w, https:\/\/www.swedcham.com.br\/wp-content\/uploads\/2021\/04\/SilvanaKalckmann-perfil-683x1024.jpeg 683w, https:\/\/www.swedcham.com.br\/wp-content\/uploads\/2021\/04\/SilvanaKalckmann-perfil-768x1152.jpeg 768w, https:\/\/www.swedcham.com.br\/wp-content\/uploads\/2021\/04\/SilvanaKalckmann-perfil-1024x1536.jpeg 1024w, https:\/\/www.swedcham.com.br\/wp-content\/uploads\/2021\/04\/SilvanaKalckmann-perfil.jpeg 1280w\" sizes=\"auto, (max-width: 200px) 100vw, 200px\" \/><\/p>\n<p>Silvana Kalckmann\u00a0\u00e9 CEO da Le Pain Quotidien no Brasil, uma executiva talentosa com mais de trinta anos de experi\u00eancia no ramo de restaurantes e ind\u00fastrias de manufatura de alimentos. Ela vem de Lideran\u00e7a em Gest\u00e3o de Neg\u00f3cios, habilidades comerciais, MKT, Cadeia de Suprimentos e experi\u00eancia t\u00e9cnica em: Desenvolvimento de Novos Produtos e Gest\u00e3o de Garantia de Qualidade.<\/p>\n<\/div>\n<div>\n\n<h3 class=\"m_8215363500706865736m_-1492442068443120964m_-8622026719244850452m_-7456309968160772443m_-5953347527171562918m_-919258446742338626detail_h3\">Quando<\/h3>\n<div><\/div>\n<div>Quinta-feira, 22 de abril, \u00e0s 16h00<\/div>\n<div><\/div>\n<\/div>\n<div><\/div>\n<div>\n<h3><strong>RSVP at\u00e9 22 de abril<\/strong><\/h3>\n<h4><strong><span style=\"color: #000080;\"><a style=\"color: #000080;\" href=\"https:\/\/docs.google.com\/forms\/d\/e\/1FAIpQLSeacsJr5esr1NFFi3-2ePAd4pfsjgXq2RT-YE_guoHUfiYqgA\/viewform?vc=0&amp;c=0&amp;w=1&amp;flr=0&amp;gxids=7628\" target=\"_blank\" rel=\"noopener noreferrer\" data-saferedirecturl=\"https:\/\/www.google.com\/url?q=https:\/\/docs.google.com\/forms\/d\/e\/1FAIpQLSeacsJr5esr1NFFi3-2ePAd4pfsjgXq2RT-YE_guoHUfiYqgA\/viewform?vc%3D0%26c%3D0%26w%3D1%26flr%3D0%26gxids%3D7628&amp;source=gmail&amp;ust=1618487527146000&amp;usg=AFQjCNGzKZscXihoRWitwTgP8lbI_9EQtg\">Clique aqui para fazer sua reserva<\/a><\/span><\/strong><\/h4>\n<p>O link de acesso para o webinar\u00a0ser\u00e1 enviado\u00a0antes do<br \/>\nevento para todos que confirmarem sua participa\u00e7\u00e3o.<\/p>\n<h3><\/h3>\n<\/div>\n","protected":false},"excerpt":{"rendered":"<p>A\u00a0SWEDCHAM\u00a0e\u00a0a\u00a0BELGALUX\u00a0convidam para o Webinar: Mulheres\u00a0na Lideran\u00e7a Executiva\u00a0Mulheres\u00a0em cargos de lideran\u00e7a s\u00e3o uma realidade corporativa j\u00e1 em diversos pa\u00edses. No Brasil<\/p>\n","protected":false},"featured_media":0,"template":"","meta":[],"product_brand":[],"product_cat":[228],"product_tag":[],"class_list":{"0":"post-22691","1":"product","2":"type-product","3":"status-publish","5":"product_cat-our-events","7":"first","8":"instock","9":"shipping-taxable","10":"product-type-simple"},"_links":{"self":[{"href":"https:\/\/www.swedcham.com.br\/en\/wp-json\/wp\/v2\/product\/22691","targetHints":{"allow":["GET"]}}],"collection":[{"href":"https:\/\/www.swedcham.com.br\/en\/wp-json\/wp\/v2\/product"}],"about":[{"href":"https:\/\/www.swedcham.com.br\/en\/wp-json\/wp\/v2\/types\/product"}],"wp:attachment":[{"href":"https:\/\/www.swedcham.com.br\/en\/wp-json\/wp\/v2\/media?parent=22691"}],"wp:term":[{"taxonomy":"product_brand","embeddable":true,"href":"https:\/\/www.swedcham.com.br\/en\/wp-json\/wp\/v2\/product_brand?post=22691"},{"taxonomy":"product_cat","embeddable":true,"href":"https:\/\/www.swedcham.com.br\/en\/wp-json\/wp\/v2\/product_cat?post=22691"},{"taxonomy":"product_tag","embeddable":true,"href":"https:\/\/www.swedcham.com.br\/en\/wp-json\/wp\/v2\/product_tag?post=22691"}],"curies":[{"name":"wp","href":"https:\/\/api.w.org\/{rel}","templated":true}]}}