{"id":22486,"date":"2021-03-11T17:15:26","date_gmt":"2021-03-11T20:15:26","guid":{"rendered":"https:\/\/www.swedcham.com.br\/events\/coming-events\/o-novo-sistema-de-insolvencia-brasileiro\/"},"modified":"2022-04-09T23:42:07","modified_gmt":"2022-04-10T02:42:07","slug":"o-novo-sistema-de-insolvencia-brasileiro","status":"publish","type":"product","link":"https:\/\/www.swedcham.com.br\/en\/product\/our-events\/o-novo-sistema-de-insolvencia-brasileiro\/","title":{"rendered":"O novo sistema de insolv\u00eancia brasileiro"},"content":{"rendered":"<div>\n<div><\/div>\n<p><iframe loading=\"lazy\" title=\"O novo sistema de insolv\u00eancia brasileiro\" width=\"640\" height=\"360\" src=\"https:\/\/www.youtube.com\/embed\/CPrJLnhdRII?feature=oembed\" frameborder=\"0\" allow=\"accelerometer; autoplay; clipboard-write; encrypted-media; gyroscope; picture-in-picture; web-share\" referrerpolicy=\"strict-origin-when-cross-origin\" allowfullscreen><\/iframe><\/p>\n<div><\/div>\n<div><span style=\"font-size: 16px;\">O Comit\u00ea Jur\u00eddico da Swedcham, em parceria com o Comit\u00ea Jur\u00eddico da NBCC tem o prazer de convidar para <\/span><\/div>\n<div><span style=\"font-size: 16px;\">apresenta\u00e7\u00e3o:<\/span><\/div>\n<div><\/div>\n<div>\n<h4><strong>O novo sistema de insolv\u00eancia brasileiro<\/strong><\/h4>\n<p>A Nova Lei de Fal\u00eancias trouxe uma s\u00e9rie de inova\u00e7\u00f5es na \u00e1rea de prote\u00e7\u00e3o dos cr\u00e9ditos para investidores e parceiros comerciais das empresas em recupera\u00e7\u00e3o. Tamb\u00e9m h\u00e1 aspectos fiscais relevantes a serem discutidos com as empresas N\u00f3rdicas. Em tempos de pandemia o assunto \u00e9 de extrema relev\u00e2ncia para assegurar a continuidade das empresas, dos empregos gerados e do ciclo produtivo.<\/p>\n<p>Bem-vindos !<\/p>\n<\/div>\n<\/div>\n<div>\n<p class=\"m_3630756642185695850normal\" style=\"text-align: left;\"><img loading=\"lazy\" decoding=\"async\" class=\"alignleft wp-image-22476\" src=\"https:\/\/www.swedcham.com.br\/wp-content\/uploads\/2021\/03\/Ana-Carolina-229x300.jpg\" alt=\"\" width=\"200\" height=\"262\" srcset=\"https:\/\/www.swedcham.com.br\/wp-content\/uploads\/2021\/03\/Ana-Carolina-229x300.jpg 229w, https:\/\/www.swedcham.com.br\/wp-content\/uploads\/2021\/03\/Ana-Carolina.jpg 586w\" sizes=\"auto, (max-width: 200px) 100vw, 200px\" \/><\/p>\n<p><strong>Ana Carolina Reis do Valle Monteiro <\/strong>\u00e9 advogada do escrit\u00f3rio Kincaid | Mendes Vianna Advogados, possui LL.M. em Litigation pela Funda\u00e7\u00e3o Get\u00falio Vargas, p\u00f3s-gradua\u00e7\u00e3o em Direito Civil Constitucional pela Pontif\u00edcia Universidade Cat\u00f3lica, especializa\u00e7\u00e3o em Fal\u00eancias e Recupera\u00e7\u00e3o Judicial pela Funda\u00e7\u00e3o Get\u00falio Vargas (FGV\/RJ), especializa\u00e7\u00e3o em Business Law pela University of Calif\u00f3rnia Los Angeles (UCLA) e especializa\u00e7\u00e3o em Negotiation pela Yale University.<\/p>\n<\/div>\n\n<div>\n<p class=\"m_3630756642185695850normal\" style=\"text-align: left;\"><img loading=\"lazy\" decoding=\"async\" class=\"alignleft wp-image-22478\" src=\"https:\/\/www.swedcham.com.br\/wp-content\/uploads\/2021\/03\/Livia-236x300.jpg\" alt=\"\" width=\"200\" height=\"254\" srcset=\"https:\/\/www.swedcham.com.br\/wp-content\/uploads\/2021\/03\/Livia-236x300.jpg 236w, https:\/\/www.swedcham.com.br\/wp-content\/uploads\/2021\/03\/Livia-600x763.jpg 600w, https:\/\/www.swedcham.com.br\/wp-content\/uploads\/2021\/03\/Livia.jpg 721w\" sizes=\"auto, (max-width: 200px) 100vw, 200px\" \/><\/p>\n<p><strong>L\u00edvia Gavioli Machado<\/strong> \u00e9 s\u00f3cia da Verit\u00e0 Administra\u00e7\u00e3o Judicial Profissional, p\u00f3s-graduada em Direito Empresarial pela FGV, p\u00f3s-graduanda em Direito Digital pela EBRADI, conselheira da Comiss\u00e3o de Recupera\u00e7\u00e3o de Empresas do CRA\/SP, diretora do IBDE, membro da Comiss\u00e3o Permanente de Direito Falimentar e Recuperacional do Instituto dos Advogados de S\u00e3o Paulo \u2013 IASP; membro da Comiss\u00e3o de Direito Digital da OAB\/SP.<\/p>\n<\/div>\n<div>\n\n<\/div>\n<div>\n<p class=\"m_3630756642185695850normal\" style=\"text-align: left;\"><img loading=\"lazy\" decoding=\"async\" class=\"alignleft wp-image-22480 size-medium\" src=\"https:\/\/www.swedcham.com.br\/wp-content\/uploads\/2021\/03\/Marcelo-200x300.jpg\" alt=\"\" width=\"200\" height=\"300\" srcset=\"https:\/\/www.swedcham.com.br\/wp-content\/uploads\/2021\/03\/Marcelo-200x300.jpg 200w, https:\/\/www.swedcham.com.br\/wp-content\/uploads\/2021\/03\/Marcelo-600x901.jpg 600w, https:\/\/www.swedcham.com.br\/wp-content\/uploads\/2021\/03\/Marcelo.jpg 682w\" sizes=\"auto, (max-width: 200px) 100vw, 200px\" \/><\/p>\n<p><strong>Marcelo Moraes Santiago<\/strong>&nbsp;\u00e9 um do s\u00f3cios respons\u00e1veis pela \u00e1rea de recupera\u00e7\u00e3o de cr\u00e9dito nacional e internacional da Jive. Antes de ingressar na Jive, integrou o Departamento Jur\u00eddico do BTG Pactual atuando em estrutura\u00e7\u00f5es de opera\u00e7\u00f5es propriet\u00e1rias e de mercado de capitais envolvendo os mercados de Renda Fixa e Cr\u00e9dito no Brasil e no exterior por 4 anos. Marcelo tem ampla experi\u00eancia na reestrutura\u00e7\u00e3o de d\u00edvidas e empresas, insolv\u00eancia nacional e internacional, recupera\u00e7\u00e3o de cr\u00e9dito e contencioso estrat\u00e9gico. \u00c9 &nbsp;advogado, bacharel em direito pela Universidade de S\u00e3o Paulo (USP), incluindo um semestre cursado na Universidade de Coimbra (Portugal).<\/p>\n<\/div>\n<div>\n\n<div>\n<p class=\"m_3630756642185695850normal\" style=\"text-align: left;\"><img loading=\"lazy\" decoding=\"async\" class=\"alignleft wp-image-22482 size-medium\" src=\"https:\/\/www.swedcham.com.br\/wp-content\/uploads\/2021\/03\/SSF-3-200x300.jpg\" alt=\"\" width=\"200\" height=\"300\" srcset=\"https:\/\/www.swedcham.com.br\/wp-content\/uploads\/2021\/03\/SSF-3-200x300.jpg 200w, https:\/\/www.swedcham.com.br\/wp-content\/uploads\/2021\/03\/SSF-3-600x900.jpg 600w, https:\/\/www.swedcham.com.br\/wp-content\/uploads\/2021\/03\/SSF-3.jpg 683w\" sizes=\"auto, (max-width: 200px) 100vw, 200px\" \/><\/p>\n<p><strong>Sergio Savi<\/strong> \u00e9 o s\u00f3cio respons\u00e1vel pela \u00e1rea de Reestrutura\u00e7\u00e3o e Insolv\u00eancia do BMA Advogados, tendo participado de alguns dos principais casos de reestrutura\u00e7\u00e3o de empresas&nbsp; no Brasil desde a entrada em vigor, em 2005, da Lei de Recupera\u00e7\u00e3o de Empresas e Fal\u00eancias. \u00c9 membro do&nbsp;International Insolvency Institute&nbsp;e Consultor da Comiss\u00e3o Especial de Fal\u00eancias e Recupera\u00e7\u00e3o Judicial do Conselho Federal da OAB. Possui Doutorado e Mestrado em Direito Civil pela UERJ,&nbsp;LL.M&nbsp;em&nbsp;International Legal Studies&nbsp;pela&nbsp;New York University School of Law, Especializa\u00e7\u00e3o em Direito Processual Civil pela UCAM e Gradua\u00e7\u00e3o em Direito pela UFRJ.<\/p>\n<\/div>\n<div>\n\n<\/div>\n<h3><\/h3>\n<\/div>\n<div>\n<h3><strong>Quando<\/strong><\/h3>\n<p>Quinta-feira, 25 de mar\u00e7o de 2021, \u00e0s 10h<\/p>\n<h3><strong>Agenda<\/strong><\/h3>\n<p>10:00 Boas vindas &#8211; Dr. Renato Pacheco Neto &#8211; coordenador do Comit\u00ea Jur\u00eddico da Swedcham<\/p>\n<p>10:05 Inicio das apresenta\u00e7\u00f5es<\/p>\n<p>11:00 Q &amp; As<\/p>\n<p>11:20 Encerramento &#8211; Carlos Frederico Lucchetti Bingemer &#8211; coordenador do Comit\u00ea Jur\u00eddico da NBCC<\/p>\n<div>\n<h3>RSVP at\u00e9 25 de mar\u00e7o<\/h3>\n<div><a href=\"https:\/\/docs.google.com\/forms\/d\/e\/1FAIpQLSdQT2tQDCljlI99HpaX3YcQI7vynkmM1-AL6rkvXBuYxpYSoA\/viewform?vc=0&amp;c=0&amp;w=1&amp;flr=0&amp;gxids=7628\" target=\"_blank\" rel=\"noopener noreferrer\" data-cke-saved-href=\"https:\/\/docs.google.com\/forms\/d\/e\/1FAIpQLSdQT2tQDCljlI99HpaX3YcQI7vynkmM1-AL6rkvXBuYxpYSoA\/viewform?vc=0&amp;c=0&amp;w=1&amp;flr=0&amp;gxids=7628\">C<\/a><a href=\"https:\/\/docs.google.com\/forms\/d\/e\/1FAIpQLSdQT2tQDCljlI99HpaX3YcQI7vynkmM1-AL6rkvXBuYxpYSoA\/viewform?vc=0&amp;c=0&amp;w=1&amp;flr=0&amp;gxids=7628\" data-cke-saved-href=\"https:\/\/docs.google.com\/forms\/d\/e\/1FAIpQLSdQT2tQDCljlI99HpaX3YcQI7vynkmM1-AL6rkvXBuYxpYSoA\/viewform?vc=0&amp;c=0&amp;w=1&amp;flr=0&amp;gxids=7628\">lick aqui para fazer sua reserva<\/a><\/p>\n<p>O link de acesso \u00e0 live ser\u00e1 enviado&nbsp;antes do evento para todos que confirmarem sua participa\u00e7\u00e3o.<\/p>\n<\/div>\n<div><\/div>\n<h3><img loading=\"lazy\" decoding=\"async\" class=\"alignleft size-full wp-image-22484\" src=\"https:\/\/www.swedcham.com.br\/wp-content\/uploads\/2021\/03\/banner-.jpg\" alt=\"\" width=\"499\" height=\"102\" srcset=\"https:\/\/www.swedcham.com.br\/wp-content\/uploads\/2021\/03\/banner-.jpg 499w, https:\/\/www.swedcham.com.br\/wp-content\/uploads\/2021\/03\/banner--300x61.jpg 300w\" sizes=\"auto, (max-width: 499px) 100vw, 499px\" \/><\/h3>\n<\/div>\n<\/div>\n","protected":false},"excerpt":{"rendered":"<p>O Comit\u00ea Jur\u00eddico da Swedcham, em parceria com o Comit\u00ea Jur\u00eddico da NBCC tem o prazer de convidar para apresenta\u00e7\u00e3o:<\/p>\n","protected":false},"featured_media":0,"template":"","meta":[],"product_brand":[],"product_cat":[228],"product_tag":[],"class_list":{"0":"post-22486","1":"product","2":"type-product","3":"status-publish","5":"product_cat-our-events","7":"first","8":"instock","9":"shipping-taxable","10":"product-type-simple"},"_links":{"self":[{"href":"https:\/\/www.swedcham.com.br\/en\/wp-json\/wp\/v2\/product\/22486","targetHints":{"allow":["GET"]}}],"collection":[{"href":"https:\/\/www.swedcham.com.br\/en\/wp-json\/wp\/v2\/product"}],"about":[{"href":"https:\/\/www.swedcham.com.br\/en\/wp-json\/wp\/v2\/types\/product"}],"wp:attachment":[{"href":"https:\/\/www.swedcham.com.br\/en\/wp-json\/wp\/v2\/media?parent=22486"}],"wp:term":[{"taxonomy":"product_brand","embeddable":true,"href":"https:\/\/www.swedcham.com.br\/en\/wp-json\/wp\/v2\/product_brand?post=22486"},{"taxonomy":"product_cat","embeddable":true,"href":"https:\/\/www.swedcham.com.br\/en\/wp-json\/wp\/v2\/product_cat?post=22486"},{"taxonomy":"product_tag","embeddable":true,"href":"https:\/\/www.swedcham.com.br\/en\/wp-json\/wp\/v2\/product_tag?post=22486"}],"curies":[{"name":"wp","href":"https:\/\/api.w.org\/{rel}","templated":true}]}}