{"id":21575,"date":"2020-10-16T15:28:08","date_gmt":"2020-10-16T18:28:08","guid":{"rendered":"https:\/\/www.swedcham.com.br\/events\/coming-events\/innovation-weeks-inovar-e-co-criar-tetra-pak\/"},"modified":"2020-12-17T11:54:57","modified_gmt":"2020-12-17T14:54:57","slug":"innovation-weeks-inovar-e-co-criar-tetra-pak","status":"publish","type":"product","link":"https:\/\/www.swedcham.com.br\/en\/product\/our-events\/innovation-weeks-inovar-e-co-criar-tetra-pak\/","title":{"rendered":"Innovation Weeks &#8211; Inovar \u00e9 co-criar &#8211; Tetra Pak"},"content":{"rendered":"<div>\n<div>\n<h1><img loading=\"lazy\" decoding=\"async\" class=\"alignleft size-full wp-image-21539\" src=\"https:\/\/www.swedcham.com.br\/wp-content\/uploads\/2020\/10\/IW-LOGO.png\" alt=\"\" width=\"820\" height=\"312\" srcset=\"https:\/\/www.swedcham.com.br\/wp-content\/uploads\/2020\/10\/IW-LOGO.png 820w, https:\/\/www.swedcham.com.br\/wp-content\/uploads\/2020\/10\/IW-LOGO-600x228.png 600w, https:\/\/www.swedcham.com.br\/wp-content\/uploads\/2020\/10\/IW-LOGO-300x114.png 300w, https:\/\/www.swedcham.com.br\/wp-content\/uploads\/2020\/10\/IW-LOGO-768x292.png 768w\" sizes=\"auto, (max-width: 820px) 100vw, 820px\" \/><\/h1>\n<p><strong><em>Inovar \u00e9 co-criar<\/em><\/strong><\/p>\n<\/div>\n<p><iframe loading=\"lazy\" title=\"Innovation Weeks \u2013 Inovar \u00e9 co-criar \u2013 Tetra Pak\" width=\"640\" height=\"360\" src=\"https:\/\/www.youtube.com\/embed\/L9CsQPHKF4E?feature=oembed\" frameborder=\"0\" allow=\"accelerometer; autoplay; clipboard-write; encrypted-media; gyroscope; picture-in-picture; web-share\" referrerpolicy=\"strict-origin-when-cross-origin\" allowfullscreen><\/iframe><\/p>\n<div>\n<p>Atuar isoladamente n\u00e3o \u00e9 mais poss\u00edvel. Inovar implica em colaborar e pensar juntos em novos caminhos, com base em tend\u00eancias e com o conhecimento do interlocutor ou p\u00fablico-alvo. \u00c9 com base nessa premissa que a Tetra Pak participa das Sweden-Brazil Innovation Weeks e promove o webinar <strong>Inovar \u00e9 co-criar<\/strong>. Inscreva-se e descubra como a empresa sueca tem atuado, mesmo durante a pandemia, para continuar apoiando a ind\u00fastria em sua inova\u00e7\u00e3o e para manter a estreita colabora\u00e7\u00e3o com a cadeia de reciclagem e fornecedores em busca da economia circular.<\/p>\n<p><strong>N\u00e3o percam esse webinar!\u00a0<\/strong><\/p>\n<\/div>\n<p class=\"m_3630756642185695850normal\" style=\"text-align: left;\"><img loading=\"lazy\" decoding=\"async\" class=\"alignleft wp-image-21571 size-medium\" src=\"https:\/\/www.swedcham.com.br\/wp-content\/uploads\/2020\/10\/Valeria-262x300.png\" alt=\"\" width=\"262\" height=\"300\" srcset=\"https:\/\/www.swedcham.com.br\/wp-content\/uploads\/2020\/10\/Valeria-262x300.png 262w, https:\/\/www.swedcham.com.br\/wp-content\/uploads\/2020\/10\/Valeria.png 416w\" sizes=\"auto, (max-width: 262px) 100vw, 262px\" \/><\/p>\n<p><strong>Val\u00e9ria Michel \u2013 Diretora de Sustentabilidade da Tetra Pak Brasil e Cone Sul<\/strong><\/p>\n<p>Val\u00e9ria Michel \u00e9 engenheira qu\u00edmica pela FEI e especializada em Gest\u00e3o Ambiental pela Unicamp. \u00c9 diretora de Sustentabilidade da Tetra Pak do Brasil e Cone Sul e atua h\u00e1 20 anos na \u00e1rea. Na companhia, \u00e9 respons\u00e1vel por todas as iniciativas relacionadas a economia circular de baixo carbono, reciclagem, coleta seletiva, educa\u00e7\u00e3o ambiental e sustentabilidade.<\/p>\n<\/div>\n<p>&nbsp;<\/p>\n<p>&nbsp;<\/p>\n<p>&nbsp;<\/p>\n<div>\n<p class=\"m_3630756642185695850normal\" style=\"text-align: left;\"><img loading=\"lazy\" decoding=\"async\" class=\"alignleft wp-image-21573 size-medium\" src=\"https:\/\/www.swedcham.com.br\/wp-content\/uploads\/2020\/10\/jj-267x300.png\" alt=\"\" width=\"267\" height=\"300\" srcset=\"https:\/\/www.swedcham.com.br\/wp-content\/uploads\/2020\/10\/jj-267x300.png 267w, https:\/\/www.swedcham.com.br\/wp-content\/uploads\/2020\/10\/jj.png 361w\" sizes=\"auto, (max-width: 267px) 100vw, 267px\" \/><\/p>\n<p><strong>Julia\u00a0<\/strong><strong>Sotera<\/strong><strong>\u00a0\u2013 Diretora de Marketing Services para as Am\u00e9ricas<\/strong><\/p>\n<p>Julia\u00a0Sotera\u00a0\u00e9 Diretora de Marketing Services para as Am\u00e9ricas na Tetra Pak. Ingressou na empresa em 2008, como Gerente de Business\u00a0Intelligence\u00a0para Am\u00e9rica Central e do Sul. Assumiu a dire\u00e7\u00e3o da mesma \u00e1rea em 2013 e, um ano depois, tornou-se Diretora de Marketing Services para as Am\u00e9ricas. Anteriormente, trabalhou na consultoria Ipsos. \u00c9 formada em Administra\u00e7\u00e3o de Empresas pela Universidade de Buenos Aires.<\/p>\n<p>&nbsp;<\/p>\n<\/div>\n<div>\n\n<h3><strong>Quando<\/strong><\/h3>\n<p><span class=\"m_8215363500706865736m_-1492442068443120964mc-toc-title\">Quinta-feira, 19\u00a0de novembro \u00e0s 10h<\/span><\/p>\n<div>\n<h3>RSVP at\u00e9 19\u00a0de novembro<\/h3>\n<div><a href=\"mailto:eventos@swedcham.com.br?subject=Evento%2019%20de%20novembro\" target=\"_blank\" rel=\"noopener noreferrer\" data-cke-saved-href=\"mailto:eventos@swedcham.com.br?subject=Evento%2019%20de%20novembro\">eventos@swedcham.com.br<\/a><\/div>\n<p>Para assistir<a href=\"https:\/\/us02web.zoom.us\/j\/83668134634?pwd=T3krZE0veGpURUYwQ2gxRkI4d2NTQT09\"> click aqui<\/a><\/p>\n<h3><strong>O<\/strong><strong>rganiza\u00e7\u00e3o:<\/strong><\/h3>\n<\/div>\n<\/div>\n<p><img loading=\"lazy\" decoding=\"async\" class=\"alignleft size-full wp-image-2040\" src=\"https:\/\/www.swedcham.com.br\/wp-content\/uploads\/2014\/07\/logo-swedcham.gif\" alt=\"\" width=\"210\" height=\"72\" \/><\/p>\n<p>&nbsp;<\/p>\n<p>&nbsp;<\/p>\n<p>&nbsp;<\/p>\n<p>&nbsp;<\/p>\n<p>&nbsp;<\/p>\n","protected":false},"excerpt":{"rendered":"<p>Inovar \u00e9 co-criar Atuar isoladamente n\u00e3o \u00e9 mais poss\u00edvel. Inovar implica em colaborar e pensar juntos em novos caminhos, com<\/p>\n","protected":false},"featured_media":0,"template":"","meta":[],"product_brand":[],"product_cat":[228],"product_tag":[],"class_list":{"0":"post-21575","1":"product","2":"type-product","3":"status-publish","5":"product_cat-our-events","7":"first","8":"instock","9":"shipping-taxable","10":"product-type-simple"},"_links":{"self":[{"href":"https:\/\/www.swedcham.com.br\/en\/wp-json\/wp\/v2\/product\/21575","targetHints":{"allow":["GET"]}}],"collection":[{"href":"https:\/\/www.swedcham.com.br\/en\/wp-json\/wp\/v2\/product"}],"about":[{"href":"https:\/\/www.swedcham.com.br\/en\/wp-json\/wp\/v2\/types\/product"}],"wp:attachment":[{"href":"https:\/\/www.swedcham.com.br\/en\/wp-json\/wp\/v2\/media?parent=21575"}],"wp:term":[{"taxonomy":"product_brand","embeddable":true,"href":"https:\/\/www.swedcham.com.br\/en\/wp-json\/wp\/v2\/product_brand?post=21575"},{"taxonomy":"product_cat","embeddable":true,"href":"https:\/\/www.swedcham.com.br\/en\/wp-json\/wp\/v2\/product_cat?post=21575"},{"taxonomy":"product_tag","embeddable":true,"href":"https:\/\/www.swedcham.com.br\/en\/wp-json\/wp\/v2\/product_tag?post=21575"}],"curies":[{"name":"wp","href":"https:\/\/api.w.org\/{rel}","templated":true}]}}