{"id":21416,"date":"2020-09-23T17:11:18","date_gmt":"2020-09-23T20:11:18","guid":{"rendered":"https:\/\/www.swedcham.com.br\/events\/coming-events\/conexao-tech-houston-gestao-em-acao\/"},"modified":"2020-09-23T17:16:39","modified_gmt":"2020-09-23T20:16:39","slug":"conexao-tech-houston-gestao-em-acao","status":"publish","type":"product","link":"https:\/\/www.swedcham.com.br\/en\/product\/our-events\/conexao-tech-houston-gestao-em-acao\/","title":{"rendered":"Conex\u00e3o Tech: Houston \u2013 Gest\u00e3o em a\u00e7\u00e3o!"},"content":{"rendered":"<div>\n<div>\n<p><img loading=\"lazy\" decoding=\"async\" class=\"wp-image-21404 size-full aligncenter\" src=\"https:\/\/www.swedcham.com.br\/wp-content\/uploads\/2020\/09\/gs1.jpg\" alt=\"\" width=\"600\" height=\"350\" srcset=\"https:\/\/www.swedcham.com.br\/wp-content\/uploads\/2020\/09\/gs1.jpg 600w, https:\/\/www.swedcham.com.br\/wp-content\/uploads\/2020\/09\/gs1-300x175.jpg 300w\" sizes=\"auto, (max-width: 600px) 100vw, 600px\" \/><\/p>\n<\/div>\n<\/div>\n<p>No primeiro encontro da s\u00e9rie de eventos do\u00a0Conex\u00e3o Tech, te convidamos para debater o tema\u00a0\u201cHouston \u2013 Gest\u00e3o em a\u00e7\u00e3o!\u201d\u00a0e propor uma reflex\u00e3o sobre os impactos da transforma\u00e7\u00e3o em empresas e gestores.<\/p>\n<p>Os \u00faltimos meses marcam um momento crucial a gest\u00e3o empresarial: a ressignifica\u00e7\u00e3o de processos, onde gest\u00e3o remota, ESG (Environmental, Social and Corporate Governance) e cultura organizacional tornam-se os protagonistas.\u00a0E agora, como encontrar a f\u00f3rmula certa nas estrat\u00e9gias de Neg\u00f3cios?<\/p>\n<p>Pensando nisso, a GS1 convida os gestores dos mais diversos segmentos a refletir sobre novos modelos e tend\u00eancias, com tecnologia, criatividade e diversidade, rumo a um crescimento mais sustent\u00e1vel.<\/p>\n<table class=\" cke_show_border\" border=\"0\" cellspacing=\"0\" cellpadding=\"0\">\n<tbody>\n<tr>\n<td valign=\"top\" width=\"208\">\n<p align=\"center\"><strong><img loading=\"lazy\" decoding=\"async\" src=\"https:\/\/mcusercontent.com\/9a53a6aa1cef2bc498bbe264b\/images\/b558864e-07e4-46f8-87d4-d05782f8cbac.png\" width=\"164\" height=\"164\" data-file-id=\"3078002\" data-cke-saved-src=\"https:\/\/mcusercontent.com\/9a53a6aa1cef2bc498bbe264b\/images\/b558864e-07e4-46f8-87d4-d05782f8cbac.png\" \/>Moderadora:<\/strong><\/p>\n<p align=\"center\"><strong>Debora Freire<\/strong><br \/>\nCEO da DFREIRE Comunica\u00e7\u00e3o e Neg\u00f3cios<\/p>\n<\/td>\n<td valign=\"top\" width=\"207\">\n<p align=\"center\"><img loading=\"lazy\" decoding=\"async\" src=\"https:\/\/mcusercontent.com\/9a53a6aa1cef2bc498bbe264b\/images\/a62a87a2-1b82-4ed7-a933-065af9b55dc7.png\" width=\"164\" height=\"164\" data-file-id=\"3078006\" data-cke-saved-src=\"https:\/\/mcusercontent.com\/9a53a6aa1cef2bc498bbe264b\/images\/a62a87a2-1b82-4ed7-a933-065af9b55dc7.png\" \/><\/p>\n<p align=\"center\"><strong>Luiz Massad<\/strong><\/p>\n<p align=\"center\">Diretor de Gest\u00e3o de Pessoas no Magazine Luiza<\/p>\n<\/td>\n<td valign=\"top\" width=\"214\">\n<p align=\"center\"><strong><img loading=\"lazy\" decoding=\"async\" src=\"https:\/\/mcusercontent.com\/9a53a6aa1cef2bc498bbe264b\/images\/197aa1f3-c6f7-45bc-84e6-28e1f82fd5ba.png\" width=\"184\" height=\"165\" data-file-id=\"3078010\" data-cke-saved-src=\"https:\/\/mcusercontent.com\/9a53a6aa1cef2bc498bbe264b\/images\/197aa1f3-c6f7-45bc-84e6-28e1f82fd5ba.png\" \/><\/strong><\/p>\n<p align=\"center\"><strong>Helena Masullo<\/strong><\/p>\n<p align=\"center\">ESG na XP Inc.<\/p>\n<\/td>\n<\/tr>\n<\/tbody>\n<\/table>\n<p><strong>Anote na sua agenda:<\/strong><\/p>\n<p>Data:\u00a029\/09 (ter\u00e7a-feira)<br \/>\nHor\u00e1rio:\u00a0Das 9h \u00e0s 10h30<br \/>\nEvento online e gratuito!<\/p>\n<p>Conecte-se a esta experi\u00eancia \u00fanica!<\/p>\n<p><a href=\"https:\/\/conteudo.blog.gs1br.org\/conexaotech-gestao?utm_source=emailmkt&amp;utm_medium=disparo1&amp;utm_campaign=conexaotech_gestao\">Garanta sua vaga agora\u00a0\u2192<\/a><\/p>\n<p><strong>Patrocinadores VIP<\/strong><\/p>\n<p><img loading=\"lazy\" decoding=\"async\" class=\"alignleft size-full wp-image-21406\" src=\"https:\/\/www.swedcham.com.br\/wp-content\/uploads\/2020\/09\/patroci.png\" alt=\"\" width=\"555\" height=\"92\" srcset=\"https:\/\/www.swedcham.com.br\/wp-content\/uploads\/2020\/09\/patroci.png 555w, https:\/\/www.swedcham.com.br\/wp-content\/uploads\/2020\/09\/patroci-300x50.png 300w\" sizes=\"auto, (max-width: 555px) 100vw, 555px\" \/><\/p>\n<p>&nbsp;<\/p>\n<p>&nbsp;<\/p>\n<p>&nbsp;<\/p>\n<p><strong>Realiza\u00e7\u00e3o<\/strong><\/p>\n<p><img loading=\"lazy\" decoding=\"async\" class=\"alignleft size-full wp-image-21408\" src=\"https:\/\/www.swedcham.com.br\/wp-content\/uploads\/2020\/09\/gs1l.jpg\" alt=\"\" width=\"200\" height=\"100\" srcset=\"https:\/\/www.swedcham.com.br\/wp-content\/uploads\/2020\/09\/gs1l.jpg 200w, https:\/\/www.swedcham.com.br\/wp-content\/uploads\/2020\/09\/gs1l-100x50.jpg 100w\" sizes=\"auto, (max-width: 200px) 100vw, 200px\" \/><\/p>\n<p>&nbsp;<\/p>\n<p>&nbsp;<\/p>\n<p>&nbsp;<\/p>\n<p><strong>Apoio<\/strong><\/p>\n<p><img loading=\"lazy\" decoding=\"async\" class=\"alignleft size-full wp-image-21410\" src=\"https:\/\/www.swedcham.com.br\/wp-content\/uploads\/2020\/09\/ko.jpg\" alt=\"\" width=\"100\" height=\"26\" \/><\/p>\n<p>&nbsp;<\/p>\n<p><img loading=\"lazy\" decoding=\"async\" class=\"alignleft size-full wp-image-21412\" src=\"https:\/\/www.swedcham.com.br\/wp-content\/uploads\/2020\/09\/ver.jpg\" alt=\"\" width=\"100\" height=\"22\" \/><\/p>\n<p>&nbsp;<\/p>\n<p><strong>Parceiro<\/strong><\/p>\n<p><img loading=\"lazy\" decoding=\"async\" class=\"alignleft size-full wp-image-21414\" src=\"https:\/\/www.swedcham.com.br\/wp-content\/uploads\/2020\/09\/beat.png\" alt=\"\" width=\"100\" height=\"18\" \/><\/p>\n<p>&nbsp;<\/p>\n<p>&nbsp;<\/p>\n<p><strong>M\u00eddia Oficial<\/strong><\/p>\n<p><strong>PORTAL DE NOT\u00cdCIAS &#8211; GS1 BRASIL<\/strong><\/p>\n<p>&nbsp;<\/p>\n","protected":false},"excerpt":{"rendered":"<p>No primeiro encontro da s\u00e9rie de eventos do\u00a0Conex\u00e3o Tech, te convidamos para debater o tema\u00a0\u201cHouston \u2013 Gest\u00e3o em a\u00e7\u00e3o!\u201d\u00a0e propor<\/p>\n","protected":false},"featured_media":0,"template":"","meta":[],"product_brand":[],"product_cat":[228],"product_tag":[],"class_list":{"0":"post-21416","1":"product","2":"type-product","3":"status-publish","5":"product_cat-our-events","7":"first","8":"instock","9":"shipping-taxable","10":"product-type-simple"},"_links":{"self":[{"href":"https:\/\/www.swedcham.com.br\/en\/wp-json\/wp\/v2\/product\/21416","targetHints":{"allow":["GET"]}}],"collection":[{"href":"https:\/\/www.swedcham.com.br\/en\/wp-json\/wp\/v2\/product"}],"about":[{"href":"https:\/\/www.swedcham.com.br\/en\/wp-json\/wp\/v2\/types\/product"}],"wp:attachment":[{"href":"https:\/\/www.swedcham.com.br\/en\/wp-json\/wp\/v2\/media?parent=21416"}],"wp:term":[{"taxonomy":"product_brand","embeddable":true,"href":"https:\/\/www.swedcham.com.br\/en\/wp-json\/wp\/v2\/product_brand?post=21416"},{"taxonomy":"product_cat","embeddable":true,"href":"https:\/\/www.swedcham.com.br\/en\/wp-json\/wp\/v2\/product_cat?post=21416"},{"taxonomy":"product_tag","embeddable":true,"href":"https:\/\/www.swedcham.com.br\/en\/wp-json\/wp\/v2\/product_tag?post=21416"}],"curies":[{"name":"wp","href":"https:\/\/api.w.org\/{rel}","templated":true}]}}