{"id":21311,"date":"2020-09-08T15:47:04","date_gmt":"2020-09-08T18:47:04","guid":{"rendered":"https:\/\/www.swedcham.com.br\/events\/coming-events\/global-mobility-desafios-tendencias-e-human-touch\/"},"modified":"2020-12-17T11:59:27","modified_gmt":"2020-12-17T14:59:27","slug":"global-mobility-desafios-tendencias-e-human-touch","status":"publish","type":"product","link":"https:\/\/www.swedcham.com.br\/en\/product\/our-events\/global-mobility-desafios-tendencias-e-human-touch\/","title":{"rendered":"Global Mobility \u2013 desafios, tend\u00eancias e &#8220;Human Touch&#8221;"},"content":{"rendered":"<p>O Comit\u00ea de Capital Humano\u00a0da SWEDCHAM em coopera\u00e7\u00e3o com a DUTCHAM convidam para o \u00a0Webinar:<br \/>\n<em><strong>\u00a0<\/strong><\/em><br \/>\n<strong><em>Global Mobility \u2013 desafios, tend\u00eancias e &#8220;Human Touch&#8221;<\/em><\/strong><\/p>\n<p><iframe loading=\"lazy\" title=\"Global Mobility \u2013 desafios, tend\u00eancias e \u201cHuman Touch\u201d\" width=\"640\" height=\"360\" src=\"https:\/\/www.youtube.com\/embed\/9YWA40FtZ9Y?feature=oembed\" frameborder=\"0\" allow=\"accelerometer; autoplay; clipboard-write; encrypted-media; gyroscope; picture-in-picture; web-share\" referrerpolicy=\"strict-origin-when-cross-origin\" allowfullscreen><\/iframe><\/p>\n<p>Patricia Tavares nos trar\u00e1 uma vis\u00e3o diferenciada sobre uma das \u00e1reas de Recursos Humanos mais impactadas pelo cen\u00e1rio pand\u00eamico e pela transforma\u00e7\u00e3o tecnol\u00f3gica: a Mobilidade Global. Abordaremos best-practices gerais e os principais desafios gerenciando movimenta\u00e7\u00f5es internacionais de Expatriados no cen\u00e1rio atual na regi\u00e3o da Am\u00e9rica Latina. Conversaremos tamb\u00e9m sobre a import\u00e2ncia da reten\u00e7\u00e3o de Talentos a n\u00edvel global, a lideran\u00e7a de equipes multiculturais e remotas; e as principais compet\u00eancias para um profissional diferenciar-se na \u00e1rea de Global Mobility.<\/p>\n<p>&nbsp;<\/p>\n<p class=\"m_3630756642185695850normal\" style=\"text-align: left;\"><img loading=\"lazy\" decoding=\"async\" class=\"alignleft wp-image-21307\" src=\"https:\/\/www.swedcham.com.br\/wp-content\/uploads\/2020\/09\/COnvite-285x300.png\" alt=\"\" width=\"211\" height=\"222\" srcset=\"https:\/\/www.swedcham.com.br\/wp-content\/uploads\/2020\/09\/COnvite-285x300.png 285w, https:\/\/www.swedcham.com.br\/wp-content\/uploads\/2020\/09\/COnvite.png 574w\" sizes=\"auto, (max-width: 211px) 100vw, 211px\" \/><\/p>\n<p><strong>Patricia Tavares &#8211;\u00a0<\/strong>\u00e9<strong>\u00a0<\/strong>Head de Global Mobility para Americas da Unilever &#8211; com not\u00e1vel experi\u00eancia de mais de 20 anos em diversas \u00e1reas de Recursos Humanos, e forte atua\u00e7\u00e3o em Global Mobility. Previamente durante sua atua\u00e7\u00e3o\u00a0em um banco internacional, teve tamb\u00e9m trajet\u00f3ria internacional com expatria\u00e7\u00e3o aos Estados Unidos.\u00a0Al\u00e9m de atuar corporativamente, ela \u00e9 co-fundadora do Brazil Talks, uma plataforma que tem como proposito compartilhar conhecimento e melhores pr\u00e1ticas da \u00e1rea de Recursos Humanos e Mobilidade Global. Tamb\u00e9m atua como Embaixadora e no Conselho do Global Mobility Journals.<\/p>\n\n<h3>Quando<\/h3>\n<p><span class=\"m_8215363500706865736m_-1492442068443120964mc-toc-title\">Quinta-feira, 17\/09\u00a0\u00e0s 15h <\/span><\/p>\n<h3><strong>Agenda<\/strong><\/h3>\n<p>15:00 \u2013 15:40\u00a0 Apresenta\u00e7\u00e3o com <strong>Patricia Tavares \u00a0<\/strong><br \/>\n15:40\u00a0\u201316:00 Q&amp;A e discuss\u00e3o com participantes<\/p>\n<p>Moderadora: <strong>Carol B\u00f6ttcher<\/strong>&#8211; Coordenadora do Comit\u00ea de Capital Humano da Swedcham<\/p>\n<h3>Idioma<\/h3>\n<p><span class=\"m_8215363500706865736m_-1492442068443120964mc-toc-title\">Portugu\u00eas<\/span><\/p>\n<h3>RSVP at\u00e9 17\/09<\/h3>\n<p><a href=\"mailto:eventos@swedcham.com.br?subject=Evento%2017%2F09\" target=\"_blank\" rel=\"noopener noreferrer\" data-cke-saved-href=\"mailto:eventos@swedcham.com.br?subject=Evento%2017%2F09\">eventos@swedcham.com.br<\/a><\/p>\n<p>O link de acesso \u00e0 live ser\u00e1 enviado antes\u00a0do evento para todos que confirmarem sua participa\u00e7\u00e3o.<\/p>\n<p>Evento para associados e convidados da Swedcham e Dutcham.<\/p>\n<div><\/div>\n<h3><strong>Organiza\u00e7\u00e3o:<\/strong><\/h3>\n<div>\n<p><img decoding=\"async\" src=\"https:\/\/gallery.mailchimp.com\/9a53a6aa1cef2bc498bbe264b\/images\/07dc0c57-417f-4228-99c2-07ee3298d549.jpg\" \/><\/p>\n<p><img loading=\"lazy\" decoding=\"async\" class=\"alignleft wp-image-21309\" src=\"https:\/\/www.swedcham.com.br\/wp-content\/uploads\/2020\/09\/logo-Dutcham-300x76.png\" alt=\"\" width=\"202\" height=\"51\" srcset=\"https:\/\/www.swedcham.com.br\/wp-content\/uploads\/2020\/09\/logo-Dutcham-300x76.png 300w, https:\/\/www.swedcham.com.br\/wp-content\/uploads\/2020\/09\/logo-Dutcham-600x152.png 600w, https:\/\/www.swedcham.com.br\/wp-content\/uploads\/2020\/09\/logo-Dutcham-1024x260.png 1024w, https:\/\/www.swedcham.com.br\/wp-content\/uploads\/2020\/09\/logo-Dutcham-768x195.png 768w, https:\/\/www.swedcham.com.br\/wp-content\/uploads\/2020\/09\/logo-Dutcham.png 1506w\" sizes=\"auto, (max-width: 202px) 100vw, 202px\" \/><\/p>\n<p>&nbsp;<\/p>\n<\/div>\n","protected":false},"excerpt":{"rendered":"<p>O Comit\u00ea de Capital Humano\u00a0da SWEDCHAM em coopera\u00e7\u00e3o com a DUTCHAM convidam para o \u00a0Webinar: \u00a0 Global Mobility \u2013 desafios,<\/p>\n","protected":false},"featured_media":0,"template":"","meta":[],"product_brand":[],"product_cat":[228],"product_tag":[],"class_list":{"0":"post-21311","1":"product","2":"type-product","3":"status-publish","5":"product_cat-our-events","7":"first","8":"instock","9":"shipping-taxable","10":"product-type-simple"},"_links":{"self":[{"href":"https:\/\/www.swedcham.com.br\/en\/wp-json\/wp\/v2\/product\/21311","targetHints":{"allow":["GET"]}}],"collection":[{"href":"https:\/\/www.swedcham.com.br\/en\/wp-json\/wp\/v2\/product"}],"about":[{"href":"https:\/\/www.swedcham.com.br\/en\/wp-json\/wp\/v2\/types\/product"}],"wp:attachment":[{"href":"https:\/\/www.swedcham.com.br\/en\/wp-json\/wp\/v2\/media?parent=21311"}],"wp:term":[{"taxonomy":"product_brand","embeddable":true,"href":"https:\/\/www.swedcham.com.br\/en\/wp-json\/wp\/v2\/product_brand?post=21311"},{"taxonomy":"product_cat","embeddable":true,"href":"https:\/\/www.swedcham.com.br\/en\/wp-json\/wp\/v2\/product_cat?post=21311"},{"taxonomy":"product_tag","embeddable":true,"href":"https:\/\/www.swedcham.com.br\/en\/wp-json\/wp\/v2\/product_tag?post=21311"}],"curies":[{"name":"wp","href":"https:\/\/api.w.org\/{rel}","templated":true}]}}