{"id":20644,"date":"2020-06-05T14:54:30","date_gmt":"2020-06-05T17:54:30","guid":{"rendered":"https:\/\/www.swedcham.com.br\/events\/coming-events\/responsabilidade-civil-do-empregador-com-a-pandemia-e-programacao-de-retorno-ao-trabalho\/"},"modified":"2020-12-17T12:16:18","modified_gmt":"2020-12-17T15:16:18","slug":"responsabilidade-civil-do-empregador-com-a-pandemia-e-programacao-de-retorno-ao-trabalho","status":"publish","type":"product","link":"https:\/\/www.swedcham.com.br\/en\/product\/our-events\/responsabilidade-civil-do-empregador-com-a-pandemia-e-programacao-de-retorno-ao-trabalho\/","title":{"rendered":"Responsabilidade civil do empregador com a pandemia e programa\u00e7\u00e3o de retorno ao trabalho"},"content":{"rendered":"<p><iframe loading=\"lazy\" title=\"Responsabilidade civil do empregador com a pandemia e programa\u00e7\u00e3o de retorno ao trabalho\" width=\"640\" height=\"360\" src=\"https:\/\/www.youtube.com\/embed\/AfU73f0mDe0?feature=oembed\" frameborder=\"0\" allow=\"accelerometer; autoplay; clipboard-write; encrypted-media; gyroscope; picture-in-picture; web-share\" referrerpolicy=\"strict-origin-when-cross-origin\" allowfullscreen><\/iframe><\/p>\n<p>A volta aos escrit\u00f3rios \u00e9 uma realidade cada vez mais pr\u00f3xima. Quais medidas devemos tomar para garantir o bem-estar dos colaboradores? Como devo cumprir as exig\u00eancias das autoridades? Quais as minhas responsabilidades civis como empregador?<\/p>\n<p>O advogado Luiz Calixto Sandes, s\u00f3cio do Kincaid | Mendes Vianna Advogados, vai bater um papo com os associados da Swedcham para debater essas e outras d\u00favidas que est\u00e3o surgindo nesse momento.<\/p>\n<p class=\"m_3630756642185695850normal\" style=\"text-align: left;\"><img loading=\"lazy\" decoding=\"async\" class=\"alignleft wp-image-20640 size-medium\" src=\"https:\/\/www.swedcham.com.br\/wp-content\/uploads\/2020\/06\/Kincaid-224x300.jpg\" alt=\"\" width=\"224\" height=\"300\" srcset=\"https:\/\/www.swedcham.com.br\/wp-content\/uploads\/2020\/06\/Kincaid-224x300.jpg 224w, https:\/\/www.swedcham.com.br\/wp-content\/uploads\/2020\/06\/Kincaid-600x803.jpg 600w, https:\/\/www.swedcham.com.br\/wp-content\/uploads\/2020\/06\/Kincaid-768x1028.jpg 768w, https:\/\/www.swedcham.com.br\/wp-content\/uploads\/2020\/06\/Kincaid-765x1024.jpg 765w, https:\/\/www.swedcham.com.br\/wp-content\/uploads\/2020\/06\/Kincaid-scaled.jpg 1913w\" sizes=\"auto, (max-width: 224px) 100vw, 224px\" \/><\/p>\n<p><strong>Luiz Calixto Sandes<\/strong> \u00e9 s\u00f3cio do Kincaid | Mendes Vianna Advogados.<br \/>\nMestre em Direito, Calixto possui s\u00f3lida experi\u00eancia em Direito do Trabalho e Processual do Trabalho e Direito Processual Civil, atuando em contencioso especial e estrat\u00e9gico.<\/p>\n<p>&nbsp;<\/p>\n<p>&nbsp;<\/p>\n<p>&nbsp;<\/p>\n<p>&nbsp;<\/p>\n\n<h3>Quando<\/h3>\n<p><span class=\"m_8215363500706865736m_-1492442068443120964mc-toc-title\">Ter\u00e7a-feira, 16\/06 \u00e0s 15\u00a0horas<\/span><\/p>\n<p>Evento para associados e convidados da C\u00e2mara Sueca, incluindo todos os colaboradores nas empresas associadas.<\/p>\n<h3 class=\"m_8215363500706865736m_-1492442068443120964m_-8622026719244850452m_-7456309968160772443m_-5953347527171562918m_-919258446742338626detail_h3\">RSVP by 16\/06<\/h3>\n<div>\n<p><a href=\"mailto:eventos@swedcham.com.br?subject=Evento%2016%2F06\" target=\"_blank\" rel=\"noopener noreferrer\" data-cke-saved-href=\"mailto:eventos@swedcham.com.br?subject=Evento%2016%2F06\"><span class=\"m_8215363500706865736m_-1492442068443120964mc-toc-title\">eventos@swedcham.com.br<\/span><\/a><\/p>\n<p>O link de acesso \u00e0 live ser\u00e1 enviado um dia antes do evento para todos que confirmarem sua participa\u00e7\u00e3o.<\/p>\n<\/div>\n<div><\/div>\n<div><\/div>\n<div><\/div>\n<h3><strong>Organiza\u00e7\u00e3o:<\/strong><\/h3>\n<div>\n<p><img decoding=\"async\" src=\"https:\/\/gallery.mailchimp.com\/9a53a6aa1cef2bc498bbe264b\/images\/07dc0c57-417f-4228-99c2-07ee3298d549.jpg\" \/><\/p>\n<\/div>\n<h3><strong>Em parceria com:<br \/>\n<\/strong><\/h3>\n<p><img loading=\"lazy\" decoding=\"async\" class=\"alignleft wp-image-20642\" src=\"https:\/\/www.swedcham.com.br\/wp-content\/uploads\/2020\/06\/logo-k-300x86.png\" alt=\"\" width=\"215\" height=\"61\" srcset=\"https:\/\/www.swedcham.com.br\/wp-content\/uploads\/2020\/06\/logo-k-300x86.png 300w, https:\/\/www.swedcham.com.br\/wp-content\/uploads\/2020\/06\/logo-k-600x173.png 600w, https:\/\/www.swedcham.com.br\/wp-content\/uploads\/2020\/06\/logo-k-768x221.png 768w, https:\/\/www.swedcham.com.br\/wp-content\/uploads\/2020\/06\/logo-k-1024x295.png 1024w, https:\/\/www.swedcham.com.br\/wp-content\/uploads\/2020\/06\/logo-k.png 1980w\" sizes=\"auto, (max-width: 215px) 100vw, 215px\" \/><\/p>\n","protected":false},"excerpt":{"rendered":"<p>A volta aos escrit\u00f3rios \u00e9 uma realidade cada vez mais pr\u00f3xima. Quais medidas devemos tomar para garantir o bem-estar dos<\/p>\n","protected":false},"featured_media":0,"template":"","meta":[],"product_brand":[],"product_cat":[228],"product_tag":[],"class_list":{"0":"post-20644","1":"product","2":"type-product","3":"status-publish","5":"product_cat-our-events","7":"first","8":"instock","9":"shipping-taxable","10":"product-type-simple"},"_links":{"self":[{"href":"https:\/\/www.swedcham.com.br\/en\/wp-json\/wp\/v2\/product\/20644","targetHints":{"allow":["GET"]}}],"collection":[{"href":"https:\/\/www.swedcham.com.br\/en\/wp-json\/wp\/v2\/product"}],"about":[{"href":"https:\/\/www.swedcham.com.br\/en\/wp-json\/wp\/v2\/types\/product"}],"wp:attachment":[{"href":"https:\/\/www.swedcham.com.br\/en\/wp-json\/wp\/v2\/media?parent=20644"}],"wp:term":[{"taxonomy":"product_brand","embeddable":true,"href":"https:\/\/www.swedcham.com.br\/en\/wp-json\/wp\/v2\/product_brand?post=20644"},{"taxonomy":"product_cat","embeddable":true,"href":"https:\/\/www.swedcham.com.br\/en\/wp-json\/wp\/v2\/product_cat?post=20644"},{"taxonomy":"product_tag","embeddable":true,"href":"https:\/\/www.swedcham.com.br\/en\/wp-json\/wp\/v2\/product_tag?post=20644"}],"curies":[{"name":"wp","href":"https:\/\/api.w.org\/{rel}","templated":true}]}}