{"id":20480,"date":"2020-05-12T16:17:27","date_gmt":"2020-05-12T19:17:27","guid":{"rendered":"https:\/\/www.swedcham.com.br\/events\/coming-events\/o-modelo-sueco-visto-com-olhos-brasileiros\/"},"modified":"2020-05-20T13:48:29","modified_gmt":"2020-05-20T16:48:29","slug":"o-modelo-sueco-visto-com-olhos-brasileiros","status":"publish","type":"product","link":"https:\/\/www.swedcham.com.br\/en\/product\/our-events\/o-modelo-sueco-visto-com-olhos-brasileiros\/","title":{"rendered":"O modelo sueco visto com olhos brasileiros"},"content":{"rendered":"<p><strong>Qual a vis\u00e3o de uma brasileira residente na Su\u00e9cia sobre o modelo sueco<\/strong>?<\/p>\n<p>A jornalista Claudia Wallin, autora do livro <a href=\"https:\/\/www.claudiawallin.com.br\/o-livro\/\" target=\"_blank\" rel=\"noopener\" data-cke-saved-href=\"https:\/\/www.claudiawallin.com.br\/o-livro\/\">Um pa\u00eds sem excel\u00eancias e mordomias<\/a>, que aborda o sistema sueco apoiado nos pilares da transpar\u00eancia, escolaridade e igualdade, ser\u00e1 a nossa pr\u00f3xima convidada, ao vivo, diretamente de Estocolmo.<\/p>\n<p>H\u00e1 menos de 100 anos, a Su\u00e9cia era um pa\u00eds pobre, mas habitado por um povo determinado que conseguiu sair da pobreza e do atraso com investimento em educa\u00e7\u00e3o, ci\u00eancia, tecnologia, justi\u00e7a e projetos nacionais integrados. Segundo Claudia, \u00e9 poss\u00edvel, com pequenos e grandes atos, resgatar uma cultura de respeito \u00e0s regras, \u00e0s leis e ao povo e melhorar as condi\u00e7\u00f5es de vida para todos.<\/p>\n<p>Nesse evento, \u00a0Claudia comentar\u00e1 sobre a situa\u00e7\u00e3o da Covid-19 e como as autoridades t\u00eam agido para conter a pandemia na Su\u00e9cia, mas vamos ouvir tamb\u00e9m sobre o respeito ao dinheiro p\u00fablico no pa\u00eds, que se tornou um modelo de igualdade social, e como os suecos, em geral, pensam sobre sustentabilidade, educa\u00e7\u00e3o, inova\u00e7\u00e3o e democracia.<\/p>\n<p class=\"m_3630756642185695850normal\" style=\"text-align: left;\"><img loading=\"lazy\" decoding=\"async\" class=\"alignleft wp-image-20478 size-medium\" src=\"https:\/\/www.swedcham.com.br\/wp-content\/uploads\/2020\/05\/Foto_Claudia_Suecia-thumb-300x199.png\" alt=\"\" width=\"300\" height=\"199\" srcset=\"https:\/\/www.swedcham.com.br\/wp-content\/uploads\/2020\/05\/Foto_Claudia_Suecia-thumb-300x199.png 300w, https:\/\/www.swedcham.com.br\/wp-content\/uploads\/2020\/05\/Foto_Claudia_Suecia-thumb-215x143.png 215w, https:\/\/www.swedcham.com.br\/wp-content\/uploads\/2020\/05\/Foto_Claudia_Suecia-thumb.png 433w\" sizes=\"auto, (max-width: 300px) 100vw, 300px\" \/><\/p>\n<p>CLAUDIA WALLIN \u00e9 jornalista e consultora. Radicada na Su\u00e9cia desde 2003, \u00e9 graduada em Jornalismo pela Universidade Federal do Rio de Janeiro (UFRJ) e mestre em Estudos sobre a R\u00fassia e o Leste Europeu pela Universidade de Birmingham, na Inglaterra, com forma\u00e7\u00e3o ainda em Sueco pela Universidade de Estocolmo. Foi rep\u00f3rter e redatora da Editoria Internacional do jornal O Globo at\u00e9 se transferir para a Inglaterra, onde trabalhou durante dez anos como diretora da International Herald Tribune TV, chefe do escrit\u00f3rio de jornalismo da TV Globo em Londres e jornalista da se\u00e7\u00e3o brasileira da BBC World Service.<\/p>\n<p>&nbsp;<\/p>\n\n<h3>Quando<\/h3>\n<p><span class=\"m_8215363500706865736m_-1492442068443120964mc-toc-title\">Quinta-feira, 21\/05 \u00e0s 10 horas<\/span><\/p>\n<p>Evento para associados e convidados da C\u00e2mara Sueca, incluindo todos os colaboradores nas empresas associadas.<\/p>\n<h3 class=\"m_8215363500706865736m_-1492442068443120964m_-8622026719244850452m_-7456309968160772443m_-5953347527171562918m_-919258446742338626detail_h3\">RSVP by 21\/05<\/h3>\n<div>\n<p><a href=\"mailto:eventos@swedcham.com.br?subject=Evento%2005%2F05\" target=\"_blank\" rel=\"noopener\" data-cke-saved-href=\"mailto:eventos@swedcham.com.br?subject=Evento%2005%2F05\"><span class=\"m_8215363500706865736m_-1492442068443120964mc-toc-title\">eventos@swedcham.com.br<\/span><\/a><\/p>\n<p>O link de acesso \u00e0 live ser\u00e1 enviado um dia antes do evento para todos que confirmarem sua participa\u00e7\u00e3o.<\/p>\n<\/div>\n<div><\/div>\n<div><\/div>\n<div><\/div>\n<h3><strong>Organiza\u00e7\u00e3o:<\/strong><\/h3>\n<div>\n<p><img decoding=\"async\" src=\"https:\/\/gallery.mailchimp.com\/9a53a6aa1cef2bc498bbe264b\/images\/07dc0c57-417f-4228-99c2-07ee3298d549.jpg\" \/><\/p>\n<\/div>\n","protected":false},"excerpt":{"rendered":"<p>Qual a vis\u00e3o de uma brasileira residente na Su\u00e9cia sobre o modelo sueco? A jornalista Claudia Wallin, autora do livro<\/p>\n","protected":false},"featured_media":0,"template":"","meta":[],"product_brand":[],"product_cat":[228],"product_tag":[],"class_list":{"0":"post-20480","1":"product","2":"type-product","3":"status-publish","5":"product_cat-our-events","7":"first","8":"instock","9":"shipping-taxable","10":"product-type-simple"},"_links":{"self":[{"href":"https:\/\/www.swedcham.com.br\/en\/wp-json\/wp\/v2\/product\/20480","targetHints":{"allow":["GET"]}}],"collection":[{"href":"https:\/\/www.swedcham.com.br\/en\/wp-json\/wp\/v2\/product"}],"about":[{"href":"https:\/\/www.swedcham.com.br\/en\/wp-json\/wp\/v2\/types\/product"}],"wp:attachment":[{"href":"https:\/\/www.swedcham.com.br\/en\/wp-json\/wp\/v2\/media?parent=20480"}],"wp:term":[{"taxonomy":"product_brand","embeddable":true,"href":"https:\/\/www.swedcham.com.br\/en\/wp-json\/wp\/v2\/product_brand?post=20480"},{"taxonomy":"product_cat","embeddable":true,"href":"https:\/\/www.swedcham.com.br\/en\/wp-json\/wp\/v2\/product_cat?post=20480"},{"taxonomy":"product_tag","embeddable":true,"href":"https:\/\/www.swedcham.com.br\/en\/wp-json\/wp\/v2\/product_tag?post=20480"}],"curies":[{"name":"wp","href":"https:\/\/api.w.org\/{rel}","templated":true}]}}