{"id":19918,"date":"2020-02-20T15:16:36","date_gmt":"2020-02-20T18:16:36","guid":{"rendered":"https:\/\/www.swedcham.com.br\/events\/coming-events\/negocios-4-0-e-as-demandas-para-a-gestao-de-pessoas\/"},"modified":"2020-02-20T15:16:36","modified_gmt":"2020-02-20T18:16:36","slug":"negocios-4-0-e-as-demandas-para-a-gestao-de-pessoas","status":"publish","type":"product","link":"https:\/\/www.swedcham.com.br\/en\/product\/our-events\/negocios-4-0-e-as-demandas-para-a-gestao-de-pessoas\/","title":{"rendered":"Neg\u00f3cios 4.0 e as demandas para a Gest\u00e3o de Pessoas"},"content":{"rendered":"<p>O\u00a0Comit\u00ea de Capital Humano\u00a0da Swedcham\u00a0convida para\u00a0apresenta\u00e7\u00e3o de Daniel Jardim, seguida de mesa redonda com todos os participantes do evento.<\/p>\n<p><strong>Neg\u00f3cios 4.0 e as demandas para a Gest\u00e3o de Pessoas<\/strong><\/p>\n<p>Em um momento em que vivemos a 4\u00aa revolu\u00e7\u00e3o industrial \u00e9 fundamental entendermos e discutirmos sobre novas demandas que impactem a Gest\u00e3o de Pessoas e Recursos Humanos, mantendo uma s\u00f3lida base de conhecimento, a fim de fomentar vantagem competitiva e o crescimento sustent\u00e1vel neste processo de adapta\u00e7\u00e3o.<\/p>\n<p><strong>Palestrante:\u00a0<\/strong><\/p>\n<p class=\"m_3630756642185695850normal\" style=\"text-align: left;\"><img loading=\"lazy\" decoding=\"async\" class=\"alignleft wp-image-19914 size-medium\" src=\"https:\/\/www.swedcham.com.br\/wp-content\/uploads\/2020\/02\/Foto-Daniel-Jardim-Alta-300x283.jpg\" alt=\"\" width=\"300\" height=\"283\" srcset=\"https:\/\/www.swedcham.com.br\/wp-content\/uploads\/2020\/02\/Foto-Daniel-Jardim-Alta-300x283.jpg 300w, https:\/\/www.swedcham.com.br\/wp-content\/uploads\/2020\/02\/Foto-Daniel-Jardim-Alta.jpg 588w\" sizes=\"auto, (max-width: 300px) 100vw, 300px\" \/><\/p>\n<p style=\"font-weight: 400;\"><strong>Daniel Jardim &#8211;\u00a0<\/strong>Estrategista, Especialista em Empresas do Futuro<br \/>\nMBA \u2013 Gest\u00e3o Estrat\u00e9gica e Econ\u00f4mica de Neg\u00f3cios &#8211; FGV<br \/>\nGradua\u00e7\u00e3o \u2013 Engenharia Mecatr\u00f4nica \u2013 Universidade Bandeirante de S\u00e3o Paulo<br \/>\n<strong>Experi\u00eancia:<\/strong><br \/>\n20 anos no mercado Automotivo e de Log\u00edstica<br \/>\n6 anos como Senior Manager na Porsche Consulting<br \/>\nExperi\u00eancia com projetos internacionais (Europa, EUA \u00a0e Am\u00e9rica do Sul)<br \/>\n<strong>Foco de atua\u00e7\u00e3o:<\/strong><br \/>\nRecupera\u00e7\u00e3o e reestrutura\u00e7\u00e3o de neg\u00f3cios com a defini\u00e7\u00e3o de estrat\u00e9gias e caminho sustent\u00e1vel para os neg\u00f3cios. Renegocia\u00e7\u00e3o com credores e ramp up de imagem junto ao mercado. Produtividade em opera\u00e7\u00f5es e defini\u00e7\u00e3o de jornada Lean para melhoria de resultados, defini\u00e7\u00e3o de roteiro para implementa\u00e7\u00e3o de empresas do futuro.<\/p>\n<p>&nbsp;<\/p>\n<p>&nbsp;<\/p>\n<h3 class=\"m_3176895204764632988m_-7456309968160772443m_-5953347527171562918m_-919258446742338626detail_h3\"><strong>Quando<\/strong><\/h3>\n<p><span class=\"m_8215363500706865736m_-1492442068443120964mc-toc-title\">Quinta-feira, 12\u00a0de mar<\/span>\u00e7<span class=\"m_8215363500706865736m_-1492442068443120964mc-toc-title\">o,\u00a0\u00e0s 08:30h.<\/span><\/p>\n<h3 class=\"m_3176895204764632988m_-7456309968160772443m_-5953347527171562918m_-919258446742338626detail_h3\"><strong>Onde<\/strong><\/h3>\n<p><strong>Swedcham<\/strong><br \/>\nRua Oscar Freire, 379, 12\u00ba andar, Cj 121<br \/>\nCerqueira C\u00e9sar<\/p>\n<p><strong>900 metros da esta\u00e7\u00e3o Oscar Freire de metr\u00f4<\/strong><\/p>\n<h3><strong>Estacionamento<\/strong><\/h3>\n<p><span class=\"m_8215363500706865736m_-1492442068443120964mc-toc-title\">Indicamos o estacionamento do Hotel Regent Park. Rua Oscar Freire, 533<\/span><\/p>\n<h3 class=\"m_3176895204764632988m_-7456309968160772443m_-5953347527171562918m_-919258446742338626detail_h3\"><strong>Agenda<\/strong><\/h3>\n<p><span class=\"m_8215363500706865736m_-1492442068443120964mc-toc-title\">08:30 Welcome coffee<\/span><\/p>\n<p>09:00 Introdu\u00e7\u00e3o: <span style=\"font-family: verdana, arial, helvetica, sans-serif;\"><strong>Carol B\u00f6ttcher<\/strong>&#8211; Coordenadora do Comit\u00ea de Capital Humano da Swedcham<\/span><\/p>\n<p>09:05 \u00a0Apresenta\u00e7\u00e3o: <span style=\"font-family: verdana, arial, helvetica, sans-serif;\"><strong>Daniel Jardim\u00a0<\/strong><\/span><\/p>\n<p>09:55\u00a0 Q&amp;A<\/p>\n<p><span class=\"m_8215363500706865736m_-1492442068443120964mc-toc-title\">10:30\u00a0Caf\u00e9 e\u00a0networking<\/span><\/p>\n<h3><strong>Idioma<\/strong><\/h3>\n<p>Portugu\u00eas<\/p>\n<h3><strong>Investimento<\/strong><\/h3>\n<p>Associados: Gratuito<\/p>\n<p>N\u00e3o associados: R$50,00<\/p>\n<div>RSVP by 10\/03\/2020<\/div>\n<div><\/div>\n<div><\/div>\n<div><\/div>\n<div><strong>Members: <\/strong><a href=\"mailto:eventos@swedcham.com.br\">eventos@swedcham.com.br<\/a><\/div>\n","protected":false},"excerpt":{"rendered":"<p>O\u00a0Comit\u00ea de Capital Humano\u00a0da Swedcham\u00a0convida para\u00a0apresenta\u00e7\u00e3o de Daniel Jardim, seguida de mesa redonda com todos os participantes do evento. Neg\u00f3cios<\/p>\n","protected":false},"featured_media":0,"template":"","meta":[],"product_brand":[],"product_cat":[228],"product_tag":[],"class_list":{"0":"post-19918","1":"product","2":"type-product","3":"status-publish","5":"product_cat-our-events","7":"first","8":"instock","9":"shipping-taxable","10":"purchasable","11":"product-type-variable"},"_links":{"self":[{"href":"https:\/\/www.swedcham.com.br\/en\/wp-json\/wp\/v2\/product\/19918","targetHints":{"allow":["GET"]}}],"collection":[{"href":"https:\/\/www.swedcham.com.br\/en\/wp-json\/wp\/v2\/product"}],"about":[{"href":"https:\/\/www.swedcham.com.br\/en\/wp-json\/wp\/v2\/types\/product"}],"wp:attachment":[{"href":"https:\/\/www.swedcham.com.br\/en\/wp-json\/wp\/v2\/media?parent=19918"}],"wp:term":[{"taxonomy":"product_brand","embeddable":true,"href":"https:\/\/www.swedcham.com.br\/en\/wp-json\/wp\/v2\/product_brand?post=19918"},{"taxonomy":"product_cat","embeddable":true,"href":"https:\/\/www.swedcham.com.br\/en\/wp-json\/wp\/v2\/product_cat?post=19918"},{"taxonomy":"product_tag","embeddable":true,"href":"https:\/\/www.swedcham.com.br\/en\/wp-json\/wp\/v2\/product_tag?post=19918"}],"curies":[{"name":"wp","href":"https:\/\/api.w.org\/{rel}","templated":true}]}}