{"id":19615,"date":"2020-01-20T16:23:52","date_gmt":"2020-01-20T19:23:52","guid":{"rendered":"https:\/\/www.swedcham.com.br\/events\/coming-events\/as-relacoes-entre-redes-sociais-e-saude-mental-avaliando-questoes-sobre-ansiedade-consumo-compulsivo-e-depressao\/"},"modified":"2020-01-20T16:29:08","modified_gmt":"2020-01-20T19:29:08","slug":"as-relacoes-entre-redes-sociais-e-saude-mental-avaliando-questoes-sobre-ansiedade-consumo-compulsivo-e-depressao","status":"publish","type":"product","link":"https:\/\/www.swedcham.com.br\/en\/product\/our-events\/as-relacoes-entre-redes-sociais-e-saude-mental-avaliando-questoes-sobre-ansiedade-consumo-compulsivo-e-depressao\/","title":{"rendered":"As rela\u00e7\u00f5es entre redes sociais e sa\u00fade mental, avaliando quest\u00f5es sobre ansiedade, consumo compulsivo e depress\u00e3o"},"content":{"rendered":"<div><img loading=\"lazy\" decoding=\"async\" class=\"aligncenter wp-image-19611\" src=\"https:\/\/www.swedcham.com.br\/wp-content\/uploads\/2020\/01\/convite-300x300.png\" alt=\"\" width=\"500\" height=\"500\" srcset=\"https:\/\/www.swedcham.com.br\/wp-content\/uploads\/2020\/01\/convite-300x300.png 300w, https:\/\/www.swedcham.com.br\/wp-content\/uploads\/2020\/01\/convite-100x100.png 100w, https:\/\/www.swedcham.com.br\/wp-content\/uploads\/2020\/01\/convite-600x600.png 600w, https:\/\/www.swedcham.com.br\/wp-content\/uploads\/2020\/01\/convite-150x150.png 150w, https:\/\/www.swedcham.com.br\/wp-content\/uploads\/2020\/01\/convite-768x768.png 768w, https:\/\/www.swedcham.com.br\/wp-content\/uploads\/2020\/01\/convite.png 1000w\" sizes=\"auto, (max-width: 500px) 100vw, 500px\" \/><\/div>\n<p>&nbsp;<\/p>\n<p>O est\u00edmulo digital est\u00e1 por toda parte!<\/p>\n<p>Um relat\u00f3rio divulgado no ano passado\u00a0pelas empresas We are Social e Hootsuite, intitulado \u201cDigital in 2018: The Americas&#8221;, apontou que 62% da popula\u00e7\u00e3o est\u00e1 nas redes sociais.<\/p>\n<p>Informa\u00e7\u00e3o r\u00e1pida, Networking, amizades, reencontros, tudo isso voc\u00ea pode ter na palma da sua m\u00e3o. Mas j\u00e1 parou para pensar nos contras de todo esse acesso e excesso de informa\u00e7\u00e3o?<\/p>\n<p>No dia 05 de fevereiro, receberemos o <strong>Thiago Costa, professor da FAAP e Head de Pesquisa e Entretenimento da EVCOM e a Beatriz Menezes, Marketing Analyst da empresa\u00a0MindMiners,<\/strong> para discutirmos sobre o tema:<\/p>\n<p><em><strong>As rela\u00e7\u00f5es entre redes sociais e sa\u00fade mental, avaliando quest\u00f5es sobre ansiedade, consumo compulsivo e depress\u00e3o.<\/strong><\/em><\/p>\n<div><\/div>\n<h3 class=\"m_3176895204764632988m_-7456309968160772443m_-5953347527171562918m_-919258446742338626detail_h3\"><strong>Quando<\/strong><\/h3>\n<p><span class=\"m_8215363500706865736m_-1492442068443120964mc-toc-title\">Quarta-feira, 05\u00a0de fevereiro\u00a0de 2020\u00a0\u00e0s 08:30h.<\/span><\/p>\n<h3 class=\"m_3176895204764632988m_-7456309968160772443m_-5953347527171562918m_-919258446742338626detail_h3\"><strong>Onde<\/strong><\/h3>\n<p><span class=\"m_8215363500706865736m_-1492442068443120964mc-toc-title\"><strong>Swedcham<\/strong><br \/>\nRua Oscar Freire, 379, 12\u00ba andar, Cj 121<br \/>\nCerqueira C\u00e9sar<\/span><\/p>\n<p>900 metros da\u00a0esta\u00e7\u00e3o Oscar Freire de metr\u00f4<\/p>\n<h3><strong>Estacionamento<\/strong><\/h3>\n<p><span class=\"m_8215363500706865736m_-1492442068443120964mc-toc-title\">Indicamos o estacionamento do Hotel Regent Park. Rua Oscar Freire, 533.<\/span><\/p>\n<h3 class=\"m_3176895204764632988m_-7456309968160772443m_-5953347527171562918m_-919258446742338626detail_h3\"><strong>Agenda<\/strong><\/h3>\n<p><span class=\"m_8215363500706865736m_-1492442068443120964mc-toc-title\">08:30 Welcome coffee<\/span><\/p>\n<p>09:00 Introdu\u00e7\u00e3o:\u00a0<strong><span style=\"font-family: arial, helvetica neue, helvetica, sans-serif;\">Jonas Lindstr\u00f6m &#8211; Swedcham<\/span><\/strong><\/p>\n<p>09:05 \u00a0Apresenta\u00e7\u00e3o: <strong><span style=\"font-family: arial, helvetica neue, helvetica, sans-serif;\">Thiago Costa- Evcom e Beatriz Menezes &#8211; MindMiners<\/span><\/strong><\/p>\n<p>09:55\u00a0 Q&amp;A<\/p>\n<p><span class=\"m_8215363500706865736m_-1492442068443120964mc-toc-title\">10:30\u00a0Caf\u00e9 e\u00a0networking<\/span><\/p>\n<h3><strong>Investimento<\/strong><\/h3>\n<p>Associados: GratuitoN\u00e3o associados:\u00a0R$50,00<\/p>\n<div>\n<p><strong>RSVP by 03\/02\/2020<\/strong><\/p>\n<p><a href=\"mailto:eventos@swedcham.com.br\">eventos@swedcham.com.br<\/a><\/p>\n<\/div>\n<div><\/div>\n<div><\/div>\n","protected":false},"excerpt":{"rendered":"<p>&nbsp; O est\u00edmulo digital est\u00e1 por toda parte! Um relat\u00f3rio divulgado no ano passado\u00a0pelas empresas We are Social e Hootsuite,<\/p>\n","protected":false},"featured_media":0,"template":"","meta":[],"product_brand":[],"product_cat":[228],"product_tag":[],"class_list":{"0":"post-19615","1":"product","2":"type-product","3":"status-publish","5":"product_cat-our-events","7":"first","8":"instock","9":"shipping-taxable","10":"purchasable","11":"product-type-variable"},"_links":{"self":[{"href":"https:\/\/www.swedcham.com.br\/en\/wp-json\/wp\/v2\/product\/19615","targetHints":{"allow":["GET"]}}],"collection":[{"href":"https:\/\/www.swedcham.com.br\/en\/wp-json\/wp\/v2\/product"}],"about":[{"href":"https:\/\/www.swedcham.com.br\/en\/wp-json\/wp\/v2\/types\/product"}],"wp:attachment":[{"href":"https:\/\/www.swedcham.com.br\/en\/wp-json\/wp\/v2\/media?parent=19615"}],"wp:term":[{"taxonomy":"product_brand","embeddable":true,"href":"https:\/\/www.swedcham.com.br\/en\/wp-json\/wp\/v2\/product_brand?post=19615"},{"taxonomy":"product_cat","embeddable":true,"href":"https:\/\/www.swedcham.com.br\/en\/wp-json\/wp\/v2\/product_cat?post=19615"},{"taxonomy":"product_tag","embeddable":true,"href":"https:\/\/www.swedcham.com.br\/en\/wp-json\/wp\/v2\/product_tag?post=19615"}],"curies":[{"name":"wp","href":"https:\/\/api.w.org\/{rel}","templated":true}]}}