{"id":18981,"date":"2019-10-03T15:17:18","date_gmt":"2019-10-03T18:17:18","guid":{"rendered":"https:\/\/www.swedcham.com.br\/events\/coming-events\/perspectivas-economicas-pos-reforma-da-previdencia-do-brasil-e-eleicoes-presidenciais-na-argentina\/"},"modified":"2019-10-14T10:34:51","modified_gmt":"2019-10-14T13:34:51","slug":"perspectivas-economicas-pos-reforma-da-previdencia-do-brasil-e-eleicoes-presidenciais-na-argentina","status":"publish","type":"product","link":"https:\/\/www.swedcham.com.br\/en\/product\/our-events\/perspectivas-economicas-pos-reforma-da-previdencia-do-brasil-e-eleicoes-presidenciais-na-argentina\/","title":{"rendered":"Perspectivas econ\u00f4micas p\u00f3s reforma da Previd\u00eancia do Brasil e elei\u00e7\u00f5es presidenciais na Argentina"},"content":{"rendered":"<div dir=\"ltr\">\n<div>\n<p><strong>O\u00a0Comit\u00ea Financeiro da Swedcham\u00a0convida\u00a0para seguinte apresenta\u00e7\u00e3o:<\/strong><\/p>\n<\/div>\n<div>\n<p><strong>Perspectivas econ\u00f4micas p\u00f3s reforma da Previd\u00eancia do Brasil e elei\u00e7\u00f5es presidenciais na Argentina<\/strong><\/p>\n<\/div>\n<div>Agentes econ\u00f4micos v\u00eam aguardando melhorias ap\u00f3s a reforma da Previd\u00eancia, at\u00e9 o momento, o crescimento econ\u00f4mico est\u00e1 aqu\u00e9m das expectativas, estimativas apontam crescimento de 1% em 2019, frente \u00e0s previs\u00f5es globais estimadas em\u00a0 2.9%, os fatores externos influenciam diretamente.<br \/>\nO que podemos esperar da economia brasileira\u00a0a partir de 2020, mediante esse cen\u00e1rio?<strong>Palestrantes:<\/strong><\/p>\n<p class=\"m_3630756642185695850normal\" style=\"text-align: left;\"><img loading=\"lazy\" decoding=\"async\" class=\"alignleft wp-image-18975 size-full\" src=\"https:\/\/www.swedcham.com.br\/wp-content\/uploads\/2019\/10\/novo.png\" alt=\"\" width=\"145\" height=\"200\" \/><\/p>\n<p style=\"font-weight: 400;\"><strong>Adriano Pitoli<\/strong> \u00e9 o Chefe do N\u00facleo de Trabalho em S\u00e3o Paulo da Secret\u00e1ria da Ind\u00fastria, Com\u00e9rcio, Servi\u00e7os e Produtividade. Economista com gradua\u00e7\u00e3o e mestrado pela FEA-USP, foi s\u00f3cio-diretor da \u00e1rea de An\u00e1lise Setorial e Intelig\u00eancia de Mercado da Tend\u00eancias Consultoria Integrada, com passagens anteriores pela MCM Consultores Associados e Rosenberg Consultores.<\/p>\n<p>&nbsp;<\/p>\n<p>&nbsp;<\/p>\n<p>&nbsp;<\/p>\n<p class=\"m_3630756642185695850normal\" style=\"text-align: left;\"><img loading=\"lazy\" decoding=\"async\" class=\"alignleft wp-image-18977 size-full\" src=\"https:\/\/www.swedcham.com.br\/wp-content\/uploads\/2019\/10\/fabiokk.jpg\" alt=\"\" width=\"144\" height=\"200\" \/><\/p>\n<p style=\"font-weight: 400;\"><strong>Fabio Klein<\/strong> &#8211;\u00a0Doutor em Administra\u00e7\u00e3o P\u00fablica pela Funda\u00e7\u00e3o Get\u00falio Vargas de S\u00e3o Paulo (2012), com \u00eanfase em Economia do Setor P\u00fablico, Mestre em Desenvolvimento Econ\u00f4mico pela Universidade de Nottingham, UK (2006), Bacharel em Ci\u00eancias Sociais pela Universidade de S\u00e3o Paulo (2003) e Bacharel em Administra\u00e7\u00e3o P\u00fablica pela Funda\u00e7\u00e3o Get\u00falio Vargas SP (1999). Tem experi\u00eancia no setor governamental, no setor privado financeiro e em consultoria econ\u00f4mica, al\u00e9m de ter ministrado aulas em institui\u00e7\u00f5es p\u00fablicas e privadas. Em 2014, teve trabalho premiado no Pr\u00eamio Minist\u00e9rio da Fazenda de Economia\/Encontro da Anpec, com melhor artigo na categoria Economia do Setor P\u00fablico. Atualmente, \u00e9 consultor econ\u00f4mico especialista em finan\u00e7as p\u00fablicas na Tend\u00eancias Consultoria Integrada.<\/p>\n<h3 class=\"m_3176895204764632988m_-7456309968160772443m_-5953347527171562918m_-919258446742338626detail_h3\"><strong>Quando<\/strong><\/h3>\n<p><span class=\"m_8215363500706865736m_-1492442068443120964mc-toc-title\">Sexta-feira, 1\u00a0de novembro\u00a0de 2019 \u00e0s 08:30h.<\/span><\/p>\n<h3 class=\"m_3176895204764632988m_-7456309968160772443m_-5953347527171562918m_-919258446742338626detail_h3\"><strong>Onde<\/strong><\/h3>\n<p><strong>Swedcham<\/strong><br \/>\nRua Oscar Freire, 379, 12\u00ba andar, Cj 121<br \/>\nCerqueira C\u00e9sar<\/p>\n<p><strong>900 metros da esta\u00e7\u00e3o Oscar Freire de metr\u00f4<\/strong><\/p>\n<h3><strong>Estacionamento<\/strong><\/h3>\n<p><span class=\"m_8215363500706865736m_-1492442068443120964mc-toc-title\">Indicamos o estacionamento do Hotel Regent Park. Rua Oscar Freire, 533.<\/span><\/p>\n<h3 class=\"m_3176895204764632988m_-7456309968160772443m_-5953347527171562918m_-919258446742338626detail_h3\"><strong>Agenda<\/strong><\/h3>\n<p><span class=\"m_8215363500706865736m_-1492442068443120964mc-toc-title\">08:30 Welcome coffee<\/span><\/p>\n<p>09:00 Introdu\u00e7\u00e3o: Marcio Zanetti &#8211; Coordenador do Comit\u00ea Financeiro da Swedcham<\/p>\n<p>09:05 \u00a0Apresenta\u00e7\u00f5es &#8211; Adriano Pitoli e Fabio Klein<\/p>\n<p>10:00\u00a0 Q&amp;A<\/p>\n<p><span class=\"m_8215363500706865736m_-1492442068443120964mc-toc-title\">10:30\u00a0Caf\u00e9 e\u00a0networking<\/span><\/p>\n<h3><strong>Idioma<\/strong><\/h3>\n<p>Portugu\u00eas<\/p>\n<h3><strong>Investimento<\/strong><\/h3>\n<p>Associados da Swedcham: Gratuito<\/p>\n<p>N\u00e3o associados: R$50,00<\/p>\n<div>\n<h3 class=\"m_8215363500706865736m_-1492442068443120964m_-8622026719244850452m_-7456309968160772443m_-5953347527171562918m_-919258446742338626detail_h3\"><span class=\"m_8215363500706865736m_-1492442068443120964mc-toc-title\">Reservas:\u00a0<\/span>RSVP by 30\/10\/2019<\/h3>\n<p><span class=\"m_8215363500706865736m_-1492442068443120964mc-toc-title\">Associados: <a href=\"mailto:eventos@swedcham.com.br?subject=Evento%2001%2F11%2F2019\" target=\"_blank\" rel=\"noopener\" data-cke-saved-href=\"mailto:eventos@swedcham.com.br?subject=Evento%2001%2F11%2F2019\">eventos@swedcham.com.br<\/a><\/span><\/p>\n<\/div>\n<div><\/div>\n<div><\/div>\n<\/div>\n<\/div>\n","protected":false},"excerpt":{"rendered":"<p>O\u00a0Comit\u00ea Financeiro da Swedcham\u00a0convida\u00a0para seguinte apresenta\u00e7\u00e3o: Perspectivas econ\u00f4micas p\u00f3s reforma da Previd\u00eancia do Brasil e elei\u00e7\u00f5es presidenciais na Argentina Agentes<\/p>\n","protected":false},"featured_media":0,"template":"","meta":[],"product_brand":[],"product_cat":[228],"product_tag":[],"class_list":{"0":"post-18981","1":"product","2":"type-product","3":"status-publish","5":"product_cat-our-events","7":"first","8":"instock","9":"shipping-taxable","10":"purchasable","11":"product-type-variable"},"_links":{"self":[{"href":"https:\/\/www.swedcham.com.br\/en\/wp-json\/wp\/v2\/product\/18981","targetHints":{"allow":["GET"]}}],"collection":[{"href":"https:\/\/www.swedcham.com.br\/en\/wp-json\/wp\/v2\/product"}],"about":[{"href":"https:\/\/www.swedcham.com.br\/en\/wp-json\/wp\/v2\/types\/product"}],"wp:attachment":[{"href":"https:\/\/www.swedcham.com.br\/en\/wp-json\/wp\/v2\/media?parent=18981"}],"wp:term":[{"taxonomy":"product_brand","embeddable":true,"href":"https:\/\/www.swedcham.com.br\/en\/wp-json\/wp\/v2\/product_brand?post=18981"},{"taxonomy":"product_cat","embeddable":true,"href":"https:\/\/www.swedcham.com.br\/en\/wp-json\/wp\/v2\/product_cat?post=18981"},{"taxonomy":"product_tag","embeddable":true,"href":"https:\/\/www.swedcham.com.br\/en\/wp-json\/wp\/v2\/product_tag?post=18981"}],"curies":[{"name":"wp","href":"https:\/\/api.w.org\/{rel}","templated":true}]}}