{"id":18803,"date":"2019-09-11T12:53:02","date_gmt":"2019-09-11T15:53:02","guid":{"rendered":"https:\/\/www.swedcham.com.br\/events\/coming-events\/as-redes-industriais-e-a-industria-4-0\/"},"modified":"2019-09-11T12:53:02","modified_gmt":"2019-09-11T15:53:02","slug":"as-redes-industriais-e-a-industria-4-0","status":"publish","type":"product","link":"https:\/\/www.swedcham.com.br\/en\/product\/our-events\/as-redes-industriais-e-a-industria-4-0\/","title":{"rendered":"As Redes Industriais e a Ind\u00fastria 4.0"},"content":{"rendered":"<div>Durante as\u00a08\u00aa edi\u00e7\u00e3o\u00a0das semanas de\u00a0Inova\u00e7\u00e3o Su\u00e9cia-Brasil, a<strong>\u00a0Swedcham <\/strong>em parceria com o<strong> Instituto Nacional de Telecomunica\u00e7\u00f5es &#8211; Inatel <\/strong>convidam para as palestras:<\/p>\n<p><strong>As Redes Industriais e a Ind\u00fastria 4.0:\u00a0<\/strong>\u00a0O termo Ind\u00fastria 4.0 (Industrie 4.0) foi cunhado pelo governo alem\u00e3o para denominar uma iniciativa de moderniza\u00e7\u00e3o do setor industrial do pa\u00eds.\u00a0 Fundamentalmente, a Ind\u00fastria 4.0 refere-se \u00e0 digitaliza\u00e7\u00e3o em massa dos processos produtivos utilizando protocolos industriais de Comunica\u00e7\u00e3o. Desta forma, o conceito e os principais pilares da ind\u00fastria 4.0 ser\u00e3o apresentados no evento, e ao final, um exemplo de realidade Aumentada aplicada \u00e0 Ind\u00fastria 4.0 ser\u00e1 demonstrado.<\/p>\n<p><strong>5G e IoT &#8211;\u00a0 Desafios, oportunidades e intera\u00e7\u00f5es dessas tecnologias:<\/strong> Ser\u00e3o apresentados alguns cen\u00e1rios de uso para as redes 5G juntamente com seus desafios e oportunidades. J\u00e1 para IoT, ser\u00e1 abordada sua grande variedade de aplica\u00e7\u00f5es e protocolos que est\u00e3o aptos a operar nessa vertente. Ao final ser\u00e3o apresentados alguns pontos de converg\u00eancia entre essas duas tecnologias amplamente exploradas atualmente.<\/div>\n<p><strong>Palestrantes convidados:<\/strong><\/p>\n<p class=\"m_3630756642185695850normal\" style=\"text-align: left;\"><img loading=\"lazy\" decoding=\"async\" class=\"alignleft wp-image-18795\" src=\"https:\/\/www.swedcham.com.br\/wp-content\/uploads\/2019\/09\/JP_Foto_Inatel_2-150x150.png\" alt=\"\" width=\"200\" height=\"163\" srcset=\"https:\/\/www.swedcham.com.br\/wp-content\/uploads\/2019\/09\/JP_Foto_Inatel_2-300x244.png 300w, https:\/\/www.swedcham.com.br\/wp-content\/uploads\/2019\/09\/JP_Foto_Inatel_2.png 354w\" sizes=\"auto, (max-width: 200px) 100vw, 200px\" \/><\/p>\n<p style=\"font-weight: 400;\"><strong>Prof. Jo\u00e3o Paulo Carvalho Henrique<\/strong><\/p>\n<p style=\"font-weight: 400;\">\nPossui gradua\u00e7\u00e3o em Engenharia El\u00e9trica pelo Instituto Nacional de Telecomunica\u00e7\u00f5es (2006), especializa\u00e7\u00e3o em doc\u00eancia do ensino superior e mestrado em Engenharia El\u00e9trica pela Universidade Federal de Itajub\u00e1 (2014). Atualmente \u00e9 Professor dos Cursos de Gradua\u00e7\u00e3o e P\u00f3s Gradua\u00e7\u00e3o do Instituto Nacional de Telecomunica\u00e7\u00f5es. Tem experi\u00eancia na \u00e1rea de Engenharia El\u00e9trica, com \u00eanfase em Automa\u00e7\u00e3o Eletr\u00f4nica de Processos El\u00e9tricos e Industriais, atuando principalmente nos seguintes temas: automa\u00e7\u00e3o e controle de processos, supervis\u00e3o de sistemas de automa\u00e7\u00e3o, controlador l\u00f3gico program\u00e1vel e identifica\u00e7\u00e3o de sistemas din\u00e2micos.<\/p>\n<p style=\"font-weight: 400;\">\n<p>&nbsp;<\/p>\n<p class=\"m_3630756642185695850normal\" style=\"text-align: left;\"><img loading=\"lazy\" decoding=\"async\" class=\"alignleft wp-image-18797\" src=\"https:\/\/www.swedcham.com.br\/wp-content\/uploads\/2019\/09\/111.jpg\" alt=\"\" width=\"200\" height=\"226\" \/><\/p>\n<p><strong>Francine C\u00e1ssia de Oliveira\u00a0 \u00a0 \u00a0 \u00a0 \u00a0 \u00a0 \u00a0 \u00a0 \u00a0 \u00a0 \u00a0 \u00a0 \u00a0 <\/strong><\/p>\n<p>Especialista em Redes e Sistemas de Telecomunica\u00e7\u00f5es pelo Instituto Nacional de Telecomunica\u00e7\u00f5es (INATEL) (2018). Especialista em Gerenciamento de Projetos pela Funda\u00e7\u00e3o Get\u00falio Vargas (FGV) (2013). Graduada em Engenheira El\u00e9trica com \u00eanfase em Telecomunica\u00e7\u00f5es pelo Instituto Nacional de Telecomunica\u00e7\u00f5es (INATEL) (2011). Atualmente trabalha como Especialista em Sistemas na \u00e1rea de Educa\u00e7\u00e3o Continuada do Inatel Competence Center (ICC). Ministra cursos voltados para Comunica\u00e7\u00f5es M\u00f3veis: GSM, GPRS\/EDGE, WCDMA, HSDPA, HSUPA, HSPA+, LTE, LTE-A,IMS e 5G. \u00c9 certificada em LTE pela Huawei Authorized Information and Network Academy (HAINA). Ministra aulas no curso de P\u00f3s-gradua\u00e7\u00e3o Lato Sensu em Engenharia de Redes e Sistemas de Telecomunica\u00e7\u00f5es.<\/p>\n<p>&nbsp;<\/p>\n\n<h3>Quando<\/h3>\n<p>Quarta-feira, 25 de setembro \u00e0s 15:30h.<\/p>\n<h3>Onde<\/h3>\n<p><strong>Swedcham<\/strong><br \/>\nRua Oscar Freire, 379, 12\u00ba andar, Cj 121<br \/>\nCerqueira C\u00e9sar<\/p>\n<p>900 metros da esta\u00e7\u00e3o Oscar Freire do Metr\u00f4<\/p>\n<h3><span style=\"color: #000000;\"><b>Estacionamento<\/b><\/span><\/h3>\n<p>Indicamos o estacionamento do Hotel Regent Park. Rua Oscar Freire, 533.<\/p>\n<h3>Agenda<\/h3>\n<p>\u00b7\u00b7 15:30\u00a0Welcome Coffee<\/p>\n<p>\u00b7 15:55<strong>\u00a0<\/strong>Boas vindas- Jonas Lindstr\u00f6m &#8211; Swedcham<\/p>\n<p>\u00b7 16:00<strong>\u00a0<\/strong>As Redes Industriais e a Ind\u00fastria 4.0.<br \/>\nProf. Jo\u00e3o Paulo Carvalho Henrique<\/p>\n<p>\u00b7 17:00\u00a05G e IoT &#8211;\u00a0 Desafios, oportunidades e intera\u00e7\u00f5es dessas tecnologias.<br \/>\nFrancine C\u00e1ssia de Oliveira<\/p>\n\n<div>\n<p>RSVP at\u00e9 23\/09<\/p>\n<p><strong>Associados:<\/strong> eventos@swedcham.com.br<\/p>\n<p><strong>N\u00e3o associados:<\/strong> Favor utilizar o link de reservas abaixo<\/p>\n<p>Fone: <a href=\"tel:+552011203066-2554\" target=\"_blank\" rel=\"noopener\">+55 (11) 3066-2554<\/a><\/p>\n<\/div>\n<p>&nbsp;<\/p>\n","protected":false},"excerpt":{"rendered":"<p>Durante as\u00a08\u00aa edi\u00e7\u00e3o\u00a0das semanas de\u00a0Inova\u00e7\u00e3o Su\u00e9cia-Brasil, a\u00a0Swedcham em parceria com o Instituto Nacional de Telecomunica\u00e7\u00f5es &#8211; Inatel convidam para as<\/p>\n","protected":false},"featured_media":0,"template":"","meta":[],"product_brand":[],"product_cat":[228],"product_tag":[],"class_list":{"0":"post-18803","1":"product","2":"type-product","3":"status-publish","5":"product_cat-our-events","7":"first","8":"instock","9":"shipping-taxable","10":"purchasable","11":"product-type-variable"},"_links":{"self":[{"href":"https:\/\/www.swedcham.com.br\/en\/wp-json\/wp\/v2\/product\/18803","targetHints":{"allow":["GET"]}}],"collection":[{"href":"https:\/\/www.swedcham.com.br\/en\/wp-json\/wp\/v2\/product"}],"about":[{"href":"https:\/\/www.swedcham.com.br\/en\/wp-json\/wp\/v2\/types\/product"}],"wp:attachment":[{"href":"https:\/\/www.swedcham.com.br\/en\/wp-json\/wp\/v2\/media?parent=18803"}],"wp:term":[{"taxonomy":"product_brand","embeddable":true,"href":"https:\/\/www.swedcham.com.br\/en\/wp-json\/wp\/v2\/product_brand?post=18803"},{"taxonomy":"product_cat","embeddable":true,"href":"https:\/\/www.swedcham.com.br\/en\/wp-json\/wp\/v2\/product_cat?post=18803"},{"taxonomy":"product_tag","embeddable":true,"href":"https:\/\/www.swedcham.com.br\/en\/wp-json\/wp\/v2\/product_tag?post=18803"}],"curies":[{"name":"wp","href":"https:\/\/api.w.org\/{rel}","templated":true}]}}