{"id":18532,"date":"2019-08-06T11:39:23","date_gmt":"2019-08-06T14:39:23","guid":{"rendered":"https:\/\/www.swedcham.com.br\/events\/coming-events\/18525\/"},"modified":"2019-09-04T17:39:03","modified_gmt":"2019-09-04T20:39:03","slug":"18525","status":"publish","type":"product","link":"https:\/\/www.swedcham.com.br\/en\/product\/our-events\/18525\/","title":{"rendered":"Reforma Tribut\u00e1ria: propostas e principais desafios"},"content":{"rendered":"<div dir=\"ltr\">\n<p><a href=\"https:\/\/www.swedcham.com.br\/wp-content\/uploads\/2019\/08\/sold-out-2.jpg\"><img loading=\"lazy\" decoding=\"async\" class=\"alignnone size-medium wp-image-18753\" src=\"https:\/\/www.swedcham.com.br\/wp-content\/uploads\/2019\/08\/sold-out-2-300x76.jpg\" alt=\"\" width=\"300\" height=\"76\" srcset=\"https:\/\/www.swedcham.com.br\/wp-content\/uploads\/2019\/08\/sold-out-2-300x76.jpg 300w, https:\/\/www.swedcham.com.br\/wp-content\/uploads\/2019\/08\/sold-out-2.jpg 339w\" sizes=\"auto, (max-width: 300px) 100vw, 300px\" \/><\/a><\/p>\n<p><strong>O Comit\u00ea Financeiro da Swedcham\u00a0 convida para palestra:<\/strong><strong>\u00a0<\/strong><\/p>\n<p><strong>Reforma Tribut\u00e1ria: propostas e principais desafios<\/strong><\/p>\n<p>Sabe-se que uma das principais caracter\u00edsticas do sistema tribut\u00e1rio hoje em vigor no Brasil \u00e9 a sua complexidade. E isso se deve, em grande parte, ao modelo tripartido de tributa\u00e7\u00e3o do consumo, concebido nos anos 1960, o qual afugenta o investimento externo e dificulta o desenvolvimento nacional. Felizmente, o que vem se percebendo, dia ap\u00f3s dia, \u00e9 que nunca houve um consenso pol\u00edtico t\u00e3o grande como o que se desenha atualmente em torno da Reforma Tribut\u00e1ria.<br \/>\nDiante disso \u00e9 que o semin\u00e1rio ter\u00e1 como prop\u00f3sito apresentar os principais pontos de cada um dos projetos de Reforma Tribut\u00e1ria hoje existentes, seus desafios econ\u00f4micos e pol\u00edticos, bem como as cr\u00edticas mais relevantes que eles v\u00eam enfrentando.<\/p>\n<\/div>\n<p><strong>Palestrante:<\/strong><\/p>\n<p class=\"m_3630756642185695850normal\" style=\"text-align: left;\"><img loading=\"lazy\" decoding=\"async\" class=\"alignleft wp-image-18527\" src=\"https:\/\/www.swedcham.com.br\/wp-content\/uploads\/2019\/08\/Dr.-Eduardo-Maneira-1-300x279.jpg\" alt=\"\" width=\"250\" height=\"232\" srcset=\"https:\/\/www.swedcham.com.br\/wp-content\/uploads\/2019\/08\/Dr.-Eduardo-Maneira-1-300x279.jpg 300w, https:\/\/www.swedcham.com.br\/wp-content\/uploads\/2019\/08\/Dr.-Eduardo-Maneira-1.jpg 355w\" sizes=\"auto, (max-width: 250px) 100vw, 250px\" \/><\/p>\n<p>&nbsp;<\/p>\n<p style=\"font-weight: 400;\"><strong>Dr.\u00a0Eduardo Maneira<\/strong>\u00a0&#8211;\u00a0Presidente da Comiss\u00e3o de Direito Tribut\u00e1rio do Conselho Federal da OAB. Doutor em Direito Tribut\u00e1rio pela UFMG. Professor da UFRJ. Conselheiro da Seccional do Rio de Janeiro da Ordem dos Advogados do Brasil (OAB\/RJ). Membro da Comiss\u00e3o de Juristas de Desburocratiza\u00e7\u00e3o da Administra\u00e7\u00e3o P\u00fablica Brasileira no Senado Federal. Membro do Instituto dos Advogados de S\u00e3o Paulo (IASP).\u00a0S\u00f3cio fundador do Maneira Advogados.<\/p>\n<p>&nbsp;<\/p>\n<h3 class=\"m_3176895204764632988m_-7456309968160772443m_-5953347527171562918m_-919258446742338626detail_h3\"><strong>Quando<\/strong><\/h3>\n<p><span class=\"m_8215363500706865736m_-1492442068443120964mc-toc-title\">Sexta-feira, 06\u00a0de setembro\u00a0de 2019 \u00e0s 08:30h.<\/span><\/p>\n<h3 class=\"m_3176895204764632988m_-7456309968160772443m_-5953347527171562918m_-919258446742338626detail_h3\"><strong>Onde<\/strong><\/h3>\n<p><strong>Swedcham<\/strong><br \/>\nRua Oscar Freire, 379, 12\u00ba andar, Cj 121<br \/>\nCerqueira C\u00e9sar<\/p>\n<p><strong>900 metros da nova esta\u00e7\u00e3o Oscar Freire de metr\u00f4<\/strong><\/p>\n<h3><strong>Estacionamento<\/strong><\/h3>\n<p><span class=\"m_8215363500706865736m_-1492442068443120964mc-toc-title\">Indicamos o estacionamento do Hotel Regent Park. Rua Oscar Freire, 533.<\/span><\/p>\n<h3 class=\"m_3176895204764632988m_-7456309968160772443m_-5953347527171562918m_-919258446742338626detail_h3\"><strong>Agenda<\/strong><\/h3>\n<p><span class=\"m_8215363500706865736m_-1492442068443120964mc-toc-title\">08:30 Welcome coffee<\/span><\/p>\n<p>09:00 Introdu\u00e7\u00e3o: <span style=\"font-family: verdana, arial, helvetica, sans-serif;\">Marcio Zanetti- Coordenador do Comit\u00ea Financeiro<\/span><\/p>\n<p>09:05 \u00a0Apresenta\u00e7\u00e3o: <span style=\"font-family: arial, helvetica neue, helvetica, sans-serif;\">Dr. Eduardo Maneira<\/span><\/p>\n<p>09:55\u00a0 Q&amp;A<\/p>\n<p><span class=\"m_8215363500706865736m_-1492442068443120964mc-toc-title\">10:30\u00a0Caf\u00e9 e\u00a0networking<\/span><\/p>\n<h3><strong>Idioma<\/strong><\/h3>\n<p>Portugu\u00eas<\/p>\n<h3><strong>Investimento<\/strong><\/h3>\n<p>Associados: Gratuito<\/p>\n<p>N\u00e3o associados: R$50,00<\/p>\n<div>RSVP by 04\/09\/2019<\/div>\n<div><\/div>\n<div><\/div>\n<div><strong>Members: <\/strong><a href=\"mailto:eventos@swedcham.com.br\">eventos@swedcham.com.br<\/a><\/div>\n","protected":false},"excerpt":{"rendered":"<p>O Comit\u00ea Financeiro da Swedcham\u00a0 convida para palestra:\u00a0 Reforma Tribut\u00e1ria: propostas e principais desafios Sabe-se que uma das principais caracter\u00edsticas<\/p>\n","protected":false},"featured_media":0,"template":"","meta":[],"product_brand":[],"product_cat":[228],"product_tag":[],"class_list":{"0":"post-18532","1":"product","2":"type-product","3":"status-publish","5":"product_cat-our-events","7":"first","8":"instock","9":"shipping-taxable","10":"product-type-variable"},"_links":{"self":[{"href":"https:\/\/www.swedcham.com.br\/en\/wp-json\/wp\/v2\/product\/18532","targetHints":{"allow":["GET"]}}],"collection":[{"href":"https:\/\/www.swedcham.com.br\/en\/wp-json\/wp\/v2\/product"}],"about":[{"href":"https:\/\/www.swedcham.com.br\/en\/wp-json\/wp\/v2\/types\/product"}],"wp:attachment":[{"href":"https:\/\/www.swedcham.com.br\/en\/wp-json\/wp\/v2\/media?parent=18532"}],"wp:term":[{"taxonomy":"product_brand","embeddable":true,"href":"https:\/\/www.swedcham.com.br\/en\/wp-json\/wp\/v2\/product_brand?post=18532"},{"taxonomy":"product_cat","embeddable":true,"href":"https:\/\/www.swedcham.com.br\/en\/wp-json\/wp\/v2\/product_cat?post=18532"},{"taxonomy":"product_tag","embeddable":true,"href":"https:\/\/www.swedcham.com.br\/en\/wp-json\/wp\/v2\/product_tag?post=18532"}],"curies":[{"name":"wp","href":"https:\/\/api.w.org\/{rel}","templated":true}]}}