{"id":18349,"date":"2019-06-11T14:07:31","date_gmt":"2019-06-11T17:07:31","guid":{"rendered":"https:\/\/www.swedcham.com.br\/events\/coming-events\/alteracoes-ao-tratado-brasil-suecia-contra-a-dupla-tributacao\/"},"modified":"2019-06-11T14:07:31","modified_gmt":"2019-06-11T17:07:31","slug":"alteracoes-ao-tratado-brasil-suecia-contra-a-dupla-tributacao","status":"publish","type":"product","link":"https:\/\/www.swedcham.com.br\/en\/product\/our-events\/alteracoes-ao-tratado-brasil-suecia-contra-a-dupla-tributacao\/","title":{"rendered":"Altera\u00e7\u00f5es ao Tratado Brasil Su\u00e9cia contra a Dupla Tributa\u00e7\u00e3o"},"content":{"rendered":"<div>O Comit\u00ea Jur\u00eddico e de Neg\u00f3cios da Swedcham tem a honra de convidar para palestra:<\/div>\n<p><strong>Altera\u00e7\u00f5es ao Tratado Brasil Su\u00e9cia contra a Dupla Tributa\u00e7\u00e3o<\/strong><\/p>\n<div>\nNo come\u00e7o de 2019 os governos brasileiro e sueco assinaram um tratado para modificar a Conven\u00e7\u00e3o contra a Dupla Tributa\u00e7\u00e3o em vigor desde a d\u00e9cada de 70. A apresenta\u00e7\u00e3o ter\u00e1 como objeto tais modifica\u00e7\u00f5es e seus impactos para as empresas suecas que atuam no Brasil e para as brasileiras que atuam na Su\u00e9cia.<\/div>\n<div><\/div>\n<p><strong>Palestrantes convidados:<\/strong><\/p>\n<p class=\"m_3630756642185695850normal\" style=\"text-align: left;\"><img loading=\"lazy\" decoding=\"async\" class=\"alignleft wp-image-18341\" src=\"https:\/\/www.swedcham.com.br\/wp-content\/uploads\/2019\/06\/2-M-150x150.jpg\" alt=\"\" width=\"200\" height=\"200\" srcset=\"https:\/\/www.swedcham.com.br\/wp-content\/uploads\/2019\/06\/2-M-150x150.jpg 150w, https:\/\/www.swedcham.com.br\/wp-content\/uploads\/2019\/06\/2-M-300x300.jpg 300w, https:\/\/www.swedcham.com.br\/wp-content\/uploads\/2019\/06\/2-M-100x100.jpg 100w, https:\/\/www.swedcham.com.br\/wp-content\/uploads\/2019\/06\/2-M.jpg 500w\" sizes=\"auto, (max-width: 200px) 100vw, 200px\" \/><\/p>\n<p style=\"font-weight: 400;\"><strong>Marco Monteiro,\u00a0<\/strong>s\u00f3cio do Veirano Advogados.<br \/>\nPossui longa experi\u00eancia na assessoraria a clientes brasileiros e internacionais em fus\u00f5es e aquisi\u00e7\u00f5es, reorganiza\u00e7\u00e3o societ\u00e1ria, neg\u00f3cios transfronteiri\u00e7os, t\u00edtulos de d\u00edvida e de capital, importa\u00e7\u00e3o\/exporta\u00e7\u00e3o e quest\u00f5es tribut\u00e1rias de rotina. Representa clientes em mat\u00e9ria tribut\u00e1ria relativa a investimentos estrangeiros no Brasil e investimentos brasileiros no exterior.<br \/>\nMarco representa clientes em v\u00e1rios segmentos da economia, tais como de energia, telecomunica\u00e7\u00f5es, tecnologia da informa\u00e7\u00e3o, entretenimento, automotivo e autope\u00e7as, eletr\u00f4nico, constru\u00e7\u00e3o e infraestrutura.<\/p>\n<p class=\"m_3630756642185695850normal\" style=\"text-align: left;\"><img loading=\"lazy\" decoding=\"async\" class=\"alignleft wp-image-18343 size-full\" src=\"https:\/\/www.swedcham.com.br\/wp-content\/uploads\/2019\/06\/LUIS-FELIPE.jpg\" alt=\"\" width=\"200\" height=\"249\" \/><\/p>\n<p><strong>Lu\u00eds Felipe de Campos<\/strong>, s\u00f3cio de consultoria tribut\u00e1ria do Rolim, Viotti &amp; Leite Campos Advogados.<br \/>\nAtua em planejamento tribut\u00e1rio e reestrutura\u00e7\u00e3o societ\u00e1ria com efici\u00eancia tribut\u00e1ria h\u00e1 mais de 15 anos em empresas Big4 e escrit\u00f3rios de advocacia. Experi\u00eancia no compliance de impostos diretos\/indiretos, fus\u00f5es e aquisi\u00e7\u00f5es, due diligence em opera\u00e7\u00f5es de M&amp;A (buy and sell side) e planejamento tribut\u00e1rio internacional para corpora\u00e7\u00f5es multinacionais. Atua tamb\u00e9m no planejamento de sucess\u00e3o para pessoas f\u00edsicas de alta renda (trusts e planejamento sucess\u00f3rio de ativos brasileiros e estrangeiros). Otimiza\u00e7\u00e3o fiscal e reestrutura\u00e7\u00e3o societ\u00e1ria para empresas nacionais, incluindo servi\u00e7os de racionaliza\u00e7\u00e3o de entidades jur\u00eddicas e revis\u00e3o de efic\u00e1cia do modelo operacional.<\/p>\n<h3>Quando<\/h3>\n<p>Quarta-feira, 19 de junho \u00e0s 8:30h.<\/p>\n<h3>Onde<\/h3>\n<p><strong>Swedcham<\/strong><br \/>\nRua Oscar Freire, 379, 12\u00ba andar, Cj 121<br \/>\nCerqueira C\u00e9sar<\/p>\n<p>900 metros da esta\u00e7\u00e3o Oscar Freire do Metr\u00f4<\/p>\n<h3><span style=\"color: #000000;\"><b>Estacionamento<\/b><\/span><\/h3>\n<p>Indicamos o estacionamento do Hotel Regent Park. Rua Oscar Freire, 533.<\/p>\n<h3>Agenda<\/h3>\n<p>\u00b7 08:30\u00a0Welcome Coffee<\/p>\n<p>\u00b7 09:00<strong>\u00a0<\/strong>Boas vindas<\/p>\n<p>\u00b7 09:05<strong>\u00a0<\/strong>Apresenta\u00e7\u00f5es<\/p>\n<p>\u00b7 10:00-10:30\u00a0Perguntas &amp; Respostas<\/p>\n\n<div>\n<p>RSVP at\u00e9 18\/06<\/p>\n<p><strong>Associados:<\/strong> eventos@swedcham.com.br<\/p>\n<p><strong>N\u00e3o associados:<\/strong> Favor utilizar o link de reservas abaixo<\/p>\n<p>Fone: <a href=\"tel:+552011203066-2554\" target=\"_blank\" rel=\"noopener\">+55 (11) 3066-2554<\/a><\/p>\n<\/div>\n<p>&nbsp;<\/p>\n","protected":false},"excerpt":{"rendered":"<p>O Comit\u00ea Jur\u00eddico e de Neg\u00f3cios da Swedcham tem a honra de convidar para palestra: Altera\u00e7\u00f5es ao Tratado Brasil Su\u00e9cia<\/p>\n","protected":false},"featured_media":0,"template":"","meta":[],"product_brand":[],"product_cat":[228],"product_tag":[],"class_list":{"0":"post-18349","1":"product","2":"type-product","3":"status-publish","5":"product_cat-our-events","7":"first","8":"instock","9":"shipping-taxable","10":"purchasable","11":"product-type-variable"},"_links":{"self":[{"href":"https:\/\/www.swedcham.com.br\/en\/wp-json\/wp\/v2\/product\/18349","targetHints":{"allow":["GET"]}}],"collection":[{"href":"https:\/\/www.swedcham.com.br\/en\/wp-json\/wp\/v2\/product"}],"about":[{"href":"https:\/\/www.swedcham.com.br\/en\/wp-json\/wp\/v2\/types\/product"}],"wp:attachment":[{"href":"https:\/\/www.swedcham.com.br\/en\/wp-json\/wp\/v2\/media?parent=18349"}],"wp:term":[{"taxonomy":"product_brand","embeddable":true,"href":"https:\/\/www.swedcham.com.br\/en\/wp-json\/wp\/v2\/product_brand?post=18349"},{"taxonomy":"product_cat","embeddable":true,"href":"https:\/\/www.swedcham.com.br\/en\/wp-json\/wp\/v2\/product_cat?post=18349"},{"taxonomy":"product_tag","embeddable":true,"href":"https:\/\/www.swedcham.com.br\/en\/wp-json\/wp\/v2\/product_tag?post=18349"}],"curies":[{"name":"wp","href":"https:\/\/api.w.org\/{rel}","templated":true}]}}