{"id":18231,"date":"2019-05-22T11:11:39","date_gmt":"2019-05-22T14:11:39","guid":{"rendered":"https:\/\/www.swedcham.com.br\/events\/coming-events\/diversidade-360o-graus\/"},"modified":"2019-05-28T11:16:30","modified_gmt":"2019-05-28T14:16:30","slug":"diversidade-360o-graus","status":"publish","type":"product","link":"https:\/\/www.swedcham.com.br\/en\/product\/our-events\/diversidade-360o-graus\/","title":{"rendered":"DIVERSIDADE 360\u00ba Graus"},"content":{"rendered":"<p>A Su\u00e9cia \u00e9 conhecida por sua abordagem eq\u00fcitativa \u00e0 diversidade de g\u00eanero, \u00e9tnica, racial e religiosa. Em 2010, a taxa de emprego de pessoas com defici\u00eancia foi de 62%, a mais alta dentre os 36 pa\u00edses da OECD (Organiza\u00e7\u00e3o para a Coopera\u00e7\u00e3o e Desenvolvimento Econ\u00f4mico).<\/p>\n<div>\n<p>Celebrando o\u00a0Dia Nacional da Su\u00e9cia\u00a0em 6 de Junho o\u00a0Comit\u00ea de Capital Humano\u00a0da\u00a0SWEDCHAM\u00a0ter\u00e1 a honra de receber\u00a0Andrea Schwarz, J\u00falia Rosemberg, Daniel Teixeira\u00a0e\u00a0Marc Tawil\u00a0para um debate 360 graus considerando diversos \u00e2ngulos sobre diversidades.<\/p>\n<\/div>\n<p><strong>Palestrantes convidados:<\/strong><\/p>\n<p class=\"m_3630756642185695850normal\" style=\"text-align: left;\"><img loading=\"lazy\" decoding=\"async\" class=\"alignleft wp-image-18215 size-thumbnail\" src=\"https:\/\/www.swedcham.com.br\/wp-content\/uploads\/2019\/05\/andrea-150x150.jpg\" alt=\"\" width=\"150\" height=\"150\" srcset=\"https:\/\/www.swedcham.com.br\/wp-content\/uploads\/2019\/05\/andrea-150x150.jpg 150w, https:\/\/www.swedcham.com.br\/wp-content\/uploads\/2019\/05\/andrea-300x300.jpg 300w, https:\/\/www.swedcham.com.br\/wp-content\/uploads\/2019\/05\/andrea-100x100.jpg 100w\" sizes=\"auto, (max-width: 150px) 100vw, 150px\" \/><\/p>\n<p style=\"font-weight: 400;\"><strong>ANDREA SCHWARZ<\/strong><\/p>\n<p>Empreendedora social, Especialista em Diversidade &amp; Inclus\u00e3o.<br \/>\nJ\u00e1 auxiliou mais de 18 mil pessoas com defici\u00eancia a serem contratadas em 800 grandes empresas. Autora de 3 livros: Guia S\u00e3o Paulo Adaptada, Guia Brasil Para Todos e Cotas: Como vencer os desafios da inclus\u00e3o da pessoa com defici\u00eancia no mercado de trabalho.<\/p>\n<p>&nbsp;<\/p>\n<p class=\"m_3630756642185695850normal\" style=\"text-align: left;\"><img loading=\"lazy\" decoding=\"async\" class=\"alignleft wp-image-18217 size-thumbnail\" src=\"https:\/\/www.swedcham.com.br\/wp-content\/uploads\/2019\/05\/Julia-150x150.jpg\" alt=\"\" width=\"150\" height=\"150\" srcset=\"https:\/\/www.swedcham.com.br\/wp-content\/uploads\/2019\/05\/Julia-150x150.jpg 150w, https:\/\/www.swedcham.com.br\/wp-content\/uploads\/2019\/05\/Julia-300x300.jpg 300w, https:\/\/www.swedcham.com.br\/wp-content\/uploads\/2019\/05\/Julia-100x100.jpg 100w\" sizes=\"auto, (max-width: 150px) 100vw, 150px\" \/><\/p>\n<p><strong>J\u00daLIA ROSEMBERG<\/strong><\/p>\n<p>Co-fundadora da TECIDAS, escritora, psic\u00f3loga social, h\u00e1 17 anos atua pela valoriza\u00e7\u00e3o da diversidade e sustentabilidade. Integrou a equipe do CEERT, foi gerente de projetos na i.Social e coordenou o programa de educa\u00e7\u00e3o corporativa do Instituto Akatu. Em 2015 co-criou o DIVERSITY BBOX, implementando programas de diversidade na B3, Red Bull, Grupo Campari, Ecorodovias, Uber.<\/p>\n<p><img loading=\"lazy\" decoding=\"async\" class=\"alignleft wp-image-18219 size-thumbnail\" src=\"https:\/\/www.swedcham.com.br\/wp-content\/uploads\/2019\/05\/Daniel-150x150.jpg\" alt=\"\" width=\"150\" height=\"150\" srcset=\"https:\/\/www.swedcham.com.br\/wp-content\/uploads\/2019\/05\/Daniel-150x150.jpg 150w, https:\/\/www.swedcham.com.br\/wp-content\/uploads\/2019\/05\/Daniel-300x300.jpg 300w, https:\/\/www.swedcham.com.br\/wp-content\/uploads\/2019\/05\/Daniel-100x100.jpg 100w, https:\/\/www.swedcham.com.br\/wp-content\/uploads\/2019\/05\/Daniel-600x604.jpg 600w, https:\/\/www.swedcham.com.br\/wp-content\/uploads\/2019\/05\/Daniel-298x300.jpg 298w, https:\/\/www.swedcham.com.br\/wp-content\/uploads\/2019\/05\/Daniel-768x774.jpg 768w, https:\/\/www.swedcham.com.br\/wp-content\/uploads\/2019\/05\/Daniel.jpg 951w\" sizes=\"auto, (max-width: 150px) 100vw, 150px\" \/><strong>DANIEL TEIXEIRA<\/strong><\/p>\n<p>Advogado e Diretor de Projetos do CEERT; graduado e especializado em Direitos Difusos e Coletivos pela PUC-SP; foi pesquisador visitante da Faculdade de Direito da Universidade de Columbia em Nova Iorque, e Fellow do Public Interest Law Institute em Budapeste. Co- organizador do livro Discrimina\u00e7\u00e3o Racial \u00e9 Sin\u00f4nimo de Maus-Tratos: A Import\u00e2ncia do ECA para a Prote\u00e7\u00e3o de Crian\u00e7as Negras e co-autor do livro A\u00e7\u00f5es Afirmativas, A Quest\u00e3o das Cotas<\/p>\n<p><img loading=\"lazy\" decoding=\"async\" class=\"alignleft wp-image-18229 size-thumbnail\" src=\"https:\/\/www.swedcham.com.br\/wp-content\/uploads\/2019\/05\/33-150x150.jpg\" alt=\"\" width=\"150\" height=\"150\" srcset=\"https:\/\/www.swedcham.com.br\/wp-content\/uploads\/2019\/05\/33-150x150.jpg 150w, https:\/\/www.swedcham.com.br\/wp-content\/uploads\/2019\/05\/33-100x100.jpg 100w, https:\/\/www.swedcham.com.br\/wp-content\/uploads\/2019\/05\/33.jpg 200w\" sizes=\"auto, (max-width: 150px) 100vw, 150px\" \/><strong>MARC TAWIL<\/strong><\/p>\n<p>Empreendedor, comunicador, escritor, palestrante e filantropo. N\u00b0 1 LinkedIn Top Voices, est\u00e1 \u00e0 frente da Tawil Comunica\u00e7\u00e3o desde 2010. \u00c9 jornalista de opini\u00e3o do Grupo Globo, atuando como comentarista di\u00e1rio da R\u00e1dio Globo e colunista semanal de \u00c9poca Neg\u00f3cios. \u00c9, ainda, Business Influencer da SAP e Conselheiro do Adus &#8211; Instituto de Reintegra\u00e7\u00e3o do Refugiado e Multiplicador do Sistema B.<\/p>\n\n<h3>Quando<\/h3>\n<p>Quinta-feira, 06 de junho \u00e0s 8:30h.<\/p>\n<h3>Onde<\/h3>\n<p><strong>Swedcham<\/strong><br \/>\nRua Oscar Freire, 379, 12\u00ba andar, Cj 121<br \/>\nCerqueira C\u00e9sar<\/p>\n<p>900 metros da esta\u00e7\u00e3o Oscar Freire do Metr\u00f4<\/p>\n<h3><span style=\"color: #000000;\"><b>Estacionamento<\/b><\/span><\/h3>\n<p>Indicamos o estacionamento do Hotel Regent Park. Rua Oscar Freire, 533.<\/p>\n<h3>Agenda<\/h3>\n<p>\u00b7 08:30\u00a0Welcome Coffee<\/p>\n<p>\u00b7 09:00<strong>\u00a0<\/strong>Boas vindas- Carol B\u00f6ttcher<\/p>\n<p>\u00b7 09:05<strong>\u00a0<\/strong>Debate com Andrea Schwarz e convidados<br \/>\nModerador:\u00a0Marc Tawil<\/p>\n<p>\u00b7 10:00-10:30\u00a0Perguntas &amp; Respostas<\/p>\n\n<div>\n<p>RSVP at\u00e9 04\/06<\/p>\n<p><strong>Associados:<\/strong> eventos@swedcham.com.br<\/p>\n<p><strong>N\u00e3o associados:<\/strong> Favor utilizar o link de reservas abaixo<\/p>\n<p>Fone: <a href=\"tel:+552011203066-2554\" target=\"_blank\" rel=\"noopener\">+55 (11) 3066-2554<\/a><\/p>\n<\/div>\n<p>&nbsp;<\/p>\n","protected":false},"excerpt":{"rendered":"<p>A Su\u00e9cia \u00e9 conhecida por sua abordagem eq\u00fcitativa \u00e0 diversidade de g\u00eanero, \u00e9tnica, racial e religiosa. Em 2010, a taxa<\/p>\n","protected":false},"featured_media":0,"template":"","meta":[],"product_brand":[],"product_cat":[228],"product_tag":[],"class_list":{"0":"post-18231","1":"product","2":"type-product","3":"status-publish","5":"product_cat-our-events","7":"first","8":"instock","9":"shipping-taxable","10":"purchasable","11":"product-type-variable"},"_links":{"self":[{"href":"https:\/\/www.swedcham.com.br\/en\/wp-json\/wp\/v2\/product\/18231","targetHints":{"allow":["GET"]}}],"collection":[{"href":"https:\/\/www.swedcham.com.br\/en\/wp-json\/wp\/v2\/product"}],"about":[{"href":"https:\/\/www.swedcham.com.br\/en\/wp-json\/wp\/v2\/types\/product"}],"wp:attachment":[{"href":"https:\/\/www.swedcham.com.br\/en\/wp-json\/wp\/v2\/media?parent=18231"}],"wp:term":[{"taxonomy":"product_brand","embeddable":true,"href":"https:\/\/www.swedcham.com.br\/en\/wp-json\/wp\/v2\/product_brand?post=18231"},{"taxonomy":"product_cat","embeddable":true,"href":"https:\/\/www.swedcham.com.br\/en\/wp-json\/wp\/v2\/product_cat?post=18231"},{"taxonomy":"product_tag","embeddable":true,"href":"https:\/\/www.swedcham.com.br\/en\/wp-json\/wp\/v2\/product_tag?post=18231"}],"curies":[{"name":"wp","href":"https:\/\/api.w.org\/{rel}","templated":true}]}}