{"id":18206,"date":"2019-05-21T14:12:55","date_gmt":"2019-05-21T17:12:55","guid":{"rendered":"https:\/\/www.swedcham.com.br\/events\/coming-events\/18199\/"},"modified":"2019-05-30T15:27:37","modified_gmt":"2019-05-30T18:27:37","slug":"18199","status":"publish","type":"product","link":"https:\/\/www.swedcham.com.br\/en\/product\/our-events\/18199\/","title":{"rendered":"Empoderamento Feminino &#8211; Marcas e Empresas"},"content":{"rendered":"<div dir=\"ltr\">\n<div>\n<p><strong>O\u00a0Women\u00b4s Executive Network\u00a0 convida\u00a0para seguinte apresenta\u00e7\u00e3o:<\/strong><\/p>\n<\/div>\n<div><strong>Empoderamento Feminino &#8211; Marcas e Empresas<\/strong>:\u00a0V\u00e1rios estudos demonstram uma melhor performance\u00a0em empresas onde h\u00e1 um n\u00famero equilibrado de mulheres nas equipes e em cargos de lideran\u00e7a, por\u00e9m, o n\u00famero de talentos femininos que deixam diariamente o mundo corporativo ainda \u00e9 alarmante. Por que ainda \u00e9 t\u00e3o dif\u00edcil chegar l\u00e1? Nesse encontro apontamos as diferentes barreiras tanto internas como externas que n\u00f3s, mulheres e corpora\u00e7\u00f5es, devemos ultrapassar para chegar a um ideal de equidade e resultados. Com uma linguagem pr\u00e1tica e otimista propomos caminhos para uma real mudan\u00e7a na maneira como esses dois universos se relacionam.<\/div>\n<\/div>\n<div><\/div>\n<div><\/div>\n<div dir=\"ltr\">\n<p><img loading=\"lazy\" decoding=\"async\" class=\"alignleft wp-image-18200 size-medium\" src=\"https:\/\/www.swedcham.com.br\/wp-content\/uploads\/2019\/05\/nana-lima-300x300.jpg\" alt=\"\" width=\"300\" height=\"300\" srcset=\"https:\/\/www.swedcham.com.br\/wp-content\/uploads\/2019\/05\/nana-lima-300x300.jpg 300w, https:\/\/www.swedcham.com.br\/wp-content\/uploads\/2019\/05\/nana-lima-100x100.jpg 100w, https:\/\/www.swedcham.com.br\/wp-content\/uploads\/2019\/05\/nana-lima-150x150.jpg 150w, https:\/\/www.swedcham.com.br\/wp-content\/uploads\/2019\/05\/nana-lima.jpg 600w\" sizes=\"auto, (max-width: 300px) 100vw, 300px\" \/><\/p>\n<p><strong>Nana Lima<\/strong> \u00e9 s\u00f3cia da Think Eva e Head de Educa\u00e7\u00e3o da Think Olga. Formada em publicidade pela FAAP, atuou em ag\u00eancias e departamentos de marketing<br \/>\nde multinacionais. Obteve um MBA pela ESADE Business School em Barcelona.\u00a0Foi eleita Top Voices pelo LinkedIn Brasil em 2016.<\/p>\n<p><a href=\"http:\/\/www.thinkeva.com.br\/\" target=\"_blank\" rel=\"noopener\" data-saferedirecturl=\"https:\/\/www.google.com\/url?q=http:\/\/www.thinkeva.com.br&amp;source=gmail&amp;ust=1558187366883000&amp;usg=AFQjCNHu-Uc2xEK0IUqTudY6noqwj7NxKg\" data-cke-saved-href=\"http:\/\/www.thinkeva.com.br\/\">http:\/\/www.thinkeva.com.br<\/a><\/p>\n<p><a href=\"https:\/\/thinkolga.com\/\" target=\"_blank\" rel=\"noopener\" data-saferedirecturl=\"https:\/\/www.google.com\/url?q=https:\/\/thinkolga.com&amp;source=gmail&amp;ust=1558187366883000&amp;usg=AFQjCNHrv7yvLkrtX-vTsb8LfdHBtbI3vw\" data-cke-saved-href=\"https:\/\/thinkolga.com\/\">https:\/\/thinkolga.com<\/a><\/p>\n<\/div>\n<h3 class=\"m_3176895204764632988m_-7456309968160772443m_-5953347527171562918m_-919258446742338626detail_h3\" style=\"text-align: left;\"><strong>\u00a0 \u00a0 \u00a0 \u00a0 \u00a0 \u00a0 \u00a0 \u00a0 \u00a0 \u00a0 \u00a0 \u00a0 \u00a0 \u00a0 \u00a0 \u00a0 \u00a0 \u00a0 \u00a0 \u00a0 \u00a0 \u00a0 \u00a0 \u00a0 \u00a0 \u00a0 \u00a0 \u00a0 \u00a0 \u00a0 \u00a0 \u00a0 \u00a0 \u00a0 \u00a0 \u00a0 \u00a0 \u00a0 \u00a0 \u00a0 \u00a0 \u00a0 \u00a0 \u00a0 \u00a0 \u00a0 \u00a0 \u00a0 \u00a0 \u00a0 \u00a0 \u00a0 \u00a0 \u00a0 \u00a0 \u00a0 \u00a0 \u00a0 \u00a0 \u00a0 \u00a0 \u00a0 \u00a0 \u00a0 \u00a0 \u00a0 \u00a0 <\/strong><\/h3>\n<h3 class=\"m_3176895204764632988m_-7456309968160772443m_-5953347527171562918m_-919258446742338626detail_h3\" style=\"text-align: left;\"><strong>\u00a0 \u00a0 \u00a0 \u00a0 <\/strong><\/h3>\n<h3 class=\"m_3176895204764632988m_-7456309968160772443m_-5953347527171562918m_-919258446742338626detail_h3\" style=\"text-align: left;\"><strong>Quando<\/strong><\/h3>\n<p><span class=\"m_8215363500706865736m_-1492442068443120964mc-toc-title\">Ter<\/span>\u00e7<span class=\"m_8215363500706865736m_-1492442068443120964mc-toc-title\">a-feira, 04 de junho de 2019 \u00e0s 08:30h.<\/span><\/p>\n<h3 class=\"m_3176895204764632988m_-7456309968160772443m_-5953347527171562918m_-919258446742338626detail_h3\"><strong>Onde<\/strong><\/h3>\n<p><strong>Swedcham<\/strong><br \/>\nRua Oscar Freire, 379, 12\u00ba andar, Cj 121<br \/>\nCerqueira C\u00e9sar<\/p>\n<p><strong>900 metros da esta\u00e7\u00e3o Oscar Freire de metr\u00f4<\/strong><\/p>\n<h3><strong>Estacionamento<\/strong><\/h3>\n<p><span class=\"m_8215363500706865736m_-1492442068443120964mc-toc-title\">Indicamos o estacionamento do Hotel Regent Park. Rua Oscar Freire, 533.<\/span><\/p>\n<h3 class=\"m_3176895204764632988m_-7456309968160772443m_-5953347527171562918m_-919258446742338626detail_h3\"><strong>Agenda<\/strong><\/h3>\n<p><span class=\"m_8215363500706865736m_-1492442068443120964mc-toc-title\">08:30 Welcome coffee<\/span><\/p>\n<p>09:00 Introdu\u00e7\u00e3o: <strong>Jonas Lindstr\u00f6m- Swedcham<\/strong><\/p>\n<p>09:05 \u00a0Apresenta\u00e7\u00e3o: <strong><span style=\"font-family: arial, helvetica neue, helvetica, sans-serif;\">Nana Lima<\/span><\/strong><\/p>\n<p>09:45 Bate papo\u00a0com <strong>Nana Lima\u00a0<\/strong>&#8211; Think Eva, <strong>Georgia Sbrana &#8211;<\/strong> Ericsson,\u00a0<strong>Alessandra Faria<\/strong> &#8211; Axis Communications e\u00a0<strong>Aline Rocha<\/strong> &#8211;\u00a0AstraZeneca<\/p>\n<p><span class=\"m_8215363500706865736m_-1492442068443120964mc-toc-title\">10:30\u00a0Caf\u00e9 e\u00a0networking<\/span><\/p>\n<h3><strong>Investimento<\/strong><\/h3>\n<p>Associados: Gratuito<\/p>\n<p>N\u00e3o associados: R$50,00<\/p>\n<div>RSVP by 03\/06\/2019<\/div>\n<div><\/div>\n<p>[extra_wrap]<\/p>\n","protected":false},"excerpt":{"rendered":"<p>O\u00a0Women\u00b4s Executive Network\u00a0 convida\u00a0para seguinte apresenta\u00e7\u00e3o: Empoderamento Feminino &#8211; Marcas e Empresas:\u00a0V\u00e1rios estudos demonstram uma melhor performance\u00a0em empresas onde h\u00e1<\/p>\n","protected":false},"featured_media":0,"template":"","meta":[],"product_brand":[],"product_cat":[228],"product_tag":[],"class_list":{"0":"post-18206","1":"product","2":"type-product","3":"status-publish","5":"product_cat-our-events","7":"first","8":"instock","9":"shipping-taxable","10":"purchasable","11":"product-type-variable"},"_links":{"self":[{"href":"https:\/\/www.swedcham.com.br\/en\/wp-json\/wp\/v2\/product\/18206","targetHints":{"allow":["GET"]}}],"collection":[{"href":"https:\/\/www.swedcham.com.br\/en\/wp-json\/wp\/v2\/product"}],"about":[{"href":"https:\/\/www.swedcham.com.br\/en\/wp-json\/wp\/v2\/types\/product"}],"wp:attachment":[{"href":"https:\/\/www.swedcham.com.br\/en\/wp-json\/wp\/v2\/media?parent=18206"}],"wp:term":[{"taxonomy":"product_brand","embeddable":true,"href":"https:\/\/www.swedcham.com.br\/en\/wp-json\/wp\/v2\/product_brand?post=18206"},{"taxonomy":"product_cat","embeddable":true,"href":"https:\/\/www.swedcham.com.br\/en\/wp-json\/wp\/v2\/product_cat?post=18206"},{"taxonomy":"product_tag","embeddable":true,"href":"https:\/\/www.swedcham.com.br\/en\/wp-json\/wp\/v2\/product_tag?post=18206"}],"curies":[{"name":"wp","href":"https:\/\/api.w.org\/{rel}","templated":true}]}}