{"id":18059,"date":"2019-04-30T15:21:01","date_gmt":"2019-04-30T18:21:01","guid":{"rendered":"https:\/\/www.swedcham.com.br\/events\/coming-events\/comite-de-capital-humano-o-lider-de-rh-reconhecido-internacionalmente-como-parceiro-de-negocios\/"},"modified":"2019-04-30T15:21:01","modified_gmt":"2019-04-30T18:21:01","slug":"comite-de-capital-humano-o-lider-de-rh-reconhecido-internacionalmente-como-parceiro-de-negocios","status":"publish","type":"product","link":"https:\/\/www.swedcham.com.br\/en\/product\/our-events\/comite-de-capital-humano-o-lider-de-rh-reconhecido-internacionalmente-como-parceiro-de-negocios\/","title":{"rendered":"Comit\u00ea de Capital Humano &#8211; O l\u00edder de RH reconhecido internacionalmente como parceiro de neg\u00f3cios"},"content":{"rendered":"<div dir=\"ltr\">\n<p><strong>O Comit\u00ea de Capital Humano da C\u00e2mara Sueca\u00a0tem\u00a0a honra de convidar para\u00a0apresenta\u00e7\u00e3o:<\/strong><\/p>\n<p><strong>O l\u00edder de RH reconhecido internacionalmente como parceiro de neg\u00f3cios<\/strong><\/p>\n<p><img loading=\"lazy\" decoding=\"async\" class=\"alignleft size-medium wp-image-18045\" src=\"https:\/\/www.swedcham.com.br\/wp-content\/uploads\/2019\/04\/Salete-225x300.jpg\" alt=\"\" width=\"225\" height=\"300\" srcset=\"https:\/\/www.swedcham.com.br\/wp-content\/uploads\/2019\/04\/Salete-225x300.jpg 225w, https:\/\/www.swedcham.com.br\/wp-content\/uploads\/2019\/04\/Salete-600x800.jpg 600w, https:\/\/www.swedcham.com.br\/wp-content\/uploads\/2019\/04\/Salete-768x1024.jpg 768w, https:\/\/www.swedcham.com.br\/wp-content\/uploads\/2019\/04\/Salete-scaled.jpg 1920w\" sizes=\"auto, (max-width: 225px) 100vw, 225px\" \/><\/p>\n<p><strong>Salete de Ara\u00fajo Beltr\u00e3o, Diretora de Certifica\u00e7\u00e3o na ABRH Brasil<\/strong>.<\/p>\n<div>\n<p>Profissional de Recursos Humanos com atua\u00e7\u00e3o em mercados nacionais e internacionais em diversos segmentos, como m\u00eddia, internet, alta tecnologia e TI. Em seus mais de 25 anos de experi\u00eancia na \u00e1rea, vem desenvolvendo programas em gest\u00e3o de pessoas, estrat\u00e9gias de RH com foco em desenvolvimento de talentos e lideran\u00e7a, cultura organizacional e parceria estrat\u00e9gica nos neg\u00f3cios.<\/p>\n<p>Certificada Internacionalmente, SCP-SHRM Senior Certified Professional \u2013 Society for Human Resources Management, com MBA em Neg\u00f3cios Internacionais e RH, pela FIA. Professora de P\u00f3s-Gradua\u00e7\u00e3o em Gest\u00e3o de Pessoas e Instrutora SHRM no curso preparat\u00f3rio para obten\u00e7\u00e3o da certifica\u00e7\u00e3o.<\/p>\n<\/div>\n<p>&nbsp;<\/p>\n<p>Salete nos trar\u00e1 a reflex\u00e3o de como as empresas que s\u00e3o refer\u00eancia no mercado reconhecem e valorizam, como um dos pilares de competitividade e sustentabilidade dos neg\u00f3cios, a necessidade de manter o quadro de profissionais diverso, inclusivo, engajado e conectado aos valores da organiza\u00e7\u00e3o. Com isso, a compet\u00eancia corporativa de atrair e reter os melhores talentos para se diferenciar no mercado tem impulsionado o RH a assumir um papel cada vez mais estrat\u00e9gico: o de movimentar o capital humano para superar desafios e alcan\u00e7ar sucesso.<\/p>\n<p>Em 2011, a ABRH deu um grande passo ao se aproximar da SHRM para oferecer um programa de certifica\u00e7\u00e3o de excel\u00eancia aos nossos profissionais de RH. S\u00e3o duas institui\u00e7\u00f5es renomadas, que se uniram na miss\u00e3o permanente de promover o preparo dos l\u00edderes e profissionais de RH brasileiros diante dos desafios de um mundo corporativo em constante mudan\u00e7a. Produtividade e competitividade se fazem com foco na forma\u00e7\u00e3o e no preparo dos profissionais e a certifica\u00e7\u00e3o \u00e9 o reconhecimento desse preparo. A iniciativa mostra o quanto a ABRH est\u00e1 alinhada com a agenda propulsora do futuro do Brasil. Venha saber mais.<\/p>\n<\/div>\n<h3 class=\"m_3176895204764632988m_-7456309968160772443m_-5953347527171562918m_-919258446742338626detail_h3\"><strong>Quando<\/strong><\/h3>\n<p>Sexta-feira 24 de maio\u00a0\u00e0s 08:30<\/p>\n<h3 class=\"m_3176895204764632988m_-7456309968160772443m_-5953347527171562918m_-919258446742338626detail_h3\"><strong>Onde<\/strong><\/h3>\n<p><strong>Swedcham<\/strong><br \/>\nRua Oscar Freire, 379, 12\u00ba andar, Cj 121<br \/>\nCerqueira C\u00e9sar<\/p>\n<p><strong>900 metros da esta\u00e7\u00e3o Oscar Freire de metr\u00f4<\/strong><\/p>\n<h3><strong>Estacionamento<\/strong><\/h3>\n<p><span class=\"m_8215363500706865736m_-1492442068443120964mc-toc-title\">Indicamos o estacionamento do Hotel Regent Park. Rua Oscar Freire, 533.<\/span><\/p>\n<h3 class=\"m_3176895204764632988m_-7456309968160772443m_-5953347527171562918m_-919258446742338626detail_h3\"><strong>Agenda<\/strong><\/h3>\n<p>08:30 &#8211; Welcome coffee<\/p>\n<p>09:00\u00a0&#8211; Introdu\u00e7\u00e3o:\u00a0<strong>Carol B\u00f6ttcher<\/strong><\/p>\n<p>09:05 &#8211; Apresenta\u00e7\u00e3o:\u00a0<strong>Salete de Ara\u00fajo Beltr\u00e3o<\/strong><\/p>\n<p>10:15\u00a0Q &amp; A<\/p>\n<p>10:30 Encerramento<\/p>\n<p>10:40\u00a0Caf\u00e9 e\u00a0networking<\/p>\n<h3><strong>Investimento<\/strong><\/h3>\n<p>Associados: Gratuito<\/p>\n<p>N\u00e3o associados: R$50,00<\/p>\n<div>RSVP by <strong>22\/05\/2019<\/strong><\/div>\n<div><\/div>\n<p>[extra_wrap]<\/p>\n","protected":false},"excerpt":{"rendered":"<p>O Comit\u00ea de Capital Humano da C\u00e2mara Sueca\u00a0tem\u00a0a honra de convidar para\u00a0apresenta\u00e7\u00e3o: O l\u00edder de RH reconhecido internacionalmente como parceiro<\/p>\n","protected":false},"featured_media":0,"template":"","meta":[],"product_brand":[],"product_cat":[228],"product_tag":[],"class_list":{"0":"post-18059","1":"product","2":"type-product","3":"status-publish","5":"product_cat-our-events","7":"first","8":"instock","9":"shipping-taxable","10":"purchasable","11":"product-type-variable"},"_links":{"self":[{"href":"https:\/\/www.swedcham.com.br\/en\/wp-json\/wp\/v2\/product\/18059","targetHints":{"allow":["GET"]}}],"collection":[{"href":"https:\/\/www.swedcham.com.br\/en\/wp-json\/wp\/v2\/product"}],"about":[{"href":"https:\/\/www.swedcham.com.br\/en\/wp-json\/wp\/v2\/types\/product"}],"wp:attachment":[{"href":"https:\/\/www.swedcham.com.br\/en\/wp-json\/wp\/v2\/media?parent=18059"}],"wp:term":[{"taxonomy":"product_brand","embeddable":true,"href":"https:\/\/www.swedcham.com.br\/en\/wp-json\/wp\/v2\/product_brand?post=18059"},{"taxonomy":"product_cat","embeddable":true,"href":"https:\/\/www.swedcham.com.br\/en\/wp-json\/wp\/v2\/product_cat?post=18059"},{"taxonomy":"product_tag","embeddable":true,"href":"https:\/\/www.swedcham.com.br\/en\/wp-json\/wp\/v2\/product_tag?post=18059"}],"curies":[{"name":"wp","href":"https:\/\/api.w.org\/{rel}","templated":true}]}}