{"id":15837,"date":"2018-08-02T15:26:38","date_gmt":"2018-08-02T18:26:38","guid":{"rendered":"https:\/\/www.swedcham.com.br\/events\/coming-events\/desafios-das-mulheres-no-mercado-executivo\/"},"modified":"2018-09-05T10:09:04","modified_gmt":"2018-09-05T13:09:04","slug":"desafios-das-mulheres-no-mercado-executivo","status":"publish","type":"product","link":"https:\/\/www.swedcham.com.br\/en\/product\/our-events\/desafios-das-mulheres-no-mercado-executivo\/","title":{"rendered":"\u00a0Desafios das mulheres no mercado executivo"},"content":{"rendered":"<div>\n<div>\n<p>O\u00a0Women\u00b4s Executive Network e o Swedcham Young Professionals convidam para seguinte apresenta\u00e7\u00e3o:<\/p>\n<\/div>\n<div>\n<p><strong>\u00a0Desafios das mulheres no mercado executivo<\/strong><\/p>\n<\/div>\n<div>A EXEC, consultoria de recrutamento e desenvolvimento de executivos, come\u00e7ou a realizar um trabalho de pesquisa em 2016 com gestores de Recursos Humanos das maiores empresas do pa\u00eds para entender as reais raz\u00f5es pelas quais as mulheres n\u00e3o alcan\u00e7avam os postos executivos mais altos nas organiza\u00e7\u00f5es, na mesma propor\u00e7\u00e3o dos homens. Esse trabalho gerou encontros com gestores de RH para discuss\u00f5es sobre\u00a0 tema e posteriormente a cria\u00e7\u00e3o do programa \u201cAs Executivas do Amanh\u00e3\u201d, que est\u00e1 na sua segunda edi\u00e7\u00e3o, selecionando universit\u00e1rias para passarem por sess\u00f5es de mentoria com executivas de sucesso. Andr\u00e9 Freire, criador do programa, debater\u00e1 conosco sobre os achados da pesquisa e do programa, assim como melhores pr\u00e1ticas de mercado para o aumento da diversidade no alto escal\u00e3o.<\/div>\n<div><\/div>\n<div><strong>Palestrante:<\/strong><\/div>\n<\/div>\n<p class=\"m_3630756642185695850normal\"><img loading=\"lazy\" decoding=\"async\" class=\"alignleft wp-image-15833 size-medium\" src=\"https:\/\/www.swedcham.com.br\/wp-content\/uploads\/2018\/08\/ANDRE-F-300x200.jpg\" alt=\"\" width=\"300\" height=\"200\" srcset=\"https:\/\/www.swedcham.com.br\/wp-content\/uploads\/2018\/08\/ANDRE-F-300x200.jpg 300w, https:\/\/www.swedcham.com.br\/wp-content\/uploads\/2018\/08\/ANDRE-F-600x400.jpg 600w, https:\/\/www.swedcham.com.br\/wp-content\/uploads\/2018\/08\/ANDRE-F-768x512.jpg 768w, https:\/\/www.swedcham.com.br\/wp-content\/uploads\/2018\/08\/ANDRE-F-1024x683.jpg 1024w, https:\/\/www.swedcham.com.br\/wp-content\/uploads\/2018\/08\/ANDRE-F-215x143.jpg 215w\" sizes=\"auto, (max-width: 300px) 100vw, 300px\" \/><b><\/b><\/p>\n<p>Andr\u00e9 Freire \u00e9 Engenheiro Civil pela Escola de Engenharia Mau\u00e1, com MBA pela FGV e Especializa\u00e7\u00e3o em Gest\u00e3o pela Kellogg School of Management (EUA) e em Gest\u00e3o de Pessoas pelo INSEAD (Fran\u00e7a). \u00c9 certificado em Executive Coaching pela SBC. Antes de se associar a EXEC foi s\u00f3cio e CEO do escrit\u00f3rio brasileiro da consultoria brit\u00e2nica Odgers Berndtson Anteriormente teve carreira ascendente no setor industrial, tendo sido Presidente para Am\u00e9rica Latina das multinacionais Gilbarco-Veeder Root e Terex Corporation.<\/p>\n<p>Andr\u00e9 \u00e9 membro e diretor do cap\u00edtulo paulista do YPO \u2013 Young Presidents Organization e Conselheiro de Administra\u00e7\u00e3o de duas empresas nacionais privadas.<\/p>\n\n<h3 class=\"m_3176895204764632988m_-7456309968160772443m_-5953347527171562918m_-919258446742338626detail_h3\">Quando<\/h3>\n<div><span class=\"m_8215363500706865736m_-1492442068443120964mc-toc-title\">Sexta-feira, 28\u00a0de setembro\u00a02018 \u00e0s 08:30h.<\/span><\/div>\n<div><\/div>\n<h3 class=\"m_-1880619264556605387m_-2828052526049171145m_8215363500706865736m_-1492442068443120964m_-8622026719244850452m_-7456309968160772443m_-5953347527171562918m_-919258446742338626detail_h3\">Onde<\/h3>\n<p><span class=\"m_-1880619264556605387m_-2828052526049171145m_8215363500706865736m_-1492442068443120964mc-toc-title\"><strong>Swedcham<\/strong><br \/>\nRua Oscar Freire, 379, 12\u00ba\u00a0andar, Cj 121<br \/>\nCerqueira C\u00e9sar<\/span><\/p>\n<p>900 metros da nova estac\u00e3o Oscar Freire de metr\u00f4<\/p>\n<h3><b>Estacionamento<\/b><\/h3>\n<p><span class=\"m_-1880619264556605387m_-2828052526049171145m_8215363500706865736m_-1492442068443120964mc-toc-title\">Indicamos o estacionamento do\u00a0<\/span>Hotel Regent Park Rua Oscar Freire, 533.<\/p>\n<h3 class=\"m_3176895204764632988m_-7456309968160772443m_-5953347527171562918m_-919258446742338626detail_h3\"><strong>Agenda<\/strong><\/h3>\n<p><span class=\"m_8215363500706865736m_-1492442068443120964mc-toc-title\">08:30\u00a0 Welcome coffee<\/span><\/p>\n<p>09:00 Introdu\u00e7\u00e3o: Jonas Lindstr\u00f6m- Swedcham<\/p>\n<p>09:05 Apresenta\u00e7\u00e3o: <span style=\"font-family: arial, helvetica neue, helvetica, sans-serif;\">Andr\u00e9 Freire &#8211; EXEC<\/span><\/p>\n<p>10:15\u00a0Q &amp; A<\/p>\n<p><span class=\"m_8215363500706865736m_-1492442068443120964mc-toc-title\">10:30\u00a0Caf\u00e9 e\u00a0networking<\/span><\/p>\n<p>[extra_wrap]<\/p>\n<h3><strong>Idioma<\/strong><\/h3>\n<p>Portugu\u00eas<\/p>\n<h3><strong>Pre\u00e7o<\/strong><\/h3>\n<p>Gratuito para associados Swedcham<\/p>\n<p>Associados- reservas para: <a href=\"mailto:eventos@swedcham.com.br\">eventos@swedcham.com.br<\/a><\/p>\n<p>N\u00e3o associados: R$50,00 &#8211; Utilizar o link de reservas abaixo<\/p>\n<p><span class=\"m_8215363500706865736m_-1492442068443120964mc-toc-title\">RSVP by 25 de setembro<\/span><\/p>\n<p>[extra_wrap]<\/p>\n","protected":false},"excerpt":{"rendered":"<p>O\u00a0Women\u00b4s Executive Network e o Swedcham Young Professionals convidam para seguinte apresenta\u00e7\u00e3o: \u00a0Desafios das mulheres no mercado executivo A EXEC,<\/p>\n","protected":false},"featured_media":0,"template":"","meta":[],"product_brand":[],"product_cat":[228],"product_tag":[],"class_list":{"0":"post-15837","1":"product","2":"type-product","3":"status-publish","5":"product_cat-our-events","7":"first","8":"instock","9":"shipping-taxable","10":"purchasable","11":"product-type-variable"},"_links":{"self":[{"href":"https:\/\/www.swedcham.com.br\/en\/wp-json\/wp\/v2\/product\/15837","targetHints":{"allow":["GET"]}}],"collection":[{"href":"https:\/\/www.swedcham.com.br\/en\/wp-json\/wp\/v2\/product"}],"about":[{"href":"https:\/\/www.swedcham.com.br\/en\/wp-json\/wp\/v2\/types\/product"}],"wp:attachment":[{"href":"https:\/\/www.swedcham.com.br\/en\/wp-json\/wp\/v2\/media?parent=15837"}],"wp:term":[{"taxonomy":"product_brand","embeddable":true,"href":"https:\/\/www.swedcham.com.br\/en\/wp-json\/wp\/v2\/product_brand?post=15837"},{"taxonomy":"product_cat","embeddable":true,"href":"https:\/\/www.swedcham.com.br\/en\/wp-json\/wp\/v2\/product_cat?post=15837"},{"taxonomy":"product_tag","embeddable":true,"href":"https:\/\/www.swedcham.com.br\/en\/wp-json\/wp\/v2\/product_tag?post=15837"}],"curies":[{"name":"wp","href":"https:\/\/api.w.org\/{rel}","templated":true}]}}