{"id":15814,"date":"2018-07-31T13:24:19","date_gmt":"2018-07-31T16:24:19","guid":{"rendered":"https:\/\/www.swedcham.com.br\/events\/coming-events\/comite-de-capital-humano-o-mercado-automobilistico-e-a-nova-volkswagen\/"},"modified":"2022-02-15T15:58:47","modified_gmt":"2022-02-15T18:58:47","slug":"comite-de-capital-humano-o-mercado-automobilistico-e-a-nova-volkswagen","status":"publish","type":"product","link":"https:\/\/www.swedcham.com.br\/en\/product\/our-events\/comite-de-capital-humano-o-mercado-automobilistico-e-a-nova-volkswagen\/","title":{"rendered":"O mercado automobil\u00edstico e a nova Volkswagen"},"content":{"rendered":"<div>\n<div><span style=\"font-size: 16px;\">Em\u00a0<\/span><strong style=\"font-size: 16px;\">17.08.2018<\/strong><span style=\"font-size: 16px;\">\u00a0o\u00a0Comit\u00ea de Capital Humano<\/span><strong style=\"font-size: 16px;\">\u00a0<\/strong><span style=\"font-size: 16px;\">ter\u00e1 a honra de receber\u00a0<\/span><strong style=\"font-size: 16px;\">Pablo Di Si<\/strong><span style=\"font-size: 16px;\">\u00a0&#8211;\u00a0<\/span><strong style=\"font-size: 16px;\">Presidente e CEO\u00a0<\/strong><span style=\"font-size: 16px;\">da<\/span><strong style=\"font-size: 16px;\">\u00a0Volkswagen Regi\u00e3o Am\u00e9rica do Sul e Brasil<\/strong><span style=\"font-size: 16px;\">\u00a0&#8211; que apresentar\u00e1 um panorama sobre o mercado automobil\u00edstico e a implementa\u00e7\u00e3o da nova Volkswagen na regi\u00e3o Am\u00e9rica do Sul.<\/span><\/div>\n<h3>Palestrante:<\/h3>\n<\/div>\n<p class=\"m_3630756642185695850normal\"><img loading=\"lazy\" decoding=\"async\" class=\"alignleft wp-image-15810 size-full\" src=\"https:\/\/www.swedcham.com.br\/wp-content\/uploads\/2018\/07\/3.jpg\" alt=\"\" width=\"183\" height=\"275\" \/><b><\/b><\/p>\n<p><strong>Pablo Di Si\u00a0<\/strong>assumiu a posi\u00e7\u00e3o de Presidente e CEO da Volkswagen Regi\u00e3o SAM (Am\u00e9rica do Sul, Am\u00e9rica Central e Caribe) e Brasil em outubro de 2017. At\u00e9 ent\u00e3o o executivo ocupava o cargo de Presidente e CEO da Volkswagen Argentina.<br \/>\nEm 2017, completou o CEO Global Program na Wharton, IESE and CEIBS Business School e foi eleito Presidente da AHK Argentina (C\u00e2mara de Ind\u00fastria e Com\u00e9rcio Argentina \u2013 Alemanha).<br \/>\nGraduado pela Harvard Business School (AMP 2011), tem MBA Executivo de International Management pela Thunderbird, School of Management (2002). Formado em Contabilidade pela Northwestern University (1996), Pablo Di Si \u00e9 tamb\u00e9m Bacharel em Administra\u00e7\u00e3o, com especializa\u00e7\u00e3o em Finan\u00e7as, pela Loyola University of Chicago (1994).<br \/>\nDi Si iniciou sua carreira no Grupo Volkswagen em 2014. Anteriormente, ocupou posi\u00e7\u00f5es-chave nas \u00e1reas de Finan\u00e7as e Desenvolvimento de Neg\u00f3cios na FCA \u2013 Grupo Fiat Chrysler \u2013 nos Estados Unidos e no Brasil.<br \/>\nAtualmente, Pablo Di Si tem liderado o processo de estrutura\u00e7\u00e3o da Nova Volkswagen, que prev\u00ea a maior ofensiva de produtos na hist\u00f3ria da empresa no Brasil, com o lan\u00e7amento de 20 modelos at\u00e9 2020, fruto de um investimento de R$ 7 bilh\u00f5es.<\/p>\n\n<h3 class=\"m_3176895204764632988m_-7456309968160772443m_-5953347527171562918m_-919258446742338626detail_h3\">Quando<\/h3>\n<div><span class=\"m_8215363500706865736m_-1492442068443120964mc-toc-title\">Sexta-feira, 17\u00a0de agosto\u00a02018 \u00e0s 08:30h.<\/span><\/div>\n<div><\/div>\n<h3 class=\"m_-1880619264556605387m_-2828052526049171145m_8215363500706865736m_-1492442068443120964m_-8622026719244850452m_-7456309968160772443m_-5953347527171562918m_-919258446742338626detail_h3\">Onde<\/h3>\n<p><span class=\"m_-1880619264556605387m_-2828052526049171145m_8215363500706865736m_-1492442068443120964mc-toc-title\"><strong>Swedcham<\/strong><br \/>\nRua Oscar Freire, 379, 12\u00ba\u00a0andar, Cj 121<br \/>\nCerqueira C\u00e9sar<\/span><\/p>\n<h3><b>Estacionamento<\/b><\/h3>\n<p><span class=\"m_-1880619264556605387m_-2828052526049171145m_8215363500706865736m_-1492442068443120964mc-toc-title\">Indicamos o estacionamento do\u00a0<\/span>Hotel Regent Park Rua Oscar Freire, 533.<\/p>\n<h3 class=\"m_3176895204764632988m_-7456309968160772443m_-5953347527171562918m_-919258446742338626detail_h3\"><strong>Agenda<\/strong><\/h3>\n<p><span class=\"m_8215363500706865736m_-1492442068443120964mc-toc-title\">08:30 &#8211; Welcome coffee<\/span><\/p>\n<p>09:00\u00a0&#8211; Introdu\u00e7\u00e3o: <strong>Carol B\u00f6ttcher- Coordenadora do HCC<\/strong><\/p>\n<p>09:05 &#8211; Apresenta\u00e7\u00e3o: <span style=\"font-family: arial, helvetica neue, helvetica, sans-serif;\"><strong>Pablo Di Si<\/strong><\/span><\/p>\n<p>10:15\u00a0Q &amp; A<\/p>\n<p><span class=\"m_8215363500706865736m_-1492442068443120964mc-toc-title\">10:30\u00a0Caf\u00e9 e\u00a0networking<\/span><\/p>\n<p>[extra_wrap]<\/p>\n<h3><strong>Idioma<\/strong><\/h3>\n<p>Portugu\u00eas<\/p>\n<h3><strong>Pre\u00e7o<\/strong><\/h3>\n<p>Gratuito para associados Swedcham<\/p>\n<p>Associados- reservas para: <a href=\"mailto:eventos@swedcham.com.br\">eventos@swedcham.com.br<\/a><\/p>\n<p>N\u00e3o associados: R$50,00 &#8211; Utilizar o link de reservas abaixo<\/p>\n<p><span class=\"m_8215363500706865736m_-1492442068443120964mc-toc-title\">RSVP by 14 de agosto<\/span><\/p>\n<p>[extra_wrap]<\/p>\n","protected":false},"excerpt":{"rendered":"<p>Em\u00a017.08.2018\u00a0o\u00a0Comit\u00ea de Capital Humano\u00a0ter\u00e1 a honra de receber\u00a0Pablo Di Si\u00a0&#8211;\u00a0Presidente e CEO\u00a0da\u00a0Volkswagen Regi\u00e3o Am\u00e9rica do Sul e Brasil\u00a0&#8211; que apresentar\u00e1<\/p>\n","protected":false},"featured_media":0,"template":"","meta":[],"product_brand":[],"product_cat":[228],"product_tag":[],"class_list":{"0":"post-15814","1":"product","2":"type-product","3":"status-publish","5":"product_cat-our-events","7":"first","8":"instock","9":"shipping-taxable","10":"purchasable","11":"product-type-variable"},"_links":{"self":[{"href":"https:\/\/www.swedcham.com.br\/en\/wp-json\/wp\/v2\/product\/15814","targetHints":{"allow":["GET"]}}],"collection":[{"href":"https:\/\/www.swedcham.com.br\/en\/wp-json\/wp\/v2\/product"}],"about":[{"href":"https:\/\/www.swedcham.com.br\/en\/wp-json\/wp\/v2\/types\/product"}],"wp:attachment":[{"href":"https:\/\/www.swedcham.com.br\/en\/wp-json\/wp\/v2\/media?parent=15814"}],"wp:term":[{"taxonomy":"product_brand","embeddable":true,"href":"https:\/\/www.swedcham.com.br\/en\/wp-json\/wp\/v2\/product_brand?post=15814"},{"taxonomy":"product_cat","embeddable":true,"href":"https:\/\/www.swedcham.com.br\/en\/wp-json\/wp\/v2\/product_cat?post=15814"},{"taxonomy":"product_tag","embeddable":true,"href":"https:\/\/www.swedcham.com.br\/en\/wp-json\/wp\/v2\/product_tag?post=15814"}],"curies":[{"name":"wp","href":"https:\/\/api.w.org\/{rel}","templated":true}]}}