{"id":15763,"date":"2018-06-27T10:01:34","date_gmt":"2018-06-27T13:01:34","guid":{"rendered":"https:\/\/www.swedcham.com.br\/events\/coming-events\/agricultura-4-0-no-brasil-desafios-e-casos-de-sucesso\/"},"modified":"2018-09-21T15:09:52","modified_gmt":"2018-09-21T18:09:52","slug":"agricultura-4-0-no-brasil-desafios-e-casos-de-sucesso","status":"publish","type":"product","link":"https:\/\/www.swedcham.com.br\/en\/product\/our-events\/agricultura-4-0-no-brasil-desafios-e-casos-de-sucesso\/","title":{"rendered":"AgTech no Brasil: Desafios, oportunidades e casos de sucesso"},"content":{"rendered":"<div>\n<div>\n<p><strong>O Grupo\u00a0de Tecnologia da Swedcham em conjunto com as c\u00e2maras n\u00f3rdicas convidam para o evento:<\/strong><\/p>\n<\/div>\n<p><img loading=\"lazy\" decoding=\"async\" class=\"alignnone size-full wp-image-17098\" src=\"https:\/\/www.swedcham.com.br\/wp-content\/uploads\/2018\/06\/Pagina-Plataforma-Agrothings.png\" alt=\"\" width=\"1348\" height=\"614\" srcset=\"https:\/\/www.swedcham.com.br\/wp-content\/uploads\/2018\/06\/Pagina-Plataforma-Agrothings.png 1348w, https:\/\/www.swedcham.com.br\/wp-content\/uploads\/2018\/06\/Pagina-Plataforma-Agrothings-600x273.png 600w, https:\/\/www.swedcham.com.br\/wp-content\/uploads\/2018\/06\/Pagina-Plataforma-Agrothings-300x137.png 300w, https:\/\/www.swedcham.com.br\/wp-content\/uploads\/2018\/06\/Pagina-Plataforma-Agrothings-768x350.png 768w, https:\/\/www.swedcham.com.br\/wp-content\/uploads\/2018\/06\/Pagina-Plataforma-Agrothings-1024x466.png 1024w\" sizes=\"auto, (max-width: 1348px) 100vw, 1348px\" \/><\/p>\n<div>\n<p><strong>AgTech no Brasil: Desafios, oportunidades e casos de sucesso<\/strong><\/p>\n<p>A agricultura e o agroneg\u00f3cio no Brasil contribu\u00edram com 23,5% do Produto Interno Bruto (PIB) do pa\u00eds em 2017, a maior participa\u00e7\u00e3o em 13 anos. E para continuar crescendo, \u00e9 fundamental o investimento em tecnologia e capacita\u00e7\u00e3o no campo. As AgTechs s\u00e3s startups especializadas em desenvolver solu\u00e7\u00f5es voltadas para o agroneg\u00f3cio. Vamos discutir os desafios e oportunidades das AgTech\u2019s no Brasil contando com especialistas na \u00e1rea e casos de sucesso de empresas brasileiras e n\u00f3rdicas.<\/p>\n<p><strong>Veja mais sobre os palestrantes Confirmados:<\/strong><\/p>\n<p><a href=\"https:\/\/www.swedcham.com.br\/wp-content\/uploads\/2018\/09\/Andre-Gildin2.pdf\">Andre Gildin<\/a> \u2013 S\u00f3cio-fundador\u00a0 <a href=\"http:\/\/rkkgconsulting.com.br\/\" target=\"_blank\" rel=\"noopener\" data-cke-saved-href=\"http:\/\/rkkgconsulting.com.br\/\">RKKG Consulting<\/a> \/ Consultor <a href=\"https:\/\/www.agrothings.net\/\" target=\"_blank\" rel=\"noopener\" data-cke-saved-href=\"https:\/\/www.agrothings.net\/\">agroThings\u00a0\u00a0<\/a><\/p>\n<p><a href=\"https:\/\/www.swedcham.com.br\/wp-content\/uploads\/2018\/09\/Svante-Hjorth.pdf\">Svante Hjorth<\/a> &#8211;\u00a0\u00a0S\u00f3cio-fundador\u00a0&amp; CEO\u00a0 \u2013 <a href=\"http:\/\/www.arycom.com\/\" target=\"_blank\" rel=\"noopener\" data-cke-saved-href=\"http:\/\/www.arycom.com\/\">Arycom\u00a0<\/a><\/p>\n<p><a href=\"https:\/\/www.swedcham.com.br\/wp-content\/uploads\/2018\/09\/Eduardo-Barradas.pdf\">Eduardo Barradas<\/a> &#8211; S\u00f3cio-fundador &#8211;<a href=\"http:\/\/www.mobyweb.com.br\">Moby Tecnologia<\/a><\/p>\n<p><a href=\"https:\/\/www.swedcham.com.br\/wp-content\/uploads\/2018\/09\/Bruno-Holtz-Gemignani.pdf\">Bruno Holtz Gemignani<\/a> \u2013\u00a0S\u00f3cio-fundador\u00a0<a href=\"https:\/\/www.3dgeo.com.br\/\" target=\"_blank\" rel=\"noopener\" data-cke-saved-href=\"https:\/\/www.3dgeo.com.br\/\">3DGEO\u00a0<\/a><\/p>\n<p><a href=\"https:\/\/www.swedcham.com.br\/wp-content\/uploads\/2018\/06\/Luciano-Silveira.pdf\">Luciano da Silveira <\/a>\u2013 S\u00f3cio-fundador\u00a0 <a href=\"http:\/\/www.elio.xyz\/br\/home-br\/\" target=\"_blank\" rel=\"noopener\" data-cke-saved-href=\"http:\/\/www.elio.xyz\/br\/home-br\/\">Elio Tecnologia<\/a> e <a href=\"http:\/\/bootcamp.mit.edu\/\" target=\"_blank\" rel=\"noopener\" data-cke-saved-href=\"http:\/\/bootcamp.mit.edu\/\">Head MIT Bootcamp Brazil<\/a><\/p>\n<\/div>\n<p><strong>Mediador:<\/strong><\/p>\n<p><a href=\"https:\/\/www.swedcham.com.br\/wp-content\/uploads\/2018\/09\/Cicero-Alexandre-Leite.pdf\">C\u00edcero Alexandre Leite<\/a> &#8211;\u00a0Fundador\u00a0<a href=\"http:\/\/www.allbrightagro.com\"><span class=\"il\">All<\/span>\u00a0<span class=\"il\">Bright\u00a0<\/span><\/a><\/p>\n<\/div>\n\n<h3 class=\"m_3176895204764632988m_-7456309968160772443m_-5953347527171562918m_-919258446742338626detail_h3\">Quando<\/h3>\n<div>Ter\u00e7a-feira, 25\u00a0de setembro \u00e0s 08:30h.<\/div>\n<div><\/div>\n<h3 class=\"m_-1880619264556605387m_-2828052526049171145m_8215363500706865736m_-1492442068443120964m_-8622026719244850452m_-7456309968160772443m_-5953347527171562918m_-919258446742338626detail_h3\">Onde<\/h3>\n<p><span class=\"m_-1880619264556605387m_-2828052526049171145m_8215363500706865736m_-1492442068443120964mc-toc-title\"><strong>Swedcham<\/strong><br \/>\nRua Oscar Freire, 379, 12\u00ba\u00a0andar, Cj 121<br \/>\nCerqueira C\u00e9sar<\/span><\/p>\n<p>900 metros da nova estac\u00e3o Oscar Freire de metr\u00f4<\/p>\n<h3><b>Estacionamento<\/b><\/h3>\n<p><span class=\"m_-1880619264556605387m_-2828052526049171145m_8215363500706865736m_-1492442068443120964mc-toc-title\">Indicamos o estacionamento do\u00a0<\/span>Hotel Regent Park Rua Oscar Freire, 533.<\/p>\n<h3 class=\"m_3176895204764632988m_-7456309968160772443m_-5953347527171562918m_-919258446742338626detail_h3\"><strong>Agenda<\/strong><\/h3>\n<p>08:30 Welcome coffee<\/p>\n<p>09:00 Introdu\u00e7\u00e3o: Jonas Lindstr\u00f6m<\/p>\n<p>09:05 Apresenta\u00e7\u00f5es<\/p>\n<p>10:30 Caf\u00e9 e networking<\/p>\n<p>10:45 Mesa Redonda<\/p>\n<p>11:30 Networking<\/p>\n<p>[extra_wrap]<\/p>\n<h3><strong>Idioma<\/strong><\/h3>\n<p>Portugu\u00eas<\/p>\n<h3><strong>Pre\u00e7o<\/strong><\/h3>\n<p>Gratuito para associados Swedcham<\/p>\n<p>Associados- reservas para: <a href=\"mailto:eventos@swedcham.com.br\">eventos@swedcham.com.br<\/a><\/p>\n<p>N\u00e3o associados: R$50,00 &#8211; Utilizar o link de reservas abaixo<\/p>\n<p><span class=\"m_7996880611596194568m_1991649268179737851m_8215363500706865736m_-1492442068443120964mc-toc-title\"><strong>RSVP by\u00a023\/09<\/strong><\/span><\/p>\n<p>[extra_wrap]<\/p>\n","protected":false},"excerpt":{"rendered":"<p>O Grupo\u00a0de Tecnologia da Swedcham em conjunto com as c\u00e2maras n\u00f3rdicas convidam para o evento: AgTech no Brasil: Desafios, oportunidades<\/p>\n","protected":false},"featured_media":0,"template":"","meta":[],"product_brand":[],"product_cat":[228],"product_tag":[],"class_list":{"0":"post-15763","1":"product","2":"type-product","3":"status-publish","5":"product_cat-our-events","7":"first","8":"instock","9":"shipping-taxable","10":"purchasable","11":"product-type-variable"},"_links":{"self":[{"href":"https:\/\/www.swedcham.com.br\/en\/wp-json\/wp\/v2\/product\/15763","targetHints":{"allow":["GET"]}}],"collection":[{"href":"https:\/\/www.swedcham.com.br\/en\/wp-json\/wp\/v2\/product"}],"about":[{"href":"https:\/\/www.swedcham.com.br\/en\/wp-json\/wp\/v2\/types\/product"}],"wp:attachment":[{"href":"https:\/\/www.swedcham.com.br\/en\/wp-json\/wp\/v2\/media?parent=15763"}],"wp:term":[{"taxonomy":"product_brand","embeddable":true,"href":"https:\/\/www.swedcham.com.br\/en\/wp-json\/wp\/v2\/product_brand?post=15763"},{"taxonomy":"product_cat","embeddable":true,"href":"https:\/\/www.swedcham.com.br\/en\/wp-json\/wp\/v2\/product_cat?post=15763"},{"taxonomy":"product_tag","embeddable":true,"href":"https:\/\/www.swedcham.com.br\/en\/wp-json\/wp\/v2\/product_tag?post=15763"}],"curies":[{"name":"wp","href":"https:\/\/api.w.org\/{rel}","templated":true}]}}