{"id":15649,"date":"2018-05-29T12:01:39","date_gmt":"2018-05-29T15:01:39","guid":{"rendered":"https:\/\/www.swedcham.com.br\/?post_type=product&#038;p=15649"},"modified":"2018-06-04T12:43:45","modified_gmt":"2018-06-04T15:43:45","slug":"comite-financeiro-e-comite-juridico-e-de-negocios-planejamento-tributario","status":"publish","type":"product","link":"https:\/\/www.swedcham.com.br\/en\/product\/our-events\/comite-financeiro-e-comite-juridico-e-de-negocios-planejamento-tributario\/","title":{"rendered":"Comit\u00ea\u00a0Financeiro\u00a0 e Comit\u00ea Jur\u00eddico e de Neg\u00f3cios- Planejamento Tribut\u00e1rio"},"content":{"rendered":"<div>O\u00a0Comit\u00ea\u00a0Financeiro\u00a0 e o Comit\u00ea Jur\u00eddico e de Neg\u00f3cios convidam para seguinte apresenta\u00e7\u00e3o:<\/div>\n<p><strong>\u00a0Planejamento Tribut\u00e1rio: Fiscaliza\u00e7\u00f5es, Responsabilidade de S\u00f3cios e Administradores e Tend\u00eancias em Mat\u00e9ria Tribut\u00e1ria<\/strong><\/p>\n<p>Neste encontro, discutiremos os aspectos relativos \u00e0 tomada de decis\u00e3o em mat\u00e9ria de opera\u00e7\u00f5es que possam resultar em redu\u00e7\u00e3o da carga tribut\u00e1ria, bem como os poss\u00edveis impactos para s\u00f3cios, diretores, conselheiros e demais administradores das empresas. Analisaremos tamb\u00e9m as tend\u00eancias no campo tribut\u00e1rio.<\/p>\n<p class=\"m_3630756642185695850normal\"><img loading=\"lazy\" decoding=\"async\" class=\"wp-image-15656 size-medium alignleft\" src=\"https:\/\/www.swedcham.com.br\/wp-content\/uploads\/2018\/05\/2-248x300.jpg\" alt=\"\" width=\"248\" height=\"300\" srcset=\"https:\/\/www.swedcham.com.br\/wp-content\/uploads\/2018\/05\/2-248x300.jpg 248w, https:\/\/www.swedcham.com.br\/wp-content\/uploads\/2018\/05\/2-600x725.jpg 600w, https:\/\/www.swedcham.com.br\/wp-content\/uploads\/2018\/05\/2-768x928.jpg 768w, https:\/\/www.swedcham.com.br\/wp-content\/uploads\/2018\/05\/2-847x1024.jpg 847w\" sizes=\"auto, (max-width: 248px) 100vw, 248px\" \/><b><\/b><\/p>\n<p><strong>Ana Cl\u00e1udia Akie Utumi, Ph.D, CFP\u00ae, TEP\u00ae<\/strong><\/p>\n<p>Ana Cl\u00e1udia tem mais de 25 anos de experi\u00eancia em consultoria e contencioso tribut\u00e1rio, assessorando empresas nacionais e estrangeiras, e fam\u00edlias brasileiras com os mais diversos temas tribut\u00e1rios locais ou internacionais.<br \/>\nEla \u00e9 membro do Practice Committee do International Tax Program da New York University School of Law. Profesora de Direito Tribut\u00e1rio dos cursos de p\u00f3s-gradua\u00e7\u00e3o da Faculdade FIPECAFI. Pesquisadora do N\u00facleo de Estudos Fiscais da Escola de Direito da Funda\u00e7\u00e3o Get\u00falio Vargas, no Projeto Macrovis\u00e3o do Cr\u00e9dito Tribut\u00e1rio, divis\u00e3o Planejamento Tribut\u00e1rio. Professora convidada da University of Zurich. Chair da filial brasileira do STEP \u2013 Society of Trust and Estate Practitioners. Foi Membro do Comit\u00ea Cient\u00edfico Permanente da International Fiscal Association (\u201cIFA\u201d), a mais importante associa\u00e7\u00e3o tribut\u00e1ria internacional, credenciada como \u00f3rg\u00e3o consultivo para a Comiss\u00e3o Tribut\u00e1ria da ONU, para a OCDE e para a Comiss\u00e3o Europeia (2010-2017).<\/p>\n\n<h3 class=\"m_3176895204764632988m_-7456309968160772443m_-5953347527171562918m_-919258446742338626detail_h3\">Quando<\/h3>\n<div><span class=\"m_8215363500706865736m_-1492442068443120964mc-toc-title\">Ter<\/span>\u00e7<span class=\"m_8215363500706865736m_-1492442068443120964mc-toc-title\">a-feira, 26\u00a0de Junho\u00a02018 \u00e0s 08:30h.<\/span><\/div>\n<div><\/div>\n<h3 class=\"m_-1880619264556605387m_-2828052526049171145m_8215363500706865736m_-1492442068443120964m_-8622026719244850452m_-7456309968160772443m_-5953347527171562918m_-919258446742338626detail_h3\">Onde<\/h3>\n<p><span class=\"m_-1880619264556605387m_-2828052526049171145m_8215363500706865736m_-1492442068443120964mc-toc-title\"><strong>Swedcham<\/strong><br \/>\nRua Oscar Freire, 379, 12\u00ba\u00a0andar, Cj 121<br \/>\nCerqueira C\u00e9sar<\/span><\/p>\n<h3><b>Estacionamento<\/b><\/h3>\n<p><span class=\"m_-1880619264556605387m_-2828052526049171145m_8215363500706865736m_-1492442068443120964mc-toc-title\">Indicamos o estacionamento do\u00a0<\/span>Hotel Regent Park Rua Oscar Freire, 533.<\/p>\n<h3 class=\"m_3176895204764632988m_-7456309968160772443m_-5953347527171562918m_-919258446742338626detail_h3\"><strong>Agenda<\/strong><\/h3>\n<p><span class=\"m_8215363500706865736m_-1492442068443120964mc-toc-title\">08:30 &#8211; Welcome coffee<\/span><\/p>\n<p>09:00\u00a0&#8211; Introdu\u00e7\u00e3o: <strong>Jonas Lindstr\u00f6m- <\/strong><strong>Swedcham<\/strong><\/p>\n<p>09:05 &#8211; Apresenta\u00e7\u00e3o:\u00a0<strong>Ana Cl\u00e1udia Akie Utumi<\/strong><\/p>\n<p>10:15\u00a0Q &amp; A<\/p>\n<p><span class=\"m_8215363500706865736m_-1492442068443120964mc-toc-title\">10:30\u00a0Caf\u00e9 e\u00a0networking<\/span><\/p>\n<p>[extra_wrap]<\/p>\n<h3><strong>Idioma<\/strong><\/h3>\n<p>Portugu\u00eas<\/p>\n<h3><strong>Pre\u00e7o<\/strong><\/h3>\n<p>Gratuito para associados Swedcham<\/p>\n<p>Associados- reservas para: <a href=\"mailto:eventos@swedcham.com.br\">eventos@swedcham.com.br<\/a><\/p>\n<p>N\u00e3o associados: R$50,00 &#8211; Utilizar o link de reservas abaixo<\/p>\n<p><span class=\"m_8215363500706865736m_-1492442068443120964mc-toc-title\">RSVP by 22 de junho<\/span><\/p>\n<p>[extra_wrap]<\/p>\n","protected":false},"excerpt":{"rendered":"<p>O\u00a0Comit\u00ea\u00a0Financeiro\u00a0 e o Comit\u00ea Jur\u00eddico e de Neg\u00f3cios convidam para seguinte apresenta\u00e7\u00e3o: \u00a0Planejamento Tribut\u00e1rio: Fiscaliza\u00e7\u00f5es, Responsabilidade de S\u00f3cios e Administradores<\/p>\n","protected":false},"featured_media":0,"template":"","meta":[],"product_brand":[],"product_cat":[228],"product_tag":[],"class_list":{"0":"post-15649","1":"product","2":"type-product","3":"status-publish","5":"product_cat-our-events","7":"first","8":"instock","9":"shipping-taxable","10":"purchasable","11":"product-type-variable"},"_links":{"self":[{"href":"https:\/\/www.swedcham.com.br\/en\/wp-json\/wp\/v2\/product\/15649","targetHints":{"allow":["GET"]}}],"collection":[{"href":"https:\/\/www.swedcham.com.br\/en\/wp-json\/wp\/v2\/product"}],"about":[{"href":"https:\/\/www.swedcham.com.br\/en\/wp-json\/wp\/v2\/types\/product"}],"wp:attachment":[{"href":"https:\/\/www.swedcham.com.br\/en\/wp-json\/wp\/v2\/media?parent=15649"}],"wp:term":[{"taxonomy":"product_brand","embeddable":true,"href":"https:\/\/www.swedcham.com.br\/en\/wp-json\/wp\/v2\/product_brand?post=15649"},{"taxonomy":"product_cat","embeddable":true,"href":"https:\/\/www.swedcham.com.br\/en\/wp-json\/wp\/v2\/product_cat?post=15649"},{"taxonomy":"product_tag","embeddable":true,"href":"https:\/\/www.swedcham.com.br\/en\/wp-json\/wp\/v2\/product_tag?post=15649"}],"curies":[{"name":"wp","href":"https:\/\/api.w.org\/{rel}","templated":true}]}}