{"id":15461,"date":"2018-04-13T14:20:28","date_gmt":"2018-04-13T17:20:28","guid":{"rendered":"https:\/\/www.swedcham.com.br\/events\/coming-events\/convocacao-assembleia-geral-ordinaria-camara-de-comercio-sueco-brasileira\/"},"modified":"2022-02-15T15:47:30","modified_gmt":"2022-02-15T18:47:30","slug":"convocacao-assembleia-geral-ordinaria-camara-de-comercio-sueco-brasileira","status":"publish","type":"product","link":"https:\/\/www.swedcham.com.br\/en\/product\/our-events\/convocacao-assembleia-geral-ordinaria-camara-de-comercio-sueco-brasileira\/","title":{"rendered":"Convoca\u00e7\u00e3o &#8211; Assembleia Geral Ordin\u00e1ria &#8211; C\u00e2mara de Comercio Sueco-Brasileira"},"content":{"rendered":"<p>C\u00e2mara de Comercio Sueco-Brasileira, 26\u00a0de abril 2018<\/p>\n<p>S\u00e3o Paulo, 13 de abril de 2018.<\/p>\n<p>C\u00e2mara de Com\u00e9rcio Sueco-Brasileira &#8211; Assembleia Geral Ordin\u00e1ria no dia 26 de abril de 2018<\/p>\n<p><strong>Associados da C\u00e2mara:<\/strong><\/p>\n<p>Por meio desta, fica V.Sa. convocada a comparecer, em 26 de Abril de 2018, \u00e0s 18:00, na Rua Oscar Freire, 379, Jardins, para apreciar, deliberar e votar em Assembleia Geral Ordin\u00e1ria.<\/p>\n<p>O Associado poder\u00e1 ser representado por outro associado devidamente munido de instrumento de mandato outorgado pelo representado, conferindo poderes especiais e espec\u00edficos para tal ato.<\/p>\n<p>Como sempre, convidamos a todos que desejarem usar a Tribuna que apresentem \u00e0 C\u00e2mara suas sugest\u00f5es por escrito antecipadamente.<\/p>\n<p><strong>Call notice \u2013 General Assembly \u2013 Swedish Brazilian Chamber of Commerce, April 26th, 2018<\/strong><\/p>\n<p>S\u00e3o Paulo, April 13th, 2018.<\/p>\n<p>Swedish Brazilian Chamber of Commerce &#8211; Ordinary Assembly on April 26TH, 2018<\/p>\n<p><strong>Members of Swedcham:<\/strong><\/p>\n<p>We invite you hereby to join us on April 26th, 2018 at 18.00, at Rua Oscar Freire, 379, Jardins, for analyzing, deciding and voting in the Ordinary General Assembly.<\/p>\n<p>The member may be represented by another member duly empowered by means of power granted by the represented, with special and specific powers for this act.<\/p>\n<p>As always, we invite all who wish to make use of the free tribune to present to the Chamber their suggestions in written form before.<\/p>\n<p><strong>ORDEM DO DIA \/AGENDA<\/strong><\/p>\n<p>1. Abertura dos Trabalhos \/Opening<\/p>\n<p>2. Aprova\u00e7\u00e3o da Ordem do Dia\/Approval of Agenda<\/p>\n<p>3. Aprecia\u00e7\u00e3o e Aprova\u00e7\u00e3o do Relat\u00f3rio Anual 2017\/Presentation and Approval of Annual Report 2017<\/p>\n<p>4. Aprecia\u00e7\u00e3o e aprova\u00e7\u00e3o das contas dos administradores por meio do exame do balan\u00e7o patrimonial e do resultado econ\u00f4mico, relacionados ao exerc\u00edcio anual de 2017 e relat\u00f3rio dos auditores<br \/>\nPresentation and Approval of Officers\u2019 Accounts through analysis of balance sheet and Profit and Loss accounts, related to the annual year of 2017 and to auditors\u2019 report.<\/p>\n<p>5. Aprova\u00e7\u00e3o da lista dos membros da Diretoria e Conselho Fiscal 2018<br \/>\nApproval of Board Member\u2019s list and Fiscal Council 2018<\/p>\n<p>6. Aprova\u00e7\u00e3o do Ajuste das Taxas Associativas \/ Approval of membership fees\u2019 adjustment<\/p>\n<p>7. Tribuna Livre \/ Free tribune<\/p>\n<p>8. Encerramento dos Trabalhos \/ Closing of session<\/p>\n<p>Atenciosamente,<\/p>\n<p>C\u00c2MARA DE COM\u00c9RCIO SUECO-BRASILEIRA<br \/>\nSWEDISH BRAZILIAN CHAMBER OF COMMERCE<\/p>\n<p>Nils E. G. Grafstr\u00f6m<\/p>\n<p>Presidente\/ Chairman<\/p>\n<p><strong>Ap\u00f3s a Assembleia os associados s\u00e3o bem-vindos para uma recep\u00e7\u00e3o informal!<br \/>\nThe General Assembly will be followed by an informal get-together!<\/strong><\/p>\n<p>RSVP: eventos@swedcham.com.br- Viviane ou para jonas@swedcham.com.br- Jonas, at\u00e9 o dia 24 de abril.<\/p>\n","protected":false},"excerpt":{"rendered":"<p>C\u00e2mara de Comercio Sueco-Brasileira, 26\u00a0de abril 2018 S\u00e3o Paulo, 13 de abril de 2018. C\u00e2mara de Com\u00e9rcio Sueco-Brasileira &#8211; Assembleia<\/p>\n","protected":false},"featured_media":0,"template":"","meta":[],"product_brand":[],"product_cat":[228],"product_tag":[],"class_list":{"0":"post-15461","1":"product","2":"type-product","3":"status-publish","5":"product_cat-our-events","7":"first","8":"instock","9":"shipping-taxable","10":"product-type-simple"},"_links":{"self":[{"href":"https:\/\/www.swedcham.com.br\/en\/wp-json\/wp\/v2\/product\/15461","targetHints":{"allow":["GET"]}}],"collection":[{"href":"https:\/\/www.swedcham.com.br\/en\/wp-json\/wp\/v2\/product"}],"about":[{"href":"https:\/\/www.swedcham.com.br\/en\/wp-json\/wp\/v2\/types\/product"}],"wp:attachment":[{"href":"https:\/\/www.swedcham.com.br\/en\/wp-json\/wp\/v2\/media?parent=15461"}],"wp:term":[{"taxonomy":"product_brand","embeddable":true,"href":"https:\/\/www.swedcham.com.br\/en\/wp-json\/wp\/v2\/product_brand?post=15461"},{"taxonomy":"product_cat","embeddable":true,"href":"https:\/\/www.swedcham.com.br\/en\/wp-json\/wp\/v2\/product_cat?post=15461"},{"taxonomy":"product_tag","embeddable":true,"href":"https:\/\/www.swedcham.com.br\/en\/wp-json\/wp\/v2\/product_tag?post=15461"}],"curies":[{"name":"wp","href":"https:\/\/api.w.org\/{rel}","templated":true}]}}