{"id":14862,"date":"2017-11-17T16:10:32","date_gmt":"2017-11-17T18:10:32","guid":{"rendered":"https:\/\/www.swedcham.com.br\/events\/coming-events\/empoderamento-feminino-mulheres-em-lideranca\/"},"modified":"2017-11-17T16:18:51","modified_gmt":"2017-11-17T18:18:51","slug":"empoderamento-feminino-mulheres-em-lideranca","status":"publish","type":"product","link":"https:\/\/www.swedcham.com.br\/en\/product\/our-events\/empoderamento-feminino-mulheres-em-lideranca\/","title":{"rendered":"Empoderamento Feminino &#8211; Mulheres em Lideran\u00e7a"},"content":{"rendered":"<h4><span style=\"color: #000000;\">Empoderamento Feminino &#8211; A mulher e seus desafios perante\u00a0 sociedade moderna.<\/span><\/h4>\n<p>A C\u00e2mara de Com\u00e9rcio Sueco-Brasileira orgulhosamente convida voc\u00ea para o painel de discuss\u00e3o: Empoderamento Feminino- A mulher e seus desafios perante a sociedade moderna.<\/p>\n<p>Mulheres de diferentes segmentos v\u00e3o compartilhar suas hist\u00f3rias de sucesso e insights sobre suas carreiras. O painel discutir\u00e1 as oportunidades dispon\u00edveis para mulheres em seus pap\u00e9is de lideran\u00e7a, as experi\u00eancias e as li\u00e7\u00f5es aprendidas.<\/p>\n<p>Simultaneamente ao evento teremos a mostra da exposi\u00e7\u00e3o <strong>\u201cSwedish Dads\u201d<\/strong>, uma iniciativa inspiradora do fot\u00f3grafo sueco John B\u00e4vman, que retrata o cotidiano de pais que tiraram um ano de licen\u00e7a na Su\u00e9cia para se dedicar exclusivamente \u00e0 cria\u00e7\u00e3o dos filhos.<\/p>\n<p><strong>Palestrantes convidadas:<\/strong><\/p>\n<p class=\"m_3630756642185695850normal\" style=\"text-align: left;\"><img loading=\"lazy\" decoding=\"async\" class=\"alignleft wp-image-14855\" src=\"https:\/\/www.swedcham.com.br\/wp-content\/uploads\/2017\/11\/gabriela.jpg\" alt=\"\" width=\"200\" height=\"160\" \/><\/p>\n<p style=\"font-weight: 400;\"><strong>Gabriela Manssur<\/strong><br \/>\nPromotora de Justi\u00e7a do Estado de SP. Autora de projetos peloempoderamento\u00a0feminino, preven\u00e7\u00e3o e repress\u00e3o a qualquer forma de viol\u00eancia contra a\u00a0mulher, como: Tempo de Despertar, Educa-A\u00e7\u00e3o, Maria Linda, Programa de Prote\u00e7\u00e3o Integral (PPI), Mulheres no Poder, entre outros.Em 2017 \u00a0recebeu o Pr\u00eamio\u00a0Mulher\u00a0do Ano em S\u00e3o Paulo.<br \/>\nMais sobre Gabriela:\u00a0<a href=\"http:\/\/www.justicadesaia.com.br\/\" data-saferedirecturl=\"https:\/\/www.google.com\/url?hl=pt-BR&amp;q=http:\/\/www.justicadesaia.com.br\/&amp;source=gmail&amp;ust=1511027820814000&amp;usg=AFQjCNEBSCeBx0m__g5-nhzJ63wOo_7yCQ\">http:\/\/www.justicadesaia.com.br\/<\/a><\/p>\n<p class=\"m_3630756642185695850normal\" style=\"text-align: left;\"><img loading=\"lazy\" decoding=\"async\" class=\"alignleft wp-image-14857 size-full\" src=\"https:\/\/www.swedcham.com.br\/wp-content\/uploads\/2017\/11\/tania.jpg\" alt=\"\" width=\"200\" height=\"200\" srcset=\"https:\/\/www.swedcham.com.br\/wp-content\/uploads\/2017\/11\/tania.jpg 200w, https:\/\/www.swedcham.com.br\/wp-content\/uploads\/2017\/11\/tania-100x100.jpg 100w, https:\/\/www.swedcham.com.br\/wp-content\/uploads\/2017\/11\/tania-150x150.jpg 150w\" sizes=\"auto, (max-width: 200px) 100vw, 200px\" \/><strong>Tania Maranha<\/strong><br \/>\nCom mais de 20 anos de experi\u00eancia em RH, atualmente \u00e9 Diretora de Talent Management \u00a0e de Comunica\u00e7\u00e3o Interna\u00a0<span class=\"il\">da<\/span>\u00a0Electrolux para Am\u00e9rica Latina.<\/p>\n<p>Pela Electrolux, j\u00e1 participou de projetos na Europa, Estados Unidos e diversos pa\u00edses latinos. Com forma\u00e7\u00e3o em administra\u00e7\u00e3o de empresas, j\u00e1 realizou cursos em institui\u00e7\u00f5es como a IMD, na Su\u00ed\u00e7a, e a Columbia University, em Nova York.<\/p>\n<p>&nbsp;<\/p>\n<p><img loading=\"lazy\" decoding=\"async\" class=\"wp-image-14859 alignleft\" src=\"https:\/\/www.swedcham.com.br\/wp-content\/uploads\/2017\/11\/CarineRoos_TheFutureIsFemale-direita.png\" alt=\"\" width=\"200\" height=\"170\" srcset=\"https:\/\/www.swedcham.com.br\/wp-content\/uploads\/2017\/11\/CarineRoos_TheFutureIsFemale-direita.png 713w, https:\/\/www.swedcham.com.br\/wp-content\/uploads\/2017\/11\/CarineRoos_TheFutureIsFemale-direita-600x509.png 600w, https:\/\/www.swedcham.com.br\/wp-content\/uploads\/2017\/11\/CarineRoos_TheFutureIsFemale-direita-300x255.png 300w\" sizes=\"auto, (max-width: 200px) 100vw, 200px\" \/><strong>Carine Roos<\/strong><br \/>\nEspecialista em Equidade de G\u00eanero e Inova\u00e7\u00e3o h\u00e1 mais de dez anos. Trabalhou para diversas institui\u00e7\u00f5es em projetos de impacto social como Comit\u00ea Gestor de Internet (CGI.br), W3C Brasil, Secretaria de Direitos Humanos\u00a0<span class=\"il\">da<\/span>\u00a0Presid\u00eancia\u00a0<span class=\"il\">da<\/span>\u00a0Rep\u00fablica (SDH\/PR), UNESCO, UNICEF,\u00a0Minist\u00e9rio\u00a0<span class=\"il\">da<\/span>\u00a0Sa\u00fade, Centro Cultural Banco do Brasil e outros. \u00c9 fundadora\u00a0<span class=\"il\">da<\/span>\u00a0UPWIT &#8211; Unlocking the Power of Women for Innovation and Transformation &#8211; consultoria de intelig\u00eancia de g\u00eanero e inova\u00e7\u00e3o. University, em Nova York.<\/p>\n\n<h3>Quando<\/h3>\n<p>Quinta-feira, 07 de dezembro \u00e0s 14:00h.<\/p>\n<h3>Onde<\/h3>\n<p>Swedcham &#8211; Rua Oscar Freire, 379, 12\u00ba andar, Cj 121<br \/>\nCerqueira Cesar, S\u00e3o Paulo-SP &#8211; CEP: 01426-001<br \/>\n<strong>Estacionamento<\/strong>: Recomendamos o Hotel Regent Park, Rua Oscar Freire, 533.<\/p>\n<h3>Programa\u00e7\u00e3o<\/h3>\n<p>\u00b7 14:00\u00a0Welcome Coffee<\/p>\n<p>\u00b7 14:15<strong>\u00a0<\/strong>Apresenta\u00e7\u00f5es<\/p>\n<p>\u00b7 15:15<strong>\u00a0<\/strong>Coffee break<\/p>\n<p>\u00b7 15:30 Debate- Qs and As<\/p>\n<p>Mediadora:<strong>\u00a0<\/strong>Giselle Welter- Comit\u00ea de Recursos Humanos- Swedcham<\/p>\n\n<h3>Reservas<\/h3>\n<div>\n<p><a href=\"mailto:eventos@swedcham.com.br\">eventos@swedcham.com.br<\/a><\/p>\n<p>RSVP at\u00e9 06\/12<\/p>\n<p>Fone: <a href=\"tel:+552011203066-2554\" target=\"_blank\" rel=\"noopener\">+55 (11) 3066-2554<\/a><\/p>\n<\/div>\n<p>&nbsp;<\/p>\n","protected":false},"excerpt":{"rendered":"<p>Empoderamento Feminino &#8211; A mulher e seus desafios perante\u00a0 sociedade moderna. A C\u00e2mara de Com\u00e9rcio Sueco-Brasileira orgulhosamente convida voc\u00ea para<\/p>\n","protected":false},"featured_media":0,"template":"","meta":[],"product_brand":[],"product_cat":[228],"product_tag":[],"class_list":{"0":"post-14862","1":"product","2":"type-product","3":"status-publish","5":"product_cat-our-events","7":"first","8":"instock","9":"shipping-taxable","10":"product-type-simple"},"_links":{"self":[{"href":"https:\/\/www.swedcham.com.br\/en\/wp-json\/wp\/v2\/product\/14862","targetHints":{"allow":["GET"]}}],"collection":[{"href":"https:\/\/www.swedcham.com.br\/en\/wp-json\/wp\/v2\/product"}],"about":[{"href":"https:\/\/www.swedcham.com.br\/en\/wp-json\/wp\/v2\/types\/product"}],"wp:attachment":[{"href":"https:\/\/www.swedcham.com.br\/en\/wp-json\/wp\/v2\/media?parent=14862"}],"wp:term":[{"taxonomy":"product_brand","embeddable":true,"href":"https:\/\/www.swedcham.com.br\/en\/wp-json\/wp\/v2\/product_brand?post=14862"},{"taxonomy":"product_cat","embeddable":true,"href":"https:\/\/www.swedcham.com.br\/en\/wp-json\/wp\/v2\/product_cat?post=14862"},{"taxonomy":"product_tag","embeddable":true,"href":"https:\/\/www.swedcham.com.br\/en\/wp-json\/wp\/v2\/product_tag?post=14862"}],"curies":[{"name":"wp","href":"https:\/\/api.w.org\/{rel}","templated":true}]}}