{"id":14451,"date":"2017-08-01T11:05:44","date_gmt":"2017-08-01T14:05:44","guid":{"rendered":"https:\/\/www.swedcham.com.br\/events\/coming-events\/beneficios-em-tempos-de-crise-10-de-agosto\/"},"modified":"2017-08-02T09:14:35","modified_gmt":"2017-08-02T12:14:35","slug":"beneficios-em-tempos-de-crise-10-de-agosto","status":"publish","type":"product","link":"https:\/\/www.swedcham.com.br\/en\/product\/our-events\/beneficios-em-tempos-de-crise-10-de-agosto\/","title":{"rendered":"Benef\u00edcios em tempos de crise"},"content":{"rendered":"<h3 class=\"m_-5239601302910212375m_5823648305317929079m_-8364477750076776150null\" style=\"text-align: left;\"><b><span class=\"il\">Benef\u00edcios<\/span> em <span class=\"il\">tempos<\/span> de crise<br \/>\nUma ferramenta fundamental para valorizar seus colaboradores<\/b><\/h3>\n<p>Pesquisas mostram que os <span class=\"il\">benef\u00edcios<\/span> s\u00e3o t\u00e3o importantes quanto o sal\u00e1rio para manter o funcion\u00e1rio motivado. Com base nesse cen\u00e1rio, a Swedcham tem o prazer de convidar voc\u00ea para um evento especialmente voltado aos Recursos Humanos.<\/p>\n<p>Esta \u00e9 uma excelente oportunidade de se atualizar sobre o tema, t\u00e3o fundamental na atra\u00e7\u00e3o e reten\u00e7\u00e3o de talentos e que se torna cada vez mais estrat\u00e9gico nas organiza\u00e7\u00f5es.<\/p>\n<p>Com conte\u00fado desenvolvido pela parceira da Swedcham, a Aon \u2013 empresa global l\u00edder de servi\u00e7os profissionais e que oferece ampla gama de solu\u00e7\u00f5es em riscos, <span class=\"il\">benef\u00edcios<\/span> e sa\u00fade \u2013, o evento apresentar\u00e1 as principais tend\u00eancias em <span class=\"il\">benef\u00edcios<\/span>, levantadas a partir de an\u00e1lises e pesquisas aplicadas em mais de 500 empresas de diversos segmentos no Brasil.<\/p>\n<p>Contamos com a sua presen\u00e7a.<\/p>\n<p class=\"m_3630756642185695850normal\"><img loading=\"lazy\" decoding=\"async\" class=\"alignleft wp-image-14449\" src=\"https:\/\/www.swedcham.com.br\/wp-content\/uploads\/2017\/08\/aon-199x300.jpg\" alt=\"\" width=\"168\" height=\"253\" srcset=\"https:\/\/www.swedcham.com.br\/wp-content\/uploads\/2017\/08\/aon-199x300.jpg 199w, https:\/\/www.swedcham.com.br\/wp-content\/uploads\/2017\/08\/aon-600x904.jpg 600w, https:\/\/www.swedcham.com.br\/wp-content\/uploads\/2017\/08\/aon-768x1157.jpg 768w, https:\/\/www.swedcham.com.br\/wp-content\/uploads\/2017\/08\/aon-680x1024.jpg 680w, https:\/\/www.swedcham.com.br\/wp-content\/uploads\/2017\/08\/aon-scaled.jpg 1700w\" sizes=\"auto, (max-width: 168px) 100vw, 168px\" \/><b><\/b><\/p>\n<p>&nbsp;<\/p>\n<p class=\"m_3630756642185695850normal\"><b>Rafaela Matioli <\/b><br \/>\nDiretora T\u00e9cnica de Sa\u00fade e <span class=\"il\">Benef\u00edcios<\/span> da Aon Brasil.<br \/>\nGraduada em Ci\u00eancias Atuariais pela Pontif\u00edcia Universidade Cat\u00f3lica de S\u00e3o Paulo e atu\u00e1ria certificada e membro do Instituto Brasileiro de Atuaria (MIBA 1673).<br \/>\nPossui mais de 12 anos de experi\u00eancia e ao longo de sua carreira, assessorou diversas empresas na reestrutura\u00e7\u00e3o de seus programas de sa\u00fade, nas diversas modalidades de viabiliza\u00e7\u00e3o, entre elas empresas com plano de autogest\u00e3o.<\/p>\n\n<h3>Quando<\/h3>\n<p><strong>Quinta-feira, 10 de agosto \u00e0s 08:30h.<\/strong><\/p>\n<h3>Onde<\/h3>\n<p>Swedcham &#8211; Rua Oscar Freire, 379, 12\u00ba andar, Cj 121<br \/>\nCerqueira Cesar, S\u00e3o Paulo-SP &#8211; CEP: 01426-001<br \/>\n<strong>Estacionamento<\/strong>: Recomendamos o Hotel Regent Park, Rua Oscar Freire, 533.<\/p>\n<h3>Programa\u00e7\u00e3o<\/h3>\n<p>\u00b7 08:30: Welcome Coffee<\/p>\n<p>\u00b7 09:00: Boas-vindas &#8211; <b>Jonas Lindstr\u00f6m- Swedcham<\/b><\/p>\n<p>\u00b7 09:10:\u00a0 Apresenta\u00e7\u00e3o- <b>Rafaela Matioli e\u00a0<\/b><b>Cintia Toledo- Aon<\/b><\/p>\n<p>\u00b7 10:30: Caf\u00e9 &#8211; Networking<\/p>\n<p>[extra_wrap]<\/p>\n<h3>Reservas<\/h3>\n<p>RSVP at\u00e9 09\/08<\/p>\n<div>\n<p><a href=\"mailto:eventos@swedcham.com.br?subject=Reserva-%20Benef%C3%ADcios%20em%20tempo%20de%20crise\" target=\"_blank\" rel=\"noopener\">eventos@swedcham.com.br<\/a><\/p>\n<p>Fone: <a href=\"tel:+552011203066-2554\" target=\"_blank\" rel=\"noopener\">+55 (11) 3066-2554<\/a><\/p>\n<\/div>\n<p>[\/extra_wrap]<\/p>\n","protected":false},"excerpt":{"rendered":"<p>Benef\u00edcios em tempos de crise Uma ferramenta fundamental para valorizar seus colaboradores Pesquisas mostram que os benef\u00edcios s\u00e3o t\u00e3o importantes<\/p>\n","protected":false},"featured_media":0,"template":"","meta":[],"product_brand":[],"product_cat":[228],"product_tag":[],"class_list":{"0":"post-14451","1":"product","2":"type-product","3":"status-publish","5":"product_cat-our-events","7":"first","8":"instock","9":"shipping-taxable","10":"product-type-simple"},"_links":{"self":[{"href":"https:\/\/www.swedcham.com.br\/en\/wp-json\/wp\/v2\/product\/14451","targetHints":{"allow":["GET"]}}],"collection":[{"href":"https:\/\/www.swedcham.com.br\/en\/wp-json\/wp\/v2\/product"}],"about":[{"href":"https:\/\/www.swedcham.com.br\/en\/wp-json\/wp\/v2\/types\/product"}],"wp:attachment":[{"href":"https:\/\/www.swedcham.com.br\/en\/wp-json\/wp\/v2\/media?parent=14451"}],"wp:term":[{"taxonomy":"product_brand","embeddable":true,"href":"https:\/\/www.swedcham.com.br\/en\/wp-json\/wp\/v2\/product_brand?post=14451"},{"taxonomy":"product_cat","embeddable":true,"href":"https:\/\/www.swedcham.com.br\/en\/wp-json\/wp\/v2\/product_cat?post=14451"},{"taxonomy":"product_tag","embeddable":true,"href":"https:\/\/www.swedcham.com.br\/en\/wp-json\/wp\/v2\/product_tag?post=14451"}],"curies":[{"name":"wp","href":"https:\/\/api.w.org\/{rel}","templated":true}]}}