{"id":13994,"date":"2017-05-24T22:29:35","date_gmt":"2017-05-25T01:29:35","guid":{"rendered":"https:\/\/www.swedcham.com.br\/eventos\/proximos-eventos\/terceirizacao-e-temporarios-mudancas-e-polemicas-os-impactos-da-nova-lei-para-seu-negocio\/"},"modified":"2017-05-25T15:04:43","modified_gmt":"2017-05-25T18:04:43","slug":"terceirizacao-e-temporarios-mudancas-e-polemicas-os-impactos-da-nova-lei-para-seu-negocio","status":"publish","type":"product","link":"https:\/\/www.swedcham.com.br\/en\/product\/our-events\/terceirizacao-e-temporarios-mudancas-e-polemicas-os-impactos-da-nova-lei-para-seu-negocio\/","title":{"rendered":"Terceiriza\u00e7\u00e3o e Tempor\u00e1rios, Mudan\u00e7as e Pol\u00eamicas"},"content":{"rendered":"<h2>Lei 13.429\/17 &#8211; Trabalho tempor\u00e1rio e Terceiriza\u00e7\u00e3o.<\/h2>\n<h3>Os impactos da nova Lei para seu neg\u00f3cio.<\/h3>\n<p>O Comit\u00ea Jur\u00eddico e de Neg\u00f3cios da Swedcham t\u00eam o prazer em convid\u00e1-lo (a) para palestra sobre a a recente promulga\u00e7\u00e3o da lei sobre trabalho tempor\u00e1rio e terceiriza\u00e7\u00e3o.<\/p>\n<p><strong>Tempor\u00e1rios:<\/strong><\/p>\n<p>\u00a7 Mudan\u00e7as importantes<\/p>\n<p>\u00a7 Mudan\u00e7as sutis, mas importantes<\/p>\n<p>\u00a7 O que n\u00e3o mudou ou mudou pouco<\/p>\n<p>\u00a7 D\u00favidas, Cr\u00edticas e Recomenda\u00e7\u00f5es<\/p>\n<p>\u00a7 Reforma Trabalhista<\/p>\n<p><strong>Terceiriza\u00e7\u00e3o:<\/strong><\/p>\n<p>\u00a7 Elementos Fundamentais<\/p>\n<p>\u00a7 Coment\u00e1rios e Cr\u00edticas<\/p>\n<p>\u00a7 Aplica\u00e7\u00e3o<\/p>\n<p>\u00a7 Contexto Jur\u00eddico<\/p>\n<p><strong>Pol\u00eamica:<\/strong><\/p>\n<p>\u00a7 A p\u00f3s-verdade no ambiente de antagonismo pol\u00edtico<\/p>\n<p><img loading=\"lazy\" decoding=\"async\" class=\"alignleft wp-image-13958 size-thumbnail\" src=\"https:\/\/www.swedcham.com.br\/wp-content\/uploads\/2017\/05\/Veirano-27-04-83-150x150.jpg\" alt=\"\" width=\"150\" height=\"150\" srcset=\"https:\/\/www.swedcham.com.br\/wp-content\/uploads\/2017\/05\/Veirano-27-04-83-150x150.jpg 150w, https:\/\/www.swedcham.com.br\/wp-content\/uploads\/2017\/05\/Veirano-27-04-83-300x300.jpg 300w, https:\/\/www.swedcham.com.br\/wp-content\/uploads\/2017\/05\/Veirano-27-04-83-100x100.jpg 100w\" sizes=\"auto, (max-width: 150px) 100vw, 150px\" \/><strong>Jos\u00e9 Carlos Wahle &#8211;<\/strong> Coordenador Nacional da \u00c1rea de Direito do Trabalho do Veirano e o Coordenador Regional da \u00c1rea de Direito do Consumidor.<br \/>\nTem profundo conhecimento de aspectos da ind\u00fastria nos setores farmac\u00eautico, de tecnologia m\u00e9dica, tecnologia de software, produtos de consumo e servi\u00e7os. No campo do Direito do Trabalho, Wahle regularmente assessora clientes em v\u00e1rias quest\u00f5es relacionados a \u00e1rea de recursos humanos e seus desafios associados \u00e0 gest\u00e3o dos empregados.<\/p>\n\n<h3>Quando<\/h3>\n<p><strong>Ter\u00e7a-feira, 13 de junho \u00e0s 08:30h.<\/strong><\/p>\n<h3>Onde<\/h3>\n<p>Swedcham &#8211; Rua Oscar Freire, 379, 12\u00ba andar, Cj 121<br \/>\nCerqueira Cesar, S\u00e3o Paulo-SP &#8211; CEP: 01426-001<br \/>\n<strong>Estacionamento<\/strong>: Recomendamos o Hotel Regent Park, Rua Oscar Freire, 533.<\/p>\n<h3>Programa\u00e7\u00e3o<\/h3>\n<p>\u00b7 08:30-09:00 &#8211; Welcome Coffee<\/p>\n<p>\u00b7 09:00-10:30 &#8211; Apresenta\u00e7\u00e3o- <strong>Jos\u00e9 Carlos Wahle<\/strong><\/p>\n<p>\u00b7 10:30-11:00 &#8211; Caf\u00e9\/ Networking<\/p>\n<p>[extra_wrap]<\/p>\n<h3>Reservas<\/h3>\n<p>RSVP at\u00e9 09\/06\/2017<br \/>\nEntre em contato com a Swedcham, e-mail: <a href=\"mailto:reservas@swedcham.com.br\">reservas@swedcham.com.br<\/a><br \/>\nTelefone: +55 (11) 3066-2554<\/p>\n<p>[\/extra_wrap]<\/p>\n","protected":false},"excerpt":{"rendered":"<p>Lei 13.429\/17 &#8211; Trabalho tempor\u00e1rio e Terceiriza\u00e7\u00e3o. Os impactos da nova Lei para seu neg\u00f3cio. O Comit\u00ea Jur\u00eddico e de<\/p>\n","protected":false},"featured_media":0,"template":"","meta":[],"product_brand":[],"product_cat":[228],"product_tag":[],"class_list":{"0":"post-13994","1":"product","2":"type-product","3":"status-publish","5":"product_cat-our-events","7":"first","8":"instock","9":"shipping-taxable","10":"product-type-simple"},"_links":{"self":[{"href":"https:\/\/www.swedcham.com.br\/en\/wp-json\/wp\/v2\/product\/13994","targetHints":{"allow":["GET"]}}],"collection":[{"href":"https:\/\/www.swedcham.com.br\/en\/wp-json\/wp\/v2\/product"}],"about":[{"href":"https:\/\/www.swedcham.com.br\/en\/wp-json\/wp\/v2\/types\/product"}],"wp:attachment":[{"href":"https:\/\/www.swedcham.com.br\/en\/wp-json\/wp\/v2\/media?parent=13994"}],"wp:term":[{"taxonomy":"product_brand","embeddable":true,"href":"https:\/\/www.swedcham.com.br\/en\/wp-json\/wp\/v2\/product_brand?post=13994"},{"taxonomy":"product_cat","embeddable":true,"href":"https:\/\/www.swedcham.com.br\/en\/wp-json\/wp\/v2\/product_cat?post=13994"},{"taxonomy":"product_tag","embeddable":true,"href":"https:\/\/www.swedcham.com.br\/en\/wp-json\/wp\/v2\/product_tag?post=13994"}],"curies":[{"name":"wp","href":"https:\/\/api.w.org\/{rel}","templated":true}]}}